{"id":30124,"date":"2025-09-05T12:40:14","date_gmt":"2025-09-05T10:40:14","guid":{"rendered":"https:\/\/drmazarro.com\/especialista-lifting-barcelona\/"},"modified":"2025-09-16T21:58:58","modified_gmt":"2025-09-16T19:58:58","slug":"specialiste-lifting-barcelone","status":"publish","type":"page","link":"https:\/\/drmazarro.com\/fr\/specialiste-lifting-barcelone\/","title":{"rendered":"\u3010Expert en Lifting \u00e0 Barcelone\u3011Dr. Mazarro &#8211; R\u00e9sultats Naturels"},"content":{"rendered":"<h1><span class=\"mi-estilo-especial\"><br \/>\n    Lifting du visage et du cou \u00e0 Barcelone:<br \/>\n    <span class=\"parte-secundaria\">Rajeunir &#8211; Naturellement<\/span><br \/>\n<\/span><\/h1>\n<div>Dr. Mazarro &#8211; M.D., PhD<\/div>\n<div>\n<p>Votre visage ne refl\u00e8te-t-il plus<span>\u00a0<\/span><b>ce que vous ressentez \u00e0 l\u2019int\u00e9rieur<\/b>?<\/p>\n<p>Lorsque vous vous regardez dans le miroir ou sur des photos, vos yeux se dirigent directement vers votre<span>\u00a0<\/span><b>cou<span>\u00a0<\/span><\/b>ou<span>\u00a0<\/span><b>l\u2019ovale de votre visage<\/b>?<\/p>\n<p>Vous souhaitez<span>\u00a0<\/span><b>faire quelque chose \u00e0 ce sujet<\/b>, mais vous savez que les injections ou les traitements non invasifs ne sont pas la solution pour vous ?<\/p>\n<\/div>\n<hr>\n<div>Je peux vous aider<\/div>\n<div>\n<p>Je suis<span>\u00a0<\/span><a href=\"https:\/\/drmazarro.com\/fr\/dr-alejandro-mazarro-specialiste-lifting-du-visage-barcelone\/\">Alejandro Mazarro<\/a>, chirurgien maxillo-facial sp\u00e9cialis\u00e9 en lifting du visage.<\/p>\n<p>Avec<span>\u00a0<\/span><strong>plus de 9 ans<\/strong><span>\u00a0<\/span>d\u2019exp\u00e9rience dans la chirurgie esth\u00e9tique du visage, je sais parfaitement quel est le meilleur traitement pour<span>\u00a0<\/span><strong>rajeunir naturellement<\/strong>: le<span>\u00a0<\/span><strong><a href=\"https:\/\/drmazarro.com\/fr\/deep-plane\/\">Lifting Deep Plane<\/a><\/strong>.<\/p>\n<p>Heureusement, les techniques ont beaucoup \u00e9volu\u00e9.<\/p>\n<p>Aujourd\u2019hui,<span>\u00a0<\/span><strong>en de bonnes mains<\/strong>, un lifting facial Deep Plane vous offrira<span>\u00a0<\/span><strong>un r\u00e9sultat naturel et durable<\/strong>.<\/p>\n<p>Il ne s\u2019agit pas de retrouver vos 20 ans.<\/p>\n<p>Mais de<span>\u00a0<\/span><strong>reprendre le contr\u00f4le<\/strong><span>\u00a0<\/span>de ce qui se passe sur votre visage avec le temps.<\/p>\n<p>Et de vous retrouver face au miroir.<\/p>\n<\/div>\n<div>\n<p><strong>Vous-m\u00eame.<\/strong><\/p>\n<\/div>\n<div>\n<div class=\"uk-panel uk-margin uk-text-left\">\n<p>Mais dans<span>\u00a0<\/span><strong>votre meilleure version.<\/strong><\/p>\n<\/div>\n<\/div>\n<p><img decoding=\"async\" src=\"\/wp-content\/uploads\/2024\/09\/sin-bata-square-536-BW.jpg\" alt=\"Dr Mazarro - Especialista en lifting Facial\"><\/p>\n<div>Dr. Alejandro Mazarro &#8211; M.D., PhD<\/div>\n<hr>\n<h2>Vous consid\u00e9rez un lifting du visage \u00e0 Barcelone?<\/h2>\n<div>\n<p>Je suis convaincu que ce n&rsquo;est pas une d\u00e9cision que vous prendrez \u00e0 la l\u00e9g\u00e8re.<\/p>\n<p><strong>Moi non plus je ne le ferais pas.<\/strong><\/p>\n<p>C&rsquo;est pourquoi je vous ai pr\u00e9par\u00e9 <a href=\"https:\/\/drmazarro.com\/fr\/guide-definitif-lifting-visage\/\">un guide complet avec toutes les informations dont vous avez besoin<\/a> avant de vous lancer.<\/p>\n<p>Vous y trouverez \u00e9galement des informations sur le Deep Plane, <a href=\"https:\/\/drmazarro.com\/fr\/deep-plane\/\">la technique la plus avanc\u00e9e pour obtenir des r\u00e9sultats naturels<\/a>.<\/p>\n<\/div>\n<div>\n<p><strong>Vous avez encore du mal \u00e0 d\u00e9cider si le moment est arriv\u00e9?<\/strong><span>\u00a0<\/span><a href=\"https:\/\/drmazarro.com\/fr\/signes-lifting-visage\/\" target=\"_blank\" rel=\"noopener noreferrer\">Trouvez la r\u00e9ponse dans ce guide complet: <em>les 5 signes qui ne trompent pas<\/em><\/a><span>.<\/span><\/p>\n<\/div>\n<div>\n<p>        <img decoding=\"async\" src=\"\/wp-content\/uploads\/2025\/09\/preguntas-copia.jpg\" alt=\"Acc\u00e9der au guide complet\"><\/p>\n<h3>Vous avez des questions sur le processus ?<\/h3>\n<div>\n<p>Dissipez vos doutes sur la r\u00e9cup\u00e9ration, l\u2019anesth\u00e9sie, les cicatrices et bien plus encore gr\u00e2ce \u00e0 mon guide complet, con\u00e7u pour vous aider \u00e0 prendre une d\u00e9cision \u00e9clair\u00e9e.<\/p>\n<\/div>\n<p><a href=\"\/fr\/guia-definitiva-lifting-facial\/\">Acc\u00e9der au guide complet<\/a><\/p>\n<\/div>\n<div>\n<p>        <img decoding=\"async\" src=\"\/wp-content\/uploads\/2025\/09\/dpf-antes.jpg\" alt=\"D\u00e9couvrir le lifting Deep Plane\"><\/p>\n<h3>Deep Plane : votre meilleure option pour un r\u00e9sultat naturel<\/h3>\n<div>\n<p>D\u00e9couvrez en d\u00e9tail pourquoi cette technique est le choix id\u00e9al pour restaurer l\u2019harmonie de votre visage de mani\u00e8re naturelle et durable. Je vous explique ma m\u00e9thode de travail et les r\u00e9sultats que nous pouvons obtenir.<\/p>\n<\/div>\n<p><a href=\"\/deep-plane\">D\u00e9couvrir le lifting Deep Plane<\/a><\/p>\n<\/div>\n<h2>R\u00e9sultats r\u00e9els chez des patients op\u00e9r\u00e9s \u00e0 Barcelone<br \/>\n<\/h2>\n<div>\n<p>Chaque personne est unique, mais voir les r\u00e9sultats de patients ayant des objectifs similaires aux v\u00f4tres vous aidera \u00e0 comprendre le potentiel et le naturel que l\u2019on peut obtenir avec un lifting Deep Plane.<\/p>\n<p>Ici vous pouvez voir un petit aper\u00e7u de <a href=\"https:\/\/drmazarro.com\/fr\/deep-plane\/avant-apres\/\">r\u00e9sultats avant et apr\u00e8s de lifting du visage \u00e0 Barcelone<\/a><\/p>\n<\/div>\n<ul>\n<li>\n<p>        <img decoding=\"async\" src=\"\/wp-content\/uploads\/2022\/12\/15-665-500.jpg\" alt=\"Lifting facial \/ Deep Plane Facelift- Dr. Mazarro\"><\/p>\n<div>\n<p>Resultados al mes<\/p>\n<\/div>\n<\/li>\n<li>\n<p>        <img decoding=\"async\" src=\"\/wp-content\/uploads\/2023\/07\/prepost-web-2.jpg\" alt=\"Lifting facial \/ Deep Plane Facelift- Dr. Mazarro\"><\/p>\n<div>\n<p>Resultados al mes<\/p>\n<\/div>\n<\/li>\n<li>\n<p>        <img decoding=\"async\" src=\"\/wp-content\/uploads\/2025\/04\/1-copia-800q5.jpg\" alt=\"Lifting facial \/ Deep Plane Facelift- Dr. Mazarro\"><\/p>\n<div>\n<p>Resultados a los 2 meses<\/p>\n<\/div>\n<\/li>\n<li>\n<p>        <img decoding=\"async\" src=\"\/wp-content\/uploads\/2025\/04\/2-copia-800-q5.jpg\" alt=\"Lifting facial \/ Deep Plane Facelift- Dr. Mazarro\"><\/p>\n<div>\n<p>Resultados a los 2 meses<\/p>\n<\/div>\n<\/li>\n<li>\n<p>        <img decoding=\"async\" src=\"\/wp-content\/uploads\/2022\/12\/13a-665-500.jpg\" alt=\"Lifting facial \/ Deep Plane Facelift- Dr. Mazarro\"><\/p>\n<div>\n<p>Resultados a los 7 d\u00edas<\/p>\n<\/div>\n<\/li>\n<li>\n<p>        <img decoding=\"async\" src=\"\/wp-content\/uploads\/2022\/12\/14-665-500.jpg\" alt=\"Lifting facial \/ Deep Plane Facelift- Dr. Mazarro\"><\/p>\n<div>\n<p>Resultados al a\u00f1o<\/p>\n<\/div>\n<\/li>\n<li>\n<p>        <img decoding=\"async\" src=\"\/wp-content\/uploads\/2025\/04\/4-copia-black_800.jpg\" alt=\"Lifting cervicofacial \/ Deep Plane Facelift- Dr. Mazarro\"><\/p>\n<div>\n<p>Resultados a los 5 meses<\/p>\n<\/div>\n<\/li>\n<li>\n<p>        <img decoding=\"async\" src=\"\/wp-content\/uploads\/2025\/04\/2-copia-BLUR-scaled.jpg\" alt=\"Lifting cervicofacial \/ Deep Plane Facelift- Dr. Mazarro\"><\/p>\n<div>\n<p>Lifting cervicofacial de tipo Deep Plane &#8211; Resultados a los 5 meses<\/p>\n<\/div>\n<\/li>\n<\/ul>\n<div>\n<p style=\"text-align: center;\">Ce ne sont que quelques exemples. Pour voir la galerie compl\u00e8te, cliquez sur le lien ci-dessous.<\/p>\n<p style=\"text-align: center;\">Il ne s\u2019agit que d\u2019une petite s\u00e9lection de mes cas. En consultation, nous en examinerons beaucoup d\u2019autres pour que vous puissiez voir des patients <strong>comme vous<\/strong> et d\u00e9couvrir ce que nous pouvons accomplir <strong>ensemble<\/strong>.<\/p>\n<\/div>\n<p><p>\n        <a href=\"https:\/\/drmazarro.com\/fr\/deep-plane\/avant-apres\/\">Cliquez ici pour voir la galerie compl\u00e8te<\/a>\n    <\/p>\n<\/p>\n<h2>Pourquoi choisir de se faire un lifting du visage \u00e0 Barcelone ?<\/h2>\n<div>\n<p><strong>Barcelone<\/strong> n\u2019est pas seulement l\u2019endroit o\u00f9 j\u2019exerce ; <strong>c\u2019est ma maison<\/strong>.<\/p>\n<p>Je suis arriv\u00e9 de Valence enfant, j\u2019y ai fiat mes \u00e9tudes au <a href=\"https:\/\/www.lfb.es\/\">Lyc\u00e9e Fran\u00e7ais de Barcelone<\/a> et \u00e9tudi\u00e9 la <strong>m\u00e9decine<\/strong> (<a href=\"https:\/\/www.clinicbarcelona.org\/\">Hospital Cl\u00ednic<\/a>), pour y suivre avec ma sp\u00e9cialisation en <strong>chirurgie maxillo-faciale<\/strong> (<a href=\"https:\/\/www.vallhebron.com\/\">Hospital Vall d\u2019Hebron<\/a>).<\/p>\n<p>C\u2019est pourquoi je connais bien la double vertu de cette ville : son esprit <strong>ouvert et cosmopolite<\/strong> alli\u00e9 \u00e0 une <strong>tradition m\u00e9dicale d\u2019excellence<\/strong> et une <strong>infrastructure clinique de premier ordre<\/strong>.<\/p>\n<p>Choisir de vous faire op\u00e9rer ici, c\u2019est miser sur cette combinaison unique : la <strong>s\u00e9r\u00e9nit\u00e9<\/strong> d\u2019\u00eatre dans l\u2019une des meilleures villes du monde, avec la <strong>garantie<\/strong> d\u2019un syst\u00e8me m\u00e9dical de pointe.<\/p>\n<\/div>\n<p><img decoding=\"async\" src=\"\/wp-content\/uploads\/2020\/06\/barcelona-1.jpg\" alt=\"\"><\/p>\n<h2>\n<div>Ma consultation \u00e0 Barcelone : \u00e9tape par \u00e9tape<\/div>\n<div><\/div>\n<\/h2>\n<div>\n<p><strong>La premi\u00e8re consultation est essentielle.<\/strong> Son objectif est de vous conna\u00eetre, de vous \u00e9couter et de comprendre exactement ce que vous souhaitez obtenir. Nous r\u00e9pondrons \u00e0 toutes vos questions en toute transparence.<\/p>\n<p><strong>Voici comment se d\u00e9roule le processus lorsque vous arrivez \u00e0 <a href=\"https:\/\/share.google\/dojoY3Ec7K38Ba5lw\">mon cabinet priv\u00e9<\/a> :<\/strong><\/p>\n<ol>\n<li><strong>\u00c9valuation personnalis\u00e9e :<\/strong> Nous analyserons votre cas en d\u00e9tail. Si je consid\u00e8re que ce n\u2019est pas le bon moment ou que vos attentes ne correspondent pas \u00e0 ce que nous pouvons obtenir, je vous le dirai clairement. <a href=\"https:\/\/drmazarro.com\/fr\/prenez-rendez-vous\/\">Prenez rendez-vous ici pour votre \u00e9valuation.<\/a><\/li>\n<li><strong>Conception du plan :<\/strong> Une fois les objectifs d\u00e9finis, nous \u00e9laborerons ensemble un plan de traitement adapt\u00e9 \u00e0 vos besoins. Je vous montrerai \u00e9galement des cas avant\/apr\u00e8s similaires au v\u00f4tre.<\/li>\n<li><strong>Conditions et d\u00e9lais :<\/strong> Vous recevrez une proposition d\u00e9taill\u00e9e avec les d\u00e9lais, les conditions \u00e9conomiques et la liste d\u2019attente pour l\u2019intervention, qui est en g\u00e9n\u00e9ral d\u2019environ <strong>2 mois<\/strong>.<\/li>\n<li><strong>Confirmation et planification :<\/strong> Lorsque tout sera clair et que vous d\u00e9ciderez d\u2019avancer, <strong>nous lancerons le processus<\/strong> pour programmer l\u2019op\u00e9ration, effectuer l\u2019\u00e9tude pr\u00e9op\u00e9ratoire et vous aider \u00e0 arriver <strong>dans les meilleures conditions<\/strong> afin d\u2019optimiser la r\u00e9cup\u00e9ration.<\/li>\n<li><strong>Vous venez \u00e0 Barcelone pour la chirurgie ?<\/strong> Nous nous occupons de tout. Nous vous aiderons avec la logistique de votre s\u00e9jour, les recommandations d&rsquo;h\u00e9bergement pr\u00e8s de la clinique et planifierons dans le d\u00e9tail les rendez-vous pr\u00e9 et postop\u00e9ratoires. <a href=\"https:\/\/drmazarro.com\/fr\/patient-international\/\">D\u00e9couvrez ici comment organiser votre chirurgie \u00e0 Barcelone<\/a>.<\/li>\n<\/ol>\n<\/div>\n<h3>O\u00f9 op\u00e9rez-vous \u00e0 Barcelone ?<br \/>\n<\/h3>\n<div>\n<p>Depuis plusieurs ann\u00e9es, j\u2019op\u00e8re \u00e0 la <a href=\"https:\/\/share.google\/ELzPYPE2mwLtUGelJ\"><strong>Cl\u00ednica Diagonal<\/strong><\/a>. Bien que j\u2019aie d\u2019autres cliniques plus proches, je sais qu\u2019ici je peux vous offrir des <strong>blocs op\u00e9ratoires<\/strong> dot\u00e9s des technologies les plus avanc\u00e9es, des <strong>chambres spacieuses<\/strong> et une <strong>\u00e9quipe infirmi\u00e8re<\/strong> exp\u00e9riment\u00e9e en chirurgie esth\u00e9tique.<\/p>\n<p>Tout est con\u00e7u pour garantir votre <strong>s\u00e9curit\u00e9<\/strong> et votre <strong>confort<\/strong> pendant l\u2019intervention et durant les premiers jours de r\u00e9cup\u00e9ration.<\/p>\n<\/div>\n<h3>Quel type d\u2019anesth\u00e9sie est utilis\u00e9 pour un lifting du visage ?<br \/>\n<\/h3>\n<div>\n<p>L\u2019intervention est r\u00e9alis\u00e9e sous <strong>anesth\u00e9sie g\u00e9n\u00e9rale<\/strong> (sauf exceptions o\u00f9 une <strong>s\u00e9dation intraveineuse<\/strong> peut \u00eatre envisag\u00e9e), toujours sous la supervision de <strong>l\u2019anesth\u00e9siste de mon \u00e9quipe<\/strong>.<\/p>\n<p>C\u2019est l\u2019option <a href=\"https:\/\/drmazarro.com\/fr\/anestesia-lifting-facial\/\">la plus s\u00fbre et la plus confortable<\/a> pour vous, garantissant un sommeil profond et une exp\u00e9rience sans douleur.<\/p>\n<p>Pour r\u00e9pondre \u00e0 toutes les questions fr\u00e9quentes, j\u2019ai pr\u00e9par\u00e9 un guide complet expliquant le processus en d\u00e9tail.<\/p>\n<\/div>\n<p><p>\n        <a href=\"https:\/\/drmazarro.com\/fr\/anestesia-lifting-facial\/\">D\u00e9couvrez ici tout ce que vous voulez savoir sur l&rsquo;anesth\u00e9sie<\/a>\n    <\/p>\n<\/p>\n<h2>Questions fr\u00e9quemment pos\u00e9es<\/h2>\n<ul>\n<li>\n<h3>\n<h3>O\u00f9 se trouve exactement votre cabinet \u00e0 Barcelone ?<\/h3>\n<\/h3>\n<div>\n<p>Le cabinet est situ\u00e9 au Paseo Manuel Girona 14, Barcelone. Les rendez-vous se g\u00e8rent exclusivement via <a href=\"https:\/\/api.whatsapp.com\/send\/?phone=+34644534515&amp;text=Bonjour,%20je%20vis%20\u00e0%20Madrid%20et%20je%20voudrais%20prendre%20rendez-vous%20avec%20le%20Dr.%20Mazarro\">WhatsApp (+34 644 534 515)<\/a> ou par email \u00e0 <a href=\"mailto:info@drmazarro.com\">info@drmazarro.com<\/a>.<\/p>\n<\/div>\n<\/li>\n<li>\n<h3>\n<h3>Y a-t-il des facilit\u00e9s de stationnement pr\u00e8s de la clinique ?<\/h3>\n<\/h3>\n<div>\n<p>Oui. Bien qu\u2019il soit souvent difficile de se garer dans la rue, une rue voisine propose g\u00e9n\u00e9ralement des places disponibles (<a href=\"https:\/\/maps.app.goo.gl\/vMoDUmK8bFKMGxPYA\">voir Google Maps<\/a>) et il y a \u00e9galement un parking tout proche (<a href=\"https:\/\/maps.app.goo.gl\/P3YtAdtonjLDidEQ7\">lien ici<\/a>).<\/p>\n<\/div>\n<\/li>\n<li>\n<h3>\n<h3>\u00c0 quelle fr\u00e9quence consultez-vous \u00e0 Barcelone ?<\/h3>\n<\/h3>\n<div>\n<p>Pour prendre rendez-vous, contactez-moi simplement via <a href=\"https:\/\/api.whatsapp.com\/send\/?phone=+34644534515&amp;text=Bonjour,%20je%200voudrais%20prendre%20rendez-vous%20avec%20le%20Dr.%20Mazarro\">WhatsApp<\/a> ou par email \u00e0 <a href=\"mailto:info@drmazarro.com\">info@drmazarro.com<\/a>.<\/p>\n<\/div>\n<\/li>\n<li>\n<h3>\n<h3>L\u2019\u00e9tude pr\u00e9op\u00e9ratoire peut-elle \u00eatre r\u00e9alis\u00e9e \u00e0 Barcelone ?<\/h3>\n<\/h3>\n<div>\n<p>Bien s\u00fbr. L\u2019\u00e9tude pr\u00e9op\u00e9ratoire (analyses, examens cardiaques, etc.) peut \u00eatre enti\u00e8rement coordonn\u00e9e ici \u00e0 Barcelone pour votre confort. Si vous venez de l\u2019ext\u00e9rieur, vous pouvez simplement r\u00e9aliser les tests pr\u00e8s de chez vous et nous envoyer les r\u00e9sultats par email.<\/p>\n<\/div>\n<\/li>\n<li>\n<h3>\n<h3>Je viens d\u2019une autre ville \u2014 comment organiser ma chirurgie et ma r\u00e9cup\u00e9ration \u00e0 Barcelone ?<\/h3>\n<\/h3>\n<div>\n<p>C\u2019est une situation tr\u00e8s courante. Pour rendre votre s\u00e9jour aussi confortable que possible, j\u2019ai pr\u00e9par\u00e9 un <strong>guide complet avec des recommandations d\u2019h\u00e9bergement et tout le protocole<\/strong> destin\u00e9 aux patients venant de l\u2019ext\u00e9rieur.<\/p>\n<p><strong><a href=\"https:\/\/drmazarro.com\/fr\/patient-international\/\" target=\"_blank\" rel=\"noopener\">Voir le protocole pour les patients venant de l\u2019ext\u00e9rieur<\/a><\/strong><\/p>\n<\/div>\n<p><a href=\"\/venir-a-barcelona\/\">Ver protocolo<\/a><\/p>\n<\/li>\n<li>\n<h3>\n<h3>Quelles options d\u2019h\u00e9bergement existe-t-il \u00e0 proximit\u00e9 ?<\/h3>\n<\/h3>\n<div>\n<p>Le quartier dispose de nombreux h\u00f4tels et appartements. Mon \u00e9quipe peut vous fournir une liste d\u2019\u00e9tablissements proches de la clinique afin que vous puissiez vous y rendre simplement \u00e0 pied.<\/p>\n<\/div>\n<p><a href=\"\/venir-a-barcelona\/\">Ver protocolo<\/a><\/p>\n<\/li>\n<li>\n<h3>\n<h3>Comment se d\u00e9roulent les suivis postop\u00e9ratoires si je vis dans une autre ville ?<\/h3>\n<\/h3>\n<div>\n<p>Le premier contr\u00f4le se fait toujours en personne \u00e0 Barcelone.<\/p>\n<p>Si vous devez prendre l\u2019avion pour rentrer chez vous, nous vous recommandons de <strong>passer les premiers jours \u00e0 Barcelone<\/strong>.<\/p>\n<p>Si vous pouvez rentrer en voiture ou en train, vous pourrez <strong>r\u00e9cup\u00e9rer confortablement chez vous<\/strong> et revenir pour retirer les points. Entre-temps, nous assurerons un suivi par visioconsultation pour \u00e9viter des d\u00e9placements inutiles.<\/p>\n<\/div>\n<p><a href=\"\/venir-a-barcelona\/\">Ver protocolo<\/a><\/p>\n<\/li>\n<\/ul>\n<h2>Avis de patients op\u00e9r\u00e9s \u00e0 Barcelone<br \/>\n<\/h2>\n<div>\n<p>Voici ce que mes patients partagent sur <strong>Google<\/strong> et <strong>Doctoralia<\/strong> apr\u00e8s avoir d\u00e9cid\u00e9 de franchir le pas avec moi.<\/p>\n<\/div>\n<p><a href=\"https:\/\/drmazarro.com\/fr\/deep-plane\/avis-lifting-visage\/\"><img decoding=\"async\" src=\"\/wp-content\/uploads\/2025\/09\/Opiniones-Dr-Mazarro.jpg\" alt=\"Opiniones Dr. Mazarro\"><\/a><\/p>\n<h2>Mi t\u00e9cnica: naturalidad y precisi\u00f3n t\u00e9cnica en Barcelona<\/h2>\n<div>\n<p>Como especialista en lifting en Barcelona, mi filosof\u00eda de trabajo es muy clara: quiero ayudarte a recuperar tu mejor versi\u00f3n, con <strong>un resultado arm\u00f3nico y natural<\/strong> que respete tu anatom\u00eda.<\/p>\n<p>En definitiva:\u00a0rejuvenezcan tu rostro respetando su esencia.<\/p>\n<p>Para que cuando te veas en el espejo digas: <em>\u00ab\u00a0\u00a1Soy yo de nuevo!\u00a0\u00bb<\/em><\/p>\n<p>Para lograrlo, me he especializado en una t\u00e9cnica de alta precisi\u00f3n: el <strong>Lifting Deep Plane<\/strong>, que permite trabajar en las capas profundas para restaurar la anatom\u00eda juvenil sin necesidad de estirar la piel.<\/p>\n<p>Pero tampoco tienes que obsesionarte con la t\u00e9cnica: lo importante es ofrecerte <strong>el mejor resultado posible<\/strong>.<\/p>\n<p>Y para eso, que no te quepa la mejor duda: es fundamental ponerte <strong>en manos de un especialista<\/strong>.<\/p>\n<p>Solo as\u00ed podr\u00e1 estar al d\u00eda de las <b>\u00faltimas novedades <\/b>y tener la <b>experiencia necesaria <\/b>para ofrecerte <b>las m\u00e1ximas garant\u00edas<\/b>.<\/p>\n<\/div>\n<div>\n<p>        <img decoding=\"async\" src=\"\/wp-content\/uploads\/2025\/08\/preservation4SQ.jpg\" alt=\"Diferentes t\u00e9cnicas de lifting facial\"><\/p>\n<h3>Lifting Deep Plane: la t\u00e9cnica que prioriza la naturalidad<\/h3>\n<div>\n<p style=\"text-align: center;\">\u00bfQuieres saber por qu\u00e9 el Lifting Deep Plane marca la diferencia?<\/p>\n<\/div>\n<p><a href=\"\/deep-plane\">Lifting Deep Plane<\/a><\/p>\n<\/div>\n<div>\n<p>        <img decoding=\"async\" src=\"\/wp-content\/uploads\/2025\/08\/preservation3-copia2.jpg\" alt=\"despegamiento cut\u00e1neo en un lifting de preservaci\u00f3n\"><\/p>\n<h3>Lifting de Preservaci\u00f3n<\/h3>\n<div>\n<p style=\"text-align: center;\">La variante m\u00e1s avanzada del Lifting Deep Plane para que consigas resultados a\u00fan mejores y con una recuperaci\u00f3n\u00a0 m\u00e1s r\u00e1pida<\/p>\n<\/div>\n<p><a href=\"\/lifting-preservacion\/\">Lifting de Preservaci\u00f3n<\/a><\/p>\n<\/div>\n<div>\n<p>        <img decoding=\"async\" src=\"\/wp-content\/uploads\/2025\/09\/cuello-copia.jpg\" alt=\"Deep Neck Lift\"><\/p>\n<h3>Deep Neck Lift<\/h3>\n<div>\n<p style=\"text-align: center;\">El lifting de cuello m\u00e1s avanzado para el resultado m\u00e1s natural.<\/p>\n<\/div>\n<p><a href=\"\/lifting-de-cuello-en-barcelona\/\">Deep Neck Lift<\/a><\/p>\n<\/div>\n<h2>Prenez rendez-vous<\/h2>\n<div>Et d\u00e9couvrez comment retrouver votre meilleure version<\/div>\n<p><a href=\"\/dr-alejandro-mazarro-especialista-en-lifting-facial\/\"><img decoding=\"async\" src=\"\/wp-content\/uploads\/2024\/09\/sin-bata-square-536-BW.jpg\" alt=\"Dr. Alejandro Mazarro - Especialista en Lifting Facial Deep Plane en Barcelona\"><\/a><\/p>\n<p><p>\n        <a href=\"https:\/\/api.whatsapp.com\/send\/?phone=+34644534515&#038;text=Bonjour,%20je%20veux%20prendre%20un%20rendez-vous%20avec%20le%20Dr.%20Mazarro\">Parlons de votre projet<\/a>\n    <\/p>\n<\/p>\n<div>\n<p style=\"text-align: center;\">Remplissez le formulaire ou contactez-nous par <a href=\"https:\/\/api.whatsapp.com\/send\/?phone=+34644534515&amp;text=Bonjour,%20je%20veux%20prendre%20un%20rendez-vous%20avec%20le%20Dr.%20Mazarro\">WhatsApp<\/a> (<a href=\"https:\/\/api.whatsapp.com\/send\/?phone=+34644534515&amp;text=Bonjour,%20je%20veux%20prendre%20un%20rendez-vous%20avec%20le%20Dr.%20Mazarro\">+34 644 534 515<\/a>) ou par <a href=\"mailto:info@drmazarro.com\">e-mail<\/a> (<a href=\"mailto:info@drmazarro.com\">info@drmazarro.com<\/a>).<\/p>\n<p style=\"text-align: center;\">Vous habitez loin ou pr\u00e9f\u00e9rez une <strong>consultation en ligne<\/strong>? Contactez-nous et nous vous indiquerons la marche \u00e0 suivre.<\/p>\n<\/div>\n<div>\n\n<div class=\"wpcf7 no-js\" id=\"wpcf7-f23390-o1\" lang=\"fr-FR\" dir=\"ltr\" data-wpcf7-id=\"23390\">\n<div class=\"screen-reader-response\"><p role=\"status\" aria-live=\"polite\" aria-atomic=\"true\"><\/p> <ul><\/ul><\/div>\n<form action=\"\/fr\/wp-json\/wp\/v2\/pages\/30124#wpcf7-f23390-o1\" method=\"post\" class=\"wpcf7-form init\" aria-label=\"Formulaire de contact\" novalidate=\"novalidate\" data-status=\"init\">\n<fieldset class=\"hidden-fields-container\"><input type=\"hidden\" name=\"_wpcf7\" value=\"23390\" \/><input type=\"hidden\" name=\"_wpcf7_version\" value=\"6.1.5\" \/><input type=\"hidden\" name=\"_wpcf7_locale\" value=\"fr_FR\" \/><input type=\"hidden\" name=\"_wpcf7_unit_tag\" value=\"wpcf7-f23390-o1\" \/><input type=\"hidden\" name=\"_wpcf7_container_post\" value=\"0\" \/><input type=\"hidden\" name=\"_wpcf7_posted_data_hash\" value=\"\" \/><input type=\"hidden\" name=\"_wpcf7_recaptcha_response\" value=\"\" \/>\n<\/fieldset>\n<div class=\"uk-grid-small\" uk-grid>\n\t<div class=\"uk-width-1-2@m\">\n\t\t<p><span class=\"wpcf7-form-control-wrap\" data-name=\"nombre\"><input size=\"40\" maxlength=\"400\" class=\"wpcf7-form-control wpcf7-text uk-input\" aria-invalid=\"false\" placeholder=\"Nom et pr\u00e9nom*\" value=\"\" type=\"text\" name=\"nombre\" \/><\/span>\n\t\t<\/p>\n\t<\/div>\n\t<div class=\"uk-width-1-2@m\">\n\t\t<p><span class=\"wpcf7-form-control-wrap\" data-name=\"email\"><input size=\"40\" maxlength=\"400\" class=\"wpcf7-form-control wpcf7-email wpcf7-validates-as-required wpcf7-text wpcf7-validates-as-email uk-input\" aria-required=\"true\" aria-invalid=\"false\" placeholder=\"Email*\" value=\"\" type=\"email\" name=\"email\" \/><\/span>\n\t\t<\/p>\n\t<\/div>\n\t<div class=\"uk-width-1-2@m\">\n\t\t<p><span class=\"wpcf7-form-control-wrap\" data-name=\"telefono\"><input size=\"40\" maxlength=\"400\" class=\"wpcf7-form-control wpcf7-text wpcf7-validates-as-required uk-input\" aria-required=\"true\" aria-invalid=\"false\" placeholder=\"T\u00e9l\u00e9phone*\" value=\"\" type=\"text\" name=\"telefono\" \/><\/span>\n\t\t<\/p>\n\t<\/div>\n\t<div class=\"uk-width-1-2@m\">\n\t\t<p><span class=\"wpcf7-form-control-wrap\" data-name=\"pais\"><input size=\"40\" maxlength=\"400\" class=\"wpcf7-form-control wpcf7-text wpcf7-validates-as-required uk-input\" aria-required=\"true\" aria-invalid=\"false\" placeholder=\"Pays*\" value=\"\" type=\"text\" name=\"pais\" \/><\/span>\n\t\t<\/p>\n\t<\/div>\n\t<div class=\"uk-width-1-1@m\">\n\t\t<p><span class=\"wpcf7-form-control-wrap\" data-name=\"mensaje\"><textarea cols=\"40\" rows=\"3\" maxlength=\"2000\" class=\"wpcf7-form-control wpcf7-textarea uk-textarea\" aria-invalid=\"false\" placeholder=\"Message*\" name=\"mensaje\"><\/textarea><\/span>\n\t\t<\/p>\n\t<\/div>\n\t<div class=\"uk-legal\">\n\t\t<p><span class=\"wpcf7-form-control-wrap\" data-name=\"acceptance-279\"><span class=\"wpcf7-form-control wpcf7-acceptance\"><span class=\"wpcf7-list-item\"><input type=\"checkbox\" name=\"acceptance-279\" value=\"1\" aria-invalid=\"false\" \/><\/span><\/span><\/span>J'ai lu &nbsp;<a target=\"_blank\" rel=\"nofollow noopener noreferrer\" href=\"https:\/\/drmazarro.com\/aviso_legal\/\">les Mentions l\u00e9gales <\/a>&nbsp;y la&nbsp;<a target=\"_blank\" rel=\"nofollow noopener noreferrer\" href=\"https:\/\/drmazarro.com\/politicadeprivacidad\/\">et la politique de confidentialit\u00e9<\/a>.\n\t\t<\/p>\n\t<\/div>\n\t<div>\n\t\t<p><input class=\"wpcf7-form-control wpcf7-submit has-spinner uk-button uk-button-primary\" type=\"submit\" value=\"Envoyer\" \/>\n\t\t<\/p>\n\t<\/div>\n<\/div><div class=\"wpcf7-response-output\" aria-hidden=\"true\"><\/div>\n<\/form>\n<\/div>\n<\/div>\n<div>\n<p style=\"font-size: 8px;\">Nous vous informons que les donn\u00e9es personnelles que vous fournissez en remplissant ce formulaire seront trait\u00e9es par ALEJANDRO MAZARRO CAMPOS. La finalit\u00e9 de la collecte et du traitement des donn\u00e9es personnelles demand\u00e9es est l&rsquo;envoi d&rsquo;informations li\u00e9es \u00e0 votre motif de consultation, que ce soit par e-mail, SMS, WhatsApp\u00ae ou appel t\u00e9l\u00e9phonique. Les donn\u00e9es personnelles et de contact pourront \u00eatre transmises aux \u00e9quipes respectives de marketing\/service client de la\/des clinique(s) o\u00f9 collabore le Dr Mazarro pour contacter le demandeur. L&rsquo;utilisateur consent \u00e9galement \u00e0 ce que ses coordonn\u00e9es soient trait\u00e9es par ALEJANDRO MAZARRO CAMPOS dans le but de l&rsquo;informer par voie \u00e9lectronique ou autre sur les nouveaux produits et services li\u00e9s \u00e0 son activit\u00e9 \u00e0 des fins publicitaires et promotionnelles. En cochant la case d&rsquo;acceptation, vous donnez votre consentement expr\u00e8s et l\u00e9gitime pour que vos donn\u00e9es soient trait\u00e9es conform\u00e9ment aux finalit\u00e9s de ce formulaire d\u00e9crites dans la politique de confidentialit\u00e9. Vous pouvez exercer vos droits d&rsquo;acc\u00e8s, de rectification, de limitation et de suppression via l&rsquo;adresse e-mail info@drmazarro.com.<\/p>\n<\/div>\n<div>\n<h3>+<\/h3>\n<div>\n<p><strong>Responsable du traitement :<\/strong> Alejandro Mazarro Campos.<br \/><strong>Finalit\u00e9 :<\/strong> r\u00e9pondre \u00e0 votre demande.<br \/><strong>Base l\u00e9gale :<\/strong> consentement de l&rsquo;utilisateur.<br \/><strong>Destinataires :<\/strong> les donn\u00e9es que vous nous fournissez seront stock\u00e9es sur les serveurs de Google Workspace (notre fournisseur de messagerie).<br \/><strong>Droits :<\/strong> vous pourrez toujours acc\u00e9der, rectifier, limiter et supprimer vos donn\u00e9es personnelles.<\/p>\n<\/div>\n<\/div>\n<div>Barcelone vous attend<\/div>\n<div>De plus en plus de patients choisissent de prendre un vol pour \u00eatre entre de bonnes mains.<\/div>\n<div>\n<p>Nous nous occupons de tout \u2014 d\u00e9couvrez notre protocole pour les patients venant de loin et r\u00e9servez une visioconsultation dans la langue de votre choix.<\/p>\n<\/div>\n<p><p>\n        <a href=\"\/fr\/patient-international\/\">Notre protocole<\/a>\n    <\/p>\n<\/p>\n<p><p>\n        <a href=\"https:\/\/api.whatsapp.com\/send\/?phone=+34644534515&#038;text=Bonjour,%20je%20souhaite%20r\u00e9server%20une%20visioconsultation%20avec%20le%20Dr.%20Mazarro\">Votre consultation en ligne<\/a>\n    <\/p>\n<\/p>\n<p><img decoding=\"async\" src=\"\/wp-content\/uploads\/photo-1436491865332-7a61a109cc05-scaled.jpg\" alt=\"\"><\/p>\n<p><!--more--><br \/>\n<!-- {\"type\":\"layout\",\"children\":[{\"type\":\"section\",\"props\":{\"image\":\"wp-content\\\/uploads\\\/2025\\\/06\\\/BARCELONA-copia.jpg\",\"image_position\":\"bottom-center\",\"image_size\":\"cover\",\"style\":\"default\",\"title_breakpoint\":\"xl\",\"title_position\":\"top-left\",\"title_rotation\":\"left\",\"vertical_align\":\"middle\",\"width\":\"default\"},\"children\":[{\"type\":\"row\",\"children\":[{\"type\":\"column\",\"props\":{\"image_position\":\"center-center\",\"position_sticky_breakpoint\":\"m\"},\"children\":[{\"type\":\"breadcrumbs\",\"props\":{\"show_current\":true,\"show_home\":true,\"text_align\":\"center\"}},{\"type\":\"headline\",\"props\":{\"content\":\"<span class=\\\"mi-estilo-especial\\\">\\n    Lifting du visage et du cou \\u00e0 Barcelone: \\n    <span class=\\\"parte-secundaria\\\">Rajeunir - Naturellement<\\\/span>\\n<\\\/span>\",\"css\":\".mi-estilo-especial {\\n    font-size: 1em;\\n    \\\/* Estilo para la l\\u00ednea 1 *\\\/\\n}\\n\\n.mi-estilo-especial .parte-secundaria {\\n    font-size: 0.5em;\\n    font-weight: 200;\\n    color: #888;\\n    display: block; \\\/* Esto fuerza el salto de l\\u00ednea *\\\/\\n}\\n\",\"text_align\":\"center\",\"title_element\":\"h1\",\"title_style\":\"heading-medium\"}},{\"type\":\"headline\",\"props\":{\"content\":\"Dr. Mazarro - M.D., PhD\",\"text_align\":\"center\",\"title_element\":\"div\"}}]}]}],\"name\":\"2025 - ENCABEZADO LIFTING FACIAL EN XXX\"},{\"type\":\"section\",\"props\":{\"image_position\":\"center-center\",\"style\":\"default\",\"title_breakpoint\":\"xl\",\"title_position\":\"top-left\",\"title_rotation\":\"left\",\"vertical_align\":\"middle\",\"width\":\"default\"},\"children\":[{\"type\":\"row\",\"children\":[{\"type\":\"column\",\"props\":{\"image_position\":\"center-center\",\"position_sticky_breakpoint\":\"m\",\"style\":\"card-default\"},\"children\":[{\"type\":\"text\",\"props\":{\"column_breakpoint\":\"m\",\"content\":\"\n\n<p>Votre visage ne refl\\u00e8te-t-il plus<span>\\u00a0<\\\/span><b>ce que vous ressentez \\u00e0 l\\u2019int\\u00e9rieur<\\\/b>?<\\\/p>\\n\n\n<p>Lorsque vous vous regardez dans le miroir ou sur des photos, vos yeux se dirigent directement vers votre<span>\\u00a0<\\\/span><b>cou<span>\\u00a0<\\\/span><\\\/b>ou<span>\\u00a0<\\\/span><b>l\\u2019ovale de votre visage<\\\/b>?<\\\/p>\\n\n\n<p>Vous souhaitez<span>\\u00a0<\\\/span><b>faire quelque chose \\u00e0 ce sujet<\\\/b>, mais vous savez que les injections ou les traitements non invasifs ne sont pas la solution pour vous ?<\\\/p>\",\"margin\":\"default\",\"text_align\":\"center\"}}]}]},{\"type\":\"row\",\"children\":[{\"type\":\"column\",\"props\":{\"image_position\":\"center-center\",\"position_sticky_breakpoint\":\"m\"},\"children\":[{\"type\":\"divider\",\"props\":{\"divider_element\":\"hr\"}}]}]},{\"type\":\"row\",\"props\":{\"layout\":\"2-3,1-3\"},\"children\":[{\"type\":\"column\",\"props\":{\"image_position\":\"center-center\",\"position_sticky_breakpoint\":\"m\",\"width_medium\":\"2-3\"},\"children\":[{\"type\":\"headline\",\"props\":{\"content\":\"Je peux vous aider\",\"text_align\":\"center\",\"title_color\":\"primary\",\"title_element\":\"div\",\"title_style\":\"h1\"}},{\"type\":\"text\",\"props\":{\"column_breakpoint\":\"m\",\"content\":\"\n\n<p>Soy <a href=\\\"https:\\\/\\\/drmazarro.com\\\/dr-alejandro-mazarro-especialista-en-lifting-facial\\\/\\\">Alejandro Mazarro<\\\/a>, cirujano maxilofacial superespecializado en Lifting Facial.<\\\/p>\\n\n\n<p>En los <strong>m\\u00e1s de 9 a\\u00f1os<\\\/strong> que llevo dedic\\u00e1ndome a cirug\\u00eda est\\u00e9tica facial, he probado todas las t\\u00e9cnicas.<\\\/p>\\n\n\n<p>Y te puedo decir con toda honestidad que siento que he encontrado la mejor forma de ayudarte: combinando <strong>la t\\u00e9cnica adecuada<\\\/strong> (el Lifting Deep Plane) con\\u00a0<\\\/p>\\n\n\n<p>Porque, d\\u00e9jame que te diga algo.<\\\/p>\\n\n\n<p>Y es que, afortunadamente, las t\\u00e9cnicas han evolucionado mucho.\\u00a0<\\\/p>\\n\n\n<p>Y hoy en d\\u00eda, <strong>en las manos adecuadas<\\\/strong>, con un lifting facial Deep Plane conseguir\\u00e1s un resultado natural.<\\\/p>\\n\n\n<p>No se trata de volver a tener 20 a\\u00f1os.<\\\/p>\\n\n\n<p>Pero s\\u00ed de tomar el control sobre lo que ocurre en tu cara con el paso del tiempo.<\\\/p>\\n\n\n<p>Y reencontrarte con el espejo.<\\\/p>\\n\n\n<p>T\\u00fa misma.<\\\/p>\\n\n\n<p>Pero en tu mejor versi\\u00f3n.<\\\/p>\\n\n\n<p><\\\/p>\\n\n\n<ul>\\n\n\n<li>no te ver\\u00e1s estirada, si no rejuvenecida<\\\/li>\\n\n\n<li>conservar\\u00e1s tu expresi\\u00f3n y tus facciones<\\\/li>\\n\n\n<li>sin dolor en el postoperatorio<\\\/li>\\n<\\\/ul>\",\"margin\":\"default\",\"status\":\"disabled\",\"text_align\":\"left\"}},{\"type\":\"text\",\"props\":{\"column_breakpoint\":\"m\",\"content\":\"\n\n<p>Soy <a href=\\\"https:\\\/\\\/drmazarro.com\\\/dr-alejandro-mazarro-especialista-en-lifting-facial\\\/\\\">Alejandro Mazarro<\\\/a>, cirujano maxilofacial superespecializado en Lifting Facial.<\\\/p>\\n\n\n<p>Despu\\u00e9s de <strong>m\\u00e1s de 9 a\\u00f1os<\\\/strong> dedic\\u00e1ndome a cirug\\u00eda est\\u00e9tica facial, tengo clar\\u00edsimo cu\\u00e1l es el mejor tratamiento para <strong>rejuvenecer de forma natural<\\\/strong>: el <a href=\\\"https:\\\/\\\/drmazarro.com\\\/tipos-de-lifting-facial\\\/\\\"><strong>Lifting Deep Plane<\\\/strong><\\\/a>.<\\\/p>\\n\n\n<p><\\\/p>\\n\n\n<p>Y es que, afortunadamente, las t\\u00e9cnicas han evolucionado mucho.\\u00a0<\\\/p>\\n\n\n<p>Y hoy en d\\u00eda, <strong>en las manos adecuadas<\\\/strong>, con un lifting facial Deep Plane conseguir\\u00e1s <strong>un resultado natural y durader<\\\/strong>o.<\\\/p>\\n\n\n<p>No se trata de volver a tener 20 a\\u00f1os.<\\\/p>\\n\n\n<p>Pero s\\u00ed de <strong>tomar el control<\\\/strong> sobre lo que ocurre en tu cara con el paso del tiempo.<\\\/p>\\n\n\n<p>Y reencontrarte con el espejo.<\\\/p>\\n\n\n<p>T\\u00fa misma.<\\\/p>\\n\n\n<p>Pero <strong>en tu mejor versi\\u00f3n<\\\/strong>.<\\\/p>\",\"margin\":\"default\",\"status\":\"disabled\",\"text_align\":\"left\"}},{\"type\":\"text\",\"props\":{\"column_breakpoint\":\"m\",\"content\":\"\n\n<p>Je suis<span>\\u00a0<\\\/span><a href=\\\"https:\\\/\\\/drmazarro.com\\\/fr\\\/dr-alejandro-mazarro-specialiste-lifting-du-visage-barcelone\\\/\\\">Alejandro Mazarro<\\\/a>, chirurgien maxillo-facial sp\\u00e9cialis\\u00e9 en lifting du visage.<\\\/p>\\n\n\n<p>Avec<span>\\u00a0<\\\/span><strong>plus de 9 ans<\\\/strong><span>\\u00a0<\\\/span>d\\u2019exp\\u00e9rience dans la chirurgie esth\\u00e9tique du visage, je sais parfaitement quel est le meilleur traitement pour<span>\\u00a0<\\\/span><strong>rajeunir naturellement<\\\/strong>: le<span>\\u00a0<\\\/span><strong><a href=\\\"https:\\\/\\\/drmazarro.com\\\/fr\\\/deep-plane\\\/\\\">Lifting Deep Plane<\\\/a><\\\/strong>.<\\\/p>\\n\n\n<p>Heureusement, les techniques ont beaucoup \\u00e9volu\\u00e9.<\\\/p>\\n\n\n<p>Aujourd\\u2019hui,<span>\\u00a0<\\\/span><strong>en de bonnes mains<\\\/strong>, un lifting facial Deep Plane vous offrira<span>\\u00a0<\\\/span><strong>un r\\u00e9sultat naturel et durable<\\\/strong>.<\\\/p>\\n\n\n<p>Il ne s\\u2019agit pas de retrouver vos 20 ans.<\\\/p>\\n\n\n<p>Mais de<span>\\u00a0<\\\/span><strong>reprendre le contr\\u00f4le<\\\/strong><span>\\u00a0<\\\/span>de ce qui se passe sur votre visage avec le temps.<\\\/p>\\n\n\n<p>Et de vous retrouver face au miroir.<\\\/p>\",\"margin\":\"default\",\"text_align\":\"left\"}},{\"type\":\"text\",\"props\":{\"column_breakpoint\":\"m\",\"content\":\"\n\n<p><strong>Vous-m\\u00eame.<\\\/strong><\\\/p>\",\"margin\":\"default\",\"text_align\":\"left\",\"text_color\":\"primary\"}},{\"type\":\"text\",\"props\":{\"column_breakpoint\":\"m\",\"content\":\"\n\n<div class=\\\"uk-panel uk-margin uk-text-left\\\">\\n\n\n<p>Mais dans<span>\\u00a0<\\\/span><strong>votre meilleure version.<\\\/strong><\\\/p>\\n<\\\/div>\",\"margin\":\"default\",\"text_align\":\"left\"}}]},{\"type\":\"column\",\"props\":{\"image_position\":\"center-center\",\"position_sticky_breakpoint\":\"m\",\"vertical_align\":\"middle\",\"width_medium\":\"1-3\"},\"children\":[{\"type\":\"image\",\"props\":{\"block_align\":\"center\",\"image\":\"wp-content\\\/uploads\\\/2024\\\/09\\\/sin-bata-square-536-BW.jpg\",\"image_alt\":\"Dr Mazarro - Especialista en lifting Facial\",\"image_box_decoration\":\"mask\",\"image_svg_color\":\"emphasis\",\"margin\":\"default\",\"maxwidth\":\"medium\"}},{\"type\":\"text\",\"props\":{\"column_breakpoint\":\"m\",\"content\":\"Dr. Alejandro Mazarro - M.D., PhD\",\"margin\":\"default\",\"text_align\":\"center\",\"text_style\":\"meta\"}}]}]},{\"type\":\"row\",\"children\":[{\"type\":\"column\",\"props\":{\"image_position\":\"center-center\",\"position_sticky_breakpoint\":\"m\"},\"children\":[{\"type\":\"divider\",\"props\":{\"divider_element\":\"hr\"}}]}]}],\"name\":\"PUNTOS DE DOLOR Y PRESENTACION\"},{\"type\":\"section\",\"props\":{\"image_position\":\"center-center\",\"status\":\"disabled\",\"style\":\"default\",\"title_breakpoint\":\"xl\",\"title_position\":\"top-left\",\"title_rotation\":\"left\",\"vertical_align\":\"middle\",\"width\":\"default\"},\"children\":[{\"type\":\"row\",\"children\":[{\"type\":\"column\",\"props\":{\"image_position\":\"center-center\",\"position_sticky_breakpoint\":\"m\"},\"children\":[{\"type\":\"headline\",\"props\":{\"content\":\"Informations suppl\\u00e9mentaires\\n\",\"text_align\":\"left\",\"title_decoration\":\"divider\",\"title_element\":\"h2\",\"title_style\":\"h1\"}},{\"type\":\"text\",\"props\":{\"column_breakpoint\":\"m\",\"content\":\"\n\n<p>Avant ou apr\\u00e8s votre consultation, vous souhaiterez peut-\\u00eatre approfondir certains aspects techniques de l\\u2019intervention. Vous trouverez ici des ressources d\\u00e9taill\\u00e9es sur chaque \\u00e9tape du processus.<\\\/p>\\n\",\"margin\":\"default\"}},{\"type\":\"text\",\"props\":{\"column_breakpoint\":\"m\",\"content\":\"\n\n<p><strong>Vous avez encore du mal \\u00e0 d\\u00e9cider si le moment est arriv\\u00e9?<\\\/strong><span>\\u00a0<\\\/span><a href=\\\"https:\\\/\\\/drmazarro.com\\\/fr\\\/guia-definitiva-lifting-facial\\\/\\\" target=\\\"_blank\\\" rel=\\\"noopener noreferrer\\\">Trouvez la r\\u00e9ponse dans ce guide complet<\\\/a><span>\\\"<\\\/span><\\\/p>\",\"margin\":\"default\"}}]}]},{\"type\":\"row\",\"props\":{\"layout\":\"1-2,1-2\"},\"children\":[{\"type\":\"column\",\"props\":{\"image_position\":\"center-center\",\"position_sticky_breakpoint\":\"m\",\"width_medium\":\"1-2\"},\"children\":[{\"type\":\"panel\",\"props\":{\"block_align\":\"center\",\"content\":\"\n\n<p>D\\u00e9couvrez en d\\u00e9tail pourquoi cette technique est le choix id\\u00e9al pour restaurer l\\u2019harmonie de votre visage de mani\\u00e8re naturelle et durable. Je vous explique ma m\\u00e9thode de travail et les r\\u00e9sultats que nous pouvons obtenir.<\\\/p>\\n\",\"content_column_breakpoint\":\"m\",\"content_style\":\"text-meta\",\"icon_width\":80,\"image\":\"wp-content\\\/uploads\\\/2025\\\/09\\\/dpf-antes.jpg\",\"image_align\":\"top\",\"image_alt\":\"D\\u00e9couvrir le lifting Deep Plane\",\"image_border\":\"rounded\",\"image_grid_breakpoint\":\"m\",\"image_grid_width\":\"1-2\",\"image_height\":200,\"image_svg_color\":\"emphasis\",\"image_width\":200,\"link\":\"\\\/deep-plane\",\"link_size\":\"small\",\"link_style\":\"default\",\"link_text\":\"D\\u00e9couvrir le lifting Deep Plane\",\"margin\":\"default\",\"maxwidth\":\"medium\",\"meta_align\":\"below-title\",\"meta_element\":\"div\",\"meta_style\":\"text-meta\",\"panel_padding\":\"default\",\"panel_style\":\"card-default\",\"text_align\":\"center\",\"title\":\"Deep Plane : votre meilleure option pour un r\\u00e9sultat naturel\",\"title_align\":\"top\",\"title_color\":\"primary\",\"title_decoration\":\"bullet\",\"title_element\":\"h3\",\"title_grid_breakpoint\":\"m\",\"title_grid_width\":\"1-2\",\"title_hover_style\":\"reset\",\"title_style\":\"h2\"}}]},{\"type\":\"column\",\"props\":{\"image_position\":\"center-center\",\"position_sticky_breakpoint\":\"m\",\"width_medium\":\"1-2\"},\"children\":[{\"type\":\"panel\",\"props\":{\"block_align\":\"center\",\"content\":\"\n\n<p>Dissipez vos doutes sur la r\\u00e9cup\\u00e9ration, l\\u2019anesth\\u00e9sie, les cicatrices et bien plus encore gr\\u00e2ce \\u00e0 mon guide complet, con\\u00e7u pour vous aider \\u00e0 prendre une d\\u00e9cision \\u00e9clair\\u00e9e.<\\\/p>\\n\",\"content_column_breakpoint\":\"m\",\"content_style\":\"text-meta\",\"icon_width\":80,\"image\":\"wp-content\\\/uploads\\\/2025\\\/09\\\/preguntas-copia.jpg\",\"image_align\":\"top\",\"image_alt\":\"Acc\\u00e9der au guide complet\",\"image_border\":\"rounded\",\"image_grid_breakpoint\":\"m\",\"image_grid_width\":\"1-2\",\"image_height\":200,\"image_svg_color\":\"emphasis\",\"image_width\":200,\"link\":\"fr\\\/guia-definitiva-lifting-facial\\\/\",\"link_size\":\"small\",\"link_style\":\"default\",\"link_text\":\"Acc\\u00e9der au guide complet\",\"margin\":\"default\",\"maxwidth\":\"medium\",\"meta_align\":\"below-title\",\"meta_element\":\"div\",\"meta_style\":\"text-meta\",\"panel_padding\":\"default\",\"panel_style\":\"card-default\",\"text_align\":\"center\",\"title\":\"Vous avez des questions sur le processus ?\",\"title_align\":\"top\",\"title_color\":\"primary\",\"title_decoration\":\"bullet\",\"title_element\":\"h3\",\"title_grid_breakpoint\":\"m\",\"title_grid_width\":\"1-2\",\"title_hover_style\":\"reset\",\"title_style\":\"h2\"}}]}]}],\"name\":\"INFO ADICIONAL\"},{\"type\":\"section\",\"props\":{\"image_position\":\"center-center\",\"style\":\"default\",\"title_breakpoint\":\"xl\",\"title_position\":\"top-left\",\"title_rotation\":\"left\",\"vertical_align\":\"middle\",\"width\":\"default\"},\"children\":[{\"type\":\"row\",\"children\":[{\"type\":\"column\",\"props\":{\"image_position\":\"center-center\",\"position_sticky_breakpoint\":\"m\"},\"children\":[{\"type\":\"headline\",\"props\":{\"content\":\"Vous consid\\u00e9rez un lifting du visage \\u00e0 Barcelone?\",\"text_align\":\"left\",\"title_decoration\":\"divider\",\"title_element\":\"h2\",\"title_style\":\"h1\"}}]}]},{\"type\":\"row\",\"props\":{\"layout\":\"1-3,1-3,1-3\"},\"children\":[{\"type\":\"column\",\"props\":{\"image_position\":\"center-center\",\"position_sticky_breakpoint\":\"m\",\"width_medium\":\"1-3\"},\"children\":[{\"type\":\"text\",\"props\":{\"column_breakpoint\":\"m\",\"content\":\"\n\n<p>Je suis convaincu que ce n'est pas une d\\u00e9cision que vous prendrez \\u00e0 la l\\u00e9g\\u00e8re.<\\\/p>\\n\n\n<p><strong>Moi non plus je ne le ferais pas.<\\\/strong><\\\/p>\\n\n\n<p>C'est pourquoi je vous ai pr\\u00e9par\\u00e9 <a href=\\\"https:\\\/\\\/drmazarro.com\\\/fr\\\/guide-definitif-lifting-visage\\\/\\\">un guide complet avec toutes les informations dont vous avez besoin<\\\/a> avant de vous lancer.<\\\/p>\\n\n\n<p>Vous y trouverez \\u00e9galement des informations sur le Deep Plane, <a href=\\\"https:\\\/\\\/drmazarro.com\\\/fr\\\/deep-plane\\\/\\\">la technique la plus avanc\\u00e9e pour obtenir des r\\u00e9sultats naturels<\\\/a>.<\\\/p>\",\"margin\":\"default\"}},{\"type\":\"text\",\"props\":{\"column_breakpoint\":\"m\",\"content\":\"\n\n<p><strong>Vous avez encore du mal \\u00e0 d\\u00e9cider si le moment est arriv\\u00e9?<\\\/strong><span>\\u00a0<\\\/span><a href=\\\"https:\\\/\\\/drmazarro.com\\\/fr\\\/signes-lifting-visage\\\/\\\" target=\\\"_blank\\\" rel=\\\"noopener noreferrer\\\">Trouvez la r\\u00e9ponse dans ce guide complet: <em>les 5 signes qui ne trompent pas<\\\/em><\\\/a><span>.<\\\/span><\\\/p>\",\"margin\":\"default\"}}]},{\"type\":\"column\",\"props\":{\"image_position\":\"center-center\",\"position_sticky_breakpoint\":\"m\",\"width_medium\":\"1-3\"},\"children\":[{\"type\":\"panel\",\"props\":{\"block_align\":\"center\",\"content\":\"\n\n<p>Dissipez vos doutes sur la r\\u00e9cup\\u00e9ration, l\\u2019anesth\\u00e9sie, les cicatrices et bien plus encore gr\\u00e2ce \\u00e0 mon guide complet, con\\u00e7u pour vous aider \\u00e0 prendre une d\\u00e9cision \\u00e9clair\\u00e9e.<\\\/p>\\n\",\"content_column_breakpoint\":\"m\",\"content_style\":\"text-meta\",\"icon_width\":80,\"image\":\"wp-content\\\/uploads\\\/2025\\\/09\\\/preguntas-copia.jpg\",\"image_align\":\"top\",\"image_alt\":\"Acc\\u00e9der au guide complet\",\"image_border\":\"rounded\",\"image_grid_breakpoint\":\"m\",\"image_grid_width\":\"1-2\",\"image_height\":200,\"image_svg_color\":\"emphasis\",\"image_width\":200,\"link\":\"fr\\\/guia-definitiva-lifting-facial\\\/\",\"link_size\":\"small\",\"link_style\":\"default\",\"link_text\":\"Acc\\u00e9der au guide complet\",\"margin\":\"default\",\"maxwidth\":\"medium\",\"meta_align\":\"below-title\",\"meta_element\":\"div\",\"meta_style\":\"text-meta\",\"panel_padding\":\"default\",\"panel_style\":\"card-default\",\"text_align\":\"center\",\"title\":\"Vous avez des questions sur le processus ?\",\"title_align\":\"top\",\"title_color\":\"primary\",\"title_decoration\":\"bullet\",\"title_element\":\"h3\",\"title_grid_breakpoint\":\"m\",\"title_grid_width\":\"1-2\",\"title_hover_style\":\"reset\",\"title_style\":\"h2\"}}]},{\"type\":\"column\",\"props\":{\"image_position\":\"center-center\",\"position_sticky_breakpoint\":\"m\",\"width_medium\":\"1-3\"},\"children\":[{\"type\":\"panel\",\"props\":{\"block_align\":\"center\",\"content\":\"\n\n<p>D\\u00e9couvrez en d\\u00e9tail pourquoi cette technique est le choix id\\u00e9al pour restaurer l\\u2019harmonie de votre visage de mani\\u00e8re naturelle et durable. Je vous explique ma m\\u00e9thode de travail et les r\\u00e9sultats que nous pouvons obtenir.<\\\/p>\\n\",\"content_column_breakpoint\":\"m\",\"content_style\":\"text-meta\",\"icon_width\":80,\"image\":\"wp-content\\\/uploads\\\/2025\\\/09\\\/dpf-antes.jpg\",\"image_align\":\"top\",\"image_alt\":\"D\\u00e9couvrir le lifting Deep Plane\",\"image_border\":\"rounded\",\"image_grid_breakpoint\":\"m\",\"image_grid_width\":\"1-2\",\"image_height\":200,\"image_svg_color\":\"emphasis\",\"image_width\":200,\"link\":\"\\\/deep-plane\",\"link_size\":\"small\",\"link_style\":\"default\",\"link_text\":\"D\\u00e9couvrir le lifting Deep Plane\",\"margin\":\"default\",\"maxwidth\":\"medium\",\"meta_align\":\"below-title\",\"meta_element\":\"div\",\"meta_style\":\"text-meta\",\"panel_padding\":\"default\",\"panel_style\":\"card-default\",\"text_align\":\"center\",\"title\":\"Deep Plane : votre meilleure option pour un r\\u00e9sultat naturel\",\"title_align\":\"top\",\"title_color\":\"primary\",\"title_decoration\":\"bullet\",\"title_element\":\"h3\",\"title_grid_breakpoint\":\"m\",\"title_grid_width\":\"1-2\",\"title_hover_style\":\"reset\",\"title_style\":\"h2\"}}]}]}],\"name\":\"INFO ADICIONAL\"},{\"type\":\"section\",\"props\":{\"image_position\":\"center-center\",\"style\":\"default\",\"title_breakpoint\":\"xl\",\"title_position\":\"top-left\",\"title_rotation\":\"left\",\"vertical_align\":\"middle\",\"width\":\"default\"},\"children\":[{\"type\":\"row\",\"children\":[{\"type\":\"column\",\"props\":{\"image_position\":\"center-center\",\"position_sticky_breakpoint\":\"m\"},\"children\":[{\"type\":\"headline\",\"props\":{\"content\":\"R\\u00e9sultats r\\u00e9els chez des patients op\\u00e9r\\u00e9s \\u00e0 Barcelone\\n\",\"text_align\":\"left\",\"title_decoration\":\"divider\",\"title_element\":\"h2\",\"title_style\":\"h1\"}},{\"type\":\"text\",\"props\":{\"column_breakpoint\":\"m\",\"content\":\"\n\n<p>Chaque personne est unique, mais voir les r\\u00e9sultats de patients ayant des objectifs similaires aux v\\u00f4tres vous aidera \\u00e0 comprendre le potentiel et le naturel que l\\u2019on peut obtenir avec un lifting Deep Plane.<\\\/p>\\n\n\n<p>Ici vous pouvez voir un petit aper\\u00e7u de <a href=\\\"https:\\\/\\\/drmazarro.com\\\/fr\\\/deep-plane\\\/avant-apres\\\/\\\">r\\u00e9sultats avant et apr\\u00e8s de lifting du visage \\u00e0 Barcelone<\\\/a><\\\/p>\",\"margin\":\"default\"}}]}]},{\"type\":\"row\",\"children\":[{\"type\":\"column\",\"props\":{\"image_position\":\"center-center\",\"position_sticky_breakpoint\":\"m\"},\"children\":[{\"type\":\"gallery\",\"props\":{\"filter_align\":\"left\",\"filter_all\":true,\"filter_grid_breakpoint\":\"m\",\"filter_grid_width\":\"auto\",\"filter_position\":\"top\",\"filter_style\":\"tab\",\"grid_default\":\"2\",\"grid_masonry\":false,\"grid_medium\":\"4\",\"grid_parallax\":\"0\",\"item_animation\":true,\"lightbox\":true,\"lightbox_bg_close\":true,\"link_style\":\"default\",\"link_text\":\"+\",\"margin\":\"default\",\"meta_align\":\"below-title\",\"meta_element\":\"div\",\"meta_style\":\"text-meta\",\"overlay_hover\":true,\"overlay_mode\":\"cover\",\"overlay_position\":\"center\",\"overlay_style\":\"overlay-primary\",\"overlay_transition\":\"fade\",\"show_content\":true,\"show_hover_image\":true,\"show_hover_video\":true,\"show_link\":true,\"show_meta\":true,\"show_title\":true,\"text_align\":\"center\",\"text_color\":\"light\",\"title_element\":\"h3\",\"title_hover_style\":\"reset\"},\"children\":[{\"type\":\"gallery_item\",\"props\":{\"content\":\"\n\n<p>Resultados al mes<\\\/p>\",\"image\":\"wp-content\\\/uploads\\\/2022\\\/12\\\/15-665-500.jpg\",\"image_alt\":\"Lifting facial \\\/ Deep Plane Facelift- Dr. Mazarro\"}},{\"type\":\"gallery_item\",\"props\":{\"content\":\"\n\n<p>Resultados al mes<\\\/p>\",\"image\":\"wp-content\\\/uploads\\\/2023\\\/07\\\/prepost-web-2.jpg\",\"image_alt\":\"Lifting facial \\\/ Deep Plane Facelift- Dr. Mazarro\"}},{\"type\":\"gallery_item\",\"props\":{\"content\":\"\n\n<p>Resultados a los 2 meses<\\\/p>\",\"image\":\"wp-content\\\/uploads\\\/2025\\\/04\\\/1-copia-800q5.jpg\",\"image_alt\":\"Lifting facial \\\/ Deep Plane Facelift- Dr. Mazarro\"}},{\"type\":\"gallery_item\",\"props\":{\"content\":\"\n\n<p>Resultados a los 2 meses<\\\/p>\",\"image\":\"wp-content\\\/uploads\\\/2025\\\/04\\\/2-copia-800-q5.jpg\",\"image_alt\":\"Lifting facial \\\/ Deep Plane Facelift- Dr. Mazarro\"}},{\"type\":\"gallery_item\",\"props\":{\"content\":\"\n\n<p>Resultados a los 7 d\\u00edas<\\\/p>\",\"image\":\"wp-content\\\/uploads\\\/2022\\\/12\\\/13a-665-500.jpg\",\"image_alt\":\"Lifting facial \\\/ Deep Plane Facelift- Dr. Mazarro\"}},{\"type\":\"gallery_item\",\"props\":{\"content\":\"\n\n<p>Resultados al a\\u00f1o<\\\/p>\",\"image\":\"wp-content\\\/uploads\\\/2022\\\/12\\\/14-665-500.jpg\",\"image_alt\":\"Lifting facial \\\/ Deep Plane Facelift- Dr. Mazarro\"}},{\"type\":\"gallery_item\",\"props\":{\"content\":\"\n\n<p>Resultados a los 5 meses<\\\/p>\",\"image\":\"wp-content\\\/uploads\\\/2025\\\/04\\\/4-copia-black_800.jpg\",\"image_alt\":\"Lifting cervicofacial \\\/ Deep Plane Facelift- Dr. Mazarro\"}},{\"type\":\"gallery_item\",\"props\":{\"content\":\"\n\n<p>Lifting cervicofacial de tipo Deep Plane - Resultados a los 5 meses<\\\/p>\",\"image\":\"wp-content\\\/uploads\\\/2025\\\/04\\\/2-copia-BLUR-scaled.jpg\",\"image_alt\":\"Lifting cervicofacial \\\/ Deep Plane Facelift- Dr. Mazarro\"}}]}]}]},{\"type\":\"row\",\"children\":[{\"type\":\"column\",\"props\":{\"image_position\":\"center-center\",\"position_sticky_breakpoint\":\"m\"},\"children\":[{\"type\":\"text\",\"props\":{\"column_breakpoint\":\"m\",\"content\":\"\n\n<p style=\\\"text-align: center;\\\">Ce ne sont que quelques exemples. Pour voir la galerie compl\\u00e8te, cliquez sur le lien ci-dessous.<\\\/p>\\n\n\n<p style=\\\"text-align: center;\\\">Il ne s\\u2019agit que d\\u2019une petite s\\u00e9lection de mes cas. En consultation, nous en examinerons beaucoup d\\u2019autres pour que vous puissiez voir des patients <strong>comme vous<\\\/strong> et d\\u00e9couvrir ce que nous pouvons accomplir <strong>ensemble<\\\/strong>.<\\\/p>\\n\",\"margin\":\"default\"}},{\"type\":\"button\",\"props\":{\"grid_column_gap\":\"small\",\"grid_row_gap\":\"small\",\"margin\":\"default\",\"text_align\":\"center\"},\"children\":[{\"type\":\"button_item\",\"props\":{\"button_style\":\"primary\",\"content\":\"Cliquez ici pour voir la galerie compl\\u00e8te\",\"dialog_layout\":\"modal\",\"dialog_offcanvas_flip\":true,\"icon_align\":\"left\",\"link\":\"https:\\\/\\\/drmazarro.com\\\/fr\\\/deep-plane\\\/avant-apres\\\/\"}}]}]}]}],\"name\":\"RESULTADOS EN BCN\"},{\"type\":\"section\",\"props\":{\"image_position\":\"center-center\",\"status\":\"disabled\",\"style\":\"default\",\"title_breakpoint\":\"xl\",\"title_position\":\"top-left\",\"title_rotation\":\"left\",\"vertical_align\":\"middle\",\"width\":\"default\"},\"children\":[{\"type\":\"row\",\"children\":[{\"type\":\"column\",\"props\":{\"image_position\":\"center-center\",\"position_sticky_breakpoint\":\"m\"}}]},{\"type\":\"row\",\"children\":[{\"type\":\"column\",\"props\":{\"image_position\":\"center-center\",\"position_sticky_breakpoint\":\"m\"},\"children\":[{\"type\":\"headline\",\"props\":{\"content\":\"\\u00bfPor qu\\u00e9 operarse de lifting facial en Barcelona?\",\"title_decoration\":\"divider\",\"title_element\":\"h2\",\"title_style\":\"h1\"}},{\"type\":\"text\",\"props\":{\"column_breakpoint\":\"m\",\"content\":\"\n\n<p>Como especialista en lifting en Barcelona, mi filosof\\u00eda de trabajo es muy clara: quiero ayudarte a recuperar tu mejor versi\\u00f3n, con <strong>un resultado arm\\u00f3nico y natural<\\\/strong> que respete tu anatom\\u00eda.<\\\/p>\\n\n\n<p>En definitiva:\\u00a0rejuvenezcan tu rostro respetando su esencia.<\\\/p>\\n\n\n<p>Para que cuando te veas en el espejo digas: <em>\\\"\\u00a1Soy yo de nuevo!\\\"<\\\/em><\\\/p>\\n\n\n<p>Para lograrlo, me he especializado en una t\\u00e9cnica de alta precisi\\u00f3n: el <strong>Lifting Deep Plane<\\\/strong>, que permite trabajar en las capas profundas para restaurar la anatom\\u00eda juvenil sin necesidad de estirar la piel.<\\\/p>\\n\n\n<p>Pero tampoco tienes que obsesionarte con la t\\u00e9cnica: lo importante es ofrecerte <strong>el mejor resultado posible<\\\/strong>.<\\\/p>\\n\n\n<p>Y para eso, que no te quepa la mejor duda: es fundamental ponerte <strong>en manos de un especialista<\\\/strong>.<\\\/p>\\n\n\n<p>Solo as\\u00ed podr\\u00e1 estar al d\\u00eda de las <b>\\u00faltimas novedades <\\\/b>y tener la <b>experiencia necesaria <\\\/b>para ofrecerte <b>las m\\u00e1ximas garant\\u00edas<\\\/b>.<\\\/p>\",\"margin\":\"default\"}},{\"type\":\"text\",\"props\":{\"column_breakpoint\":\"m\",\"content\":\"\n\n<p>Hay dos cosas que hay\\u00a0<\\\/p>\\n\n\n<p><\\\/p>\\n\n\n<p>espejo<\\\/p>\\n\n\n<p>tranquilidad<\\\/p>\\n\n\n<p>Con\\u00a0<strong>m\\u00e1s de 500 liftings<\\\/strong>\\u00a0a mis espaldas desde 2016 estoy convencido\\u00a0<\\\/p>\",\"margin\":\"default\",\"status\":\"disabled\"}},{\"type\":\"text\",\"props\":{\"column_breakpoint\":\"m\",\"content\":\"\n\n<p>Porque detr\\u00e1s de cada intervenci\\u00f3n hay <strong>m\\u00e1s de 500 liftings realizados<\\\/strong>, una dedicaci\\u00f3n exclusiva a la cirug\\u00eda facial y un compromiso con los resultados naturales. No es solo t\\u00e9cnica; es experiencia, precisi\\u00f3n y arte trabajando juntos para devolverte la confianza en tu rostro.<\\\/p> \n\n<p>En mi consulta de Barcelona, no encontrar\\u00e1s prisas ni soluciones gen\\u00e9ricas. Encontrar\\u00e1s:<\\\/p> \n\n<ul> \n\n<li><strong>Evaluaci\\u00f3n personalizada:<\\\/strong> Analizamos tu anatom\\u00eda y tus objetivos para elegir la t\\u00e9cnica ideal (Deep Plane, Preservaci\\u00f3n, SMAS\\u2026).<\\\/li> \n\n<li><strong>Transparencia absoluta:<\\\/strong> Te explico qu\\u00e9 puedes esperar realistaente, sin promesas vac\\u00edas.<\\\/li> \n\n<li><strong>Seguimiento cercano:<\\\/strong> Estoy presente en todo tu proceso, desde la primera consulta hasta la \\u00faltima revisi\\u00f3n.<\\\/li> <\\\/ul> \n\n<p>Barcelona es mi ciudad, y aqu\\u00ed he ayudado a cientos de pacientes a recuperar su mejor versi\\u00f3n. <strong>Ahora te toca a ti.<\\\/strong><\\\/p>\",\"margin\":\"default\",\"status\":\"disabled\"}}]}]}],\"name\":\"POR QUE BCN\"},{\"type\":\"section\",\"props\":{\"image_position\":\"center-center\",\"style\":\"default\",\"title_breakpoint\":\"xl\",\"title_position\":\"top-left\",\"title_rotation\":\"left\",\"vertical_align\":\"middle\",\"width\":\"default\"},\"children\":[{\"type\":\"row\",\"children\":[{\"type\":\"column\",\"props\":{\"image_position\":\"center-center\",\"position_sticky_breakpoint\":\"m\",\"width_medium\":\"2-3\"},\"children\":[{\"type\":\"headline\",\"props\":{\"content\":\"Pourquoi choisir de se faire un lifting du visage \\u00e0 Barcelone ?\",\"title_decoration\":\"divider\",\"title_element\":\"h2\",\"title_style\":\"h1\"}},{\"type\":\"text\",\"props\":{\"column_breakpoint\":\"m\",\"content\":\"\n\n<p><strong>Barcelone<\\\/strong> n\\u2019est pas seulement l\\u2019endroit o\\u00f9 j\\u2019exerce ; <strong>c\\u2019est ma maison<\\\/strong>.<\\\/p>\\n\n\n<p>Je suis arriv\\u00e9 de Valence enfant, j\\u2019y ai fiat mes \\u00e9tudes au <a href=\\\"https:\\\/\\\/www.lfb.es\\\/\\\">Lyc\\u00e9e Fran\\u00e7ais de Barcelone<\\\/a> et \\u00e9tudi\\u00e9 la <strong>m\\u00e9decine<\\\/strong> (<a href=\\\"https:\\\/\\\/www.clinicbarcelona.org\\\/\\\">Hospital Cl\\u00ednic<\\\/a>), pour y suivre avec ma sp\\u00e9cialisation en <strong>chirurgie maxillo-faciale<\\\/strong> (<a href=\\\"https:\\\/\\\/www.vallhebron.com\\\/\\\">Hospital Vall d\\u2019Hebron<\\\/a>).<\\\/p>\\n\n\n<p>C\\u2019est pourquoi je connais bien la double vertu de cette ville : son esprit <strong>ouvert et cosmopolite<\\\/strong> alli\\u00e9 \\u00e0 une <strong>tradition m\\u00e9dicale d\\u2019excellence<\\\/strong> et une <strong>infrastructure clinique de premier ordre<\\\/strong>.<\\\/p>\\n\n\n<p>Choisir de vous faire op\\u00e9rer ici, c\\u2019est miser sur cette combinaison unique : la <strong>s\\u00e9r\\u00e9nit\\u00e9<\\\/strong> d\\u2019\\u00eatre dans l\\u2019une des meilleures villes du monde, avec la <strong>garantie<\\\/strong> d\\u2019un syst\\u00e8me m\\u00e9dical de pointe.<\\\/p>\",\"margin\":\"default\"}},{\"type\":\"text\",\"props\":{\"column_breakpoint\":\"m\",\"content\":\"\n\n<p>Hay dos cosas que hay\\u00a0<\\\/p>\\n\n\n<p><\\\/p>\\n\n\n<p>espejo<\\\/p>\\n\n\n<p>tranquilidad<\\\/p>\\n\n\n<p>Con\\u00a0<strong>m\\u00e1s de 500 liftings<\\\/strong>\\u00a0a mis espaldas desde 2016 estoy convencido\\u00a0<\\\/p>\",\"margin\":\"default\",\"status\":\"disabled\"}},{\"type\":\"text\",\"props\":{\"column_breakpoint\":\"m\",\"content\":\"\n\n<p>Porque detr\\u00e1s de cada intervenci\\u00f3n hay <strong>m\\u00e1s de 500 liftings realizados<\\\/strong>, una dedicaci\\u00f3n exclusiva a la cirug\\u00eda facial y un compromiso con los resultados naturales. No es solo t\\u00e9cnica; es experiencia, precisi\\u00f3n y arte trabajando juntos para devolverte la confianza en tu rostro.<\\\/p> \n\n<p>En mi consulta de Barcelona, no encontrar\\u00e1s prisas ni soluciones gen\\u00e9ricas. Encontrar\\u00e1s:<\\\/p> \n\n<ul> \n\n<li><strong>Evaluaci\\u00f3n personalizada:<\\\/strong> Analizamos tu anatom\\u00eda y tus objetivos para elegir la t\\u00e9cnica ideal (Deep Plane, Preservaci\\u00f3n, SMAS\\u2026).<\\\/li> \n\n<li><strong>Transparencia absoluta:<\\\/strong> Te explico qu\\u00e9 puedes esperar realistaente, sin promesas vac\\u00edas.<\\\/li> \n\n<li><strong>Seguimiento cercano:<\\\/strong> Estoy presente en todo tu proceso, desde la primera consulta hasta la \\u00faltima revisi\\u00f3n.<\\\/li> <\\\/ul> \n\n<p>Barcelona es mi ciudad, y aqu\\u00ed he ayudado a cientos de pacientes a recuperar su mejor versi\\u00f3n. <strong>Ahora te toca a ti.<\\\/strong><\\\/p>\",\"margin\":\"default\",\"status\":\"disabled\"}}]},{\"type\":\"column\",\"props\":{\"image_position\":\"center-center\",\"position_sticky_breakpoint\":\"m\",\"vertical_align\":\"middle\",\"width_medium\":\"1-3\"},\"children\":[{\"type\":\"image\",\"props\":{\"block_align\":\"center\",\"image\":\"wp-content\\\/uploads\\\/2020\\\/06\\\/barcelona-1.jpg\",\"image_box_decoration\":\"mask\",\"image_height\":400,\"image_svg_color\":\"emphasis\",\"image_viewport_height\":false,\"image_width\":300,\"margin\":\"default\",\"maxwidth\":\"medium\"}}]}],\"props\":{\"layout\":\"2-3,1-3\"}}],\"name\":\"POR QUE BCN\"},{\"type\":\"section\",\"props\":{\"image_position\":\"center-center\",\"style\":\"default\",\"title_breakpoint\":\"xl\",\"title_position\":\"top-left\",\"title_rotation\":\"left\",\"vertical_align\":\"middle\",\"width\":\"default\"},\"children\":[{\"type\":\"row\",\"children\":[{\"type\":\"column\",\"props\":{\"image_position\":\"center-center\",\"position_sticky_breakpoint\":\"m\"},\"children\":[{\"type\":\"headline\",\"props\":{\"content\":\"\n\n<div>Ma consultation \\u00e0 Barcelone : \\u00e9tape par \\u00e9tape<\\\/div>\\n\n\n<div><\\\/div>\",\"text_align\":\"left\",\"title_decoration\":\"divider\",\"title_element\":\"h2\",\"title_style\":\"h1\"}},{\"type\":\"text\",\"props\":{\"column_breakpoint\":\"m\",\"content\":\"\n\n<p><strong>La primera consulta es fundamental.<\\\/strong><\\\/p>\\n\n\n<p><span>El objetivo es conocerte y escucharte. Entender exactamente cu\\u00e1les son tus objetivos y resolver las dudas que puedas tener.<\\\/span><\\\/p>\\n\n\n<p>Una vez lo tengamos claro, <strong>dise\\u00f1aremos juntos<\\\/strong> un plan de tratamiento que se adapte a lo que quieres conseguir.<\\\/p>\\n\n\n<p><span>Muy probablemente consista en una cirug\\u00eda. <\\\/span><\\\/p>\\n\n\n<p><span>Pero si considero que no es el momento o tus expectativas no encajan con lo que podemos lograr, tambi\\u00e9n te lo dir\\u00e9.<\\\/span><\\\/p>\\n\n\n<p>A partir de ah\\u00ed, te faciltaremos un plan de tratamiento con los tiempos, condiciones econ\\u00f3micas y la lista de espera para cirug\\u00eda.<\\\/p>\\n\n\n<p>Una vez lo tengas todo claro nos pondremos en marcha y programaremos la cirug\\u00eda.<\\\/p>\",\"margin\":\"default\",\"status\":\"disabled\"}},{\"type\":\"text\",\"props\":{\"column_breakpoint\":\"m\",\"content\":\"\n\n<p><strong>La premi\\u00e8re consultation est essentielle.<\\\/strong> Son objectif est de vous conna\\u00eetre, de vous \\u00e9couter et de comprendre exactement ce que vous souhaitez obtenir. Nous r\\u00e9pondrons \\u00e0 toutes vos questions en toute transparence.<\\\/p>\\n\n\n<p><strong>Voici comment se d\\u00e9roule le processus lorsque vous arrivez \\u00e0 <a href=\\\"https:\\\/\\\/share.google\\\/dojoY3Ec7K38Ba5lw\\\">mon cabinet priv\\u00e9<\\\/a> :<\\\/strong><\\\/p>\\n\n\n<ol>\\n\n\n<li><strong>\\u00c9valuation personnalis\\u00e9e :<\\\/strong> Nous analyserons votre cas en d\\u00e9tail. Si je consid\\u00e8re que ce n\\u2019est pas le bon moment ou que vos attentes ne correspondent pas \\u00e0 ce que nous pouvons obtenir, je vous le dirai clairement. <a href=\\\"https:\\\/\\\/drmazarro.com\\\/fr\\\/prenez-rendez-vous\\\/\\\">Prenez rendez-vous ici pour votre \\u00e9valuation.<\\\/a><\\\/li>\\n\n\n<li><strong>Conception du plan :<\\\/strong> Une fois les objectifs d\\u00e9finis, nous \\u00e9laborerons ensemble un plan de traitement adapt\\u00e9 \\u00e0 vos besoins. Je vous montrerai \\u00e9galement des cas avant\\\/apr\\u00e8s similaires au v\\u00f4tre.<\\\/li>\\n\n\n<li><strong>Conditions et d\\u00e9lais :<\\\/strong> Vous recevrez une proposition d\\u00e9taill\\u00e9e avec les d\\u00e9lais, les conditions \\u00e9conomiques et la liste d\\u2019attente pour l\\u2019intervention, qui est en g\\u00e9n\\u00e9ral d\\u2019environ <strong>2 mois<\\\/strong>.<\\\/li>\\n\n\n<li><strong>Confirmation et planification :<\\\/strong> Lorsque tout sera clair et que vous d\\u00e9ciderez d\\u2019avancer, <strong>nous lancerons le processus<\\\/strong> pour programmer l\\u2019op\\u00e9ration, effectuer l\\u2019\\u00e9tude pr\\u00e9op\\u00e9ratoire et vous aider \\u00e0 arriver <strong>dans les meilleures conditions<\\\/strong> afin d\\u2019optimiser la r\\u00e9cup\\u00e9ration.<\\\/li>\\n\n\n<li><strong>Vous venez \\u00e0 Barcelone pour la chirurgie ?<\\\/strong> Nous nous occupons de tout. Nous vous aiderons avec la logistique de votre s\\u00e9jour, les recommandations d'h\\u00e9bergement pr\\u00e8s de la clinique et planifierons dans le d\\u00e9tail les rendez-vous pr\\u00e9 et postop\\u00e9ratoires. <a href=\\\"https:\\\/\\\/drmazarro.com\\\/fr\\\/patient-international\\\/\\\">D\\u00e9couvrez ici comment organiser votre chirurgie \\u00e0 Barcelone<\\\/a>.<\\\/li>\\n<\\\/ol>\",\"margin\":\"default\"}}]}]},{\"type\":\"row\",\"props\":{\"layout\":\"1-2,1-2\"},\"children\":[{\"type\":\"column\",\"props\":{\"image_position\":\"center-center\",\"position_sticky_breakpoint\":\"m\",\"width_medium\":\"1-2\"},\"children\":[{\"type\":\"headline\",\"props\":{\"content\":\"O\\u00f9 op\\u00e9rez-vous \\u00e0 Barcelone ?\\n\",\"title_decoration\":\"bullet\",\"title_element\":\"h3\",\"title_style\":\"h2\"}},{\"type\":\"text\",\"props\":{\"column_breakpoint\":\"m\",\"content\":\"\n\n<p>Depuis plusieurs ann\\u00e9es, j\\u2019op\\u00e8re \\u00e0 la <a href=\\\"https:\\\/\\\/share.google\\\/ELzPYPE2mwLtUGelJ\\\"><strong>Cl\\u00ednica Diagonal<\\\/strong><\\\/a>. Bien que j\\u2019aie d\\u2019autres cliniques plus proches, je sais qu\\u2019ici je peux vous offrir des <strong>blocs op\\u00e9ratoires<\\\/strong> dot\\u00e9s des technologies les plus avanc\\u00e9es, des <strong>chambres spacieuses<\\\/strong> et une <strong>\\u00e9quipe infirmi\\u00e8re<\\\/strong> exp\\u00e9riment\\u00e9e en chirurgie esth\\u00e9tique.<\\\/p>\\n\n\n<p>Tout est con\\u00e7u pour garantir votre <strong>s\\u00e9curit\\u00e9<\\\/strong> et votre <strong>confort<\\\/strong> pendant l\\u2019intervention et durant les premiers jours de r\\u00e9cup\\u00e9ration.<\\\/p>\\n\",\"margin\":\"default\"}}]},{\"type\":\"column\",\"props\":{\"image_position\":\"center-center\",\"position_sticky_breakpoint\":\"m\",\"width_medium\":\"1-2\"},\"children\":[{\"type\":\"headline\",\"props\":{\"content\":\"Quel type d\\u2019anesth\\u00e9sie est utilis\\u00e9 pour un lifting du visage ?\\n\",\"title_decoration\":\"bullet\",\"title_element\":\"h3\",\"title_style\":\"h2\"}},{\"type\":\"text\",\"props\":{\"column_breakpoint\":\"m\",\"content\":\"\n\n<p>L\\u2019intervention est r\\u00e9alis\\u00e9e sous <strong>anesth\\u00e9sie g\\u00e9n\\u00e9rale<\\\/strong> (sauf exceptions o\\u00f9 une <strong>s\\u00e9dation intraveineuse<\\\/strong> peut \\u00eatre envisag\\u00e9e), toujours sous la supervision de <strong>l\\u2019anesth\\u00e9siste de mon \\u00e9quipe<\\\/strong>.<\\\/p>\\n\n\n<p>C\\u2019est l\\u2019option <a href=\\\"https:\\\/\\\/drmazarro.com\\\/fr\\\/anestesia-lifting-facial\\\/\\\">la plus s\\u00fbre et la plus confortable<\\\/a> pour vous, garantissant un sommeil profond et une exp\\u00e9rience sans douleur.<\\\/p>\\n\n\n<p>Pour r\\u00e9pondre \\u00e0 toutes les questions fr\\u00e9quentes, j\\u2019ai pr\\u00e9par\\u00e9 un guide complet expliquant le processus en d\\u00e9tail.<\\\/p>\",\"margin\":\"default\"}},{\"type\":\"button\",\"props\":{\"grid_column_gap\":\"small\",\"grid_row_gap\":\"small\",\"margin\":\"default\",\"text_align\":\"center\"},\"children\":[{\"type\":\"button_item\",\"props\":{\"button_style\":\"primary\",\"content\":\"D\\u00e9couvrez ici tout ce que vous voulez savoir sur l'anesth\\u00e9sie\",\"dialog_layout\":\"modal\",\"dialog_offcanvas_flip\":true,\"icon_align\":\"left\",\"link\":\"https:\\\/\\\/drmazarro.com\\\/fr\\\/anestesia-lifting-facial\\\/\",\"link_title\":\"D\\u00e9couvrez ici tout ce que vous voulez savoir sur l'anesth\\u00e9sie\"}}]}]}]}],\"name\":\"LA CONSULTA EN BCN\"},{\"type\":\"section\",\"props\":{\"image_position\":\"center-center\",\"style\":\"default\",\"title_breakpoint\":\"xl\",\"title_position\":\"top-left\",\"title_rotation\":\"left\",\"vertical_align\":\"middle\",\"width\":\"default\"},\"children\":[{\"type\":\"row\",\"children\":[{\"type\":\"column\",\"props\":{\"image_position\":\"center-center\",\"position_sticky_breakpoint\":\"m\"},\"children\":[{\"type\":\"headline\",\"props\":{\"content\":\"Questions fr\\u00e9quemment pos\\u00e9es\",\"title_decoration\":\"divider\",\"title_element\":\"h2\",\"title_style\":\"h1\"}},{\"type\":\"accordion\",\"props\":{\"collapsible\":true,\"content_column_breakpoint\":\"m\",\"image_align\":\"top\",\"image_grid_breakpoint\":\"m\",\"image_grid_width\":\"1-2\",\"image_svg_color\":\"emphasis\",\"link_style\":\"default\",\"link_text\":\"Read more\",\"show_image\":true,\"show_link\":true},\"children\":[{\"type\":\"accordion_item\",\"props\":{\"content\":\"\n\n<p>Le cabinet est situ\\u00e9 au Paseo Manuel Girona 14, Barcelone. Les rendez-vous se g\\u00e8rent exclusivement via <a href=\\\"https:\\\/\\\/api.whatsapp.com\\\/send\\\/?phone=+34644534515&amp;text=Bonjour,%20je%20vis%20\\u00e0%20Madrid%20et%20je%20voudrais%20prendre%20rendez-vous%20avec%20le%20Dr.%20Mazarro\\\">WhatsApp (+34 644 534 515)<\\\/a> ou par email \\u00e0 <a href=\\\"mailto:info@drmazarro.com\\\">info@drmazarro.com<\\\/a>.<\\\/p>\\n\",\"title\":\"\n\n<h3>O\\u00f9 se trouve exactement votre cabinet \\u00e0 Barcelone ?<\\\/h3>\"}},{\"type\":\"accordion_item\",\"props\":{\"content\":\"\n\n<p>Oui. Bien qu\\u2019il soit souvent difficile de se garer dans la rue, une rue voisine propose g\\u00e9n\\u00e9ralement des places disponibles (<a href=\\\"https:\\\/\\\/maps.app.goo.gl\\\/vMoDUmK8bFKMGxPYA\\\">voir Google Maps<\\\/a>) et il y a \\u00e9galement un parking tout proche (<a href=\\\"https:\\\/\\\/maps.app.goo.gl\\\/P3YtAdtonjLDidEQ7\\\">lien ici<\\\/a>).<\\\/p>\",\"title\":\"\n\n<h3>Y a-t-il des facilit\\u00e9s de stationnement pr\\u00e8s de la clinique ?<\\\/h3>\"}},{\"type\":\"accordion_item\",\"props\":{\"content\":\"\n\n<p>Pour prendre rendez-vous, contactez-moi simplement via <a href=\\\"https:\\\/\\\/api.whatsapp.com\\\/send\\\/?phone=+34644534515&amp;text=Bonjour,%20je%200voudrais%20prendre%20rendez-vous%20avec%20le%20Dr.%20Mazarro\\\">WhatsApp<\\\/a> ou par email \\u00e0 <a href=\\\"mailto:info@drmazarro.com\\\">info@drmazarro.com<\\\/a>.<\\\/p>\",\"title\":\"\n\n<h3>\\u00c0 quelle fr\\u00e9quence consultez-vous \\u00e0 Barcelone ?<\\\/h3>\"}},{\"type\":\"accordion_item\",\"props\":{\"content\":\"\n\n<p>Bien s\\u00fbr. L\\u2019\\u00e9tude pr\\u00e9op\\u00e9ratoire (analyses, examens cardiaques, etc.) peut \\u00eatre enti\\u00e8rement coordonn\\u00e9e ici \\u00e0 Barcelone pour votre confort. Si vous venez de l\\u2019ext\\u00e9rieur, vous pouvez simplement r\\u00e9aliser les tests pr\\u00e8s de chez vous et nous envoyer les r\\u00e9sultats par email.<\\\/p>\\n\",\"title\":\"\n\n<h3>L\\u2019\\u00e9tude pr\\u00e9op\\u00e9ratoire peut-elle \\u00eatre r\\u00e9alis\\u00e9e \\u00e0 Barcelone ?<\\\/h3>\"}},{\"type\":\"accordion_item\",\"props\":{\"content\":\"\n\n<p>C\\u2019est une situation tr\\u00e8s courante. Pour rendre votre s\\u00e9jour aussi confortable que possible, j\\u2019ai pr\\u00e9par\\u00e9 un <strong>guide complet avec des recommandations d\\u2019h\\u00e9bergement et tout le protocole<\\\/strong> destin\\u00e9 aux patients venant de l\\u2019ext\\u00e9rieur.<\\\/p>\\n\n\n<p><strong><a href=\\\"https:\\\/\\\/drmazarro.com\\\/fr\\\/patient-international\\\/\\\" target=\\\"_blank\\\" rel=\\\"noopener\\\">Voir le protocole pour les patients venant de l\\u2019ext\\u00e9rieur<\\\/a><\\\/strong><\\\/p>\",\"link\":\"venir-a-barcelona\\\/\",\"link_text\":\"Ver protocolo\",\"title\":\"\n\n<h3>Je viens d\\u2019une autre ville \\u2014 comment organiser ma chirurgie et ma r\\u00e9cup\\u00e9ration \\u00e0 Barcelone ?<\\\/h3>\"}},{\"type\":\"accordion_item\",\"props\":{\"content\":\"\n\n<p>Le quartier dispose de nombreux h\\u00f4tels et appartements. Mon \\u00e9quipe peut vous fournir une liste d\\u2019\\u00e9tablissements proches de la clinique afin que vous puissiez vous y rendre simplement \\u00e0 pied.<\\\/p>\",\"link\":\"venir-a-barcelona\\\/\",\"link_text\":\"Ver protocolo\",\"title\":\"\n\n<h3>Quelles options d\\u2019h\\u00e9bergement existe-t-il \\u00e0 proximit\\u00e9 ?<\\\/h3>\"}},{\"type\":\"accordion_item\",\"props\":{\"content\":\"\n\n<p>Le premier contr\\u00f4le se fait toujours en personne \\u00e0 Barcelone.<\\\/p>\\n\n\n<p>Si vous devez prendre l\\u2019avion pour rentrer chez vous, nous vous recommandons de <strong>passer les premiers jours \\u00e0 Barcelone<\\\/strong>.<\\\/p>\\n\n\n<p>Si vous pouvez rentrer en voiture ou en train, vous pourrez <strong>r\\u00e9cup\\u00e9rer confortablement chez vous<\\\/strong> et revenir pour retirer les points. Entre-temps, nous assurerons un suivi par visioconsultation pour \\u00e9viter des d\\u00e9placements inutiles.<\\\/p>\",\"link\":\"venir-a-barcelona\\\/\",\"link_text\":\"Ver protocolo\",\"title\":\"\n\n<h3>Comment se d\\u00e9roulent les suivis postop\\u00e9ratoires si je vis dans une autre ville ?<\\\/h3>\"}}]}]}]}],\"name\":\"FAQ\"},{\"type\":\"section\",\"props\":{\"image_position\":\"center-center\",\"style\":\"default\",\"title_breakpoint\":\"xl\",\"title_position\":\"top-left\",\"title_rotation\":\"left\",\"vertical_align\":\"middle\",\"width\":\"default\"},\"children\":[{\"type\":\"row\",\"children\":[{\"type\":\"column\",\"props\":{\"image_position\":\"center-center\",\"position_sticky_breakpoint\":\"m\"},\"children\":[{\"type\":\"headline\",\"props\":{\"content\":\"Avis de patients op\\u00e9r\\u00e9s \\u00e0 Barcelone\\n\",\"title_decoration\":\"divider\",\"title_element\":\"h2\",\"title_style\":\"h1\"}},{\"type\":\"text\",\"props\":{\"column_breakpoint\":\"m\",\"content\":\"\n\n<p>Voici ce que mes patients partagent sur <strong>Google<\\\/strong> et <strong>Doctoralia<\\\/strong> apr\\u00e8s avoir d\\u00e9cid\\u00e9 de franchir le pas avec moi.<\\\/p>\",\"margin\":\"default\"}},{\"type\":\"image\",\"props\":{\"image\":\"wp-content\\\/uploads\\\/2025\\\/09\\\/Opiniones-Dr-Mazarro.jpg\",\"image_alt\":\"Opiniones Dr. Mazarro\",\"image_svg_color\":\"emphasis\",\"link\":\"https:\\\/\\\/drmazarro.com\\\/fr\\\/deep-plane\\\/avis-lifting-visage\\\/\",\"margin\":\"default\",\"text_align\":\"center\"}}]}]}],\"name\":\"OPINIONES SEPT 25\"},{\"type\":\"section\",\"props\":{\"image_position\":\"center-center\",\"style\":\"default\",\"title_breakpoint\":\"xl\",\"title_position\":\"top-left\",\"title_rotation\":\"left\",\"vertical_align\":\"middle\",\"width\":\"default\"},\"children\":[{\"type\":\"row\",\"children\":[{\"type\":\"column\",\"props\":{\"image_position\":\"center-center\",\"position_sticky_breakpoint\":\"m\"},\"children\":[{\"type\":\"headline\",\"props\":{\"content\":\"Mi t\\u00e9cnica: naturalidad y precisi\\u00f3n t\\u00e9cnica en Barcelona\",\"text_align\":\"center\",\"title_decoration\":\"divider\",\"title_element\":\"h2\",\"title_style\":\"h1\"}},{\"type\":\"text\",\"props\":{\"column_breakpoint\":\"m\",\"content\":\"\n\n<p>Como especialista en lifting en Barcelona, mi filosof\\u00eda de trabajo es muy clara: quiero ayudarte a recuperar tu mejor versi\\u00f3n, con <strong>un resultado arm\\u00f3nico y natural<\\\/strong> que respete tu anatom\\u00eda.<\\\/p>\\n\n\n<p>En definitiva:\\u00a0rejuvenezcan tu rostro respetando su esencia.<\\\/p>\\n\n\n<p>Para que cuando te veas en el espejo digas: <em>\\\"\\u00a1Soy yo de nuevo!\\\"<\\\/em><\\\/p>\\n\n\n<p>Para lograrlo, me he especializado en una t\\u00e9cnica de alta precisi\\u00f3n: el <strong>Lifting Deep Plane<\\\/strong>, que permite trabajar en las capas profundas para restaurar la anatom\\u00eda juvenil sin necesidad de estirar la piel.<\\\/p>\\n\n\n<p>Pero tampoco tienes que obsesionarte con la t\\u00e9cnica: lo importante es ofrecerte <strong>el mejor resultado posible<\\\/strong>.<\\\/p>\\n\n\n<p>Y para eso, que no te quepa la mejor duda: es fundamental ponerte <strong>en manos de un especialista<\\\/strong>.<\\\/p>\\n\n\n<p>Solo as\\u00ed podr\\u00e1 estar al d\\u00eda de las <b>\\u00faltimas novedades <\\\/b>y tener la <b>experiencia necesaria <\\\/b>para ofrecerte <b>las m\\u00e1ximas garant\\u00edas<\\\/b>.<\\\/p>\",\"margin\":\"default\"}}]}]},{\"type\":\"row\",\"props\":{\"layout\":\"1-3,1-3,1-3\"},\"children\":[{\"type\":\"column\",\"props\":{\"image_position\":\"center-center\",\"position_sticky_breakpoint\":\"m\",\"width_medium\":\"1-3\"},\"children\":[{\"type\":\"panel\",\"props\":{\"block_align\":\"center\",\"content\":\"\n\n<p style=\\\"text-align: center;\\\">\\u00bfQuieres saber por qu\\u00e9 el Lifting Deep Plane marca la diferencia?<\\\/p>\",\"content_column_breakpoint\":\"m\",\"content_style\":\"text-meta\",\"icon_width\":80,\"image\":\"wp-content\\\/uploads\\\/2025\\\/08\\\/preservation4SQ.jpg\",\"image_align\":\"top\",\"image_alt\":\"Diferentes t\\u00e9cnicas de lifting facial\",\"image_border\":\"rounded\",\"image_grid_breakpoint\":\"m\",\"image_grid_width\":\"1-2\",\"image_height\":200,\"image_svg_color\":\"emphasis\",\"image_width\":200,\"link\":\"\\\/deep-plane\",\"link_size\":\"small\",\"link_style\":\"default\",\"link_text\":\"Lifting Deep Plane\",\"margin\":\"default\",\"maxwidth\":\"medium\",\"meta_align\":\"below-title\",\"meta_element\":\"div\",\"meta_style\":\"text-meta\",\"panel_padding\":\"default\",\"panel_style\":\"card-default\",\"text_align\":\"center\",\"title\":\"Lifting Deep Plane: la t\\u00e9cnica que prioriza la naturalidad\",\"title_align\":\"top\",\"title_color\":\"primary\",\"title_decoration\":\"bullet\",\"title_element\":\"h3\",\"title_grid_breakpoint\":\"m\",\"title_grid_width\":\"1-2\",\"title_hover_style\":\"reset\",\"title_style\":\"h2\"}}]},{\"type\":\"column\",\"props\":{\"image_position\":\"center-center\",\"position_sticky_breakpoint\":\"m\",\"width_medium\":\"1-3\"},\"children\":[{\"type\":\"panel\",\"props\":{\"block_align\":\"center\",\"content\":\"\n\n<p style=\\\"text-align: center;\\\">La variante m\\u00e1s avanzada del Lifting Deep Plane para que consigas resultados a\\u00fan mejores y con una recuperaci\\u00f3n\\u00a0 m\\u00e1s r\\u00e1pida<\\\/p>\",\"content_column_breakpoint\":\"m\",\"content_style\":\"text-meta\",\"icon_width\":80,\"image\":\"wp-content\\\/uploads\\\/2025\\\/08\\\/preservation3-copia2.jpg\",\"image_align\":\"top\",\"image_alt\":\"despegamiento cut\\u00e1neo en un lifting de preservaci\\u00f3n\",\"image_border\":\"rounded\",\"image_grid_breakpoint\":\"m\",\"image_grid_width\":\"1-2\",\"image_height\":200,\"image_svg_color\":\"emphasis\",\"image_width\":200,\"link\":\"lifting-preservacion\\\/\",\"link_size\":\"small\",\"link_style\":\"default\",\"link_text\":\"Lifting de Preservaci\\u00f3n\",\"margin\":\"default\",\"maxwidth\":\"medium\",\"meta_align\":\"below-title\",\"meta_element\":\"div\",\"meta_style\":\"text-meta\",\"panel_padding\":\"default\",\"panel_style\":\"card-default\",\"text_align\":\"center\",\"title\":\"Lifting de Preservaci\\u00f3n\",\"title_align\":\"top\",\"title_color\":\"primary\",\"title_decoration\":\"bullet\",\"title_element\":\"h3\",\"title_grid_breakpoint\":\"m\",\"title_grid_width\":\"1-2\",\"title_hover_style\":\"reset\",\"title_style\":\"h2\"}}]},{\"type\":\"column\",\"props\":{\"image_position\":\"center-center\",\"position_sticky_breakpoint\":\"m\",\"width_medium\":\"1-3\"},\"children\":[{\"type\":\"panel\",\"props\":{\"block_align\":\"center\",\"content\":\"\n\n<p style=\\\"text-align: center;\\\">El lifting de cuello m\\u00e1s avanzado para el resultado m\\u00e1s natural.<\\\/p>\",\"content_column_breakpoint\":\"m\",\"content_style\":\"text-meta\",\"icon_width\":80,\"image\":\"wp-content\\\/uploads\\\/2025\\\/09\\\/cuello-copia.jpg\",\"image_align\":\"top\",\"image_alt\":\"Deep Neck Lift\",\"image_border\":\"rounded\",\"image_grid_breakpoint\":\"m\",\"image_grid_width\":\"1-2\",\"image_height\":200,\"image_svg_color\":\"emphasis\",\"image_width\":200,\"link\":\"lifting-de-cuello-en-barcelona\\\/\",\"link_size\":\"small\",\"link_style\":\"default\",\"link_text\":\"Deep Neck Lift\",\"margin\":\"default\",\"maxwidth\":\"medium\",\"meta_align\":\"below-title\",\"meta_element\":\"div\",\"meta_style\":\"text-meta\",\"panel_padding\":\"default\",\"panel_style\":\"card-default\",\"text_align\":\"center\",\"title\":\"Deep Neck Lift\",\"title_align\":\"top\",\"title_color\":\"primary\",\"title_decoration\":\"bullet\",\"title_element\":\"h3\",\"title_grid_breakpoint\":\"m\",\"title_grid_width\":\"1-2\",\"title_hover_style\":\"reset\",\"title_style\":\"h2\"}}]}]}],\"name\":\"MI FILOSOFIA\"},{\"type\":\"section\",\"props\":{\"id\":\"pidecita\",\"image_position\":\"center-center\",\"style\":\"default\",\"title_breakpoint\":\"xl\",\"title_position\":\"top-left\",\"title_rotation\":\"left\",\"vertical_align\":\"\",\"width\":\"default\"},\"children\":[{\"type\":\"row\",\"children\":[{\"type\":\"column\",\"props\":{\"image_position\":\"center-center\",\"position_sticky_breakpoint\":\"m\"},\"children\":[{\"type\":\"headline\",\"props\":{\"content\":\"Prenez rendez-vous\",\"id\":\"pidecita\",\"title_decoration\":\"divider\",\"title_element\":\"h2\",\"title_style\":\"text-meta\"},\"name\":\"pidecita\"},{\"type\":\"headline\",\"props\":{\"content\":\"Et d\\u00e9couvrez comment retrouver votre meilleure version\",\"title_element\":\"div\",\"title_style\":\"h2\"}}]}]},{\"type\":\"row\",\"props\":{\"column_gap\":\"large\",\"divider\":true,\"layout\":\"1-3,2-3\",\"width\":\"default\"},\"children\":[{\"type\":\"column\",\"props\":{\"image_position\":\"center-center\",\"position_sticky_breakpoint\":\"m\",\"vertical_align\":\"middle\",\"width_medium\":\"1-3\"},\"children\":[{\"type\":\"image\",\"props\":{\"block_align\":\"center\",\"image\":\"wp-content\\\/uploads\\\/2024\\\/09\\\/sin-bata-square-536-BW.jpg\",\"image_alt\":\"Dr. Alejandro Mazarro - Especialista en Lifting Facial Deep Plane en Barcelona\",\"image_box_decoration\":\"mask\",\"image_box_shadow\":\"small\",\"image_svg_color\":\"emphasis\",\"link\":\"dr-alejandro-mazarro-especialista-en-lifting-facial\\\/\",\"margin\":\"default\",\"maxwidth\":\"medium\"}},{\"type\":\"button\",\"props\":{\"button_size\":\"large\",\"fullwidth\":false,\"grid_column_gap\":\"small\",\"grid_row_gap\":\"small\",\"margin\":\"default\",\"text_align\":\"center\"},\"children\":[{\"type\":\"button_item\",\"props\":{\"button_style\":\"primary\",\"content\":\"Parlons de votre projet\",\"dialog_layout\":\"modal\",\"dialog_offcanvas_flip\":true,\"icon_align\":\"left\",\"link\":\"https:\\\/\\\/api.whatsapp.com\\\/send\\\/?phone=+34644534515&text=Bonjour,%20je%20veux%20prendre%20un%20rendez-vous%20avec%20le%20Dr.%20Mazarro\"}}]}]},{\"type\":\"column\",\"props\":{\"image_position\":\"center-center\",\"position_sticky_breakpoint\":\"m\",\"width_medium\":\"2-3\"},\"children\":[{\"type\":\"text\",\"props\":{\"column_breakpoint\":\"m\",\"content\":\"\n\n<p style=\\\"text-align: center;\\\">Remplissez le formulaire ou contactez-nous par <a href=\\\"https:\\\/\\\/api.whatsapp.com\\\/send\\\/?phone=+34644534515&amp;text=Bonjour,%20je%20veux%20prendre%20un%20rendez-vous%20avec%20le%20Dr.%20Mazarro\\\">WhatsApp<\\\/a> (<a href=\\\"https:\\\/\\\/api.whatsapp.com\\\/send\\\/?phone=+34644534515&amp;text=Bonjour,%20je%20veux%20prendre%20un%20rendez-vous%20avec%20le%20Dr.%20Mazarro\\\">+34 644 534 515<\\\/a>) ou par <a href=\\\"mailto:info@drmazarro.com\\\">e-mail<\\\/a> (<a href=\\\"mailto:info@drmazarro.com\\\">info@drmazarro.com<\\\/a>).<\\\/p>\\n\n\n<p style=\\\"text-align: center;\\\">Vous habitez loin ou pr\\u00e9f\\u00e9rez une <strong>consultation en ligne<\\\/strong>? Contactez-nous et nous vous indiquerons la marche \\u00e0 suivre.<\\\/p>\",\"margin\":\"large\"}},{\"type\":\"html\",\"props\":{\"content\":\"[contact-form-7 id=\\\"e6372b8\\\" title=\\\"Contact-FR\\\"]\"}},{\"type\":\"text\",\"props\":{\"column_breakpoint\":\"m\",\"content\":\"\n\n<p style=\\\"font-size: 8px;\\\">Nous vous informons que les donn\\u00e9es personnelles que vous fournissez en remplissant ce formulaire seront trait\\u00e9es par ALEJANDRO MAZARRO CAMPOS. La finalit\\u00e9 de la collecte et du traitement des donn\\u00e9es personnelles demand\\u00e9es est l'envoi d'informations li\\u00e9es \\u00e0 votre motif de consultation, que ce soit par e-mail, SMS, WhatsApp\\u00ae ou appel t\\u00e9l\\u00e9phonique. Les donn\\u00e9es personnelles et de contact pourront \\u00eatre transmises aux \\u00e9quipes respectives de marketing\\\/service client de la\\\/des clinique(s) o\\u00f9 collabore le Dr Mazarro pour contacter le demandeur. L'utilisateur consent \\u00e9galement \\u00e0 ce que ses coordonn\\u00e9es soient trait\\u00e9es par ALEJANDRO MAZARRO CAMPOS dans le but de l'informer par voie \\u00e9lectronique ou autre sur les nouveaux produits et services li\\u00e9s \\u00e0 son activit\\u00e9 \\u00e0 des fins publicitaires et promotionnelles. En cochant la case d'acceptation, vous donnez votre consentement expr\\u00e8s et l\\u00e9gitime pour que vos donn\\u00e9es soient trait\\u00e9es conform\\u00e9ment aux finalit\\u00e9s de ce formulaire d\\u00e9crites dans la politique de confidentialit\\u00e9. Vous pouvez exercer vos droits d'acc\\u00e8s, de rectification, de limitation et de suppression via l'adresse e-mail info@drmazarro.com.<\\\/p>\",\"margin\":\"default\",\"margin_remove_bottom\":true,\"margin_remove_top\":false,\"text_align\":\"justify\",\"text_style\":\"meta\"},\"name\":\"texto legal formulario\"},{\"type\":\"accordion\",\"props\":{\"collapsible\":true,\"content_column_breakpoint\":\"m\",\"content_margin\":\"small\",\"content_style\":\"meta\",\"image_align\":\"top\",\"image_grid_breakpoint\":\"m\",\"image_grid_width\":\"1-2\",\"image_svg_color\":\"emphasis\",\"link_style\":\"default\",\"link_text\":\"+\",\"show_image\":false,\"show_link\":false},\"children\":[{\"type\":\"accordion_item\",\"props\":{\"content\":\"\n\n<p><strong>Responsable du traitement :<\\\/strong> Alejandro Mazarro Campos.<br \\\/><strong>Finalit\\u00e9 :<\\\/strong> r\\u00e9pondre \\u00e0 votre demande.<br \\\/><strong>Base l\\u00e9gale :<\\\/strong> consentement de l'utilisateur.<br \\\/><strong>Destinataires :<\\\/strong> les donn\\u00e9es que vous nous fournissez seront stock\\u00e9es sur les serveurs de Google Workspace (notre fournisseur de messagerie).<br \\\/><strong>Droits :<\\\/strong> vous pourrez toujours acc\\u00e9der, rectifier, limiter et supprimer vos donn\\u00e9es personnelles.<\\\/p>\",\"title\":\"+\"}}]}]}]}],\"name\":\"2025 - HABLAMOS - FR\"},{\"type\":\"section\",\"props\":{\"image_position\":\"center-center\",\"style\":\"default\",\"title_breakpoint\":\"xl\",\"title_position\":\"top-left\",\"title_rotation\":\"left\",\"vertical_align\":\"middle\",\"width\":\"default\"},\"children\":[{\"type\":\"row\",\"props\":{\"layout\":\"1-5,3-5,1-5\"},\"children\":[{\"type\":\"column\",\"props\":{\"image_position\":\"center-center\",\"position_sticky_breakpoint\":\"m\",\"width_medium\":\"1-5\"}},{\"type\":\"column\",\"props\":{\"image_position\":\"center-center\",\"position_sticky_breakpoint\":\"m\",\"style\":\"card-default\",\"width_medium\":\"3-5\"},\"children\":[{\"type\":\"fragment\",\"props\":{\"margin\":\"default\"},\"children\":[{\"type\":\"row\",\"children\":[{\"type\":\"column\",\"props\":{\"image_position\":\"center-center\",\"position_sticky_breakpoint\":\"m\"},\"children\":[{\"type\":\"headline\",\"props\":{\"content\":\"Barcelone vous attend\",\"text_align\":\"center\",\"title_color\":\"primary\",\"title_decoration\":\"line\",\"title_element\":\"div\",\"title_style\":\"h2\"}}]}]},{\"type\":\"row\",\"props\":{\"layout\":\"2-3,1-3\"},\"children\":[{\"type\":\"column\",\"props\":{\"image_position\":\"center-center\",\"position_sticky_breakpoint\":\"m\",\"width_medium\":\"2-3\"},\"children\":[{\"type\":\"text\",\"props\":{\"column_breakpoint\":\"m\",\"content\":\"De plus en plus de patients choisissent de prendre un vol pour \\u00eatre entre de bonnes mains.\",\"margin\":\"default\",\"text_align\":\"center\",\"text_style\":\"meta\"}},{\"type\":\"text\",\"props\":{\"column_breakpoint\":\"m\",\"content\":\"\n\n<p>Nous nous occupons de tout \\u2014 d\\u00e9couvrez notre protocole pour les patients venant de loin et r\\u00e9servez une visioconsultation dans la langue de votre choix.<\\\/p>\",\"margin\":\"default\",\"text_align\":\"center\",\"text_style\":\"meta\"}},{\"type\":\"button\",\"props\":{\"button_size\":\"small\",\"grid_column_gap\":\"small\",\"grid_row_gap\":\"small\",\"margin\":\"default\",\"text_align\":\"center\"},\"children\":[{\"type\":\"button_item\",\"props\":{\"button_style\":\"default\",\"content\":\"Notre protocole\",\"dialog_layout\":\"modal\",\"dialog_offcanvas_flip\":true,\"icon_align\":\"left\",\"link\":\"fr\\\/patient-international\\\/\"}}]},{\"type\":\"button\",\"props\":{\"button_size\":\"small\",\"grid_column_gap\":\"small\",\"grid_row_gap\":\"small\",\"margin\":\"default\",\"text_align\":\"center\"},\"children\":[{\"type\":\"button_item\",\"props\":{\"button_style\":\"default\",\"content\":\"Votre consultation en ligne\",\"dialog_layout\":\"modal\",\"dialog_offcanvas_flip\":true,\"icon_align\":\"left\",\"link\":\"https:\\\/\\\/api.whatsapp.com\\\/send\\\/?phone=+34644534515&text=Bonjour,%20je%20souhaite%20r\\u00e9server%20une%20visioconsultation%20avec%20le%20Dr.%20Mazarro\",\"link_title\":\"Votre consultation en ligne\"}}]}]},{\"type\":\"column\",\"props\":{\"image_position\":\"center-center\",\"position_sticky_breakpoint\":\"m\",\"vertical_align\":\"middle\",\"width_medium\":\"1-3\"},\"children\":[{\"type\":\"image\",\"props\":{\"image\":\"wp-content\\\/uploads\\\/photo-1436491865332-7a61a109cc05-scaled.jpg\",\"image_box_decoration\":\"mask\",\"image_svg_color\":\"emphasis\",\"image_width\":200,\"margin\":\"default\",\"text_align\":\"center\"}}]}]}]}]},{\"type\":\"column\",\"props\":{\"image_position\":\"center-center\",\"position_sticky_breakpoint\":\"m\",\"width_medium\":\"1-5\"}}]}],\"name\":\"BANNER - PACIENTE INTERNACIONAL FRv2\"}],\"version\":\"4.5.5\"} --><\/p>\n","protected":false},"excerpt":{"rendered":"<p>Lifting du visage et du cou \u00e0 Barcelone: Rajeunir &#8211; Naturellement Dr. Mazarro &#8211; M.D., PhD Votre visage ne refl\u00e8te-t-il plus\u00a0ce que vous ressentez \u00e0 l\u2019int\u00e9rieur? Lorsque vous vous regardez dans le miroir ou sur des photos, vos yeux se dirigent directement vers votre\u00a0cou\u00a0ou\u00a0l\u2019ovale de votre visage? Vous souhaitez\u00a0faire quelque chose \u00e0 ce sujet, mais [&hellip;]<\/p>\n","protected":false},"author":1,"featured_media":5379,"parent":0,"menu_order":0,"comment_status":"closed","ping_status":"closed","template":"","meta":{"_acf_changed":false,"_monsterinsights_skip_tracking":false,"_monsterinsights_sitenote_active":false,"_monsterinsights_sitenote_note":"","_monsterinsights_sitenote_category":0,"footnotes":""},"class_list":["post-30124","page","type-page","status-publish","has-post-thumbnail","hentry"],"acf":[],"yoast_head":"<!-- This site is optimized with the Yoast SEO plugin v27.3 - https:\/\/yoast.com\/product\/yoast-seo-wordpress\/ -->\n<title>Lifting du visage Deep Plane \u00e0 Barcelone | Dr. Mazarro | Expert en lifting<\/title>\n<meta name=\"description\" content=\"Pourquoi choisir Barcelone pour votre lifting du visage? Le Dr. Mazarro, chirurgien sp\u00e9cialis\u00e9 en Lifting du vous offre des r\u00e9sultats naturels et durables avec une prise en charge de haut niveau. \u2705 Prenez RDV\" \/>\n<meta name=\"robots\" content=\"index, follow, max-snippet:-1, max-image-preview:large, max-video-preview:-1\" \/>\n<link rel=\"canonical\" href=\"https:\/\/drmazarro.com\/fr\/specialiste-lifting-barcelone\/\" \/>\n<meta property=\"og:locale\" content=\"fr_FR\" \/>\n<meta property=\"og:type\" content=\"article\" \/>\n<meta property=\"og:title\" content=\"Lifting du visage Deep Plane \u00e0 Barcelone | Dr. Mazarro | Expert en lifting\" \/>\n<meta property=\"og:description\" content=\"Pourquoi choisir Barcelone pour votre lifting du visage? Le Dr. Mazarro, chirurgien sp\u00e9cialis\u00e9 en Lifting du vous offre des r\u00e9sultats naturels et durables avec une prise en charge de haut niveau. \u2705 Prenez RDV\" \/>\n<meta property=\"og:url\" content=\"https:\/\/drmazarro.com\/fr\/specialiste-lifting-barcelone\/\" \/>\n<meta property=\"og:site_name\" content=\"Dr. Mazarro\" \/>\n<meta property=\"article:publisher\" content=\"https:\/\/www.facebook.com\/Dr-Mazarro-Cirug%c3%ada-Est%c3%a9tica-Facial-en-Barcelona-101872084913358\/\" \/>\n<meta property=\"article:modified_time\" content=\"2025-09-16T19:58:58+00:00\" \/>\n<meta property=\"og:image\" content=\"https:\/\/drmazarro.com\/wp-content\/uploads\/2021\/03\/Facelift.jpg\" \/>\n\t<meta property=\"og:image:width\" content=\"800\" \/>\n\t<meta property=\"og:image:height\" content=\"800\" \/>\n\t<meta property=\"og:image:type\" content=\"image\/jpeg\" \/>\n<meta name=\"twitter:card\" content=\"summary_large_image\" \/>\n<meta name=\"twitter:label1\" content=\"Dur\u00e9e de lecture estim\u00e9e\" \/>\n\t<meta name=\"twitter:data1\" content=\"12 minutes\" \/>\n<!-- \/ Yoast SEO plugin. -->","yoast_head_json":{"title":"Lifting du visage Deep Plane \u00e0 Barcelone | Dr. Mazarro | Expert en lifting","description":"Pourquoi choisir Barcelone pour votre lifting du visage? Le Dr. Mazarro, chirurgien sp\u00e9cialis\u00e9 en Lifting du vous offre des r\u00e9sultats naturels et durables avec une prise en charge de haut niveau. \u2705 Prenez RDV","robots":{"index":"index","follow":"follow","max-snippet":"max-snippet:-1","max-image-preview":"max-image-preview:large","max-video-preview":"max-video-preview:-1"},"canonical":"https:\/\/drmazarro.com\/fr\/specialiste-lifting-barcelone\/","og_locale":"fr_FR","og_type":"article","og_title":"Lifting du visage Deep Plane \u00e0 Barcelone | Dr. Mazarro | Expert en lifting","og_description":"Pourquoi choisir Barcelone pour votre lifting du visage? Le Dr. Mazarro, chirurgien sp\u00e9cialis\u00e9 en Lifting du vous offre des r\u00e9sultats naturels et durables avec une prise en charge de haut niveau. \u2705 Prenez RDV","og_url":"https:\/\/drmazarro.com\/fr\/specialiste-lifting-barcelone\/","og_site_name":"Dr. Mazarro","article_publisher":"https:\/\/www.facebook.com\/Dr-Mazarro-Cirug%c3%ada-Est%c3%a9tica-Facial-en-Barcelona-101872084913358\/","article_modified_time":"2025-09-16T19:58:58+00:00","og_image":[{"width":800,"height":800,"url":"https:\/\/drmazarro.com\/wp-content\/uploads\/2021\/03\/Facelift.jpg","type":"image\/jpeg"}],"twitter_card":"summary_large_image","twitter_misc":{"Dur\u00e9e de lecture estim\u00e9e":"12 minutes"},"schema":{"@context":"https:\/\/schema.org","@graph":[{"@type":"WebPage","@id":"https:\/\/drmazarro.com\/fr\/specialiste-lifting-barcelone\/","url":"https:\/\/drmazarro.com\/fr\/specialiste-lifting-barcelone\/","name":"Lifting du visage Deep Plane \u00e0 Barcelone | Dr. Mazarro | Expert en lifting","isPartOf":{"@id":"https:\/\/drmazarro.com\/fr\/#website"},"primaryImageOfPage":{"@id":"https:\/\/drmazarro.com\/fr\/specialiste-lifting-barcelone\/#primaryimage"},"image":{"@id":"https:\/\/drmazarro.com\/fr\/specialiste-lifting-barcelone\/#primaryimage"},"thumbnailUrl":"https:\/\/drmazarro.com\/wp-content\/uploads\/2021\/03\/Facelift.jpg","datePublished":"2025-09-05T10:40:14+00:00","dateModified":"2025-09-16T19:58:58+00:00","description":"Pourquoi choisir Barcelone pour votre lifting du visage? Le Dr. Mazarro, chirurgien sp\u00e9cialis\u00e9 en Lifting du vous offre des r\u00e9sultats naturels et durables avec une prise en charge de haut niveau. \u2705 Prenez RDV","breadcrumb":{"@id":"https:\/\/drmazarro.com\/fr\/specialiste-lifting-barcelone\/#breadcrumb"},"inLanguage":"fr-FR","potentialAction":[{"@type":"ReadAction","target":["https:\/\/drmazarro.com\/fr\/specialiste-lifting-barcelone\/"]}]},{"@type":"ImageObject","inLanguage":"fr-FR","@id":"https:\/\/drmazarro.com\/fr\/specialiste-lifting-barcelone\/#primaryimage","url":"https:\/\/drmazarro.com\/wp-content\/uploads\/2021\/03\/Facelift.jpg","contentUrl":"https:\/\/drmazarro.com\/wp-content\/uploads\/2021\/03\/Facelift.jpg","width":800,"height":800,"caption":"Facelift - Dr. Mazarro"},{"@type":"BreadcrumbList","@id":"https:\/\/drmazarro.com\/fr\/specialiste-lifting-barcelone\/#breadcrumb","itemListElement":[{"@type":"ListItem","position":1,"name":"Portada","item":"https:\/\/drmazarro.com\/fr\/"},{"@type":"ListItem","position":2,"name":"\u3010Expert en Lifting \u00e0 Barcelone\u3011Dr. Mazarro &#8211; R\u00e9sultats Naturels"}]},{"@type":"WebSite","@id":"https:\/\/drmazarro.com\/fr\/#website","url":"https:\/\/drmazarro.com\/fr\/","name":"Dr. Mazarro","description":"Cirug\u00eda y Medicina Est\u00e9tica Facial en Barcelona","publisher":{"@id":"https:\/\/drmazarro.com\/fr\/#organization"},"potentialAction":[{"@type":"SearchAction","target":{"@type":"EntryPoint","urlTemplate":"https:\/\/drmazarro.com\/fr\/?s={search_term_string}"},"query-input":{"@type":"PropertyValueSpecification","valueRequired":true,"valueName":"search_term_string"}}],"inLanguage":"fr-FR"},{"@type":"Organization","@id":"https:\/\/drmazarro.com\/fr\/#organization","name":"Dr. Mazarro","url":"https:\/\/drmazarro.com\/fr\/","logo":{"@type":"ImageObject","inLanguage":"fr-FR","@id":"https:\/\/drmazarro.com\/fr\/#\/schema\/logo\/image\/","url":"https:\/\/drmazarro.com\/wp-content\/uploads\/2024\/03\/AM-576.png","contentUrl":"https:\/\/drmazarro.com\/wp-content\/uploads\/2024\/03\/AM-576.png","width":576,"height":576,"caption":"Dr. Mazarro"},"image":{"@id":"https:\/\/drmazarro.com\/fr\/#\/schema\/logo\/image\/"},"sameAs":["https:\/\/www.facebook.com\/Dr-Mazarro-Cirug\u00eda-Est\u00e9tica-Facial-en-Barcelona-101872084913358\/","https:\/\/www.instagram.com\/drmazarro_alejandro\/"]}]}},"_links":{"self":[{"href":"https:\/\/drmazarro.com\/fr\/wp-json\/wp\/v2\/pages\/30124","targetHints":{"allow":["GET"]}}],"collection":[{"href":"https:\/\/drmazarro.com\/fr\/wp-json\/wp\/v2\/pages"}],"about":[{"href":"https:\/\/drmazarro.com\/fr\/wp-json\/wp\/v2\/types\/page"}],"author":[{"embeddable":true,"href":"https:\/\/drmazarro.com\/fr\/wp-json\/wp\/v2\/users\/1"}],"replies":[{"embeddable":true,"href":"https:\/\/drmazarro.com\/fr\/wp-json\/wp\/v2\/comments?post=30124"}],"version-history":[{"count":26,"href":"https:\/\/drmazarro.com\/fr\/wp-json\/wp\/v2\/pages\/30124\/revisions"}],"predecessor-version":[{"id":31808,"href":"https:\/\/drmazarro.com\/fr\/wp-json\/wp\/v2\/pages\/30124\/revisions\/31808"}],"wp:featuredmedia":[{"embeddable":true,"href":"https:\/\/drmazarro.com\/fr\/wp-json\/wp\/v2\/media\/5379"}],"wp:attachment":[{"href":"https:\/\/drmazarro.com\/fr\/wp-json\/wp\/v2\/media?parent=30124"}],"curies":[{"name":"wp","href":"https:\/\/api.w.org\/{rel}","templated":true}]}}