{"id":27987,"date":"2025-07-18T12:06:56","date_gmt":"2025-07-18T10:06:56","guid":{"rendered":"https:\/\/drmazarro.com\/?page_id=27987"},"modified":"2025-09-13T15:05:47","modified_gmt":"2025-09-13T13:05:47","slug":"lifting-du-visage-a-majorque-et-minorque","status":"publish","type":"page","link":"https:\/\/drmazarro.com\/fr\/lifting-du-visage\/lifting-du-visage-a-majorque-et-minorque\/","title":{"rendered":"Lifting du visage \u00e0 Majorque et Minorque"},"content":{"rendered":"<h1>Lifting du visage \u00e0 Majorque et Minorque<\/h1>\n<div>Dr. Mazarro &#8211; Expert en Lifting du Visage<\/div>\n<div>Barcelona<\/div>\n<div>Majorque | Minorque | Ibiza |Formentera<\/div>\n<p><img decoding=\"async\" src=\"\/wp-content\/uploads\/2025\/06\/espejo-1000.jpg\" alt=\"\"><\/p>\n<div>\n<div>Votre reflet ne vous ressemble plus tout \u00e0 fait?<\/div>\n<div>\n<p>Avec le temps, des signes subtils apparaissent :<\/p>\n<ul>\n<li>\n<p><strong>L\u2019ovale<\/strong> du visage perd de sa nettet\u00e9.<\/p>\n<\/li>\n<li>\n<p>Un <strong>air fatigu\u00e9<\/strong> ne refl\u00e8te pas votre \u00e9nergie int\u00e9rieure.<\/p>\n<\/li>\n<li>\n<p>Le <strong>cou<\/strong> semble trahir le passage du temps plus vite que le reste.<\/p>\n<\/li>\n<li>\n<p>Et ce l\u00e9ger <strong>inconfort<\/strong> face \u00e0 votre image, que vous n\u2019aviez jamais ressenti auparavant.<\/p>\n<\/li>\n<\/ul>\n<p><strong>Vous n\u2019\u00eates pas seule.<\/strong><\/p>\n<p>Ces changements sont naturels, mais il est tout aussi naturel de vouloir retrouver <strong>un visage qui vous ressemble<\/strong>, sans artifices ni exc\u00e8s.<\/p>\n<p><strong>Et si vous pouviez retrouver votre fra\u00eecheur avec \u00e9l\u00e9gance et discr\u00e9tion?<\/strong><\/p>\n<ul><\/ul>\n<\/div>\n<\/div>\n<div>\n<p>        <img decoding=\"async\" src=\"\/wp-content\/uploads\/photo-1622409238231-f68997d2bcaa-scaled.jpg\" alt=\"\"><\/p>\n<div>Votre reflet ne vous resemble plus tout \u00e0 fait?<\/div>\n<div>\n<p>Avec le temps, des signes subtils apparaissent :<\/p>\n<ul>\n<li>\n<p><strong>L\u2019ovale<\/strong> du visage perd de sa nettet\u00e9.<\/p>\n<\/li>\n<li>\n<p>Un <strong>air fatigu\u00e9<\/strong>\u00a0ne refl\u00e8te pas votre \u00e9nergie int\u00e9rieure.<\/p>\n<\/li>\n<li>\n<p>Le <strong>cou<\/strong> semble trahir le passage du temps plus vite que le reste.<\/p>\n<\/li>\n<li>\n<p>Et ce l\u00e9ger <strong>inconfort<\/strong> face \u00e0 votre image, que vous n\u2019aviez jamais ressenti auparavant.<\/p>\n<\/li>\n<\/ul>\n<p><strong>Vous n\u2019\u00eates pas seule.<\/strong><\/p>\n<p>Ces changements sont naturels, mais il est tout aussi naturel de vouloir retrouver <strong>un visage qui vous ressemble<\/strong>, sans artifices ni exc\u00e8s.<\/p>\n<p><strong>Et si vous pouviez retrouver votre fra\u00eecheur avec \u00e9l\u00e9gance et discr\u00e9tion?<\/strong><\/p>\n<ul><\/ul>\n<\/div>\n<\/div>\n<div><span>Confiez votre visage \u00e0 un\u00a0<\/span><span><strong>sp\u00e9cialiste<\/strong><\/span><br \/><i>et rajeunissez en toute naturalit\u00e9<\/i><\/div>\n<p><img decoding=\"async\" src=\"\/wp-content\/uploads\/2024\/09\/sin-bata-square-536-BW.jpg\" alt=\"Dr. Alejandro Mazarro especialista lifting facial Deep Plane Barcelona Madrid\"><\/p>\n<div>\n<p>Je suis Alejandro Mazarro, chirurgien maxillo-facial <strong>sp\u00e9cialis\u00e9<\/strong> dans le <strong>rajeunissement du visage<\/strong><b>.<\/b><\/p>\n<p>Depuis <strong>plus de 9 ans<\/strong>, je me consacre <strong>exclusivement<\/strong> \u00e0 accompagner des femmes comme vous \u00e0 retrouver <strong>l\u2019\u00e9l\u00e9gance<\/strong> et la <strong>fra\u00eecheur<\/strong> de leur visage.<\/p>\n<p>\u2666\u00a0Un r\u00e9sultat <strong>naturel<\/strong> et <strong>harmonieux<\/strong><br \/><em>\u2666 Sans<\/em> injections qui alourdissent vos traits<br \/>\u2666 <em>Sans<\/em> transformations artificielles ni effet fig\u00e9<br \/>\u2666 Avec la s\u00e9r\u00e9nit\u00e9 d&rsquo;\u00eatre entre les mains d\u2019un <strong>expert<br \/><\/strong>\u2666 Et encore mieux, \u00e0 <strong>moins d&rsquo;1 heure<\/strong> de chez vous<\/p>\n<\/p>\n<\/div>\n<div>Parce que votre visage <strong>m\u00e9rite<\/strong> toute l\u2019attention et la pr\u00e9cision d\u2019un <strong>sp\u00e9cialiste<\/strong>.<\/div>\n<div>\n<p>Laissez-moi vous expliquer comment retrouver votre fra\u00eecheur <strong>en toute confiance<\/strong>.<\/p>\n<\/div>\n<hr>\n<p><p>\n        <a href=\"https:\/\/api.whatsapp.com\/send\/?phone=+34644534515&#038;text=Bonjour,%20je%20veux%20prendre%20un%20rendez-vous%20avec%20le%20Dr.%20Mazarro\">Parlons de votre projet<\/a>\n    <\/p>\n<\/p>\n<p><img decoding=\"async\" src=\"\/wp-content\/uploads\/2024\/09\/sin-bata-square-536-BW.jpg\" alt=\"Dr. Alejandro Mazarro especialista lifting facial Deep Plane Barcelona Madrid\"><\/p>\n<h2>Quelle technique choisir?<\/h2>\n<div>\n<p style=\"text-align: center;\">Lifting SMAS<br \/>Minilifting<br \/>MACS Lift<br \/>Fils tenseurs<br \/>Lifting vertical<br \/>Lifting Deep Plane<\/p>\n<\/div>\n<div>\n<p>Si vous envisagez un lifting, vous \u00eates peut-\u00eatre un peu perdue face \u00e0 tous ces <i>termes techniques<\/i>.<\/p>\n<p><b>Je vous comprends parfaitement.<\/b><\/p>\n<p>Il y a beaucoup trop de <b>marketing<\/b>.<\/p>\n<\/div>\n<div>\n<p>En tant que chirurgien <a href=\"https:\/\/drmazarro.com\/fr\/specialiste-du-lifting-du-visage-et-du-cou-a-barcelone\/\"><strong>sp\u00e9cialis\u00e9 dans le lifting du visage<\/strong><\/a>, j\u2019ai pratiqu\u00e9 <strong>toutes<\/strong> ces techniques au cours de ma carri\u00e8re.<\/p>\n<p>Aujourd\u2019hui, apr\u00e8s plus de <strong>9 ans<\/strong> \u00e0 me consacrer exclusivement au rajeunissement facial, je sais exactement quelle est la technique qui fonctionne le mieux dans mes mains pour vous offir <strong><span style=\"color: #5ba0b2;\">le r\u00e9sultat que vous r\u00eavez quand vous vous regardez dans le miroir<\/span><\/strong>.<\/p>\n<p><strong>D\u00e9couvrons-la ensemble.<\/strong><\/p>\n<\/div>\n<p><img decoding=\"async\" src=\"\/wp-content\/uploads\/2023\/01\/plication-macs-1.jpg\" alt=\"T\u00e9cnicas de lifting cl\u00e1sicas\"><\/p>\n<div>Que vous faut-il savoir avant de prendre une d\u00e9cision?<\/div>\n<div>\n<p>Il est important que vous ayez toutes les informations n\u00e9cessaires pour prendre une d\u00e9cision. C&rsquo;est pourquoi j&rsquo;ai pr\u00e9par\u00e9 un guide o\u00f9 vous trouverez des articles d\u00e9taill\u00e9s sur :<\/p>\n<ul>\n<li><a href=\"https:\/\/drmazarro.com\/fr\/lifting-du-visage\/\">les diff\u00e9rentes techniques de lifting<\/a><\/li>\n<li><a href=\"https:\/\/drmazarro.com\/fr\/lifting-du-visage\/mini-lifting\/\">pourquoi un Mini-Lift est frustrant (cas re\u00e9l)<\/a><\/li>\n<li><a href=\"https:\/\/drmazarro.com\/fr\/deep-plane\/postoperatoire\/\">les suites op\u00e9ratoires<\/a><\/li>\n<li><a href=\"https:\/\/drmazarro.com\/fr\/deep-plane\/cicatrices-lifting-visage\/\">l&rsquo;\u00e9volution des cicatrices<\/a><\/li>\n<li><a href=\"https:\/\/drmazarro.com\/fr\/anesthesie-lifting-visage\/\">l&rsquo;anesth\u00e9sie<\/a><\/li>\n<li><a href=\"https:\/\/drmazarro.com\/fr\/prix-lifting-visage-barcelone\/\">le prix d&rsquo;un lifting du visage<\/a><\/li>\n<\/ul>\n<p>Et, naturellement, aussi des <a href=\"https:\/\/drmazarro.com\/fr\/deep-plane\/avant-apres\/\">cas Avant et Apr\u00e8s<\/a> pour que vous puissiez voir ce que vous pouvez obtenir <a href=\"https:\/\/drmazarro.com\/fr\/dr-alejandro-mazarro-specialiste-lifting-du-visage-barcelone\/\">entre les mains d&rsquo;un sp\u00e9cialiste<\/a>.<\/p>\n<\/div>\n<div>\n<p>        <img decoding=\"async\" src=\"\/wp-content\/uploads\/2025\/09\/preguntas-copia.jpg\" alt=\"preguntas acerca del lifting facial\"><\/p>\n<h2>Lifting du visage: le Guide complet<\/h2>\n<p><a href=\"https:\/\/drmazarro.com\/fr\/guide-definitif-lifting-visage\/\">Lire le Guide<\/a><\/p>\n<\/div>\n<div>\n<p>        <img decoding=\"async\" src=\"\/wp-content\/uploads\/2025\/09\/resultados.jpg\" alt=\"R\u00e9sultats du lifting du visage\"><\/p>\n<h2>Avant \/ Apr\u00e8s du Lifting<\/h2>\n<p><a href=\"https:\/\/drmazarro.com\/fr\/deep-plane\/avant-apres\/\">Voir les cas<\/a><\/p>\n<\/div>\n<h2>Comment se rendre \u00e0 la consultation depuis les \u00celes Bal\u00e9ares?<\/h2>\n<div>\n<p>Si vous pr\u00e9f\u00e9rez une consultation en personne ou si vous avez d\u00e9j\u00e0 d\u00e9cid\u00e9 de vous mettre entre les mains d&rsquo;un sp\u00e9cialiste pour votre chirurgie, rappelez-vous que <strong>la connexion entre les \u00celes Bal\u00e9ares et Barcelone est excellente<\/strong>.<\/p>\n<p>\u00c0 <b>moins d&rsquo;1h d&rsquo;avion<\/b>, tout est pens\u00e9 pour que vous puissiez organiser la chirurgie et les visites de contr\u00f4le de fa\u00e7on tr\u00e8s confortable.<\/p>\n<p>De plus, gr\u00e2ce \u00e0 <a href=\"https:\/\/drmazarro.com\/fr\/patient-international\/\">notre protocole pour les patients venant de l&rsquo;ext\u00e9rieur de Barcelone<\/a>, nous minimisons les d\u00e9placements <strong>pour votre plus grand confort<\/strong>.<\/p>\n<\/div>\n<p><img decoding=\"async\" src=\"\/wp-content\/uploads\/2025\/09\/BARCELONA-MADRID.png\" alt=\"\"><\/p>\n<div>Barcelone vous attend<\/div>\n<div>\n<p>De plus en plus de patients voyagent pour s&rsquo;assurer d&rsquo;\u00eatre entre les meilleures mains.<\/p>\n<p>Saviez-vous qu&rsquo;\u00e0 <strong>moins d&rsquo;1h des \u00celes Bal\u00e9ares <\/strong>vous avez un <strong>sp\u00e9cialiste<\/strong> qui se consacre exclusivement \u00e0 traiter des patients qui, <strong>comme vous<\/strong>, recherchent un <strong>r\u00e9sultat naturel<\/strong> et la <strong>tranquillit\u00e9<\/strong> de se mettre entre les mains d&rsquo;<strong>un chirurgien exp\u00e9riment\u00e9<\/strong> ?<\/p>\n<\/div>\n<div>\n<p>Nos encargamos de todo \u2014 descubre nuestro protocolo para pacientes de fuera de Barcelona y reserva una videoconsulta en tu idioma preferido.<\/p>\n<\/div>\n<p><p>\n        <a href=\"https:\/\/drmazarro.com\/fr\/patient-international\/\">Notre protocole<\/a>\n    <\/p>\n<\/p>\n<p><p>\n        <a href=\"https:\/\/api.whatsapp.com\/send\/?phone=+34644534515&#038;text=Bonjour,%20je%20veux%20prendre%20un%20rendez-vous%20avec%20le%20Dr.%20Mazarro\">V\u00eddeoconsultation<\/a>\n    <\/p>\n<\/p>\n<p><img decoding=\"async\" src=\"\/wp-content\/uploads\/photo-1436491865332-7a61a109cc05-scaled.jpg\" alt=\"\"><\/p>\n<h2>Votre visage m\u00e9rite toute l\u2019attention d\u2019un sp\u00e9cialiste<\/h2>\n<h2>Votre visage est unique<\/h2>\n<div>\n<p>Il exprime vos <strong>\u00e9motions<\/strong>, refl\u00e8te votre \u00e9nergie int\u00e9rieure et fait partie int\u00e9grante de votre <strong>identit\u00e9<\/strong>.<\/p>\n<p>Prendre soin de lui n\u2019est pas une d\u00e9cision anodine.<\/p>\n<p>C\u2019est pourquoi il est essentiel de le confier \u00e0 <strong>un sp\u00e9cialiste<\/strong> qui s\u2019y consacre exclusivement.<\/p>\n<\/p>\n<\/div>\n<h2>Une expertise rare en Europe<\/h2>\n<div>\n<p>Aux <b>\u00c9tats\u2011Unis<\/b>, il est courant de trouver des chirurgiens qui consacrent leur carri\u00e8re exclusivement au lifting du visage \u2013 des noms comme le Dr <b>Nayak<\/b>, le Dr <b>Talei<\/b>, le Dr <strong>Jacono<\/strong> ou le Dr <b>Gordon <\/b>sont des r\u00e9f\u00e9rences dans ce domaine.<\/p>\n<p>En <b>Europe<\/b>, cette expertise reste rare et se concentre dans trois villes : <b>Londres <\/b>(Dr Bray), <b>Paris <\/b>(Dr Marchac) et <b>Barcelone<\/b>\u00a0(o\u00f9 je consacre ma carri\u00e8re exclusivement au lifting du visage depuis <strong>plus de 9 ans<\/strong>).<\/p>\n<p>Cette sp\u00e9cialisation nous unit autour d\u2019une m\u00eame philosophie: <b>restituer la fra\u00eecheur d\u2019un visage sans le transformer.<\/b><\/p>\n<\/div>\n<p><img decoding=\"async\" src=\"\/wp-content\/uploads\/2024\/11\/SECPF.jpg\" alt=\"Congreso SECPF - Dr. Mazarro Invitado como conferenciante\"><\/p>\n<hr>\n<h2>Une communication sans barri\u00e8re<\/h2>\n<div>\n<p class=\"MsoNormal\" align=\"center\" style=\"text-align: left;\">Pour obtenir un r\u00e9sultat qui respecte votre personnalit\u00e9, la technique ne suffit pas.<\/p>\n<p class=\"MsoNormal\" align=\"center\" style=\"text-align: left;\">Il est indispensable d&rsquo;allier:<o:p><\/o:p><\/p>\n<p class=\"MsoNormal\" align=\"center\" style=\"text-align: left;\"><span style=\"font-family: 'Segoe UI Symbol',sans-serif; mso-bidi-font-family: 'Segoe UI Symbol';\">\u2714<\/span> Une\u00a0<b>compr\u00e9hension<\/b>\u00a0fine des structures anatomiques du visage<br \/><span style=\"font-family: 'Segoe UI Symbol',sans-serif; mso-bidi-font-family: 'Segoe UI Symbol';\">\u2714<\/span> Une\u00a0<b>pr\u00e9cision<\/b>\u00a0chirurgicale pour pr\u00e9server vos expressions naturelles<br \/><span style=\"font-family: 'Segoe UI Symbol',sans-serif; mso-bidi-font-family: 'Segoe UI Symbol';\">\u2714<\/span> Une\u00a0<b>vision esth\u00e9tique<\/b>\u00a0qui respecte votre identit\u00e9<o:p><\/o:p><\/p>\n<p class=\"MsoNormal\" align=\"center\" style=\"text-align: left;\"><o:p>\u00a0<\/o:p>Mais il est \u00e9galement essentiel que la communication repose sur une <strong>compr\u00e9hension<\/strong> profonde de vos attentes.<\/p>\n<p>Form\u00e9 au <strong>Lyc\u00e9e Fran\u00e7ais de Barcelone<\/strong> et titulaire du Baccalaur\u00e9at, je <strong>ma\u00eetrise parfaitement le fran\u00e7ais<\/strong>.<\/p>\n<p>Vous pourrez exprimer <strong>vos envies et vos doutes<\/strong> en toute s\u00e9r\u00e9nit\u00e9, <em>sans aucune barri\u00e8re linguistique<\/em>.<\/p>\n<\/div>\n<h2>\u00c0 seulement 55 minutes en avion de chez vous<\/h2>\n<div>\n<p>Que vous viviez \u00e0 <b>Majorque <\/b>ou <b>Minorque<\/b>, votre d\u00e9placement \u00e0 Barcelone sera <strong>simple<\/strong> et <strong>rapide<\/strong>.<\/p>\n<p>Et pour votre confort, nous pouvons organiser une <strong data-start=\"1674\" data-end=\"1717\">premi\u00e8re consultation vid\u00e9o en fran\u00e7ais<\/strong> afin d\u2019\u00e9valuer votre projet en toute discr\u00e9tion.<\/p>\n<p>Vous souhaitez en savoir plus sur notre accompagnement pour les <strong>patientes venant de l\u2019ext\u00e9rieur<\/strong>?<\/p>\n<p>C\u2019est bien plus facile qu\u2019il n\u2019y para\u00eet \u2013 et je vous explique tout en d\u00e9tail: <a href=\"https:\/\/drmazarro.com\/fr\/patient-international\/\"><strong>d\u00e9couvrez notre protocole<\/strong><\/a>.<\/p>\n<\/div>\n<p><p>\n        <a href=\"#pidecita\">R\u00e9servez votre consultation<\/a>\n    <\/p>\n<\/p>\n<div>Vous voulez savoir ce que disent mes patients ?<\/div>\n<h2>Avis de patients extraits de Google et Doctoralia.<\/h2>\n<p><a href=\"\/fr\/deep-plane\/avis-lifting-visage\/\"><img decoding=\"async\" src=\"\/wp-content\/uploads\/2025\/09\/Opiniones-Dr-Mazarro.jpg\" alt=\"Avis Dr. Mazarro\"><\/a><\/p>\n<h2>Prenez rendez-vous<\/h2>\n<div>Et d\u00e9couvrez comment retrouver votre meilleure version<\/div>\n<p><a href=\"\/dr-alejandro-mazarro-especialista-en-lifting-facial\/\"><img decoding=\"async\" src=\"\/wp-content\/uploads\/2024\/09\/sin-bata-square-536-BW.jpg\" alt=\"Dr. Alejandro Mazarro - Especialista en Lifting Facial Deep Plane en Barcelona\"><\/a><\/p>\n<p><p>\n        <a href=\"https:\/\/api.whatsapp.com\/send\/?phone=+34644534515&#038;text=Bonjour,%20je%20veux%20prendre%20un%20rendez-vous%20avec%20le%20Dr.%20Mazarro\">Parlons de votre projet<\/a>\n    <\/p>\n<\/p>\n<div>\n<p style=\"text-align: center;\">Remplissez le formulaire ou contactez-nous par <a href=\"https:\/\/api.whatsapp.com\/send\/?phone=+34644534515&amp;text=Bonjour,%20je%20veux%20prendre%20un%20rendez-vous%20avec%20le%20Dr.%20Mazarro\">WhatsApp<\/a> (<a href=\"https:\/\/api.whatsapp.com\/send\/?phone=+34644534515&amp;text=Bonjour,%20je%20veux%20prendre%20un%20rendez-vous%20avec%20le%20Dr.%20Mazarro\">+34 644 534 515<\/a>) ou par <a href=\"mailto:info@drmazarro.com\">e-mail<\/a> (<a href=\"mailto:info@drmazarro.com\">info@drmazarro.com<\/a>).<\/p>\n<p style=\"text-align: center;\">Vous habitez loin ou pr\u00e9f\u00e9rez une <strong>consultation en ligne<\/strong>? Contactez-nous et nous vous indiquerons la marche \u00e0 suivre.<\/p>\n<\/div>\n<div>\n\n<div class=\"wpcf7 no-js\" id=\"wpcf7-f23390-o1\" lang=\"fr-FR\" dir=\"ltr\" data-wpcf7-id=\"23390\">\n<div class=\"screen-reader-response\"><p role=\"status\" aria-live=\"polite\" aria-atomic=\"true\"><\/p> <ul><\/ul><\/div>\n<form action=\"\/fr\/wp-json\/wp\/v2\/pages\/27987#wpcf7-f23390-o1\" method=\"post\" class=\"wpcf7-form init\" aria-label=\"Formulaire de contact\" novalidate=\"novalidate\" data-status=\"init\">\n<fieldset class=\"hidden-fields-container\"><input type=\"hidden\" name=\"_wpcf7\" value=\"23390\" \/><input type=\"hidden\" name=\"_wpcf7_version\" value=\"6.1.5\" \/><input type=\"hidden\" name=\"_wpcf7_locale\" value=\"fr_FR\" \/><input type=\"hidden\" name=\"_wpcf7_unit_tag\" value=\"wpcf7-f23390-o1\" \/><input type=\"hidden\" name=\"_wpcf7_container_post\" value=\"0\" \/><input type=\"hidden\" name=\"_wpcf7_posted_data_hash\" value=\"\" \/><input type=\"hidden\" name=\"_wpcf7_recaptcha_response\" value=\"\" \/>\n<\/fieldset>\n<div class=\"uk-grid-small\" uk-grid>\n\t<div class=\"uk-width-1-2@m\">\n\t\t<p><span class=\"wpcf7-form-control-wrap\" data-name=\"nombre\"><input size=\"40\" maxlength=\"400\" class=\"wpcf7-form-control wpcf7-text uk-input\" aria-invalid=\"false\" placeholder=\"Nom et pr\u00e9nom*\" value=\"\" type=\"text\" name=\"nombre\" \/><\/span>\n\t\t<\/p>\n\t<\/div>\n\t<div class=\"uk-width-1-2@m\">\n\t\t<p><span class=\"wpcf7-form-control-wrap\" data-name=\"email\"><input size=\"40\" maxlength=\"400\" class=\"wpcf7-form-control wpcf7-email wpcf7-validates-as-required wpcf7-text wpcf7-validates-as-email uk-input\" aria-required=\"true\" aria-invalid=\"false\" placeholder=\"Email*\" value=\"\" type=\"email\" name=\"email\" \/><\/span>\n\t\t<\/p>\n\t<\/div>\n\t<div class=\"uk-width-1-2@m\">\n\t\t<p><span class=\"wpcf7-form-control-wrap\" data-name=\"telefono\"><input size=\"40\" maxlength=\"400\" class=\"wpcf7-form-control wpcf7-text wpcf7-validates-as-required uk-input\" aria-required=\"true\" aria-invalid=\"false\" placeholder=\"T\u00e9l\u00e9phone*\" value=\"\" type=\"text\" name=\"telefono\" \/><\/span>\n\t\t<\/p>\n\t<\/div>\n\t<div class=\"uk-width-1-2@m\">\n\t\t<p><span class=\"wpcf7-form-control-wrap\" data-name=\"pais\"><input size=\"40\" maxlength=\"400\" class=\"wpcf7-form-control wpcf7-text wpcf7-validates-as-required uk-input\" aria-required=\"true\" aria-invalid=\"false\" placeholder=\"Pays*\" value=\"\" type=\"text\" name=\"pais\" \/><\/span>\n\t\t<\/p>\n\t<\/div>\n\t<div class=\"uk-width-1-1@m\">\n\t\t<p><span class=\"wpcf7-form-control-wrap\" data-name=\"mensaje\"><textarea cols=\"40\" rows=\"3\" maxlength=\"2000\" class=\"wpcf7-form-control wpcf7-textarea uk-textarea\" aria-invalid=\"false\" placeholder=\"Message*\" name=\"mensaje\"><\/textarea><\/span>\n\t\t<\/p>\n\t<\/div>\n\t<div class=\"uk-legal\">\n\t\t<p><span class=\"wpcf7-form-control-wrap\" data-name=\"acceptance-279\"><span class=\"wpcf7-form-control wpcf7-acceptance\"><span class=\"wpcf7-list-item\"><input type=\"checkbox\" name=\"acceptance-279\" value=\"1\" aria-invalid=\"false\" \/><\/span><\/span><\/span>J'ai lu &nbsp;<a target=\"_blank\" rel=\"nofollow noopener noreferrer\" href=\"https:\/\/drmazarro.com\/aviso_legal\/\">les Mentions l\u00e9gales <\/a>&nbsp;y la&nbsp;<a target=\"_blank\" rel=\"nofollow noopener noreferrer\" href=\"https:\/\/drmazarro.com\/politicadeprivacidad\/\">et la politique de confidentialit\u00e9<\/a>.\n\t\t<\/p>\n\t<\/div>\n\t<div>\n\t\t<p><input class=\"wpcf7-form-control wpcf7-submit has-spinner uk-button uk-button-primary\" type=\"submit\" value=\"Envoyer\" \/>\n\t\t<\/p>\n\t<\/div>\n<\/div><div class=\"wpcf7-response-output\" aria-hidden=\"true\"><\/div>\n<\/form>\n<\/div>\n<\/div>\n<div>\n<p style=\"font-size: 8px;\">Nous vous informons que les donn\u00e9es personnelles que vous fournissez en remplissant ce formulaire seront trait\u00e9es par ALEJANDRO MAZARRO CAMPOS. La finalit\u00e9 de la collecte et du traitement des donn\u00e9es personnelles demand\u00e9es est l&rsquo;envoi d&rsquo;informations li\u00e9es \u00e0 votre motif de consultation, que ce soit par e-mail, SMS, WhatsApp\u00ae ou appel t\u00e9l\u00e9phonique. Les donn\u00e9es personnelles et de contact pourront \u00eatre transmises aux \u00e9quipes respectives de marketing\/service client de la\/des clinique(s) o\u00f9 collabore le Dr Mazarro pour contacter le demandeur. L&rsquo;utilisateur consent \u00e9galement \u00e0 ce que ses coordonn\u00e9es soient trait\u00e9es par ALEJANDRO MAZARRO CAMPOS dans le but de l&rsquo;informer par voie \u00e9lectronique ou autre sur les nouveaux produits et services li\u00e9s \u00e0 son activit\u00e9 \u00e0 des fins publicitaires et promotionnelles. En cochant la case d&rsquo;acceptation, vous donnez votre consentement expr\u00e8s et l\u00e9gitime pour que vos donn\u00e9es soient trait\u00e9es conform\u00e9ment aux finalit\u00e9s de ce formulaire d\u00e9crites dans la politique de confidentialit\u00e9. Vous pouvez exercer vos droits d&rsquo;acc\u00e8s, de rectification, de limitation et de suppression via l&rsquo;adresse e-mail info@drmazarro.com.<\/p>\n<\/div>\n<div>\n<h3>+<\/h3>\n<div>\n<p><strong>Responsable du traitement :<\/strong> Alejandro Mazarro Campos.<br \/><strong>Finalit\u00e9 :<\/strong> r\u00e9pondre \u00e0 votre demande.<br \/><strong>Base l\u00e9gale :<\/strong> consentement de l&rsquo;utilisateur.<br \/><strong>Destinataires :<\/strong> les donn\u00e9es que vous nous fournissez seront stock\u00e9es sur les serveurs de Google Workspace (notre fournisseur de messagerie).<br \/><strong>Droits :<\/strong> vous pourrez toujours acc\u00e9der, rectifier, limiter et supprimer vos donn\u00e9es personnelles.<\/p>\n<\/div>\n<\/div>\n<p><!--more--><br \/>\n<!-- {\"type\":\"layout\",\"children\":[{\"type\":\"section\",\"props\":{\"image\":\"wp-content\\\/uploads\\\/2025\\\/07\\\/lifting-menorca.jpg\",\"image_position\":\"bottom-center\",\"image_size\":\"cover\",\"style\":\"default\",\"title_breakpoint\":\"xl\",\"title_position\":\"top-left\",\"title_rotation\":\"left\",\"vertical_align\":\"middle\",\"width\":\"default\"},\"children\":[{\"type\":\"row\",\"children\":[{\"type\":\"column\",\"props\":{\"image_position\":\"center-center\",\"position_sticky_breakpoint\":\"m\"},\"children\":[{\"type\":\"breadcrumbs\",\"props\":{\"show_current\":true,\"show_home\":true,\"text_align\":\"center\"}},{\"type\":\"headline\",\"props\":{\"content\":\"Lifting du visage \\u00e0 Majorque et Minorque\",\"text_align\":\"center\",\"title_element\":\"h1\",\"title_style\":\"heading-medium\"}},{\"type\":\"headline\",\"props\":{\"content\":\"Dr. Mazarro - Expert en Lifting du Visage\",\"text_align\":\"center\",\"title_element\":\"div\"}},{\"type\":\"headline\",\"props\":{\"content\":\"Barcelona\",\"text_align\":\"center\",\"title_decoration\":\"line\",\"title_element\":\"div\",\"title_style\":\"text-meta\"}},{\"type\":\"headline\",\"props\":{\"content\":\"Majorque | Minorque | Ibiza |Formentera\",\"text_align\":\"center\",\"title_element\":\"div\",\"title_style\":\"text-meta\"}}]}]}]},{\"name\":\"Te escucho - panel funcional\",\"type\":\"section\",\"props\":{\"animation\":\"slide-left-medium\",\"image_position\":\"center-center\",\"image_size\":\"cover\",\"padding\":\"large\",\"preserve_color\":false,\"style\":\"muted\",\"title_breakpoint\":\"xl\",\"title_position\":\"top-left\",\"title_rotation\":\"left\",\"vertical_align\":\"\",\"width\":\"default\"},\"children\":[{\"type\":\"row\",\"props\":{\"column_gap\":\"large\",\"layout\":\"large,expand\",\"row_gap\":\"large\"},\"children\":[{\"type\":\"column\",\"props\":{\"image_position\":\"center-center\",\"image_size\":\"contain\",\"position_sticky_breakpoint\":\"m\",\"vertical_align\":\"middle\",\"width_large\":\"xlarge\",\"width_medium\":\"large\"},\"children\":[{\"type\":\"image\",\"props\":{\"image\":\"wp-content\\\/uploads\\\/2025\\\/06\\\/espejo-1000.jpg\",\"image_box_decoration\":\"mask\",\"image_svg_color\":\"emphasis\",\"margin\":\"default\",\"visibility\":\"m\"}}]},{\"type\":\"column\",\"props\":{\"image_position\":\"center-center\",\"position_sticky_breakpoint\":\"m\",\"vertical_align\":\"middle\",\"width_medium\":\"expand\"},\"children\":[{\"type\":\"panel\",\"props\":{\"blend\":false,\"content\":\"\n\n<p>Avec le temps, des signes subtils apparaissent :<\\\/p>\\n\n\n<ul>\\n\n\n<li>\\n\n\n<p><strong>L\\u2019ovale<\\\/strong> du visage perd de sa nettet\\u00e9.<\\\/p>\\n<\\\/li>\\n\n\n<li>\\n\n\n<p>Un <strong>air fatigu\\u00e9<\\\/strong> ne refl\\u00e8te pas votre \\u00e9nergie int\\u00e9rieure.<\\\/p>\\n<\\\/li>\\n\n\n<li>\\n\n\n<p>Le <strong>cou<\\\/strong> semble trahir le passage du temps plus vite que le reste.<\\\/p>\\n<\\\/li>\\n\n\n<li>\\n\n\n<p>Et ce l\\u00e9ger <strong>inconfort<\\\/strong> face \\u00e0 votre image, que vous n\\u2019aviez jamais ressenti auparavant.<\\\/p>\\n<\\\/li>\\n<\\\/ul>\\n\n\n<p><strong>Vous n\\u2019\\u00eates pas seule.<\\\/strong><\\\/p>\\n\n\n<p>Ces changements sont naturels, mais il est tout aussi naturel de vouloir retrouver <strong>un visage qui vous ressemble<\\\/strong>, sans artifices ni exc\\u00e8s.<\\\/p>\\n\n\n<p><strong>Et si vous pouviez retrouver votre fra\\u00eecheur avec \\u00e9l\\u00e9gance et discr\\u00e9tion?<\\\/strong><\\\/p>\\n\n\n<ul><\\\/ul>\",\"content_column_breakpoint\":\"m\",\"height_expand\":false,\"icon_width\":80,\"image\":\"\",\"image_align\":\"top\",\"image_grid_breakpoint\":\"m\",\"image_grid_width\":\"1-2\",\"image_svg_color\":\"emphasis\",\"link_margin\":\"large\",\"link_size\":\"large\",\"link_style\":\"text\",\"link_target\":false,\"link_text\":\"\",\"margin\":\"default\",\"maxwidth\":\"large\",\"meta\":\"\",\"meta_align\":\"above-title\",\"meta_color\":\"primary\",\"meta_element\":\"h2\",\"meta_style\":\"text-meta\",\"panel_link\":true,\"panel_padding\":\"large\",\"panel_style\":\"card-default\",\"position\":\"relative\",\"position_left\":\"-240\",\"text_align\":\"left\",\"title\":\"Votre reflet ne vous ressemble plus tout \\u00e0 fait?\",\"title_align\":\"top\",\"title_element\":\"div\",\"title_grid_breakpoint\":\"m\",\"title_grid_width\":\"1-2\",\"title_hover_style\":\"reset\",\"title_style\":\"h1\",\"visibility\":\"m\"}}]}]},{\"type\":\"row\",\"children\":[{\"type\":\"column\",\"props\":{\"image_position\":\"center-center\",\"position_sticky_breakpoint\":\"m\"},\"children\":[{\"type\":\"panel\",\"props\":{\"blend\":false,\"block_align\":\"center\",\"content\":\"\n\n<p>Avec le temps, des signes subtils apparaissent :<\\\/p>\\n\n\n<ul>\\n\n\n<li>\\n\n\n<p><strong>L\\u2019ovale<\\\/strong> du visage perd de sa nettet\\u00e9.<\\\/p>\\n<\\\/li>\\n\n\n<li>\\n\n\n<p>Un <strong>air fatigu\\u00e9<\\\/strong>\\u00a0ne refl\\u00e8te pas votre \\u00e9nergie int\\u00e9rieure.<\\\/p>\\n<\\\/li>\\n\n\n<li>\\n\n\n<p>Le <strong>cou<\\\/strong> semble trahir le passage du temps plus vite que le reste.<\\\/p>\\n<\\\/li>\\n\n\n<li>\\n\n\n<p>Et ce l\\u00e9ger <strong>inconfort<\\\/strong> face \\u00e0 votre image, que vous n\\u2019aviez jamais ressenti auparavant.<\\\/p>\\n<\\\/li>\\n<\\\/ul>\\n\n\n<p><strong>Vous n\\u2019\\u00eates pas seule.<\\\/strong><\\\/p>\\n\n\n<p>Ces changements sont naturels, mais il est tout aussi naturel de vouloir retrouver <strong>un visage qui vous ressemble<\\\/strong>, sans artifices ni exc\\u00e8s.<\\\/p>\\n\n\n<p><strong>Et si vous pouviez retrouver votre fra\\u00eecheur avec \\u00e9l\\u00e9gance et discr\\u00e9tion?<\\\/strong><\\\/p>\\n\n\n<ul><\\\/ul>\",\"content_column_breakpoint\":\"m\",\"height_expand\":false,\"icon_width\":80,\"image\":\"wp-content\\\/uploads\\\/photo-1622409238231-f68997d2bcaa-scaled.jpg\",\"image_align\":\"top\",\"image_grid_breakpoint\":\"m\",\"image_grid_width\":\"1-2\",\"image_svg_color\":\"emphasis\",\"link_margin\":\"large\",\"link_size\":\"large\",\"link_style\":\"text\",\"link_target\":false,\"link_text\":\"\",\"margin\":\"default\",\"maxwidth\":\"large\",\"meta\":\"\",\"meta_align\":\"above-title\",\"meta_color\":\"primary\",\"meta_element\":\"div\",\"meta_style\":\"text-meta\",\"panel_link\":true,\"panel_padding\":\"large\",\"panel_style\":\"card-default\",\"position\":\"relative\",\"position_left\":\"0\",\"text_align\":\"left\",\"title\":\"Votre reflet ne vous resemble plus tout \\u00e0 fait?\",\"title_align\":\"top\",\"title_element\":\"div\",\"title_grid_breakpoint\":\"m\",\"title_grid_width\":\"1-2\",\"title_hover_style\":\"reset\",\"title_style\":\"h1\",\"visibility\":\"hidden-m\"}}]}]}]},{\"type\":\"section\",\"props\":{\"image_position\":\"center-center\",\"status\":\"disabled\",\"style\":\"default\",\"title_breakpoint\":\"xl\",\"title_position\":\"top-left\",\"title_rotation\":\"left\",\"vertical_align\":\"middle\",\"width\":\"default\"},\"children\":[{\"type\":\"row\",\"children\":[{\"type\":\"column\",\"props\":{\"image_position\":\"center-center\",\"position_sticky_breakpoint\":\"m\"},\"children\":[{\"type\":\"headline\",\"props\":{\"content\":\"Confiez votre visage \\u00e0 un <span style=\\\"text-decoration: underline;\\\"><strong>sp\\u00e9cialiste<\\\/strong><\\\/span><br \\\/><i>et rajeunissez en toute naturalit\\u00e9<\\\/i>\",\"text_align\":\"center\",\"title_color\":\"primary\",\"title_element\":\"div\",\"title_style\":\"h2\"}},{\"type\":\"divider\",\"props\":{\"divider_element\":\"hr\"}}]}]}]},{\"type\":\"section\",\"props\":{\"image_position\":\"center-center\",\"style\":\"default\",\"title_breakpoint\":\"xl\",\"title_position\":\"top-left\",\"title_rotation\":\"left\",\"vertical_align\":\"middle\",\"width\":\"default\"},\"children\":[{\"type\":\"row\",\"props\":{\"layout\":\"2-3,1-3\"},\"children\":[{\"type\":\"column\",\"props\":{\"image_position\":\"center-center\",\"position_sticky_breakpoint\":\"m\",\"width_medium\":\"2-3\"},\"children\":[{\"type\":\"headline\",\"props\":{\"content\":\"<span>Confiez votre visage \\u00e0 un\\u00a0<\\\/span><span><strong>sp\\u00e9cialiste<\\\/strong><\\\/span><br \\\/><i>et rajeunissez en toute naturalit\\u00e9<\\\/i>\",\"text_align\":\"center\",\"title_color\":\"primary\",\"title_element\":\"div\",\"title_style\":\"h1\"}},{\"type\":\"image\",\"props\":{\"block_align\":\"center\",\"image\":\"wp-content\\\/uploads\\\/2024\\\/09\\\/sin-bata-square-536-BW.jpg\",\"image_alt\":\"Dr. Alejandro Mazarro especialista lifting facial Deep Plane Barcelona Madrid\",\"image_box_decoration\":\"mask\",\"image_svg_color\":\"emphasis\",\"margin\":\"large\",\"maxwidth\":\"small\",\"visibility\":\"hidden-m\"}},{\"type\":\"text\",\"props\":{\"column_breakpoint\":\"m\",\"content\":\"\n\n<p>Je suis Alejandro Mazarro, chirurgien maxillo-facial <strong>sp\\u00e9cialis\\u00e9<\\\/strong> dans le <strong>rajeunissement du visage<\\\/strong><b>.<\\\/b><\\\/p>\\n\n\n<p>Depuis <strong>plus de 9 ans<\\\/strong>, je me consacre <strong>exclusivement<\\\/strong> \\u00e0 accompagner des femmes comme vous \\u00e0 retrouver <strong>l\\u2019\\u00e9l\\u00e9gance<\\\/strong> et la <strong>fra\\u00eecheur<\\\/strong> de leur visage.<\\\/p>\\n\n\n<p>\\u2666\\u00a0Un r\\u00e9sultat <strong>naturel<\\\/strong> et <strong>harmonieux<\\\/strong><br \\\/><em>\\u2666 Sans<\\\/em> injections qui alourdissent vos traits<br \\\/>\\u2666 <em>Sans<\\\/em> transformations artificielles ni effet fig\\u00e9<br \\\/>\\u2666 Avec la s\\u00e9r\\u00e9nit\\u00e9 d'\\u00eatre entre les mains d\\u2019un <strong>expert<br \\\/><\\\/strong>\\u2666 Et encore mieux, \\u00e0 <strong>moins d'1 heure<\\\/strong> de chez vous<\\\/p>\\n\n\n<p><\\\/p>\",\"margin\":\"default\",\"text_align\":\"center\"}},{\"type\":\"headline\",\"props\":{\"content\":\"Parce que votre visage <strong>m\\u00e9rite<\\\/strong> toute l\\u2019attention et la pr\\u00e9cision d\\u2019un <strong>sp\\u00e9cialiste<\\\/strong>.\",\"position\":\"relative\",\"position_right\":\"0\",\"text_align\":\"center\",\"title_color\":\"primary\",\"title_element\":\"div\",\"title_style\":\"h1\"}},{\"type\":\"text\",\"props\":{\"column_breakpoint\":\"m\",\"content\":\"\n\n<p>Laissez-moi vous expliquer comment retrouver votre fra\\u00eecheur <strong>en toute confiance<\\\/strong>.<\\\/p>\",\"margin\":\"default\",\"text_align\":\"center\"}},{\"type\":\"divider\",\"props\":{\"divider_element\":\"hr\"}},{\"type\":\"button\",\"props\":{\"button_size\":\"large\",\"fullwidth\":false,\"grid_column_gap\":\"small\",\"grid_row_gap\":\"small\",\"margin\":\"default\",\"text_align\":\"center\"},\"children\":[{\"type\":\"button_item\",\"props\":{\"button_style\":\"primary\",\"content\":\"Parlons de votre projet\",\"dialog_layout\":\"modal\",\"dialog_offcanvas_flip\":true,\"icon_align\":\"left\",\"link\":\"https:\\\/\\\/api.whatsapp.com\\\/send\\\/?phone=+34644534515&text=Bonjour,%20je%20veux%20prendre%20un%20rendez-vous%20avec%20le%20Dr.%20Mazarro\"}}]}]},{\"type\":\"column\",\"props\":{\"image_position\":\"center-center\",\"position_sticky_breakpoint\":\"m\",\"vertical_align\":\"middle\",\"width_medium\":\"1-3\"},\"children\":[{\"type\":\"image\",\"props\":{\"image\":\"wp-content\\\/uploads\\\/2024\\\/09\\\/sin-bata-square-536-BW.jpg\",\"image_alt\":\"Dr. Alejandro Mazarro especialista lifting facial Deep Plane Barcelona Madrid\",\"image_box_decoration\":\"mask\",\"image_svg_color\":\"emphasis\",\"margin\":\"default\",\"visibility\":\"m\"}}]}]},{\"type\":\"row\",\"children\":[{\"type\":\"column\",\"props\":{\"image_position\":\"center-center\",\"position_sticky_breakpoint\":\"m\"}}]}],\"name\":\"DEJAME AYUDARTE\"},{\"name\":\"Te escuco\",\"type\":\"section\",\"props\":{\"animation\":\"slide-left-medium\",\"image_position\":\"center-center\",\"image_size\":\"cover\",\"padding\":\"large\",\"preserve_color\":false,\"status\":\"disabled\",\"style\":\"muted\",\"title_breakpoint\":\"xl\",\"title_position\":\"top-left\",\"title_rotation\":\"left\",\"vertical_align\":\"\",\"width\":\"default\"},\"children\":[{\"type\":\"row\",\"props\":{\"column_gap\":\"large\",\"layout\":\"large,expand\",\"row_gap\":\"large\"},\"children\":[{\"type\":\"column\",\"props\":{\"image\":\"wp-content\\\/uploads\\\/2025\\\/06\\\/espejo-1000.jpg\",\"image_position\":\"center-center\",\"image_size\":\"contain\",\"position_sticky_breakpoint\":\"m\",\"vertical_align\":\"middle\",\"width_large\":\"xlarge\",\"width_medium\":\"large\"},\"children\":[{\"type\":\"panel\",\"props\":{\"blend\":false,\"content\":\"\n\n<ul>\\n\n\n<li>Notas una <strong>p\\u00e9rdida de definici\\u00f3n<\\\/strong> de la l\\u00ednea mandibular<br \\\/><br \\\/><\\\/li>\\n\n\n<li>Empiezas a no estar a gusto con el reflejo del <strong>espejo<\\\/strong> o evitas ciertas posiciones cuando te tomas una <strong>fotograf\\u00eda<\\\/strong><br \\\/><br \\\/><\\\/li>\\n\n\n<li>Sientes que el cuello te est\\u00e1 traicionando: parece que el tiempo avanza m\\u00e1s r\\u00e1pido que en la cara!<br \\\/><br \\\/><\\\/li>\\n<\\\/ul>\\n\n\n<p style=\\\"text-align: center;\\\"><strong>\\u00bfTe suena alguna de ellas?<\\\/strong><\\\/p>\",\"content_column_breakpoint\":\"m\",\"height_expand\":false,\"icon_width\":80,\"image\":\"\",\"image_align\":\"top\",\"image_grid_breakpoint\":\"m\",\"image_grid_width\":\"1-2\",\"image_svg_color\":\"emphasis\",\"link\":\"#\",\"link_margin\":\"large\",\"link_size\":\"large\",\"link_style\":\"text\",\"link_target\":false,\"link_text\":\"\",\"margin\":\"default\",\"meta\":\"Te escucho\",\"meta_align\":\"above-title\",\"meta_color\":\"primary\",\"meta_element\":\"div\",\"meta_style\":\"text-meta\",\"panel_link\":true,\"panel_padding\":\"large\",\"panel_style\":\"card-default\",\"position\":\"relative\",\"position_left\":\"360\",\"text_align\":\"left\",\"title\":\"Dime si te suena de algo\",\"title_align\":\"top\",\"title_element\":\"div\",\"title_grid_breakpoint\":\"m\",\"title_grid_width\":\"1-2\",\"title_hover_style\":\"reset\",\"title_style\":\"h1\"}}]},{\"type\":\"column\",\"props\":{\"image_position\":\"center-center\",\"position_sticky_breakpoint\":\"m\",\"vertical_align\":\"middle\",\"width_medium\":\"expand\"}}]},{\"type\":\"row\",\"children\":[{\"type\":\"column\",\"props\":{\"image_position\":\"center-center\",\"position_sticky_breakpoint\":\"m\"},\"children\":[{\"type\":\"grid\",\"props\":{\"content_column_breakpoint\":\"m\",\"filter_align\":\"left\",\"filter_all\":true,\"filter_grid_breakpoint\":\"m\",\"filter_grid_width\":\"auto\",\"filter_position\":\"top\",\"filter_style\":\"tab\",\"grid_column_gap\":\"large\",\"grid_default\":\"1\",\"grid_medium\":\"\",\"grid_row_gap\":\"large\",\"grid_small\":\"2\",\"icon_width\":80,\"image_align\":\"top\",\"image_grid_breakpoint\":\"m\",\"image_grid_width\":\"1-2\",\"image_svg_animate\":true,\"image_svg_color\":\"muted\",\"image_svg_inline\":true,\"item_animation\":true,\"lightbox_bg_close\":true,\"link_style\":\"default\",\"link_text\":\"Read more\",\"margin\":\"medium\",\"meta_align\":\"below-title\",\"meta_element\":\"div\",\"meta_style\":\"text-meta\",\"parallax_easing\":\"1\",\"show_content\":true,\"show_hover_image\":true,\"show_hover_video\":true,\"show_image\":true,\"show_link\":true,\"show_meta\":true,\"show_title\":true,\"show_video\":true,\"text_align\":\"left\",\"title_align\":\"top\",\"title_element\":\"h3\",\"title_grid_breakpoint\":\"m\",\"title_grid_width\":\"1-2\",\"title_hover_style\":\"reset\",\"title_style\":\"h4\"},\"children\":[{\"type\":\"grid_item\",\"props\":{\"content\":\"Lorem ipsum dolor sit amet, gravida nonna maecenas veritatis vestum.\",\"image\":\"wp-content\\\/uploads\\\/home-services-01.svg\",\"title\":\"Discovery & Strategy\"}},{\"type\":\"grid_item\",\"props\":{\"content\":\"Lorem ipsum dolor sit amet, gravida nonna maecenas veritatis vestum.\",\"image\":\"wp-content\\\/uploads\\\/home-services-02.svg\",\"title\":\"User Retargeting\"}},{\"type\":\"grid_item\",\"props\":{\"content\":\"Lorem ipsum dolor sit amet, gravida nonna maecenas veritatis vestum.\",\"image\":\"wp-content\\\/uploads\\\/home-services-03.svg\",\"title\":\"Web Design & Development\"}},{\"type\":\"grid_item\",\"props\":{\"content\":\"Lorem ipsum dolor sit amet, gravida nonna maecenas veritatis vestum.\",\"image\":\"wp-content\\\/uploads\\\/home-services-04.svg\",\"title\":\"Performance Marketing\"}}]}]}],\"props\":{\"status\":\"disabled\"}}]},{\"type\":\"section\",\"props\":{\"image_position\":\"center-center\",\"style\":\"default\",\"title_breakpoint\":\"xl\",\"title_position\":\"top-left\",\"title_rotation\":\"left\",\"vertical_align\":\"middle\",\"width\":\"default\"},\"children\":[{\"type\":\"row\",\"children\":[{\"type\":\"column\",\"props\":{\"image_position\":\"center-center\",\"position_sticky_breakpoint\":\"m\"},\"children\":[{\"type\":\"headline\",\"props\":{\"content\":\"Quelle technique choisir?\",\"title_decoration\":\"divider\",\"title_element\":\"h2\",\"title_style\":\"h2\"}}]}]},{\"type\":\"row\",\"props\":{\"layout\":\"1-4,1-2,1-4\"},\"children\":[{\"type\":\"column\",\"props\":{\"image_position\":\"center-center\",\"position_sticky_breakpoint\":\"m\",\"width_medium\":\"1-4\"}},{\"type\":\"column\",\"props\":{\"image_position\":\"center-center\",\"position_sticky_breakpoint\":\"m\",\"style\":\"card-default\",\"width_medium\":\"1-2\"},\"children\":[{\"type\":\"text\",\"props\":{\"column_breakpoint\":\"m\",\"content\":\"\n\n<p style=\\\"text-align: center;\\\">Lifting SMAS<br \\\/>Minilifting<br \\\/>MACS Lift<br \\\/>Fils tenseurs<br \\\/>Lifting vertical<br \\\/>Lifting Deep Plane<\\\/p>\",\"margin\":\"default\"}}]},{\"type\":\"column\",\"props\":{\"image_position\":\"center-center\",\"position_sticky_breakpoint\":\"m\",\"width_medium\":\"1-4\"}}]},{\"type\":\"row\",\"children\":[{\"type\":\"column\",\"props\":{\"image_position\":\"center-center\",\"position_sticky_breakpoint\":\"m\"},\"children\":[{\"type\":\"text\",\"props\":{\"column_breakpoint\":\"m\",\"content\":\"\n\n<p>Si vous envisagez un lifting, vous \\u00eates peut-\\u00eatre un peu perdue face \\u00e0 tous ces <i>termes techniques<\\\/i>.<\\\/p>\\n\n\n<p><b>Je vous comprends parfaitement.<\\\/b><\\\/p>\\n\n\n<p>Il y a beaucoup trop de <b>marketing<\\\/b>.<\\\/p>\",\"margin\":\"default\",\"text_align\":\"center\"}},{\"type\":\"text\",\"props\":{\"column_breakpoint\":\"m\",\"content\":\"\n\n<p>En tant que chirurgien <a href=\\\"https:\\\/\\\/drmazarro.com\\\/fr\\\/specialiste-du-lifting-du-visage-et-du-cou-a-barcelone\\\/\\\"><strong>sp\\u00e9cialis\\u00e9 dans le lifting du visage<\\\/strong><\\\/a>, j\\u2019ai pratiqu\\u00e9 <strong>toutes<\\\/strong> ces techniques au cours de ma carri\\u00e8re.<\\\/p>\\n\n\n<p>Aujourd\\u2019hui, apr\\u00e8s plus de <strong>9 ans<\\\/strong> \\u00e0 me consacrer exclusivement au rajeunissement facial, je sais exactement quelle est la technique qui fonctionne le mieux dans mes mains pour vous offir <strong><span style=\\\"color: #5ba0b2;\\\">le r\\u00e9sultat que vous r\\u00eavez quand vous vous regardez dans le miroir<\\\/span><\\\/strong>.<\\\/p>\\n\n\n<p><strong>D\\u00e9couvrons-la ensemble.<\\\/strong><\\\/p>\",\"margin\":\"default\",\"text_align\":\"center\"}}]}]},{\"type\":\"row\",\"props\":{\"layout\":\"1-3,1-3,1-3\"},\"children\":[{\"type\":\"column\",\"props\":{\"image_position\":\"center-center\",\"position_sticky_breakpoint\":\"m\",\"width_default\":\"1-3\",\"width_medium\":\"1-3\"}},{\"type\":\"column\",\"props\":{\"image_position\":\"center-center\",\"position_sticky_breakpoint\":\"m\",\"width_medium\":\"1-3\"},\"children\":[{\"type\":\"image\",\"props\":{\"image\":\"wp-content\\\/uploads\\\/2023\\\/01\\\/plication-macs-1.jpg\",\"image_alt\":\"T\\u00e9cnicas de lifting cl\\u00e1sicas\",\"image_svg_color\":\"emphasis\",\"margin\":\"default\"}}]},{\"type\":\"column\",\"props\":{\"image_position\":\"center-center\",\"position_sticky_breakpoint\":\"m\",\"width_medium\":\"1-3\"}}]},{\"type\":\"row\",\"children\":[{\"type\":\"column\",\"props\":{\"image_position\":\"center-center\",\"position_sticky_breakpoint\":\"m\"}}]}]},{\"type\":\"section\",\"props\":{\"image_position\":\"center-center\",\"style\":\"default\",\"title_breakpoint\":\"xl\",\"title_position\":\"top-left\",\"title_rotation\":\"left\",\"vertical_align\":\"middle\",\"width\":\"default\"},\"children\":[{\"type\":\"row\",\"props\":{\"layout\":\"1-2,1-4,1-4|1-1,1-2,1-2\"},\"children\":[{\"type\":\"column\",\"props\":{\"image_position\":\"center-center\",\"position_sticky_breakpoint\":\"m\",\"width_medium\":\"1-2\",\"width_small\":\"1-1\"},\"children\":[{\"type\":\"headline\",\"props\":{\"content\":\"Que vous faut-il savoir avant de prendre une d\\u00e9cision?\",\"title_decoration\":\"bullet\",\"title_element\":\"div\",\"title_style\":\"h2\"}},{\"type\":\"text\",\"props\":{\"column_breakpoint\":\"m\",\"content\":\"\n\n<p>Il est important que vous ayez toutes les informations n\\u00e9cessaires pour prendre une d\\u00e9cision. C'est pourquoi j'ai pr\\u00e9par\\u00e9 un guide o\\u00f9 vous trouverez des articles d\\u00e9taill\\u00e9s sur :<\\\/p>\\n\n\n<ul>\\n\n\n<li><a href=\\\"https:\\\/\\\/drmazarro.com\\\/fr\\\/lifting-du-visage\\\/\\\">les diff\\u00e9rentes techniques de lifting<\\\/a><\\\/li>\\n\n\n<li><a href=\\\"https:\\\/\\\/drmazarro.com\\\/fr\\\/lifting-du-visage\\\/mini-lifting\\\/\\\">pourquoi un Mini-Lift est frustrant (cas re\\u00e9l)<\\\/a><\\\/li>\\n\n\n<li><a href=\\\"https:\\\/\\\/drmazarro.com\\\/fr\\\/deep-plane\\\/postoperatoire\\\/\\\">les suites op\\u00e9ratoires<\\\/a><\\\/li>\\n\n\n<li><a href=\\\"https:\\\/\\\/drmazarro.com\\\/fr\\\/deep-plane\\\/cicatrices-lifting-visage\\\/\\\">l'\\u00e9volution des cicatrices<\\\/a><\\\/li>\\n\n\n<li><a href=\\\"https:\\\/\\\/drmazarro.com\\\/fr\\\/anesthesie-lifting-visage\\\/\\\">l'anesth\\u00e9sie<\\\/a><\\\/li>\\n\n\n<li><a href=\\\"https:\\\/\\\/drmazarro.com\\\/fr\\\/prix-lifting-visage-barcelone\\\/\\\">le prix d'un lifting du visage<\\\/a><\\\/li>\\n<\\\/ul>\\n\n\n<p>Et, naturellement, aussi des <a href=\\\"https:\\\/\\\/drmazarro.com\\\/fr\\\/deep-plane\\\/avant-apres\\\/\\\">cas Avant et Apr\\u00e8s<\\\/a> pour que vous puissiez voir ce que vous pouvez obtenir <a href=\\\"https:\\\/\\\/drmazarro.com\\\/fr\\\/dr-alejandro-mazarro-specialiste-lifting-du-visage-barcelone\\\/\\\">entre les mains d'un sp\\u00e9cialiste<\\\/a>.<\\\/p>\",\"margin\":\"default\",\"text_align\":\"left\"}}]},{\"type\":\"column\",\"props\":{\"image_position\":\"center-center\",\"position_sticky_breakpoint\":\"m\",\"vertical_align\":\"middle\",\"width_medium\":\"1-4\",\"width_small\":\"1-2\"},\"children\":[{\"type\":\"panel\",\"props\":{\"block_align\":\"center\",\"content_column_breakpoint\":\"m\",\"icon_width\":80,\"image\":\"wp-content\\\/uploads\\\/2025\\\/09\\\/preguntas-copia.jpg\",\"image_align\":\"top\",\"image_alt\":\"preguntas acerca del lifting facial\",\"image_grid_breakpoint\":\"m\",\"image_grid_width\":\"1-2\",\"image_svg_color\":\"emphasis\",\"link\":\"https:\\\/\\\/drmazarro.com\\\/fr\\\/guide-definitif-lifting-visage\\\/\",\"link_style\":\"default\",\"link_text\":\"Lire le Guide\",\"margin\":\"default\",\"maxwidth\":\"medium\",\"meta_align\":\"below-title\",\"meta_element\":\"div\",\"meta_style\":\"text-meta\",\"panel_padding\":\"default\",\"panel_style\":\"card-default\",\"text_align\":\"center\",\"title\":\"Lifting du visage: le Guide complet\",\"title_align\":\"top\",\"title_element\":\"h2\",\"title_grid_breakpoint\":\"m\",\"title_grid_width\":\"1-2\",\"title_hover_style\":\"reset\",\"title_style\":\"h2\"}}]},{\"type\":\"column\",\"props\":{\"image_position\":\"center-center\",\"position_sticky_breakpoint\":\"m\",\"vertical_align\":\"middle\",\"width_medium\":\"1-4\",\"width_small\":\"1-2\"},\"children\":[{\"type\":\"panel\",\"props\":{\"block_align\":\"center\",\"content_column_breakpoint\":\"m\",\"icon_width\":80,\"image\":\"wp-content\\\/uploads\\\/2025\\\/09\\\/resultados.jpg\",\"image_align\":\"top\",\"image_alt\":\"R\\u00e9sultats du lifting du visage\",\"image_grid_breakpoint\":\"m\",\"image_grid_width\":\"1-2\",\"image_svg_color\":\"emphasis\",\"link\":\"https:\\\/\\\/drmazarro.com\\\/fr\\\/deep-plane\\\/avant-apres\\\/\",\"link_style\":\"default\",\"link_text\":\"Voir les cas\",\"margin\":\"default\",\"maxwidth\":\"medium\",\"meta_align\":\"below-title\",\"meta_element\":\"div\",\"meta_style\":\"text-meta\",\"panel_padding\":\"default\",\"panel_style\":\"card-default\",\"text_align\":\"center\",\"title\":\"Avant \\\/ Apr\\u00e8s du Lifting\",\"title_align\":\"top\",\"title_element\":\"h2\",\"title_grid_breakpoint\":\"m\",\"title_grid_width\":\"1-2\",\"title_hover_style\":\"reset\",\"title_style\":\"h2\"}}]}]}],\"name\":\"banner ciudad - sept\"},{\"type\":\"section\",\"props\":{\"image_position\":\"center-center\",\"style\":\"default\",\"title_breakpoint\":\"xl\",\"title_position\":\"top-left\",\"title_rotation\":\"left\",\"vertical_align\":\"middle\",\"width\":\"default\"},\"children\":[{\"type\":\"row\",\"children\":[{\"type\":\"column\",\"props\":{\"image_position\":\"center-center\",\"position_sticky_breakpoint\":\"m\",\"width_medium\":\"2-3\"},\"children\":[{\"type\":\"headline\",\"props\":{\"content\":\"Comment se rendre \\u00e0 la consultation depuis les \\u00celes Bal\\u00e9ares?\",\"title_decoration\":\"divider\",\"title_element\":\"h2\",\"title_style\":\"h1\"}},{\"type\":\"text\",\"props\":{\"column_breakpoint\":\"m\",\"content\":\"\n\n<p>Si vous pr\\u00e9f\\u00e9rez une consultation en personne ou si vous avez d\\u00e9j\\u00e0 d\\u00e9cid\\u00e9 de vous mettre entre les mains d'un sp\\u00e9cialiste pour votre chirurgie, rappelez-vous que <strong>la connexion entre les \\u00celes Bal\\u00e9ares et Barcelone est excellente<\\\/strong>.<\\\/p>\\n\n\n<p>\\u00c0 <b>moins d'1h d'avion<\\\/b>, tout est pens\\u00e9 pour que vous puissiez organiser la chirurgie et les visites de contr\\u00f4le de fa\\u00e7on tr\\u00e8s confortable.<\\\/p>\\n\n\n<p>De plus, gr\\u00e2ce \\u00e0 <a href=\\\"https:\\\/\\\/drmazarro.com\\\/fr\\\/patient-international\\\/\\\">notre protocole pour les patients venant de l'ext\\u00e9rieur de Barcelone<\\\/a>, nous minimisons les d\\u00e9placements <strong>pour votre plus grand confort<\\\/strong>.<\\\/p>\",\"margin\":\"default\"}}]},{\"type\":\"column\",\"props\":{\"image_position\":\"center-center\",\"position_sticky_breakpoint\":\"m\",\"vertical_align\":\"middle\",\"width_medium\":\"1-3\"},\"children\":[{\"type\":\"image\",\"props\":{\"block_align\":\"center\",\"image\":\"wp-content\\\/uploads\\\/2025\\\/09\\\/BARCELONA-MADRID.png\",\"image_svg_color\":\"emphasis\",\"margin\":\"default\",\"maxwidth\":\"medium\",\"text_align\":\"center\"}}]}],\"props\":{\"layout\":\"2-3,1-3\"}}],\"name\":\"comollegar\"},{\"type\":\"section\",\"props\":{\"image_position\":\"center-center\",\"style\":\"muted\",\"title_breakpoint\":\"xl\",\"title_position\":\"top-left\",\"title_rotation\":\"left\",\"vertical_align\":\"middle\",\"width\":\"default\"},\"children\":[{\"type\":\"row\",\"props\":{\"layout\":\"1-5,3-5,1-5\"},\"children\":[{\"type\":\"column\",\"props\":{\"image_position\":\"center-center\",\"position_sticky_breakpoint\":\"m\",\"width_medium\":\"1-5\"}},{\"type\":\"column\",\"props\":{\"image_position\":\"center-center\",\"position_sticky_breakpoint\":\"m\",\"style\":\"card-default\",\"width_medium\":\"3-5\"},\"children\":[{\"type\":\"fragment\",\"props\":{\"margin\":\"default\"},\"children\":[{\"type\":\"row\",\"children\":[{\"type\":\"column\",\"props\":{\"image_position\":\"center-center\",\"position_sticky_breakpoint\":\"m\"},\"children\":[{\"type\":\"headline\",\"props\":{\"content\":\"Barcelone vous attend\",\"text_align\":\"center\",\"title_color\":\"primary\",\"title_decoration\":\"line\",\"title_element\":\"div\",\"title_style\":\"h2\"}}]}]},{\"type\":\"row\",\"props\":{\"layout\":\"2-3,1-3\"},\"children\":[{\"type\":\"column\",\"props\":{\"image_position\":\"center-center\",\"position_sticky_breakpoint\":\"m\",\"width_medium\":\"2-3\"},\"children\":[{\"type\":\"text\",\"props\":{\"column_breakpoint\":\"m\",\"content\":\"\n\n<p>De plus en plus de patients voyagent pour s'assurer d'\\u00eatre entre les meilleures mains.<\\\/p>\\n\n\n<p>Saviez-vous qu'\\u00e0 <strong>moins d'1h des \\u00celes Bal\\u00e9ares <\\\/strong>vous avez un <strong>sp\\u00e9cialiste<\\\/strong> qui se consacre exclusivement \\u00e0 traiter des patients qui, <strong>comme vous<\\\/strong>, recherchent un <strong>r\\u00e9sultat naturel<\\\/strong> et la <strong>tranquillit\\u00e9<\\\/strong> de se mettre entre les mains d'<strong>un chirurgien exp\\u00e9riment\\u00e9<\\\/strong> ?<\\\/p>\",\"margin\":\"default\",\"text_align\":\"center\",\"text_style\":\"meta\"}},{\"type\":\"text\",\"props\":{\"column_breakpoint\":\"m\",\"content\":\"\n\n<p>Nos encargamos de todo \\u2014 descubre nuestro protocolo para pacientes de fuera de Barcelona y reserva una videoconsulta en tu idioma preferido.<\\\/p>\\n\",\"margin\":\"default\",\"text_align\":\"center\",\"text_style\":\"meta\"}},{\"type\":\"button\",\"props\":{\"button_size\":\"small\",\"grid_column_gap\":\"small\",\"grid_row_gap\":\"small\",\"margin\":\"default\",\"text_align\":\"center\"},\"children\":[{\"type\":\"button_item\",\"props\":{\"button_style\":\"default\",\"content\":\"Notre protocole\",\"dialog_layout\":\"modal\",\"dialog_offcanvas_flip\":true,\"icon_align\":\"left\",\"link\":\"https:\\\/\\\/drmazarro.com\\\/fr\\\/patient-international\\\/\",\"link_title\":\"Notre protocole\"}}]},{\"type\":\"button\",\"props\":{\"button_size\":\"small\",\"grid_column_gap\":\"small\",\"grid_row_gap\":\"small\",\"margin\":\"default\",\"text_align\":\"center\"},\"children\":[{\"type\":\"button_item\",\"props\":{\"button_style\":\"default\",\"content\":\"V\\u00eddeoconsultation\",\"dialog_layout\":\"modal\",\"dialog_offcanvas_flip\":true,\"icon_align\":\"left\",\"link\":\"https:\\\/\\\/api.whatsapp.com\\\/send\\\/?phone=+34644534515&text=Bonjour,%20je%20veux%20prendre%20un%20rendez-vous%20avec%20le%20Dr.%20Mazarro\",\"link_title\":\"V\\u00eddeoconsultation\"}}]}]},{\"type\":\"column\",\"props\":{\"image_position\":\"center-center\",\"position_sticky_breakpoint\":\"m\",\"vertical_align\":\"middle\",\"width_medium\":\"1-3\"},\"children\":[{\"type\":\"image\",\"props\":{\"image\":\"wp-content\\\/uploads\\\/photo-1436491865332-7a61a109cc05-scaled.jpg\",\"image_box_decoration\":\"mask\",\"image_svg_color\":\"emphasis\",\"image_width\":200,\"margin\":\"default\",\"text_align\":\"center\"}}]}]}]}]},{\"type\":\"column\",\"props\":{\"image_position\":\"center-center\",\"position_sticky_breakpoint\":\"m\",\"width_medium\":\"1-5\"}}]}],\"name\":\"BANNER - PACIENTE INTERNACIONAL SP ciudades\"},{\"type\":\"section\",\"props\":{\"image_position\":\"center-center\",\"status\":\"disabled\",\"style\":\"default\",\"title_breakpoint\":\"xl\",\"title_position\":\"top-left\",\"title_rotation\":\"left\",\"vertical_align\":\"middle\",\"width\":\"default\"},\"children\":[{\"type\":\"row\",\"children\":[{\"type\":\"column\",\"props\":{\"image_position\":\"center-center\",\"position_sticky_breakpoint\":\"m\"},\"children\":[{\"type\":\"headline\",\"props\":{\"content\":\"Commen\\u00e7ons para la base\",\"title_decoration\":\"divider\",\"title_element\":\"div\",\"title_style\":\"text-meta\"}}]}]},{\"type\":\"row\",\"props\":{\"layout\":\"1-2,1-2\"},\"children\":[{\"type\":\"column\",\"props\":{\"image_position\":\"center-center\",\"position_sticky_breakpoint\":\"m\",\"width_medium\":\"1-2\"},\"children\":[{\"type\":\"headline\",\"props\":{\"content\":\"Qu'est-ce qu'un lifting du visage?\",\"title_decoration\":\"bullet\",\"title_element\":\"h2\"}},{\"type\":\"text\",\"props\":{\"column_breakpoint\":\"m\",\"content\":\"\n\n<p>Le <strong>lifting<\\\/strong> est <em><span style=\\\"text-decoration: underline;\\\">la seule intervention<\\\/span> <\\\/em>qui permet de traiter la descente des tissus caus\\u00e9e par le temps et la gravit\\u00e9.<\\\/p>\\n\n\n<p><\\\/p>\\n\n\n<p>\\u2666 Les <strong>injections<\\\/strong>? Elles ne font que <em>remplir<\\\/em>.<\\\/p>\\n\n\n<p>\\u2666 Les <strong>appareils<\\\/strong> (laser, radiofr\\u00e9quence) et les <strong>inducteurs<\\\/strong> de collag\\u00e8ne? Excellents pour am\\u00e9liorer la qualit\\u00e9 de la peau, mais <em>incapables<\\\/em> de repositionner les tissus.<\\\/p>\",\"margin\":\"default\",\"text_align\":\"center\"}},{\"type\":\"divider\",\"props\":{\"divider_element\":\"hr\"}}]},{\"type\":\"column\",\"props\":{\"image_position\":\"center-center\",\"position_sticky_breakpoint\":\"m\",\"width_medium\":\"1-2\"},\"children\":[{\"type\":\"headline\",\"props\":{\"content\":\"Pourquoi un lifting du visage?\",\"text_align\":\"center\",\"title_color\":\"primary\",\"title_element\":\"div\",\"title_style\":\"h1\"}},{\"type\":\"text\",\"props\":{\"column_breakpoint\":\"m\",\"content\":\"\n\n<p>Au fil des ann\\u00e9es, la peau perd naturellement du <strong>collag\\u00e8ne<\\\/strong> et de fines <strong>lignes d\\u2019expression<\\\/strong> apparaissent.<\\\/p>\\n\n\n<p>Heureusement, des solutions comme le <strong>laser<\\\/strong>, les <strong>peelings<\\\/strong> ou les <strong>neuromodulateurs<\\\/strong> donnent d\\u2019excellents r\\u00e9sultats.<\\\/p>\\n\n\n<p>Cependant, la <strong>flaccidit\\u00e9<\\\/strong> ne provient pas d'un simple manque de collag\\u00e8ne. Elle es principalement d\\u00fbe \\u00e0 la <strong>distension des ligaments de soutien<\\\/strong> (les <em>\\\"retaining ligaments\\\"<\\\/em>) qui maintiennent les tissus en place.<\\\/p>\",\"margin\":\"default\",\"text_align\":\"center\"}}]}]}]},{\"name\":\"2025-07-17 differents lifts\",\"type\":\"section\",\"props\":{\"animation\":\"slide-top-small\",\"animation_delay\":\"200\",\"height\":\"viewport\",\"image_position\":\"center-center\",\"image_size\":\"cover\",\"padding\":\"large\",\"status\":\"disabled\",\"style\":\"muted\",\"title_breakpoint\":\"xl\",\"title_position\":\"top-left\",\"title_rotation\":\"left\",\"vertical_align\":\"\",\"width\":\"default\"},\"children\":[{\"type\":\"row\",\"children\":[{\"type\":\"column\",\"props\":{\"image_position\":\"center-center\",\"position_sticky_breakpoint\":\"m\",\"width_medium\":\"1-1\"},\"children\":[{\"type\":\"text\",\"props\":{\"column_breakpoint\":\"m\",\"content\":\"Alors...\",\"margin\":\"default\",\"text_align\":\"center\",\"text_color\":\"primary\",\"text_style\":\"meta\"}},{\"type\":\"headline\",\"props\":{\"content\":\"Quelles sont les diff\\u00e9rences entre les techniques de lifting?\",\"margin_remove_top\":true,\"text_align\":\"center\",\"title_element\":\"h2\",\"title_style\":\"h1\"}},{\"type\":\"image\",\"props\":{\"block_align\":\"center\",\"image\":\"wp-content\\\/uploads\\\/photo-1706518503834-fc7587c5c6dc-scaled.jpg\",\"image_alt\":\"Diff\\u00e9rences entre les techniques de lifting\",\"image_box_decoration\":\"mask\",\"image_svg_color\":\"emphasis\",\"margin\":\"default\",\"maxwidth\":\"small\"}},{\"type\":\"text\",\"props\":{\"block_align\":\"center\",\"column_breakpoint\":\"m\",\"content\":\"\n\n<p>Toutes ces techniques ont <b>un m\\u00eame objectif<\\\/b>: traiter le rel\\u00e2chement des tissus et redessiner les contours du visage.<\\\/p>\\n\n\n<p>Mais leur approche est <b>tr\\u00e8s diff\\u00e9rente<\\\/b>\\u2026 <b>et leurs r\\u00e9sultats aussi<\\\/b>.<\\\/p>\",\"margin\":\"medium\",\"margin_remove_bottom\":true,\"maxwidth\":\"xlarge\",\"text_align\":\"center\"}}]}]},{\"type\":\"row\",\"children\":[{\"type\":\"column\",\"props\":{\"image_position\":\"center-center\",\"position_sticky_breakpoint\":\"m\"},\"children\":[{\"type\":\"image\",\"props\":{\"image\":\"wp-content\\\/uploads\\\/photo-1620662831351-9f68f76d0b9a-scaled.jpg\",\"image_svg_color\":\"emphasis\",\"image_width\":\"810\",\"margin\":\"\",\"status\":\"disabled\",\"text_align\":\"center\"}},{\"type\":\"grid\",\"props\":{\"block_align\":\"center\",\"content_column_breakpoint\":\"m\",\"filter_align\":\"left\",\"filter_all\":true,\"filter_grid_breakpoint\":\"m\",\"filter_grid_width\":\"auto\",\"filter_position\":\"top\",\"filter_style\":\"tab\",\"grid_default\":\"1\",\"grid_medium\":\"3\",\"grid_row_gap\":\"large\",\"icon_width\":80,\"image_align\":\"top\",\"image_grid_breakpoint\":\"m\",\"image_grid_width\":\"1-2\",\"image_svg_color\":\"emphasis\",\"item_animation\":true,\"item_maxwidth\":\"large\",\"lightbox_bg_close\":true,\"link_style\":\"default\",\"link_text\":\"Read more\",\"margin\":\"large\",\"meta_align\":\"below-title\",\"meta_element\":\"div\",\"meta_style\":\"text-meta\",\"parallax_easing\":\"1\",\"show_content\":true,\"show_hover_image\":true,\"show_hover_video\":true,\"show_image\":true,\"show_link\":true,\"show_meta\":true,\"show_title\":true,\"show_video\":true,\"text_align\":\"center\",\"title_align\":\"top\",\"title_element\":\"h3\",\"title_grid_breakpoint\":\"m\",\"title_grid_width\":\"1-2\",\"title_hover_style\":\"reset\",\"visibility\":\"m\"},\"children\":[{\"type\":\"grid_item\",\"props\":{\"content\":\"\n\n<p>Le <strong>minilift<\\\/strong> consiste \\u00e0 retendre l\\u00e9g\\u00e8rement la peau et \\u00e0 retirer l\\u2019exc\\u00e9dent.<br \\\/><br \\\/><\\\/p>\\n\n\n<p><span style=\\\"color: #00b050;\\\">\\u2665<\\\/span> C\\u2019est une intervention <strong>rapide<\\\/strong>, avec une r\\u00e9cup\\u00e9ration <strong>courte<\\\/strong>.<br \\\/><br \\\/><\\\/p>\\n\n\n<p><span style=\\\"color: #c00000;\\\">\\u2297<\\\/span> Mais en ne travaillant que sur la surface, les r\\u00e9sultats sont <strong>limit\\u00e9s<\\\/strong> et ne durent souvent que <strong>1-2 ans<\\\/strong>.<\\\/p>\\n\n\n<p>------------<\\\/p>\\n\n\n<p>La photo \\u00e0 <strong>10 jours<\\\/strong> post-op\\u00e9ratoire est parfaite pour <em>Instagram<\\\/em>\\u2026 Mais vous \\u00eates-vous d\\u00e9j\\u00e0 demand\\u00e9 pourquoi on ne montre <strong>jamais<\\\/strong> le visage <strong>3 ans plus tard<\\\/strong>?<\\\/p>\\n\n\n<p><strong>Je vous le dis avec le c\\u0153ur:<\\\/strong><br \\\/>j\\u2019ai utilis\\u00e9 cette technique <strong>au d\\u00e9but<\\\/strong> de ma carri\\u00e8re, et je pourrais vous pr\\u00e9senter des <strong>dizaines<\\\/strong> de cas.<\\\/p>\\n\n\n<p>Aujourd\\u2019hui, je ne peux plus <strong>en conscience<\\\/strong> en proposer \\u00e0 mes patientes.<\\\/p>\\n\n\n<p>Pourquoi ? <strong>Parce que cela ne r\\u00e9pond pas \\u00e0 vos attentes.<\\\/strong><\\\/p>\\n\n\n<p><em>Une v\\u00e9rit\\u00e9 simple :<\\\/em><br \\\/><strong>Minilift = Mini-r\\u00e9sultats<\\\/strong><\\\/p>\",\"meta\":\"Des r\\u00e9sultats subtils et temporaires\",\"title\":\"Le minilift\"}},{\"type\":\"grid_item\",\"props\":{\"content\":\"\n\n<p>Le <strong>lifting SMAS<\\\/strong> va plus loin en acc\\u00e9dant \\u00e0 une couche plus profonde (le SMAS) pour la retendre.<\\\/p>\\n\n\n<p><span style=\\\"color: #00b050;\\\">\\u2665<\\\/span> Il offre une am\\u00e9lioration visible du rel\\u00e2chement <strong>mod\\u00e9r\\u00e9<\\\/strong>.<br \\\/><br \\\/><span style=\\\"color: #c00000;\\\">\\u2297<\\\/span> Cependant, cette technique<span> <\\\/span><strong>ne corrige pas<\\\/strong><span> <\\\/span>le rel\\u00e2chement des tissus profonds ni les zones comme<span> <\\\/span><strong>le cou<\\\/strong><span> <\\\/span>ou<span> <\\\/span><strong>les sillons nasog\\u00e9niens<\\\/strong>.<\\\/p>\\n\n\n<p><span style=\\\"color: #c00000;\\\">\\u2297<\\\/span> Et elle peut provoquer des <strong>cicatrices visibles<\\\/strong> et donner un<span> <\\\/span><strong>aspect fig\\u00e9<\\\/strong><span> <\\\/span>si la tension est appliqu\\u00e9e en surface.<\\\/p>\\n\n\n<p>------------<\\\/p>\\n\n\n<p><em>Le r\\u00e9sultat?<\\\/em><\\\/p>\\n\n\n<p><strong>\\\"Ah... elle s'est fait lifter\\\"<\\\/strong><\\\/p>\",\"meta\":\"La technique traditionnelle\",\"title\":\"Le SMAS Lift\"}},{\"type\":\"grid_item\",\"props\":{\"content\":\"\n\n<p>Le <strong>lifting Deep Plane<\\\/strong> adopte une philosophie totalement diff\\u00e9rente:<\\\/p>\\n\n\n<p>\n\n<p><span style=\\\"color: #00B050;\\\">\\u2665<\\\/span> Il lib\\u00e8re et <strong>repositionne<\\\/strong> les tissus en profondeur, sous le SMAS, pour <strong>corriger<\\\/strong> directement la cause du rel\\u00e2chement.<br \\\/><br \\\/>\n\n<p><span style=\\\"color: #00B050;\\\">\\u2665<\\\/span> Cela permet de <strong>retendre<\\\/strong> les ligaments de soutien et de <strong>replacer<\\\/strong> les volumes naturels du visage, sans tirer la peau.<br \\\/><br \\\/>------------<\\\/p>\\n\n\n<p><em>Le r\\u00e9sultat:<\\\/em><\\\/p>\\n\n\n<p>un visage <strong>rajeuni<\\\/strong>, <strong>naturel<\\\/strong> et <strong>expressif<\\\/strong>, sans aucune rigidit\\u00e9 ni \\u201ceffet op\\u00e9r\\u00e9\\u201d.<\\\/p>\\n\n\n<p><\\\/p>\\n\n\n<p><em>Ce n\\u2019est pas une magie qui vous fera para\\u00eetre 20 ans de moins\\u2026<\\\/em><\\\/p>\\n\n\n<p>Mais c\\u2019est la meilleure fa\\u00e7on de vous regarder \\u00e0 nouveau dans le miroir et de vous dire :<\\\/p>\\n\n\n<p><strong>\\\"Je me reconnais enfin\\\"<\\\/strong><\\\/p>\",\"meta\":\"La technique la plus avanc\\u00e9e\",\"title\":\"Le lifting Deep Plane\"}}]}]}]},{\"type\":\"row\",\"props\":{\"layout\":\"1-3,1-3,1-3\",\"status\":\"disabled\"},\"children\":[{\"type\":\"column\",\"props\":{\"image_position\":\"center-center\",\"position_sticky_breakpoint\":\"m\",\"width_medium\":\"1-3\"},\"children\":[{\"type\":\"accordion\",\"props\":{\"block_align\":\"center\",\"collapsible\":true,\"content_column_breakpoint\":\"m\",\"image_align\":\"top\",\"image_grid_breakpoint\":\"m\",\"image_grid_width\":\"1-2\",\"image_svg_color\":\"emphasis\",\"link_style\":\"default\",\"link_text\":\"Read more\",\"maxwidth\":\"xlarge\",\"show_image\":true,\"show_link\":true,\"visibility\":\"m\"},\"children\":[{\"type\":\"accordion_item\",\"props\":{\"content\":\"\n\n<p><em>Des r\\u00e9sultats subtils et temporaires<\\\/em><\\\/p>\\n\n\n<p>Le <strong>minilift<\\\/strong> consiste \\u00e0 retendre l\\u00e9g\\u00e8rement la peau et \\u00e0 retirer l\\u2019exc\\u00e9dent.<br \\\/><br \\\/><\\\/p>\\n\n\n<p><span style=\\\"color: #00b050;\\\">\\u2665<\\\/span> C\\u2019est une intervention <strong>rapide<\\\/strong>, avec une r\\u00e9cup\\u00e9ration <strong>courte<\\\/strong>.<br \\\/><br \\\/><\\\/p>\\n\n\n<p><span style=\\\"color: #c00000;\\\">\\u2297<\\\/span> Mais en ne travaillant que sur la surface, les r\\u00e9sultats sont <strong>limit\\u00e9s<\\\/strong> et ne durent souvent que <strong>1-2 ans<\\\/strong>.<\\\/p>\\n\n\n<p>------------<\\\/p>\\n\n\n<p>La photo \\u00e0 <strong>10 jours<\\\/strong> post-op\\u00e9ratoire est parfaite pour <em>Instagram<\\\/em>\\u2026 Mais vous \\u00eates-vous d\\u00e9j\\u00e0 demand\\u00e9 pourquoi on ne montre <strong>jamais<\\\/strong> le visage <strong>3 ans plus tard<\\\/strong>?<\\\/p>\\n\n\n<p><strong>Je vous le dis avec le c\\u0153ur:<\\\/strong><br \\\/>j\\u2019ai utilis\\u00e9 cette technique <strong>au d\\u00e9but<\\\/strong> de ma carri\\u00e8re, et je pourrais vous pr\\u00e9senter des <strong>dizaines<\\\/strong> de cas.<\\\/p>\\n\n\n<p>Aujourd\\u2019hui, je ne peux plus <strong>en conscience<\\\/strong> en proposer \\u00e0 mes patientes.<\\\/p>\\n\n\n<p>Pourquoi ? <strong>Parce que cela ne r\\u00e9pond pas \\u00e0 vos attentes.<\\\/strong><\\\/p>\\n\n\n<p><em>Une v\\u00e9rit\\u00e9 simple :<\\\/em><br \\\/><strong>Minilift = Mini-r\\u00e9sultats<\\\/strong><\\\/p>\",\"title\":\"Le Minilift\"}}]}]},{\"type\":\"column\",\"props\":{\"image_position\":\"center-center\",\"position_sticky_breakpoint\":\"m\",\"vertical_align\":\"middle\",\"width_medium\":\"1-3\"},\"children\":[{\"type\":\"accordion\",\"props\":{\"block_align\":\"center\",\"collapsible\":true,\"content_column_breakpoint\":\"m\",\"image_align\":\"top\",\"image_grid_breakpoint\":\"m\",\"image_grid_width\":\"1-2\",\"image_svg_color\":\"emphasis\",\"link_style\":\"default\",\"link_text\":\"Read more\",\"maxwidth\":\"xlarge\",\"show_image\":true,\"show_link\":true,\"visibility\":\"m\"},\"children\":[{\"type\":\"accordion_item\",\"props\":{\"content\":\"\n\n<p><em>La technique traditionnelle<\\\/em><\\\/p>\\n\n\n<p>Le <strong>lifting SMAS<\\\/strong> va plus loin en acc\\u00e9dant \\u00e0 une couche plus profonde (le SMAS) pour la retendre.<\\\/p>\\n\n\n<p><span style=\\\"color: #00b050;\\\">\\u2665<\\\/span> Il offre une am\\u00e9lioration visible du rel\\u00e2chement <strong>mod\\u00e9r\\u00e9<\\\/strong>.<br \\\/><br \\\/><span style=\\\"color: #c00000;\\\">\\u2297<\\\/span> Cependant, cette technique<span> <\\\/span><strong>ne corrige pas<\\\/strong><span> <\\\/span>le rel\\u00e2chement des tissus profonds ni les zones comme<span> <\\\/span><strong>le cou<\\\/strong><span> <\\\/span>ou<span> <\\\/span><strong>les sillons nasog\\u00e9niens<\\\/strong>.<\\\/p>\\n\n\n<p><span style=\\\"color: #c00000;\\\">\\u2297<\\\/span> Et elle peut provoquer des <strong>cicatrices visibles<\\\/strong> et donner un<span> <\\\/span><strong>aspect fig\\u00e9<\\\/strong><span> <\\\/span>si la tension est appliqu\\u00e9e en surface.<\\\/p>\\n\n\n<p>------------<\\\/p>\\n\n\n<p><em>Le r\\u00e9sultat?<\\\/em><\\\/p>\\n\n\n<p><strong>\\\"Ah... elle s'est fait lifter\\\"<\\\/strong><\\\/p>\",\"title\":\"Le SMAS Lift\"}}]}]},{\"type\":\"column\",\"props\":{\"image_position\":\"center-center\",\"position_sticky_breakpoint\":\"m\",\"width_medium\":\"1-3\"},\"children\":[{\"type\":\"accordion\",\"props\":{\"block_align\":\"center\",\"collapsible\":true,\"content_column_breakpoint\":\"m\",\"image_align\":\"top\",\"image_grid_breakpoint\":\"m\",\"image_grid_width\":\"1-2\",\"image_svg_color\":\"emphasis\",\"link_style\":\"default\",\"link_text\":\"Read more\",\"maxwidth\":\"xlarge\",\"show_image\":true,\"show_link\":true,\"visibility\":\"m\"},\"children\":[{\"type\":\"accordion_item\",\"props\":{\"content\":\"\n\n<p><em>La technique la plus avanc\\u00e9e<\\\/em><\\\/p>\\n\n\n<p>Le <strong>lifting Deep Plane<\\\/strong> adopte une philosophie totalement diff\\u00e9rente:<\\\/p>\\n\n\n<p><span style=\\\"color: #00b050;\\\">\\u2665<\\\/span> Il lib\\u00e8re et <strong>repositionne<\\\/strong> les tissus en profondeur, sous le SMAS, pour <strong>corriger<\\\/strong> directement la cause du rel\\u00e2chement.<br \\\/><br \\\/><\\\/p>\\n\n\n<p><span style=\\\"color: #00b050;\\\">\\u2665<\\\/span> Cela permet de <strong>retendre<\\\/strong> les ligaments de soutien et de <strong>replacer<\\\/strong> les volumes naturels du visage, sans tirer la peau.<br \\\/><br \\\/>------------<\\\/p>\\n\n\n<p><em>Le r\\u00e9sultat:<\\\/em><\\\/p>\\n\n\n<p>un visage <strong>rajeuni<\\\/strong>, <strong>naturel<\\\/strong> et <strong>expressif<\\\/strong>, sans aucune rigidit\\u00e9 ni \\u201ceffet op\\u00e9r\\u00e9\\u201d.<\\\/p>\\n\n\n<p><\\\/p>\\n\n\n<p><em>Ce n\\u2019est pas une magie qui vous fera para\\u00eetre 20 ans de moins\\u2026<\\\/em><\\\/p>\\n\n\n<p>Mais c\\u2019est la meilleure fa\\u00e7on de vous regarder \\u00e0 nouveau dans le miroir et de vous dire :<\\\/p>\\n\n\n<p><strong>\\\"Je me reconnais enfin\\\"<\\\/strong><\\\/p>\",\"title\":\"Le lifting Deep Plane\"}}]}]}]},{\"type\":\"row\",\"children\":[{\"type\":\"column\",\"props\":{\"image_position\":\"center-center\",\"position_sticky_breakpoint\":\"m\"},\"children\":[{\"type\":\"accordion\",\"props\":{\"block_align\":\"center\",\"collapsible\":true,\"content_column_breakpoint\":\"m\",\"image_align\":\"top\",\"image_grid_breakpoint\":\"m\",\"image_grid_width\":\"1-2\",\"image_svg_color\":\"emphasis\",\"link_style\":\"default\",\"link_text\":\"Read more\",\"maxwidth\":\"xlarge\",\"show_image\":true,\"show_link\":true,\"visibility\":\"hidden-m\"},\"children\":[{\"type\":\"accordion_item\",\"props\":{\"content\":\"\n\n<p><em>Des r\\u00e9sultats subtils et temporaires<\\\/em><\\\/p>\\n\n\n<p>Le <strong>minilift<\\\/strong> consiste \\u00e0 retendre l\\u00e9g\\u00e8rement la peau et \\u00e0 retirer l\\u2019exc\\u00e9dent.<br \\\/><br \\\/><\\\/p>\\n\n\n<p><span style=\\\"color: #00b050;\\\">\\u2665<\\\/span> C\\u2019est une intervention <strong>rapide<\\\/strong>, avec une r\\u00e9cup\\u00e9ration <strong>courte<\\\/strong>.<br \\\/><br \\\/><\\\/p>\\n\n\n<p><span style=\\\"color: #c00000;\\\">\\u2297<\\\/span> Mais en ne travaillant que sur la surface, les r\\u00e9sultats sont <strong>limit\\u00e9s<\\\/strong> et ne durent souvent que <strong>1-2 ans<\\\/strong>.<\\\/p>\\n\n\n<p>------------<\\\/p>\\n\n\n<p>La photo \\u00e0 <strong>10 jours<\\\/strong> post-op\\u00e9ratoire est parfaite pour <em>Instagram<\\\/em>\\u2026 Mais vous \\u00eates-vous d\\u00e9j\\u00e0 demand\\u00e9 pourquoi on ne montre <strong>jamais<\\\/strong> le visage <strong>3 ans plus tard<\\\/strong>?<\\\/p>\\n\n\n<p><strong>Je vous le dis avec le c\\u0153ur:<\\\/strong><br \\\/>j\\u2019ai utilis\\u00e9 cette technique <strong>au d\\u00e9but<\\\/strong> de ma carri\\u00e8re, et je pourrais vous pr\\u00e9senter des <strong>dizaines<\\\/strong> de cas.<\\\/p>\\n\n\n<p>Aujourd\\u2019hui, je ne peux plus <strong>en conscience<\\\/strong> en proposer \\u00e0 mes patientes.<\\\/p>\\n\n\n<p>Pourquoi ? <strong>Parce que cela ne r\\u00e9pond pas \\u00e0 vos attentes.<\\\/strong><\\\/p>\\n\n\n<p><em>Une v\\u00e9rit\\u00e9 simple :<\\\/em><br \\\/><strong>Minilift = Mini-r\\u00e9sultats<\\\/strong><\\\/p>\",\"title\":\"Le Minilift\"}},{\"type\":\"accordion_item\",\"props\":{\"content\":\"\n\n<p><em>La technique traditionnelle<\\\/em><\\\/p>\\n\n\n<p>Le <strong>lifting SMAS<\\\/strong> va plus loin en acc\\u00e9dant \\u00e0 une couche plus profonde (le SMAS) pour la retendre.<\\\/p>\\n\n\n<p><span style=\\\"color: #00b050;\\\">\\u2665<\\\/span> Il offre une am\\u00e9lioration visible du rel\\u00e2chement <strong>mod\\u00e9r\\u00e9<\\\/strong>.<br \\\/><br \\\/><span style=\\\"color: #c00000;\\\">\\u2297<\\\/span> Cependant, cette technique<span> <\\\/span><strong>ne corrige pas<\\\/strong><span> <\\\/span>le rel\\u00e2chement des tissus profonds ni les zones comme<span> <\\\/span><strong>le cou<\\\/strong><span> <\\\/span>ou<span> <\\\/span><strong>les sillons nasog\\u00e9niens<\\\/strong>.<\\\/p>\\n\n\n<p><span style=\\\"color: #c00000;\\\">\\u2297<\\\/span> Et elle peut provoquer des <strong>cicatrices visibles<\\\/strong> et donner un<span> <\\\/span><strong>aspect fig\\u00e9<\\\/strong><span> <\\\/span>si la tension est appliqu\\u00e9e en surface.<\\\/p>\\n\n\n<p>------------<\\\/p>\\n\n\n<p><em>Le r\\u00e9sultat?<\\\/em><\\\/p>\\n\n\n<p><strong>\\\"Ah... elle s'est fait lifter\\\"<\\\/strong><\\\/p>\",\"title\":\"Le SMAS Lift\"}},{\"type\":\"accordion_item\",\"props\":{\"content\":\"\n\n<p><em>La technique la plus avanc\\u00e9e<\\\/em><\\\/p>\\n\n\n<p>Le <strong>lifting Deep Plane<\\\/strong> adopte une philosophie totalement diff\\u00e9rente:<\\\/p>\\n\n\n<p><span style=\\\"color: #00b050;\\\">\\u2665<\\\/span> Il lib\\u00e8re et <strong>repositionne<\\\/strong> les tissus en profondeur, sous le SMAS, pour <strong>corriger<\\\/strong> directement la cause du rel\\u00e2chement.<br \\\/><br \\\/><\\\/p>\\n\n\n<p><span style=\\\"color: #00b050;\\\">\\u2665<\\\/span> Cela permet de <strong>retendre<\\\/strong> les ligaments de soutien et de <strong>replacer<\\\/strong> les volumes naturels du visage, sans tirer la peau.<br \\\/><br \\\/>------------<\\\/p>\\n\n\n<p><em>Le r\\u00e9sultat:<\\\/em><\\\/p>\\n\n\n<p>un visage <strong>rajeuni<\\\/strong>, <strong>naturel<\\\/strong> et <strong>expressif<\\\/strong>, sans aucune rigidit\\u00e9 ni \\u201ceffet op\\u00e9r\\u00e9\\u201d.<\\\/p>\\n\n\n<p><\\\/p>\\n\n\n<p><em>Ce n\\u2019est pas une magie qui vous fera para\\u00eetre 20 ans de moins\\u2026<\\\/em><\\\/p>\\n\n\n<p>Mais c\\u2019est la meilleure fa\\u00e7on de vous regarder \\u00e0 nouveau dans le miroir et de vous dire :<\\\/p>\\n\n\n<p><strong>\\\"Je me reconnais enfin\\\"<\\\/strong><\\\/p>\",\"title\":\"Le lifting Deep Plane\"}}]}]}]},{\"type\":\"row\",\"props\":{\"layout\":\"1-4,1-2,1-4\"},\"children\":[{\"type\":\"column\",\"props\":{\"image_position\":\"center-center\",\"position_sticky_breakpoint\":\"m\",\"width_medium\":\"1-4\"}},{\"type\":\"column\",\"props\":{\"image_position\":\"center-center\",\"position_sticky_breakpoint\":\"m\",\"width_medium\":\"1-2\"}},{\"type\":\"column\",\"props\":{\"image_position\":\"center-center\",\"position_sticky_breakpoint\":\"m\",\"width_medium\":\"1-4\"}}]},{\"type\":\"row\",\"children\":[{\"type\":\"column\",\"props\":{\"image_position\":\"center-center\",\"position_sticky_breakpoint\":\"m\",\"style\":\"card-default\"},\"children\":[{\"type\":\"headline\",\"props\":{\"content\":\"Y t\\u00fa, \\u00bfqu\\u00e9 opinas?\",\"title_element\":\"div\",\"title_style\":\"heading-small\"}},{\"type\":\"text\",\"props\":{\"column_breakpoint\":\"m\",\"content\":\"\n\n<p>En un <strong>lifting tradicional<\\\/strong> (SMAS Lift) tensamos los tejidos <em>superficiales<\\\/em>, dejando los tejidos <em>profundos<\\\/em> fl\\u00e1cidos:<\\\/p>\\n\n\n<p><strong>es como estirar la colcha dejando las s\\u00e1banas arrugadas por debajo.<\\\/strong><\\\/p>\",\"margin\":\"default\"}},{\"type\":\"divider\",\"props\":{\"divider_element\":\"hr\"}},{\"type\":\"text\",\"props\":{\"column_breakpoint\":\"m\",\"content\":\"\n\n<p>Sin embargo, un <strong>lifting Deep Plane<\\\/strong> busca corregir lo que ha ocurrido con el paso del tiempo: tensamos primero los tejidos profundos y despu\\u00e9s quitamos el exceso de piel, sin tensi\\u00f3n.<\\\/p>\\n\n\n<p><strong>\\u00bfAcaso no tiene mucho m\\u00e1s sentido?<\\\/strong><\\\/p>\",\"margin\":\"default\"}}]}],\"props\":{\"status\":\"disabled\"}}]},{\"type\":\"section\",\"props\":{\"image_position\":\"center-center\",\"style\":\"default\",\"title_breakpoint\":\"xl\",\"title_position\":\"top-left\",\"title_rotation\":\"left\",\"vertical_align\":\"middle\",\"width\":\"default\"},\"children\":[{\"type\":\"row\",\"props\":{\"layout\":\"2-3,1-3\"},\"children\":[{\"type\":\"column\",\"props\":{\"image_position\":\"center-center\",\"position_sticky_breakpoint\":\"m\",\"width_medium\":\"2-3\"},\"children\":[{\"type\":\"headline\",\"props\":{\"content\":\"Votre visage m\\u00e9rite toute l\\u2019attention d\\u2019un sp\\u00e9cialiste\",\"title_color\":\"primary\",\"title_element\":\"h2\",\"title_style\":\"h1\"}},{\"type\":\"headline\",\"props\":{\"content\":\"Votre visage est unique\",\"title_decoration\":\"bullet\",\"title_element\":\"h2\"}},{\"type\":\"text\",\"props\":{\"column_breakpoint\":\"m\",\"content\":\"\n\n<p>Il exprime vos <strong>\\u00e9motions<\\\/strong>, refl\\u00e8te votre \\u00e9nergie int\\u00e9rieure et fait partie int\\u00e9grante de votre <strong>identit\\u00e9<\\\/strong>.<\\\/p>\\n\n\n<p>Prendre soin de lui n\\u2019est pas une d\\u00e9cision anodine.<\\\/p>\\n\n\n<p>C\\u2019est pourquoi il est essentiel de le confier \\u00e0 <strong>un sp\\u00e9cialiste<\\\/strong> qui s\\u2019y consacre exclusivement.<\\\/p>\\n\n\n<p><\\\/p>\",\"margin\":\"default\"}},{\"type\":\"headline\",\"props\":{\"content\":\"Une expertise rare en Europe\",\"title_decoration\":\"bullet\",\"title_element\":\"h2\"}},{\"type\":\"text\",\"props\":{\"column_breakpoint\":\"m\",\"content\":\"\n\n<p>Aux <b>\\u00c9tats\\u2011Unis<\\\/b>, il est courant de trouver des chirurgiens qui consacrent leur carri\\u00e8re exclusivement au lifting du visage \\u2013 des noms comme le Dr <b>Nayak<\\\/b>, le Dr <b>Talei<\\\/b>, le Dr <strong>Jacono<\\\/strong> ou le Dr <b>Gordon <\\\/b>sont des r\\u00e9f\\u00e9rences dans ce domaine.<\\\/p>\\n\n\n<p>En <b>Europe<\\\/b>, cette expertise reste rare et se concentre dans trois villes : <b>Londres <\\\/b>(Dr Bray), <b>Paris <\\\/b>(Dr Marchac) et <b>Barcelone<\\\/b>\\u00a0(o\\u00f9 je consacre ma carri\\u00e8re exclusivement au lifting du visage depuis <strong>plus de 9 ans<\\\/strong>).<\\\/p>\\n\n\n<p>Cette sp\\u00e9cialisation nous unit autour d\\u2019une m\\u00eame philosophie: <b>restituer la fra\\u00eecheur d\\u2019un visage sans le transformer.<\\\/b><\\\/p>\",\"margin\":\"default\"}}]},{\"type\":\"column\",\"props\":{\"image_position\":\"center-center\",\"position_sticky_breakpoint\":\"m\",\"vertical_align\":\"middle\",\"width_medium\":\"1-3\"},\"children\":[{\"type\":\"image\",\"props\":{\"block_align\":\"center\",\"image\":\"wp-content\\\/uploads\\\/2024\\\/11\\\/SECPF.jpg\",\"image_alt\":\"Congreso SECPF - Dr. Mazarro Invitado como conferenciante\",\"image_box_decoration\":\"mask\",\"image_svg_color\":\"emphasis\",\"margin\":\"default\",\"maxwidth\":\"medium\"}}]}]},{\"type\":\"row\",\"children\":[{\"type\":\"column\",\"props\":{\"image_position\":\"center-center\",\"position_sticky_breakpoint\":\"m\"},\"children\":[{\"type\":\"divider\",\"props\":{\"divider_element\":\"hr\"}}]}]},{\"type\":\"row\",\"props\":{\"layout\":\"1-2,1-2\"},\"children\":[{\"type\":\"column\",\"props\":{\"image_position\":\"center-center\",\"position_sticky_breakpoint\":\"m\",\"width_medium\":\"1-2\"},\"children\":[{\"type\":\"headline\",\"props\":{\"content\":\"Une communication sans barri\\u00e8re\",\"title_decoration\":\"bullet\",\"title_element\":\"h2\"}},{\"type\":\"text\",\"props\":{\"column_breakpoint\":\"m\",\"content\":\"\n\n<p class=\\\"MsoNormal\\\" align=\\\"center\\\" style=\\\"text-align: left;\\\">Pour obtenir un r\\u00e9sultat qui respecte votre personnalit\\u00e9, la technique ne suffit pas.<\\\/p>\\n\n\n<p class=\\\"MsoNormal\\\" align=\\\"center\\\" style=\\\"text-align: left;\\\">Il est indispensable d'allier:<o:p><\\\/o:p><\\\/p>\\n\n\n<p class=\\\"MsoNormal\\\" align=\\\"center\\\" style=\\\"text-align: left;\\\"><span style=\\\"font-family: 'Segoe UI Symbol',sans-serif; mso-bidi-font-family: 'Segoe UI Symbol';\\\">\\u2714<\\\/span> Une\\u00a0<b>compr\\u00e9hension<\\\/b>\\u00a0fine des structures anatomiques du visage<br \\\/><span style=\\\"font-family: 'Segoe UI Symbol',sans-serif; mso-bidi-font-family: 'Segoe UI Symbol';\\\">\\u2714<\\\/span> Une\\u00a0<b>pr\\u00e9cision<\\\/b>\\u00a0chirurgicale pour pr\\u00e9server vos expressions naturelles<br \\\/><span style=\\\"font-family: 'Segoe UI Symbol',sans-serif; mso-bidi-font-family: 'Segoe UI Symbol';\\\">\\u2714<\\\/span> Une\\u00a0<b>vision esth\\u00e9tique<\\\/b>\\u00a0qui respecte votre identit\\u00e9<o:p><\\\/o:p><\\\/p>\\n\n\n<p class=\\\"MsoNormal\\\" align=\\\"center\\\" style=\\\"text-align: left;\\\"><o:p>\\u00a0<\\\/o:p>Mais il est \\u00e9galement essentiel que la communication repose sur une <strong>compr\\u00e9hension<\\\/strong> profonde de vos attentes.<\\\/p>\\n\n\n<p>Form\\u00e9 au <strong>Lyc\\u00e9e Fran\\u00e7ais de Barcelone<\\\/strong> et titulaire du Baccalaur\\u00e9at, je <strong>ma\\u00eetrise parfaitement le fran\\u00e7ais<\\\/strong>.<\\\/p>\\n\n\n<p>Vous pourrez exprimer <strong>vos envies et vos doutes<\\\/strong> en toute s\\u00e9r\\u00e9nit\\u00e9, <em>sans aucune barri\\u00e8re linguistique<\\\/em>.<\\\/p>\",\"margin\":\"default\"}}]},{\"type\":\"column\",\"props\":{\"image_position\":\"center-center\",\"position_sticky_breakpoint\":\"m\",\"width_medium\":\"1-2\"},\"children\":[{\"type\":\"headline\",\"props\":{\"content\":\"\\u00c0 seulement 55 minutes en avion de chez vous\",\"title_decoration\":\"bullet\",\"title_element\":\"h2\"}},{\"type\":\"text\",\"props\":{\"column_breakpoint\":\"m\",\"content\":\"\n\n<p>Que vous viviez \\u00e0 <b>Majorque <\\\/b>ou <b>Minorque<\\\/b>, votre d\\u00e9placement \\u00e0 Barcelone sera <strong>simple<\\\/strong> et <strong>rapide<\\\/strong>.<\\\/p>\\n\n\n<p>Et pour votre confort, nous pouvons organiser une <strong data-start=\\\"1674\\\" data-end=\\\"1717\\\">premi\\u00e8re consultation vid\\u00e9o en fran\\u00e7ais<\\\/strong> afin d\\u2019\\u00e9valuer votre projet en toute discr\\u00e9tion.<\\\/p>\\n\n\n<p>Vous souhaitez en savoir plus sur notre accompagnement pour les <strong>patientes venant de l\\u2019ext\\u00e9rieur<\\\/strong>?<\\\/p>\\n\n\n<p>C\\u2019est bien plus facile qu\\u2019il n\\u2019y para\\u00eet \\u2013 et je vous explique tout en d\\u00e9tail: <a href=\\\"https:\\\/\\\/drmazarro.com\\\/fr\\\/patient-international\\\/\\\"><strong>d\\u00e9couvrez notre protocole<\\\/strong><\\\/a>.<\\\/p>\",\"margin\":\"default\"}}]}]},{\"type\":\"row\",\"children\":[{\"type\":\"column\",\"props\":{\"image_position\":\"center-center\",\"position_sticky_breakpoint\":\"m\"},\"children\":[{\"type\":\"button\",\"props\":{\"button_size\":\"large\",\"fullwidth\":false,\"grid_column_gap\":\"small\",\"grid_row_gap\":\"small\",\"margin\":\"default\",\"text_align\":\"center\"},\"children\":[{\"type\":\"button_item\",\"props\":{\"button_style\":\"primary\",\"content\":\"R\\u00e9servez votre consultation\",\"dialog_layout\":\"modal\",\"dialog_offcanvas_flip\":true,\"icon_align\":\"left\",\"link\":\"#pidecita\"}}]}]}]}]},{\"type\":\"section\",\"props\":{\"id\":\"antesdespues\",\"image_position\":\"center-center\",\"status\":\"disabled\",\"style\":\"default\",\"title_breakpoint\":\"xl\",\"title_position\":\"top-left\",\"title_rotation\":\"left\",\"vertical_align\":\"\",\"width\":\"default\"},\"children\":[{\"type\":\"row\",\"children\":[{\"type\":\"column\",\"props\":{\"image_position\":\"center-center\",\"position_sticky_breakpoint\":\"m\"},\"children\":[{\"type\":\"headline\",\"props\":{\"content\":\"Lifting du visage- Avant \\\/ Apr\\u00e8s\",\"margin\":\"small\",\"text_align\":\"left\",\"text_align_breakpoint\":\"m\",\"text_align_fallback\":\"center\",\"title_color\":\"muted\",\"title_decoration\":\"divider\",\"title_element\":\"h2\",\"title_style\":\"h2\"}},{\"type\":\"headline\",\"props\":{\"content\":\"Voulez-vous d\\u00e9couvrir quels r\\u00e9sultats vous pouvez obtenir<strong> entre les mains d'un sp\\u00e9cialiste du Lifting avec plus de 9 ans d'exp\\u00e9rience ?<\\\/strong>\",\"text_align\":\"center\",\"title_color\":\"primary\",\"title_element\":\"div\",\"title_style\":\"h2\"}}]}]},{\"type\":\"row\",\"props\":{\"layout\":\"1-4,1-2,1-4\"},\"children\":[{\"type\":\"column\",\"props\":{\"image_position\":\"center-center\",\"position_sticky_breakpoint\":\"m\",\"width_medium\":\"1-4\"}},{\"type\":\"column\",\"props\":{\"image_position\":\"center-center\",\"position_sticky_breakpoint\":\"m\",\"width_medium\":\"1-2\"},\"children\":[{\"type\":\"text\",\"props\":{\"column_breakpoint\":\"m\",\"content\":\"\n\n<ul>\\n\n\n<li>Red\\u00e9finition de la ligne mandibulaire (l'ovale du visage retrouve toute sa nettet\\u00e9)<\\\/li>\\n\n\n<li>Un aspect visiblement rajeuni, tout en restan naturel (vous-m\\u00eame, mais repos\\u00e9e)<\\\/li>\\n\n\n<li>Att\\u00e9nuation ddes sillon nasog\\u00e9niens<\\\/li>\\n\n\n<li>Correction harmonieuse des bajoues et du rel\\u00e2chement du tiers inf\\u00e9rieur<\\\/li>\\n\n\n<li>Retension du coue et du menton pour \\u00e9liminer leffet \\\"double menton\\\"<\\\/li>\\n<\\\/ul>\\n\n\n<p>Et avec la <strong>tranquillit\\u00e9 d'esprit<\\\/strong> de confier votre visage \\u00e0 un <strong>sp\\u00e9cialiste<\\\/strong> qui se consacre \\u00e0 aider des patientes <strong>comme vous<\\\/strong>.<\\\/p>\",\"margin\":\"default\"}}]},{\"type\":\"column\",\"props\":{\"image_position\":\"center-center\",\"position_sticky_breakpoint\":\"m\",\"width_medium\":\"1-4\"}}]},{\"type\":\"row\",\"children\":[{\"type\":\"column\",\"props\":{\"image_position\":\"center-center\",\"position_sticky_breakpoint\":\"m\"},\"children\":[{\"type\":\"headline\",\"props\":{\"content\":\"R\\u00e9sultats Avant et Apr\\u00e8s du Lifting Deep Plane | Dr. Mazarro\",\"text_align\":\"center\",\"title_decoration\":\"line\",\"title_element\":\"h3\",\"title_style\":\"text-meta\"}},{\"type\":\"gallery\",\"props\":{\"filter_align\":\"left\",\"filter_all\":true,\"filter_grid_breakpoint\":\"m\",\"filter_grid_width\":\"auto\",\"filter_position\":\"top\",\"filter_style\":\"tab\",\"grid_default\":\"2\",\"grid_masonry\":false,\"grid_medium\":\"4\",\"grid_parallax\":\"0\",\"item_animation\":true,\"lightbox\":true,\"lightbox_bg_close\":true,\"link_style\":\"default\",\"link_text\":\"+\",\"margin\":\"default\",\"meta_align\":\"below-title\",\"meta_element\":\"div\",\"meta_style\":\"text-meta\",\"overlay_hover\":true,\"overlay_mode\":\"cover\",\"overlay_position\":\"center\",\"overlay_style\":\"overlay-primary\",\"overlay_transition\":\"fade\",\"show_content\":true,\"show_hover_image\":true,\"show_hover_video\":true,\"show_link\":true,\"show_meta\":true,\"show_title\":true,\"text_align\":\"center\",\"text_color\":\"light\",\"title_element\":\"h3\",\"title_hover_style\":\"reset\"},\"children\":[{\"type\":\"gallery_item\",\"props\":{\"content\":\"\n\n<p>Resultados al mes<\\\/p>\",\"image\":\"wp-content\\\/uploads\\\/2022\\\/12\\\/15-665-500.jpg\",\"image_alt\":\"Lifting facial \\\/ Deep Plane Facelift- Dr. Mazarro\"}},{\"type\":\"gallery_item\",\"props\":{\"content\":\"\n\n<p>Resultados al mes<\\\/p>\",\"image\":\"wp-content\\\/uploads\\\/2023\\\/07\\\/prepost-web-2.jpg\",\"image_alt\":\"Lifting facial \\\/ Deep Plane Facelift- Dr. Mazarro\"}},{\"type\":\"gallery_item\",\"props\":{\"content\":\"\n\n<p>Resultados a los 2 meses<\\\/p>\",\"image\":\"wp-content\\\/uploads\\\/2025\\\/04\\\/1-copia-800q5.jpg\",\"image_alt\":\"Lifting facial \\\/ Deep Plane Facelift- Dr. Mazarro\"}},{\"type\":\"gallery_item\",\"props\":{\"content\":\"\n\n<p>Resultados a los 2 meses<\\\/p>\",\"image\":\"wp-content\\\/uploads\\\/2025\\\/04\\\/2-copia-800-q5.jpg\",\"image_alt\":\"Lifting facial \\\/ Deep Plane Facelift- Dr. Mazarro\"}},{\"type\":\"gallery_item\",\"props\":{\"content\":\"\n\n<p>Resultados a los 7 d\\u00edas<\\\/p>\",\"image\":\"wp-content\\\/uploads\\\/2022\\\/12\\\/13a-665-500.jpg\",\"image_alt\":\"Lifting facial \\\/ Deep Plane Facelift- Dr. Mazarro\"}},{\"type\":\"gallery_item\",\"props\":{\"content\":\"\n\n<p>Resultados al a\\u00f1o<\\\/p>\",\"image\":\"wp-content\\\/uploads\\\/2022\\\/12\\\/14-665-500.jpg\",\"image_alt\":\"Lifting facial \\\/ Deep Plane Facelift- Dr. Mazarro\"}},{\"type\":\"gallery_item\",\"props\":{\"content\":\"\n\n<p>Resultados a los 5 meses<\\\/p>\",\"image\":\"wp-content\\\/uploads\\\/2025\\\/04\\\/4-copia-black_800.jpg\",\"image_alt\":\"Lifting cervicofacial \\\/ Deep Plane Facelift- Dr. Mazarro\"}},{\"type\":\"gallery_item\",\"props\":{\"content\":\"\n\n<p>Lifting cervicofacial de tipo Deep Plane - Resultados a los 5 meses<\\\/p>\",\"image\":\"wp-content\\\/uploads\\\/2025\\\/04\\\/2-copia-BLUR-scaled.jpg\",\"image_alt\":\"Lifting cervicofacial \\\/ Deep Plane Facelift- Dr. Mazarro\"}}]}]}]},{\"type\":\"row\",\"children\":[{\"type\":\"column\",\"props\":{\"image_position\":\"center-center\",\"position_sticky_breakpoint\":\"m\"},\"children\":[{\"type\":\"text\",\"props\":{\"column_breakpoint\":\"m\",\"content\":\"\n\n<p style=\\\"text-align: center;\\\">Prenez rendez-vous et rep\\u00e9rez, parmi des centaines de patients, des cas <strong>comme le votre<\\\/strong> pour\\u00a0 d\\u00e9couvrir le r\\u00e9sultat que nous pouvons obtenir ensemble.<\\\/p>\",\"margin\":\"default\"}},{\"type\":\"button\",\"props\":{\"grid_column_gap\":\"small\",\"grid_row_gap\":\"small\",\"margin\":\"default\",\"text_align\":\"center\"},\"children\":[{\"type\":\"button_item\",\"props\":{\"button_style\":\"primary\",\"content\":\"R\\u00e9server ma premi\\u00e8re consultation\",\"dialog_layout\":\"modal\",\"dialog_offcanvas_flip\":true,\"icon_align\":\"left\",\"link\":\"#pidecita\"}}]}]}]}],\"name\":\"2025 - ANTES Y DESPU\\u00c9S - JUNIO V2 - FR\"},{\"type\":\"section\",\"props\":{\"image_position\":\"center-center\",\"style\":\"default\",\"title_breakpoint\":\"xl\",\"title_position\":\"top-left\",\"title_rotation\":\"left\",\"vertical_align\":\"middle\",\"width\":\"default\"},\"children\":[{\"type\":\"row\",\"children\":[{\"type\":\"column\",\"props\":{\"image_position\":\"center-center\",\"position_sticky_breakpoint\":\"m\"},\"children\":[{\"type\":\"headline\",\"props\":{\"animation\":\"scale-up\",\"content\":\"Vous voulez savoir ce que disent mes patients ?\",\"text_align\":\"center\",\"title_color\":\"primary\",\"title_element\":\"div\",\"title_style\":\"h1\"}}]}]},{\"type\":\"row\",\"children\":[{\"type\":\"column\",\"props\":{\"image_position\":\"center-center\",\"position_sticky_breakpoint\":\"m\"},\"children\":[{\"type\":\"headline\",\"props\":{\"content\":\"Avis de patients extraits de Google et Doctoralia.\",\"text_align\":\"center\",\"title_decoration\":\"line\",\"title_element\":\"h2\",\"title_style\":\"text-meta\"}},{\"type\":\"image\",\"props\":{\"image\":\"wp-content\\\/uploads\\\/2025\\\/09\\\/Opiniones-Dr-Mazarro.jpg\",\"image_alt\":\"Avis Dr. Mazarro\",\"image_svg_color\":\"emphasis\",\"link\":\"fr\\\/deep-plane\\\/avis-lifting-visage\\\/\",\"margin\":\"default\",\"text_align\":\"center\"}}]}]}],\"name\":\"2025 OPINIONES con bot\\u00f3n FR\"},{\"type\":\"section\",\"props\":{\"id\":\"pidecita\",\"image_position\":\"center-center\",\"style\":\"default\",\"title_breakpoint\":\"xl\",\"title_position\":\"top-left\",\"title_rotation\":\"left\",\"vertical_align\":\"\",\"width\":\"default\"},\"children\":[{\"type\":\"row\",\"children\":[{\"type\":\"column\",\"props\":{\"image_position\":\"center-center\",\"position_sticky_breakpoint\":\"m\"},\"children\":[{\"type\":\"headline\",\"props\":{\"content\":\"Prenez rendez-vous\",\"id\":\"pidecita\",\"title_decoration\":\"divider\",\"title_element\":\"h2\",\"title_style\":\"text-meta\"},\"name\":\"pidecita\"},{\"type\":\"headline\",\"props\":{\"content\":\"Et d\\u00e9couvrez comment retrouver votre meilleure version\",\"title_element\":\"div\",\"title_style\":\"h2\"}}]}]},{\"type\":\"row\",\"props\":{\"column_gap\":\"large\",\"divider\":true,\"layout\":\"1-3,2-3\",\"width\":\"default\"},\"children\":[{\"type\":\"column\",\"props\":{\"image_position\":\"center-center\",\"position_sticky_breakpoint\":\"m\",\"vertical_align\":\"middle\",\"width_medium\":\"1-3\"},\"children\":[{\"type\":\"image\",\"props\":{\"block_align\":\"center\",\"image\":\"wp-content\\\/uploads\\\/2024\\\/09\\\/sin-bata-square-536-BW.jpg\",\"image_alt\":\"Dr. Alejandro Mazarro - Especialista en Lifting Facial Deep Plane en Barcelona\",\"image_box_decoration\":\"mask\",\"image_box_shadow\":\"small\",\"image_svg_color\":\"emphasis\",\"link\":\"dr-alejandro-mazarro-especialista-en-lifting-facial\\\/\",\"margin\":\"default\",\"maxwidth\":\"medium\"}},{\"type\":\"button\",\"props\":{\"button_size\":\"large\",\"fullwidth\":false,\"grid_column_gap\":\"small\",\"grid_row_gap\":\"small\",\"margin\":\"default\",\"text_align\":\"center\"},\"children\":[{\"type\":\"button_item\",\"props\":{\"button_style\":\"primary\",\"content\":\"Parlons de votre projet\",\"dialog_layout\":\"modal\",\"dialog_offcanvas_flip\":true,\"icon_align\":\"left\",\"link\":\"https:\\\/\\\/api.whatsapp.com\\\/send\\\/?phone=+34644534515&text=Bonjour,%20je%20veux%20prendre%20un%20rendez-vous%20avec%20le%20Dr.%20Mazarro\"}}]}]},{\"type\":\"column\",\"props\":{\"image_position\":\"center-center\",\"position_sticky_breakpoint\":\"m\",\"width_medium\":\"2-3\"},\"children\":[{\"type\":\"text\",\"props\":{\"column_breakpoint\":\"m\",\"content\":\"\n\n<p style=\\\"text-align: center;\\\">Remplissez le formulaire ou contactez-nous par <a href=\\\"https:\\\/\\\/api.whatsapp.com\\\/send\\\/?phone=+34644534515&amp;text=Bonjour,%20je%20veux%20prendre%20un%20rendez-vous%20avec%20le%20Dr.%20Mazarro\\\">WhatsApp<\\\/a> (<a href=\\\"https:\\\/\\\/api.whatsapp.com\\\/send\\\/?phone=+34644534515&amp;text=Bonjour,%20je%20veux%20prendre%20un%20rendez-vous%20avec%20le%20Dr.%20Mazarro\\\">+34 644 534 515<\\\/a>) ou par <a href=\\\"mailto:info@drmazarro.com\\\">e-mail<\\\/a> (<a href=\\\"mailto:info@drmazarro.com\\\">info@drmazarro.com<\\\/a>).<\\\/p>\\n\n\n<p style=\\\"text-align: center;\\\">Vous habitez loin ou pr\\u00e9f\\u00e9rez une <strong>consultation en ligne<\\\/strong>? Contactez-nous et nous vous indiquerons la marche \\u00e0 suivre.<\\\/p>\",\"margin\":\"large\"}},{\"type\":\"html\",\"props\":{\"content\":\"[contact-form-7 id=\\\"e6372b8\\\" title=\\\"Contact-FR\\\"]\"}},{\"type\":\"text\",\"props\":{\"column_breakpoint\":\"m\",\"content\":\"\n\n<p style=\\\"font-size: 8px;\\\">Nous vous informons que les donn\\u00e9es personnelles que vous fournissez en remplissant ce formulaire seront trait\\u00e9es par ALEJANDRO MAZARRO CAMPOS. La finalit\\u00e9 de la collecte et du traitement des donn\\u00e9es personnelles demand\\u00e9es est l'envoi d'informations li\\u00e9es \\u00e0 votre motif de consultation, que ce soit par e-mail, SMS, WhatsApp\\u00ae ou appel t\\u00e9l\\u00e9phonique. Les donn\\u00e9es personnelles et de contact pourront \\u00eatre transmises aux \\u00e9quipes respectives de marketing\\\/service client de la\\\/des clinique(s) o\\u00f9 collabore le Dr Mazarro pour contacter le demandeur. L'utilisateur consent \\u00e9galement \\u00e0 ce que ses coordonn\\u00e9es soient trait\\u00e9es par ALEJANDRO MAZARRO CAMPOS dans le but de l'informer par voie \\u00e9lectronique ou autre sur les nouveaux produits et services li\\u00e9s \\u00e0 son activit\\u00e9 \\u00e0 des fins publicitaires et promotionnelles. En cochant la case d'acceptation, vous donnez votre consentement expr\\u00e8s et l\\u00e9gitime pour que vos donn\\u00e9es soient trait\\u00e9es conform\\u00e9ment aux finalit\\u00e9s de ce formulaire d\\u00e9crites dans la politique de confidentialit\\u00e9. Vous pouvez exercer vos droits d'acc\\u00e8s, de rectification, de limitation et de suppression via l'adresse e-mail info@drmazarro.com.<\\\/p>\",\"margin\":\"default\",\"margin_remove_bottom\":true,\"margin_remove_top\":false,\"text_align\":\"justify\",\"text_style\":\"meta\"},\"name\":\"texto legal formulario\"},{\"type\":\"accordion\",\"props\":{\"collapsible\":true,\"content_column_breakpoint\":\"m\",\"content_margin\":\"small\",\"content_style\":\"meta\",\"image_align\":\"top\",\"image_grid_breakpoint\":\"m\",\"image_grid_width\":\"1-2\",\"image_svg_color\":\"emphasis\",\"link_style\":\"default\",\"link_text\":\"+\",\"show_image\":false,\"show_link\":false},\"children\":[{\"type\":\"accordion_item\",\"props\":{\"content\":\"\n\n<p><strong>Responsable du traitement :<\\\/strong> Alejandro Mazarro Campos.<br \\\/><strong>Finalit\\u00e9 :<\\\/strong> r\\u00e9pondre \\u00e0 votre demande.<br \\\/><strong>Base l\\u00e9gale :<\\\/strong> consentement de l'utilisateur.<br \\\/><strong>Destinataires :<\\\/strong> les donn\\u00e9es que vous nous fournissez seront stock\\u00e9es sur les serveurs de Google Workspace (notre fournisseur de messagerie).<br \\\/><strong>Droits :<\\\/strong> vous pourrez toujours acc\\u00e9der, rectifier, limiter et supprimer vos donn\\u00e9es personnelles.<\\\/p>\",\"title\":\"+\"}}]}]}]}],\"name\":\"2025 - HABLAMOS - FR\"},{\"name\":\"PIDE CITA\",\"type\":\"section\",\"props\":{\"animation\":\"slide-left-medium\",\"id\":\"online\",\"image_position\":\"center-center\",\"image_size\":\"cover\",\"padding\":\"large\",\"status\":\"disabled\",\"style\":\"muted\",\"title_breakpoint\":\"xl\",\"title_position\":\"top-left\",\"title_rotation\":\"left\",\"vertical_align\":\"\",\"width\":\"default\"},\"children\":[{\"type\":\"row\",\"props\":{\"layout\":\"1-3,2-3\"},\"children\":[{\"type\":\"column\",\"props\":{\"image_position\":\"center-center\",\"position_sticky_breakpoint\":\"m\",\"width_medium\":\"1-3\"},\"children\":[{\"type\":\"image\",\"props\":{\"image\":\"wp-content\\\/uploads\\\/photo-1539343915366-4da26f7a1f2c-scaled.jpg\",\"image_box_decoration\":\"mask\",\"image_svg_color\":\"emphasis\",\"margin\":\"default\"}}]},{\"type\":\"column\",\"props\":{\"image_position\":\"center-center\",\"position_sticky_breakpoint\":\"m\",\"vertical_align\":\"middle\",\"width_medium\":\"2-3\"},\"children\":[{\"type\":\"panel\",\"props\":{\"content\":\"\n\n<p>Vives en Madrid o alrededores y quieres que te valore un especialista que se dedica exclusivamente a ayudar a pacientes <strong>como t\\u00fa?<\\\/strong><\\\/p>\\n\n\n<p>Te lo pongo <strong>muy f\\u00e1cil<\\\/strong>.<\\\/p>\\n\n\n<p>Solo necesitas tu tel\\u00e9fono o el ordenador.<\\\/p>\\n\n\n<p><strong>\\u00bfNos ponemos en marcha?<\\\/strong><\\\/p>\\n\n\n<p><\\\/p>\",\"content_column_breakpoint\":\"m\",\"icon_width\":80,\"image_align\":\"top\",\"image_grid_breakpoint\":\"m\",\"image_grid_width\":\"1-2\",\"image_svg_color\":\"emphasis\",\"link\":\"#info\",\"link_style\":\"text\",\"link_text\":\"Recuerda revisar esta informaci\\u00f3n antes de pedir cita\",\"margin\":\"default\",\"meta\":\"Siguientes pasos\",\"meta_align\":\"above-title\",\"meta_color\":\"muted\",\"meta_element\":\"div\",\"meta_style\":\"h5\",\"panel_padding\":\"large\",\"panel_style\":\"card-default\",\"title\":\"Consulta on-line\",\"title_align\":\"top\",\"title_color\":\"primary\",\"title_element\":\"h2\",\"title_grid_breakpoint\":\"m\",\"title_grid_width\":\"1-2\",\"title_hover_style\":\"reset\",\"title_style\":\"h2\"}},{\"type\":\"panel\",\"props\":{\"content\":\"\n\n<p>Te lo pongo <strong>muy f\\u00e1cil<\\\/strong>.<\\\/p>\\n\n\n<p>Ahora puedes conseguir una valoraci\\u00f3n\\u00a0 y un plan de tratamiento personalizado con un especialista que se dedica exclusivamente a ayudar a pacientes <strong>como t\\u00fa<\\\/strong>.<\\\/p>\\n\n\n<p>Solo necesitas tu tel\\u00e9fono o el ordenador.<\\\/p>\\n\n\n<p><strong>\\u00bfNos ponemos en marcha?<\\\/strong><\\\/p>\\n\n\n<p><\\\/p>\",\"content_column_breakpoint\":\"m\",\"icon_width\":80,\"image_align\":\"top\",\"image_grid_breakpoint\":\"m\",\"image_grid_width\":\"1-2\",\"image_svg_color\":\"emphasis\",\"link_style\":\"default\",\"link_text\":\"Read more\",\"margin\":\"default\",\"meta\":\"Siguientes pasos\",\"meta_align\":\"above-title\",\"meta_color\":\"muted\",\"meta_element\":\"div\",\"meta_style\":\"h5\",\"panel_padding\":\"large\",\"panel_style\":\"card-default\",\"status\":\"disabled\",\"title\":\"Consulta on-line\",\"title_align\":\"top\",\"title_color\":\"primary\",\"title_element\":\"h2\",\"title_grid_breakpoint\":\"m\",\"title_grid_width\":\"1-2\",\"title_hover_style\":\"reset\",\"title_style\":\"h2\"}}]}]},{\"type\":\"row\",\"children\":[{\"type\":\"column\",\"props\":{\"image_position\":\"center-center\",\"position_sticky_breakpoint\":\"m\"},\"children\":[{\"type\":\"headline\",\"props\":{\"content\":\"\\u00bfC\\u00f3mo funciona la consulta on-line?\",\"text_align\":\"center\",\"title_element\":\"h3\",\"title_style\":\"h2\"}},{\"type\":\"grid\",\"props\":{\"content_column_breakpoint\":\"m\",\"filter_align\":\"left\",\"filter_all\":true,\"filter_grid_breakpoint\":\"m\",\"filter_grid_width\":\"auto\",\"filter_position\":\"top\",\"filter_style\":\"tab\",\"grid_column_gap\":\"large\",\"grid_default\":\"1\",\"grid_medium\":\"\",\"grid_row_gap\":\"large\",\"grid_small\":\"2\",\"icon_color\":\"muted\",\"icon_width\":\"30\",\"image_align\":\"top\",\"image_grid_breakpoint\":\"m\",\"image_grid_width\":\"1-2\",\"image_svg_animate\":true,\"image_svg_color\":\"muted\",\"image_svg_inline\":true,\"item_animation\":true,\"lightbox_bg_close\":true,\"link_style\":\"text\",\"link_text\":\"Read more\",\"margin\":\"medium\",\"meta_align\":\"below-title\",\"meta_element\":\"div\",\"meta_style\":\"text-meta\",\"parallax_easing\":\"1\",\"show_content\":true,\"show_hover_image\":true,\"show_hover_video\":true,\"show_image\":true,\"show_link\":true,\"show_meta\":true,\"show_title\":true,\"show_video\":true,\"text_align\":\"left\",\"title_align\":\"top\",\"title_element\":\"h3\",\"title_grid_breakpoint\":\"m\",\"title_grid_width\":\"1-2\",\"title_hover_style\":\"reset\",\"title_style\":\"h4\"},\"children\":[{\"type\":\"grid_item\",\"props\":{\"content\":\"\n\n<p>Puedes pedir cita a trav\\u00e9s de <strong>este formulario<\\\/strong> o por <strong>WhatsApp (<a href=\\\"https:\\\/\\\/api.whatsapp.com\\\/send\\\/?phone=+34644534515&amp;text=Hola,%20vivo%20en%20Madrid%20y%20quiero%20programar%20una%20visita%20con%20el%20Dr.%20Mazarro%20para%20valorar%20mi%20caso\\\">644 534 515<\\\/a>)<\\\/strong>.<\\\/p>\",\"icon\":\"phone\",\"image\":\"\",\"link\":\"#formulario\",\"link_text\":\"Ir al formulario\",\"title\":\"1. Pide cita\"}},{\"type\":\"grid_item\",\"props\":{\"content\":\"\n\n<p>Una vez reservemos cita, cu\\u00e9ntame todo sobre tu caso. Necesitar\\u00e9 que me env\\u00edes <strong>fotos<\\\/strong> para poder hacer una valoraci\\u00f3n preliminar y confirmar que seas buena candidata.<\\\/p>\",\"icon\":\"camera\",\"image\":\"\",\"title\":\"2. H\\u00e1blame de tu caso\"}},{\"type\":\"grid_item\",\"props\":{\"content\":\"\n\n<p>Nos reuniremos durante unos <strong>30 minutos<\\\/strong>, preferiblemente mediante videollamada de WhatsApp, para hablar tranquilamente de tu caso.<\\\/p>\",\"icon\":\"users\",\"image\":\"\",\"title\":\"3. Videoconsulta\"}},{\"type\":\"grid_item\",\"props\":{\"content\":\"\n\n<p>Te enviaremos los pasos a seguir para poner en marcha <strong>tu plan de tratamiento<\\\/strong>, que habremos dise\\u00f1ado <strong>juntos<\\\/strong> en la videollamada.<\\\/p>\",\"icon\":\"file-edit\",\"image\":\"\",\"title\":\"4. Tu plan de tratamiento\"}}]}]}]}]}],\"version\":\"4.5.5\"} --><\/p>\n","protected":false},"excerpt":{"rendered":"<p>Lifting du visage \u00e0 Majorque et Minorque Dr. Mazarro &#8211; Expert en Lifting du Visage Barcelona Majorque | Minorque | Ibiza |Formentera Votre reflet ne vous ressemble plus tout \u00e0 fait? Avec le temps, des signes subtils apparaissent : L\u2019ovale du visage perd de sa nettet\u00e9. Un air fatigu\u00e9 ne refl\u00e8te pas votre \u00e9nergie int\u00e9rieure. [&hellip;]<\/p>\n","protected":false},"author":1,"featured_media":26363,"parent":30350,"menu_order":0,"comment_status":"closed","ping_status":"closed","template":"","meta":{"_acf_changed":false,"_monsterinsights_skip_tracking":false,"_monsterinsights_sitenote_active":false,"_monsterinsights_sitenote_note":"","_monsterinsights_sitenote_category":0,"footnotes":""},"class_list":["post-27987","page","type-page","status-publish","has-post-thumbnail","hentry"],"acf":[],"yoast_head":"<!-- This site is optimized with the Yoast SEO plugin v27.3 - https:\/\/yoast.com\/product\/yoast-seo-wordpress\/ -->\n<title>Lifting du visage \u00e0 Majorque et Minorque | Dr. Mazarro - Expert en lifting<\/title>\n<meta name=\"description\" content=\"\u00c0 moins d&#039;une heure de Majorque ou Minorque, confiez votre visage \u00e0 un sp\u00e9cialiste du lifting Deep Plane. R\u00e9sultat naturel et durable.\" \/>\n<meta name=\"robots\" content=\"index, follow, max-snippet:-1, max-image-preview:large, max-video-preview:-1\" \/>\n<link rel=\"canonical\" href=\"https:\/\/drmazarro.com\/fr\/lifting-du-visage\/lifting-du-visage-a-majorque-et-minorque\/\" \/>\n<meta property=\"og:locale\" content=\"fr_FR\" \/>\n<meta property=\"og:type\" content=\"article\" \/>\n<meta property=\"og:title\" content=\"Lifting du visage \u00e0 Majorque et Minorque | Dr. Mazarro - Expert en lifting\" \/>\n<meta property=\"og:description\" content=\"\u00c0 moins d&#039;une heure de Majorque ou Minorque, confiez votre visage \u00e0 un sp\u00e9cialiste du lifting Deep Plane. R\u00e9sultat naturel et durable.\" \/>\n<meta property=\"og:url\" content=\"https:\/\/drmazarro.com\/fr\/lifting-du-visage\/lifting-du-visage-a-majorque-et-minorque\/\" \/>\n<meta property=\"og:site_name\" content=\"Dr. Mazarro\" \/>\n<meta property=\"article:publisher\" content=\"https:\/\/www.facebook.com\/Dr-Mazarro-Cirug%c3%ada-Est%c3%a9tica-Facial-en-Barcelona-101872084913358\/\" \/>\n<meta property=\"article:modified_time\" content=\"2025-09-13T13:05:47+00:00\" \/>\n<meta property=\"og:image\" content=\"https:\/\/drmazarro.com\/wp-content\/uploads\/2024\/09\/sin-bata-square-536-BW.jpg\" \/>\n\t<meta property=\"og:image:width\" content=\"536\" \/>\n\t<meta property=\"og:image:height\" content=\"536\" \/>\n\t<meta property=\"og:image:type\" content=\"image\/jpeg\" \/>\n<meta name=\"twitter:card\" content=\"summary_large_image\" \/>\n<meta name=\"twitter:label1\" content=\"Dur\u00e9e de lecture estim\u00e9e\" \/>\n\t<meta name=\"twitter:data1\" content=\"8 minutes\" \/>\n<!-- \/ Yoast SEO plugin. -->","yoast_head_json":{"title":"Lifting du visage \u00e0 Majorque et Minorque | Dr. Mazarro - Expert en lifting","description":"\u00c0 moins d'une heure de Majorque ou Minorque, confiez votre visage \u00e0 un sp\u00e9cialiste du lifting Deep Plane. R\u00e9sultat naturel et durable.","robots":{"index":"index","follow":"follow","max-snippet":"max-snippet:-1","max-image-preview":"max-image-preview:large","max-video-preview":"max-video-preview:-1"},"canonical":"https:\/\/drmazarro.com\/fr\/lifting-du-visage\/lifting-du-visage-a-majorque-et-minorque\/","og_locale":"fr_FR","og_type":"article","og_title":"Lifting du visage \u00e0 Majorque et Minorque | Dr. Mazarro - Expert en lifting","og_description":"\u00c0 moins d'une heure de Majorque ou Minorque, confiez votre visage \u00e0 un sp\u00e9cialiste du lifting Deep Plane. R\u00e9sultat naturel et durable.","og_url":"https:\/\/drmazarro.com\/fr\/lifting-du-visage\/lifting-du-visage-a-majorque-et-minorque\/","og_site_name":"Dr. Mazarro","article_publisher":"https:\/\/www.facebook.com\/Dr-Mazarro-Cirug%c3%ada-Est%c3%a9tica-Facial-en-Barcelona-101872084913358\/","article_modified_time":"2025-09-13T13:05:47+00:00","og_image":[{"width":536,"height":536,"url":"https:\/\/drmazarro.com\/wp-content\/uploads\/2024\/09\/sin-bata-square-536-BW.jpg","type":"image\/jpeg"}],"twitter_card":"summary_large_image","twitter_misc":{"Dur\u00e9e de lecture estim\u00e9e":"8 minutes"},"schema":{"@context":"https:\/\/schema.org","@graph":[{"@type":"WebPage","@id":"https:\/\/drmazarro.com\/fr\/lifting-du-visage\/lifting-du-visage-a-majorque-et-minorque\/","url":"https:\/\/drmazarro.com\/fr\/lifting-du-visage\/lifting-du-visage-a-majorque-et-minorque\/","name":"Lifting du visage \u00e0 Majorque et Minorque | Dr. Mazarro - Expert en lifting","isPartOf":{"@id":"https:\/\/drmazarro.com\/fr\/#website"},"primaryImageOfPage":{"@id":"https:\/\/drmazarro.com\/fr\/lifting-du-visage\/lifting-du-visage-a-majorque-et-minorque\/#primaryimage"},"image":{"@id":"https:\/\/drmazarro.com\/fr\/lifting-du-visage\/lifting-du-visage-a-majorque-et-minorque\/#primaryimage"},"thumbnailUrl":"https:\/\/drmazarro.com\/wp-content\/uploads\/2024\/09\/sin-bata-square-536-BW.jpg","datePublished":"2025-07-18T10:06:56+00:00","dateModified":"2025-09-13T13:05:47+00:00","description":"\u00c0 moins d'une heure de Majorque ou Minorque, confiez votre visage \u00e0 un sp\u00e9cialiste du lifting Deep Plane. R\u00e9sultat naturel et durable.","breadcrumb":{"@id":"https:\/\/drmazarro.com\/fr\/lifting-du-visage\/lifting-du-visage-a-majorque-et-minorque\/#breadcrumb"},"inLanguage":"fr-FR","potentialAction":[{"@type":"ReadAction","target":["https:\/\/drmazarro.com\/fr\/lifting-du-visage\/lifting-du-visage-a-majorque-et-minorque\/"]}]},{"@type":"ImageObject","inLanguage":"fr-FR","@id":"https:\/\/drmazarro.com\/fr\/lifting-du-visage\/lifting-du-visage-a-majorque-et-minorque\/#primaryimage","url":"https:\/\/drmazarro.com\/wp-content\/uploads\/2024\/09\/sin-bata-square-536-BW.jpg","contentUrl":"https:\/\/drmazarro.com\/wp-content\/uploads\/2024\/09\/sin-bata-square-536-BW.jpg","width":536,"height":536,"caption":"Dr Mazarro - Especialista en lifting Facial"},{"@type":"BreadcrumbList","@id":"https:\/\/drmazarro.com\/fr\/lifting-du-visage\/lifting-du-visage-a-majorque-et-minorque\/#breadcrumb","itemListElement":[{"@type":"ListItem","position":1,"name":"Portada","item":"https:\/\/drmazarro.com\/fr\/"},{"@type":"ListItem","position":2,"name":"Lifting du Visage et du Cou \u00e0 Barcelone | Dr. Mazarro &#8211; Sp\u00e9cialiste","item":"https:\/\/drmazarro.com\/fr\/facelift\/"},{"@type":"ListItem","position":3,"name":"Lifting du visage \u00e0 Majorque et Minorque"}]},{"@type":"WebSite","@id":"https:\/\/drmazarro.com\/fr\/#website","url":"https:\/\/drmazarro.com\/fr\/","name":"Dr. Mazarro","description":"Cirug\u00eda y Medicina Est\u00e9tica Facial en Barcelona","publisher":{"@id":"https:\/\/drmazarro.com\/fr\/#organization"},"potentialAction":[{"@type":"SearchAction","target":{"@type":"EntryPoint","urlTemplate":"https:\/\/drmazarro.com\/fr\/?s={search_term_string}"},"query-input":{"@type":"PropertyValueSpecification","valueRequired":true,"valueName":"search_term_string"}}],"inLanguage":"fr-FR"},{"@type":"Organization","@id":"https:\/\/drmazarro.com\/fr\/#organization","name":"Dr. Mazarro","url":"https:\/\/drmazarro.com\/fr\/","logo":{"@type":"ImageObject","inLanguage":"fr-FR","@id":"https:\/\/drmazarro.com\/fr\/#\/schema\/logo\/image\/","url":"https:\/\/drmazarro.com\/wp-content\/uploads\/2024\/03\/AM-576.png","contentUrl":"https:\/\/drmazarro.com\/wp-content\/uploads\/2024\/03\/AM-576.png","width":576,"height":576,"caption":"Dr. Mazarro"},"image":{"@id":"https:\/\/drmazarro.com\/fr\/#\/schema\/logo\/image\/"},"sameAs":["https:\/\/www.facebook.com\/Dr-Mazarro-Cirug\u00eda-Est\u00e9tica-Facial-en-Barcelona-101872084913358\/","https:\/\/www.instagram.com\/drmazarro_alejandro\/"]}]}},"_links":{"self":[{"href":"https:\/\/drmazarro.com\/fr\/wp-json\/wp\/v2\/pages\/27987","targetHints":{"allow":["GET"]}}],"collection":[{"href":"https:\/\/drmazarro.com\/fr\/wp-json\/wp\/v2\/pages"}],"about":[{"href":"https:\/\/drmazarro.com\/fr\/wp-json\/wp\/v2\/types\/page"}],"author":[{"embeddable":true,"href":"https:\/\/drmazarro.com\/fr\/wp-json\/wp\/v2\/users\/1"}],"replies":[{"embeddable":true,"href":"https:\/\/drmazarro.com\/fr\/wp-json\/wp\/v2\/comments?post=27987"}],"version-history":[{"count":38,"href":"https:\/\/drmazarro.com\/fr\/wp-json\/wp\/v2\/pages\/27987\/revisions"}],"predecessor-version":[{"id":31415,"href":"https:\/\/drmazarro.com\/fr\/wp-json\/wp\/v2\/pages\/27987\/revisions\/31415"}],"up":[{"embeddable":true,"href":"https:\/\/drmazarro.com\/fr\/wp-json\/wp\/v2\/pages\/30350"}],"wp:featuredmedia":[{"embeddable":true,"href":"https:\/\/drmazarro.com\/fr\/wp-json\/wp\/v2\/media\/26363"}],"wp:attachment":[{"href":"https:\/\/drmazarro.com\/fr\/wp-json\/wp\/v2\/media?parent=27987"}],"curies":[{"name":"wp","href":"https:\/\/api.w.org\/{rel}","templated":true}]}}