{"id":27788,"date":"2025-06-21T22:00:34","date_gmt":"2025-06-21T20:00:34","guid":{"rendered":"https:\/\/drmazarro.com\/postoperatorio-lifting-facial\/"},"modified":"2025-09-14T16:29:32","modified_gmt":"2025-09-14T14:29:32","slug":"postoperatoire","status":"publish","type":"page","link":"https:\/\/drmazarro.com\/fr\/deep-plane\/postoperatoire\/","title":{"rendered":"Lifting du Visage Post-Op\u00e9ratoire Barcelone"},"content":{"rendered":"<h1>\n<p>Post-Op\u00e9ratoire du Lifting du Visage Deep Plane: Guide Complet de R\u00e9cup\u00e9ration<\/p>\n<\/h1>\n<hr>\n<div>\n<p>Vous vous demandez \u00e0 quoi ressemblera votre r\u00e9cup\u00e9ration apr\u00e8s un lifting du visage ? En tant que\u00a0<a href=\"https:\/\/drmazarro.com\/fr\/specialiste-du-lifting-du-visage-et-du-cou-a-barcelone\/\">sp\u00e9cialiste en lifting du visage<\/a>\u00a0<strong>depuis 2016<\/strong>, je vous explique \u00e9tape par \u00e9tape ce \u00e0 quoi vous attendre pendant votre post-op\u00e9ratoire de lifting du visage.<\/p>\n<\/div>\n<hr>\n<ul>\n<li>\n<p><a href=\"#postopdeep\">Postoperatorio de un Lifting Deep Plane<\/a><\/p>\n<\/li>\n<li>\n<p><a href=\"#postpreservation\">Postoperatorio de un lifting de Preservaci\u00f3n<\/a><\/p>\n<\/li>\n<li>\n<p><a href=\"#diferencias\">Lifting tradicional vs Deep Plane<\/a><\/p>\n<\/li>\n<li>\n<p><a href=\"#pasoapaso\">Recuperaci\u00f3n paso a paso<\/a><\/p>\n<\/li>\n<li>\n<p><a href=\"#casoreal\">Caso real<\/a><\/p>\n<\/li>\n<li>\n<p><a href=\"#pidecita\">Pide cita<\/a><\/p>\n<\/li>\n<\/ul>\n<hr>\n<div>\n<p style=\"text-align: center;\"><a href=\"https:\/\/drmazarro.com\/fr\/deep-plane\/\">Le lifting Deep Plane<\/a>, et particuli\u00e8rement sa variante la plus avanc\u00e9e, <a href=\"https:\/\/drmazarro.com\/fr\/deep-plane\/lifting-preservation\/\">le\u00a0<strong>Preservation Facelift<\/strong><\/a>, permet une r\u00e9cup\u00e9ration significativement plus rapide et plus confortable que les techniques traditionnelles.<\/p>\n<p style=\"text-align: center;\">En effet, alors qu\u2019un lifting traditionnel n\u00e9cessiterait\u00a0<strong>4 \u00e0 6 semaines<\/strong>\u00a0pour revenir \u00e0 votre vie normale, je peux vous aider \u00e0 \u00eatre de retour en\u00a0<strong>15-20 jours<\/strong>.<\/p>\n<p style=\"text-align: center;\"><strong>Sans bandages inconfortables et sans douleur.<\/strong><\/p>\n<p style=\"text-align: center;\">Avec la\u00a0<strong>confiance<\/strong>\u00a0d\u2019\u00eatre entre les mains d\u2019un\u00a0<strong>sp\u00e9cialiste<\/strong>\u00a0avec pr\u00e8s de 10 ans d\u2019exp\u00e9rience d\u00e9di\u00e9 au lifting du visage et des centaines de cas \u00e0 son actif.<\/p>\n<p style=\"text-align: center;\"><strong>Je vous d\u00e9taille tout le processus\u00a0<\/strong><\/p>\n<\/div>\n<h2>\n<p class=\"MsoNormal\"><span lang=\"EN-GB\" style=\"mso-ansi-language: EN-GB;\">Post-Op\u00e9ratoire\u00a0<i>Preservation\u00a0<\/i>Deep Plane : la r\u00e9cup\u00e9ration la plus rapide<\/span><\/p>\n<\/h2>\n<h3>\n<p class=\"MsoNormal\"><span lang=\"EN-GB\" style=\"mso-ansi-language: EN-GB;\">Postop\u00e9ratoire du Lifting Deep Plane<\/span><\/p>\n<\/h3>\n<div>\n<p>Le post-op\u00e9ratoire d\u2019un lifting Deep Plane est, en r\u00e8gle g\u00e9n\u00e9rale, meilleur que celui d\u2019un lifting classique.<\/p>\n<p><strong>Pourquoi ?<\/strong><\/p>\n<p>Parce que le plan profond dans lequel travaille un lifting Deep Plane est ce que l\u2019on appelle\u00a0<strong>un plan de glissement naturel<\/strong>.<\/p>\n<p>En d\u2019autres termes: la mobilit\u00e9 du visage est possible gr\u00e2ce au mouvement d\u2019une couche de tissus\u00a0<strong>\u00ab\u00a0mobiles\u00a0\u00bb<\/strong>\u00a0par rapport \u00e0 une couche de tissus\u00a0<strong>\u00abfixes\u00bb<\/strong>.<\/p>\n<p>En travaillant dans cet espace de mouvement naturel, <a href=\"https:\/\/drmazarro.com\/fr\/deep-plane\/\">le lifting Deep Plane est anatomiquement\u00a0<strong>plus respectueux<\/strong><\/a>\u00a0que les techniques classiques, o\u00f9 il y a un d\u00e9collement agressif de la peau.<\/p>\n<\/div>\n<h3>\n<p class=\"MsoNormal\"><i><span lang=\"EN-GB\" style=\"mso-ansi-language: EN-GB;\">Preservation<\/span><\/i><span lang=\"EN-GB\" style=\"mso-ansi-language: EN-GB;\">\u00a0Deep Plane: La Technique la plus Avanc\u00e9e<\/span><\/p>\n<\/h3>\n<div>\n<p class=\"MsoNormal\"><span lang=\"EN-GB\" style=\"mso-ansi-language: EN-GB;\">Depuis 2 ans, j\u2019applique dans mon cabinet la variante la plus avanc\u00e9e du Deep Plane:\u00a0<b>le <a href=\"https:\/\/drmazarro.com\/fr\/specialiste-du-lifting-du-visage-et-du-cou-a-barcelone\/lifting-preservation\/\">Preservation Facelift<\/a><\/b>.<o:p><\/o:p><\/span><\/p>\n<p class=\"MsoNormal\"><span lang=\"EN-GB\" style=\"mso-ansi-language: EN-GB;\">Cette technique permet de limiter encore davantage le travail sous-cutan\u00e9, en respectant davantage l\u2019union des structures anatomiques (peau et SMAS), ce qui se traduit par:<o:p><\/o:p><\/span><\/p>\n<ul style=\"margin-top: 0cm;\" type=\"disc\">\n<li class=\"MsoNormal\" style=\"mso-list: l0 level1 lfo1; tab-stops: list 36.0pt;\"><b>Moins de traumatisme chirurgical<\/b><o:p><\/o:p><\/li>\n<li class=\"MsoNormal\" style=\"mso-list: l0 level1 lfo1; tab-stops: list 36.0pt;\"><b>Moins d\u2019inflammation post-op\u00e9ratoire<\/b><o:p><\/o:p><\/li>\n<li class=\"MsoNormal\" style=\"mso-list: l0 level1 lfo1; tab-stops: list 36.0pt;\"><b>R\u00e9cup\u00e9ration plus rapide<\/b><o:p><\/o:p><\/li>\n<li class=\"MsoNormal\" style=\"mso-list: l0 level1 lfo1; tab-stops: list 36.0pt;\"><b>R\u00e9sultats plus naturels et durables<\/b><o:p><\/o:p><\/li>\n<li class=\"MsoNormal\" style=\"mso-list: l0 level1 lfo1; tab-stops: list 36.0pt;\"><b>Moins de risques de saignement<\/b><o:p><\/o:p><\/li>\n<\/ul>\n<p class=\"MsoNormal\"><span lang=\"EN-GB\" style=\"mso-ansi-language: EN-GB;\">Le\u00a0<i>Preservation<\/i>\u00a0Deep Plane respecte non seulement l\u2019anatomie naturelle, mais l\u2019optimise <a href=\"https:\/\/drmazarro.com\/fr\/deep-plane\/lifting-preservation\/\">pour\u00a0<b>acc\u00e9l\u00e9rer votre r\u00e9cup\u00e9ration<\/b><\/a>.<\/span><\/p>\n<\/div>\n<p><p>\n        <a href=\"\/fr\/specialiste-du-lifting-du-visage-et-du-cou-a-barcelone\/lifting-preservation\/\">Lifting de Pr\u00e9servation: le guide complet<\/a>\n    <\/p>\n<\/p>\n<hr>\n<h3>\n<p class=\"MsoNormal\"><b>Qu\u2019est-ce que cela signifie pour votre r\u00e9cup\u00e9ration ?<\/b><\/p>\n<\/h3>\n<div>\n<p class=\"MsoNormal\"><b>Lifting traditionnel :<\/b><o:p><\/o:p><\/p>\n<p>D\u00e9collement agressif de la peau<br \/><o:p><\/o:p>Plus de traumatisme et d&rsquo;inflammation<br \/><o:p><\/o:p>4 \u00e0 6 semaines de r\u00e9cup\u00e9ration<br \/><o:p><\/o:p>Douleur significative<o:p><\/o:p><\/p>\n<p class=\"MsoNormal\"><b><span lang=\"EN-GB\" style=\"mso-ansi-language: EN-GB;\">Preservation Deep Plane (ma technique) :<\/span><\/b><span lang=\"EN-GB\" style=\"mso-ansi-language: EN-GB;\"><o:p><\/o:p><\/span><\/p>\n<p><span lang=\"EN-GB\" style=\"mso-ansi-language: EN-GB;\">Travail sur des plans anatomiques naturels<br \/><\/span>Traumatisme chirurgical minimal<br \/>15 \u00e0 20 jours de r\u00e9cup\u00e9ration<br \/>Post-op\u00e9ratoire de lifting pratiquement sans douleur<\/p>\n<\/p>\n<p class=\"MsoNormal\">Depuis que j&rsquo;applique cette technique, non seulement elle a r\u00e9duit de mani\u00e8re drastique <strong>le temps de r\u00e9cup\u00e9ration<\/strong> de mes patients, mais j&rsquo;ai m\u00eame pu diminuer la prescription d&rsquo;analg\u00e9siques post-op\u00e9ratoires.<o:p><\/o:p><\/p>\n<p class=\"MsoNormal\"><span lang=\"EN-GB\" style=\"mso-ansi-language: EN-GB;\">Avec le lifting SMAS (traditionnel), j&rsquo;avais besoin d&rsquo;Enantyum, Nolotil et d\u2019autres antalgiques puissants.<o:p><\/o:p><\/span><\/p>\n<p class=\"MsoNormal\"><b>Aujourd&rsquo;hui ?<\/b><o:p><\/o:p><\/p>\n<p class=\"MsoNormal\">Que du <strong><\/strong><em><strong>Parac\u00e9tamol.<\/strong><\/em><o:p><\/o:p><\/p>\n<\/div>\n<h2>\n<p class=\"MsoNormal\"><span lang=\"EN-GB\">La R\u00e9cup\u00e9ration du Lifting du Visage Deep Plane \u00c9tape par \u00c9tape<\/span><\/p>\n<\/h2>\n<ul>\n<li>\n<h3>Le jour de la chirurgie<\/h3>\n<div>\n<h3>Le jour de la chirurgie<\/h3>\n<ul>\n<li>Vous arrivez \u00e0 <strong>l\u2019h\u00f4pital<\/strong> t\u00f4t le matin (\u00e0 jeun, bien s\u00fbr !).<\/li>\n<li>Nous nous verrons <strong>avant l\u2019intervention.<\/strong> Nous aurons d\u00e9j\u00e0 r\u00e9gl\u00e9 toutes vos questions lors de la consultation pr\u00e9op\u00e9ratoire, mais il nous reste quelque chose de fondamental : le marquage chirurgical.<\/li>\n<li>Votre <strong>anesth\u00e9siste<\/strong> viendra vous voir et vous pr\u00e9-m\u00e9diquera pour que vous soyez 100 % d\u00e9tendu(e).<\/li>\n<li>Toute l\u2019\u00e9quipe chirurgicale sera concentr\u00e9e sur vous avec <strong>un protocole anesth\u00e9sique<\/strong> sp\u00e9cialement con\u00e7u pour que vous passiez une p\u00e9riode d\u2019endormissement paisible et un <strong>r\u00e9veil en douceur<\/strong>.<\/li>\n<li>Vous avez l\u2019habitude de ressentir des naus\u00e9es ou des maux de t\u00eate apr\u00e8s une anesth\u00e9sie g\u00e9n\u00e9rale? <strong>Oubliez<\/strong> tout \u00e7a gr\u00e2ce \u00e0 notre protocole anesth\u00e9sique !<\/li>\n<li>Une fois l\u2019intervention termin\u00e9e, vous serez transf\u00e9r\u00e9(e) dans l\u2019unit\u00e9 de r\u00e9cup\u00e9ration post-anesth\u00e9sique. Apr\u00e8s un petit moment, vous irez dans <strong>votre chambre<\/strong>, o\u00f9 une <strong>infirmi\u00e8re<\/strong> sera \u00e0 votre disposition.<\/li>\n<\/ul>\n<\/div>\n<\/li>\n<li>\n<h3>Le jour suivant<\/h3>\n<div>\n<h3>Le jour suivant<\/h3>\n<ul>\n<li>Nous nous verrons le matin suivant.<\/li>\n<li>Nous retirerons le <strong>pansement<\/strong> (uniquement pour la premi\u00e8re nuit) et, si des drains ont \u00e9t\u00e9 utilis\u00e9s, nous les retirerons \u00e9galement.<\/li>\n<li>Oui, gr\u00e2ce au <strong>Preservation Facelift<\/strong>, vous rentrez chez vous <strong>sans pansement<\/strong>!<\/li>\n<\/ul>\n<\/div>\n<\/li>\n<li>\n<h3>La Premi\u00e8re Semaine<\/h3>\n<div>\n<h3><strong>La Premi\u00e8re Semaine<\/strong><\/h3>\n<ul>\n<li>Pendant les premiers jours, les <strong>bleus<\/strong> et l\u2019enflure commenceront \u00e0 appara\u00eetre: c\u2019est une partie <strong>naturelle<\/strong> du processus.<\/li>\n<li>Pour faciliter votre r\u00e9cup\u00e9ration, il est important de marcher d\u00e8s le premier jour,<br \/>tant que vous \u00e9vitez l\u2019exposition au soleil.<\/li>\n<li>Vous devrez r\u00e9aliser <strong>des soins<\/strong> \u00e0 domicile simples: bien plus faciles que ce que vous imaginez.<\/li>\n<li>Nous programmerons aussi des <strong>visites de contr\u00f4le<\/strong> pour nous assurer que tout se passe bien et r\u00e9pondre aux questions qui pourraient surgir.<\/li>\n<\/ul>\n<\/div>\n<\/li>\n<li>\n<h3>10-15 jours : Le Point de Bascule<\/h3>\n<div>\n<h3>10-15 jours: le point de bascule<\/h3>\n<p>Les premiers <strong>10 jours<\/strong> sont les plus importants.<\/p>\n<p>Apr\u00e8s cette p\u00e9riode, l\u2019\u00e9volution est variable d\u2019un patient \u00e0 l\u2019autre (chaque cas \u00e9tant unique), mais en g\u00e9n\u00e9ral :<\/p>\n<ul>\n<li>Vous commencerez \u00e0 entrevoir les r\u00e9sultats, ce qui donne un r\u00e9el coup de boost \u00e0 votre moral !<\/li>\n<li>La sensation de tiraillement diminuera.<\/li>\n<li>Bien que vous puissiez encore avoir la sensation d\u2019avoir le visage <strong>engourdi<\/strong> (ce qui est normal et dure quelques semaines de plus), vous vous sentirez d\u00e9j\u00e0 bien mieux.<\/li>\n<\/ul>\n<ul><\/ul>\n<ul><\/ul>\n<\/div>\n<\/li>\n<li>\n<h3>15-20 jours : Retour \u00e0 la Vie Normale<\/h3>\n<div>\n<h3><strong>15-20 jours : Retour \u00e0 la Vie Normale<\/strong><\/h3>\n<p>Bien que vous ne puissiez toujours pas faire de sport, vous pouvez d\u00e9j\u00e0 :<\/p>\n<ul>\n<li>Reprendre le travail<\/li>\n<li>Reprendre vos contacts sociaux<\/li>\n<\/ul>\n<ul><\/ul>\n<\/div>\n<\/li>\n<li>\n<h3>1 mois: le moment de profiter des r\u00e9sultats<\/h3>\n<div>\n<h3><strong>1 mois: le moment de profiter des r\u00e9sultats<\/strong><\/h3>\n<p>Les r\u00e9sultats prennent environ <strong>6 mois<\/strong> pour se stabiliser.<\/p>\n<p>Cependant, au bout d\u2019un mois, l\u2019enflure aura disparu \u00e0 <strong>90 %<\/strong>.<\/p>\n<p>N\u2019oubliez pas que le cou met toujours un peu plus de temps \u00e0 se stabiliser, et que l\u2019\u00e9volution des cicatrices d\u00e9pend beaucoup de chaque patient, mais elles sont facilement dissimulables avec du maquillage.<\/p>\n<ul><\/ul>\n<\/div>\n<\/li>\n<li>\n<h3>3-6 mois: le r\u00e9sultat final<\/h3>\n<div>\n<h3><strong>3-6 mois: le r\u00e9sultat final<\/strong><\/h3>\n<p>Je reconnais que la phase de<strong> 1 \u00e0 3 mois<\/strong> est souvent la plus difficile : nous avons bien avanc\u00e9, mais le r\u00e9sultat final n\u2019est pas encore l\u00e0.<\/p>\n<p>Et c\u2019est frustrant.<\/p>\n<p>C\u2019est pourquoi nous serons toujours l\u00e0 pour vous soutenir.<\/p>\n<p>Lorsque les <strong>3-6 mois<\/strong> arriveront, ce sera le moment de :<\/p>\n<ul>\n<li>Avoir des <strong>cicatrices<\/strong> pratiquement invisibles<\/li>\n<li>Profiter du <strong>r\u00e9sultat<\/strong> d\u00e9finitif<\/li>\n<li>Voir les tissus totalement adapt\u00e9s \u00e0 leur nouvelle position<\/li>\n<li>\u00catre pleinement satisfait(e) : vous serez \u00e9tonn\u00e9(e) de ne pas vous reconna\u00eetre sur les photos d\u2019avant !<\/li>\n<\/ul>\n<p>Le moment tant attendu est arriv\u00e9:<\/p>\n<p>Vous vous regarderez dans le miroir et vous direz :<br \/><strong><br \/><\/strong><em>\u00abC\u2019est moi, mais avec quelques ann\u00e9es de moins!\u00bb<\/em><\/p>\n<p>Les autres vous verront et vous diront :<br \/><strong><br \/><\/strong><em>\u00abVous avez une super mine, vous semblez rajeunie!\u00bb<\/em><\/p>\n<ul><\/ul>\n<\/div>\n<\/li>\n<\/ul>\n<p><p>\n        <a href=\"https:\/\/api.whatsapp.com\/send\/?phone=+34644534515&#038;text=Bonjour,%20je%20veux%20prendre%20un%20rendez-vous%20avec%20le%20Dr.%20Mazarro\">Cliquez ici pour consulter votre cas !<\/a>\n    <\/p>\n<\/p>\n<div>\n<p>        <img decoding=\"async\" src=\"\/wp-content\/uploads\/teddy-teddy-bear-association-ill-42230-scaled.jpeg\" alt=\"Acompa\u00f1amiento postoperatorio lifting Deep Plane Barcelona Dr Mazarro\"><\/p>\n<div>Un protocole de suivi personnalis\u00e9<\/div>\n<p>Nous serons \u00e0 vos c\u00f4t\u00e9s pendant toute votre r\u00e9cup\u00e9ration.<\/p>\n<div>\n<p class=\"MsoNormal\"><span lang=\"EN-GB\" style=\"mso-ansi-language: EN-GB;\">Nous savons qu\u2019il est important de se sentir accompagn\u00e9 pendant votre post-op\u00e9ratoire de lifting du visage. <\/span>C&rsquo;est pourquoi vous b\u00e9n\u00e9ficierez de :<o:p><\/o:p><\/p>\n<ul style=\"margin-top: 0cm;\" type=\"disc\">\n<li class=\"MsoNormal\" style=\"mso-list: l0 level1 lfo1; tab-stops: list 36.0pt;\"><b>Disponibilit\u00e9 24\/7 <\/b>pour toute question urgente pendant votre r\u00e9cup\u00e9ration<o:p><\/o:p><\/li>\n<li class=\"MsoNormal\" style=\"mso-list: l0 level1 lfo1; tab-stops: list 36.0pt;\"><b>Suivi personnalis\u00e9 <\/b>et r\u00e9visions programm\u00e9es selon votre cas sp\u00e9cifique<o:p><\/o:p><\/li>\n<li class=\"MsoNormal\" style=\"mso-list: l0 level1 lfo1; tab-stops: list 36.0pt;\"><b>Communication directe <\/b>via WhatsApp<o:p><\/o:p><\/li>\n<\/ul>\n<p class=\"MsoNormal\">Et le plus important:<\/p>\n<p>La <b>tranquillit\u00e9 d\u2019esprit <\/b>d&rsquo;\u00eatre entre les mains d&rsquo;une \u00e9quipe avec plus de <b>9 ans d&rsquo;exp\u00e9rience <\/b>en tant que <b>sp\u00e9cialistes du lifting du visage<\/b>.<\/p>\n<\/div>\n<\/div>\n<h2>Postop\u00e9ratoire du lifting facial Deep Plane: chronologie<br \/>\n<\/h2>\n<div>\n<style>\n.table-responsive {\n  overflow-x: auto;\n  -webkit-overflow-scrolling: touch;\n  margin-top: 20px;\n}\n.table-responsive table {\n  width: 100%;\n  border-collapse: collapse;\n  min-width: 700px;\n  font-size: 0.9em;\n  font-family: Arial, sans-serif;\n}\n.table-responsive th {\n  background-color: #f7f7f7;\n  font-weight: bold;\n  text-align: center;\n  padding: 12px;\n  border-bottom: 2px solid #ddd;\n}\n.table-responsive td {\n  padding: 12px;\n  border-bottom: 1px solid #eee;\n  vertical-align: top;\n  text-align: center;\n}\n.table-responsive tr:hover {\n  background-color: #fafafa;\n}\n<\/style>\n<div class=\"table-responsive\">\n<table class=\"tabla-postoperatorio\">\n<thead>\n<tr>\n<th>Temps<\/th>\n<th>R\u00e9cup\u00e9ration et recommandations<\/th>\n<\/tr>\n<\/thead>\n<tbody>\n<tr>\n<td>24-48h<\/td>\n<td>G\u00eanes l\u00e9g\u00e8res et sensation de tiraillement. Apparition de l&rsquo;inflammation initiale et des h\u00e9matomes. Retrait du drainage ; repos relatif \u00e0 domicile, sans pansement.<\/td>\n<\/tr>\n<tr>\n<td>1 semaine<\/td>\n<td>Repos relatif \u00e0 domicile, soins simples et un peu de patience pour que disparaissent les ecchymoses et l&rsquo;inflammation.<\/td>\n<\/tr>\n<tr>\n<td>10-15 jours<\/td>\n<td>L&rsquo;inflammation diminue sensiblement et vous commencez \u00e0 entrevoir le r\u00e9sultat que nous obtiendrons. Inflammation plus ma\u00eetris\u00e9e. La sensation de tiraillement diminue mais le visage reste engourdi.<\/td>\n<\/tr>\n<tr>\n<td>15-20 jours<\/td>\n<td>R\u00e9sultats plus \u00e9vidents. Reprise du travail \/ contact social, bien que les signes de la chirurgie n&rsquo;aient pas disparu.<\/td>\n<\/tr>\n<tr>\n<td>1 mois<\/td>\n<td>Nous atteignons 90% du r\u00e9sultat : le tiraillement est discret et vous menez une vie normale depuis plusieurs jours. Il ne reste plus qu&rsquo;\u00e0 faire dispara\u00eetre les cicatrices.<\/td>\n<\/tr>\n<tr>\n<td>6 mois<\/td>\n<td>Le r\u00e9sultat se stabilise. Les cicatrices m\u00fbrissent et l&rsquo;aspect est naturel et d\u00e9fini.<\/td>\n<\/tr>\n<\/tbody>\n<\/table>\n<\/div>\n<\/div>\n<h2>Que faut-il \u00e9viter pendant la r\u00e9cup\u00e9ration apr\u00e8s un Lifting du Visage Deep Plane ?<\/h2>\n<h3>\n<p><strong>Les 15 premiers jours : Restrictions minimales<\/strong><\/p>\n<\/h3>\n<div>\n<div>\n<p>Contrairement au lifting traditionnel, avec la technique Deep Plane, les limitations sont moindres :<\/p>\n<ul>\n<li><strong>Repos relatif<\/strong> : Pas de repos absolu comme avec les techniques classiques<\/li>\n<li><strong>Activit\u00e9s quotidiennes autoris\u00e9es<\/strong> : Marche, t\u00e2ches m\u00e9nag\u00e8res l\u00e9g\u00e8res<\/li>\n<li><strong>Pas de pansements inconfortables<\/strong> : Seulement des soins pour la zone de drainage pendant les premi\u00e8res 24 heures<\/li>\n<li><strong>Mobilit\u00e9 faciale progressive<\/strong> : \u00c9vitez les gestes exag\u00e9r\u00e9s, mais vous pouvez parler normalement<\/li>\n<li><strong>Alimentation normale<\/strong> : Bien que vous ressentiez de la tension en mastiquant, vous pouvez manger normalement. Il est cependant important de bien vous nourrir pour permettre \u00e0 votre corps de gu\u00e9rir correctement.<\/li>\n<\/ul>\n<\/div>\n<\/div>\n<h3>\n<p class=\"MsoNormal\"><b><span lang=\"EN-GB\" style=\"mso-ansi-language: EN-GB;\">Activit\u00e9s physiques \u00e0 \u00e9viter apr\u00e8s un lifting<\/span><\/b><\/p>\n<\/h3>\n<div>\n<p class=\"MsoNormal\"><span lang=\"EN-GB\">Pendant le premier mois, vous devez \u00e9viter :<o:p><\/o:p><\/span><\/p>\n<ul style=\"margin-top: 0cm;\" type=\"disc\">\n<li class=\"MsoNormal\"><b><span lang=\"EN-GB\">Exercice intense<\/span><\/b><span lang=\"EN-GB\"> : Salle de sport, course \u00e0 pied, sports de contact<o:p><\/o:p><\/span><\/li>\n<li class=\"MsoNormal\"><b>Soulever des poids<\/b> : \u00c9vitez de soulever plus de 5 kg<o:p><\/o:p><\/li>\n<li class=\"MsoNormal\"><b>Activit\u00e9s qui augmentent la pression<\/b> : Yoga invers\u00e9, pilates intense<o:p><\/o:p><\/li>\n<li class=\"MsoNormal\"><b>Sports \u00e0 risque<\/b> : Ceux qui pourraient entra\u00eener des chocs sur le visage<o:p><\/o:p><\/li>\n<\/ul>\n<p class=\"MsoNormal\">Le post-op\u00e9ratoire du <b>Lifting du Visage Deep Plane<\/b> est tellement supportable que vous voudrez revenir \u00e0 votre vie habituelle plus t\u00f4t que pr\u00e9vu.<\/p>\n<p class=\"MsoNormal\">Il vous faudra un peu de patience, mais nous serons \u00e0 votre c\u00f4t\u00e9 pour vous rappeler ce que vous pouvez faire et ce qu\u2019il faut \u00e9viter.<\/p>\n<\/div>\n<hr>\n<h3>\n<p>\u00c9vitez absolument<\/p>\n<\/h3>\n<div>\n<p><strong>Fumer<\/strong> : Retarde consid\u00e9rablement la cicatrisation (facteur critique)<\/p>\n<p><strong>L\u2019alcool en exc\u00e8s<\/strong> : Interf\u00e8re avec la r\u00e9cup\u00e9ration naturelle<\/p>\n<p><strong>Stress excessif<\/strong> : Affecte n\u00e9gativement le processus de gu\u00e9rison<\/p>\n<\/div>\n<h3>\n<p><span>\u00c9vitez absolument<\/span><\/p>\n<\/h3>\n<div>\n<p><strong>Fumer<\/strong> : Retarde consid\u00e9rablement la cicatrisation (facteur critique)<\/p>\n<p><strong>L\u2019alcool en exc\u00e8s<\/strong> : Interf\u00e8re avec la r\u00e9cup\u00e9ration naturelle<\/p>\n<p><strong>Stress excessif<\/strong> : Affecte n\u00e9gativement le processus de gu\u00e9rison<\/p>\n<\/div>\n<h2>\n<p>R\u00e9cup\u00e9ration Preservation Deep Plane Facelift : L\u2019histoire d\u2019un cas r\u00e9el<\/p>\n<\/h2>\n<hr>\n<p><p>\n        <a href=\"#casoantesdespues\">Je veux voir les photos directement<\/a>\n    <\/p>\n<\/p>\n<h3>\n<p><em>\u00ab\u00a0J\u2019ai pris un avion pour \u00eatre entre les meilleures mains\u00a0\u00bb<\/em><\/p>\n<\/h3>\n<div>\n<p>Apr\u00e8s pr\u00e8s de 10 ans consacr\u00e9s exclusivement \u00e0 la chirurgie du lifting du visage et des centaines de cas r\u00e9alis\u00e9s, de nombreux patients d\u00e9cident de voyager loin de leur ville pour se faire op\u00e9rer avec moi.<\/p>\n<p class=\"MsoNormal\">Carmen avait <strong>55 ans<\/strong> lorsqu\u2019elle d\u00e9cida que le moment \u00e9tait arriv\u00e9.<\/p>\n<p class=\"MsoNormal\">Apr\u00e8s plusieurs mois de recherches, elle en arriva \u00e0 une conclusion: elle voulait le meilleur r\u00e9sultat et n\u2019h\u00e9sitait pas \u00e0 prendre un avion pour avoir la tranquillit\u00e9 d\u2019esprit de se faire op\u00e9rer par le meilleur sp\u00e9cialiste.<\/p>\n<p class=\"MsoNormal\"><b>\u00ab\u00a0Docteur, j\u2019ai beaucoup \u00e9tudi\u00e9 et il est clair que vous \u00eates le sp\u00e9cialiste dont j\u2019ai besoin\u00a0\u00bb<\/b>, m\u2019a-t-elle dit lors de notre premi\u00e8re vid\u00e9oconf\u00e9rence.<o:p><\/o:p><\/p>\n<\/div>\n<h3>\n<p class=\"MsoNormal\"><span lang=\"EN-GB\"><i>Le plan : Preservation Deep Plane personnalis\u00e9<\/i><\/span><\/p>\n<\/h3>\n<div>\n<div class=\"mb-2 whitespace-pre-line last:mb-0\">\n<p>Apr\u00e8s nous \u00eatre rencontr\u00e9s et avoir compris exactement ce qu\u2019elle recherchait, j\u2019ai su <strong>tout de suite<\/strong> ce qu\u2019il lui fallait pour atteindre <strong>ses objectifs<\/strong>.<\/p>\n<p>Apr\u00e8s lui avoir expliqu\u00e9 ce qu&rsquo;\u00e9tait <a href=\"https:\/\/drmazarro.com\/fr\/deep-plane\/lifting-preservation\/\"><strong>un lifting Deep Plane de pr\u00e9servation<\/strong><\/a> et lui avoir montr\u00e9 des cas similaires au sien, <strong>tout \u00e9tait clair<\/strong>. Nous avons mis le plan en marche.<\/p>\n<\/div>\n<\/div>\n<h3>\n<p class=\"MsoNormal\"><i>Son \u00e9volution : les images parlent d\u2019elles-m\u00eames<\/i><\/p>\n<\/h3>\n<div>\n<p>Jugez par vous-m\u00eame les r\u00e9sultats :<\/p>\n<ul>\n<li><strong>Avant la chirurgie<\/strong>: Perte de d\u00e9finition du ovale du visage, jowls et rel\u00e2chement cervical<\/li>\n<li><strong>2 jours apr\u00e8s<\/strong>: Enflure minimale et aucune douleur<\/li>\n<li><strong>12 jours apr\u00e8s<\/strong>: Retour \u00e0 sa vie normale et de retour chez elle<\/li>\n<li><strong>6 semaines apr\u00e8s<\/strong>: Exactement ce qu\u2019elle voulait: un r\u00e9sultat qui justifie le voyage.<\/li>\n<\/ul>\n<p>Carmen est rentr\u00e9e chez elle avec bien plus qu\u2019un visage rajeuni: <strong>elle est rentr\u00e9e avec la certitude d\u2019avoir pris la meilleure d\u00e9cision<\/strong>.<\/p>\n<\/div>\n<div>\n<p>        <img decoding=\"async\" src=\"\/wp-content\/uploads\/2025\/06\/EVOLUCION-MAITE-600-0djpg.jpg\" alt=\"Avant lifting Deep Plane Barcelone Pacient 55 ans Dr Mazarro\"><\/p>\n<p><a href=\"https:\/\/api.whatsapp.com\/send\/?phone=+34644534515&#038;text=Bonjour,%20je%20veux%20prendre%20un%20rendez-vous%20avec%20le%20Dr.%20Mazarro%20pour%20\u00e9valuer%20mon%20cas\">Avant<\/a><\/p>\n<\/div>\n<div>\n<p>        <img decoding=\"async\" src=\"\/wp-content\/uploads\/2025\/06\/EVOLUCION-MAITE-600-2d.jpg\" alt=\"Postop\u00e9ratoire lifting Deep Plane 2 jours apr\u00e8s Barcelone Paciente Dr Mazarro\"><\/p>\n<p><a href=\"https:\/\/api.whatsapp.com\/send\/?phone=+34644534515&#038;text=Bonjour,%20je%20veux%20prendre%20un%20rendez-vous%20avec%20le%20Dr.%20Mazarro%20pour%20\u00e9valuer%20mon%20cas\">2 jours apr\u00e8s<\/a><\/p>\n<\/div>\n<div>\n<p>        <img decoding=\"async\" src=\"\/wp-content\/uploads\/2025\/06\/EVOLUCION-MAITE-600-12d.jpg\" alt=\"Postop\u00e9ratoire lifting Deep Plane 12 jours apr\u00e8s Barcelone Paciente Dr Mazarro\"><\/p>\n<p><a href=\"https:\/\/api.whatsapp.com\/send\/?phone=+34644534515&#038;text=Bonjour,%20je%20veux%20prendre%20un%20rendez-vous%20avec%20le%20Dr.%20Mazarro%20pour%20\u00e9valuer%20mon%20cas\">12 jours apr\u00e8s<\/a><\/p>\n<\/div>\n<div>\n<p>        <img decoding=\"async\" src=\"\/wp-content\/uploads\/2025\/06\/EVOLUCION-MAITE-600-6s.jpg\" alt=\"Postop\u00e9ratoire lifting Deep Plane 6 semaines apr\u00e8s Barcelone Paciente Dr Mazarro\"><\/p>\n<p><a href=\"https:\/\/api.whatsapp.com\/send\/?phone=+34644534515&#038;text=Bonjour,%20je%20veux%20prendre%20un%20rendez-vous%20avec%20le%20Dr.%20Mazarro%20pour%20\u00e9valuer%20mon%20cas\">6 semaines apr\u00e8s<\/a><\/p>\n<\/div>\n<p><p>\n        <a href=\"https:\/\/api.whatsapp.com\/send\/?phone=+34644534515&#038;text=Bonjour,%20je%20veux%20prendre%20un%20rendez-vous%20avec%20le%20Dr.%20Mazarro\">Et si nous en parlions?<\/a>\n    <\/p>\n<\/p>\n<h2>Prenez rendez-vous<\/h2>\n<div>Et d\u00e9couvrez comment retrouver votre meilleure version<\/div>\n<p><a href=\"\/dr-alejandro-mazarro-especialista-en-lifting-facial\/\"><img decoding=\"async\" src=\"\/wp-content\/uploads\/2024\/09\/sin-bata-square-536-BW.jpg\" alt=\"Dr. Alejandro Mazarro - Especialista en Lifting Facial Deep Plane en Barcelona\"><\/a><\/p>\n<p><p>\n        <a href=\"https:\/\/api.whatsapp.com\/send\/?phone=+34644534515&#038;text=Bonjour,%20je%20veux%20prendre%20un%20rendez-vous%20avec%20le%20Dr.%20Mazarro\">Parlons de votre projet<\/a>\n    <\/p>\n<\/p>\n<div>\n<p style=\"text-align: center;\">Remplissez le formulaire ou contactez-nous par <a href=\"https:\/\/api.whatsapp.com\/send\/?phone=+34644534515&amp;text=Bonjour,%20je%20veux%20prendre%20un%20rendez-vous%20avec%20le%20Dr.%20Mazarro\">WhatsApp<\/a> (<a href=\"https:\/\/api.whatsapp.com\/send\/?phone=+34644534515&amp;text=Bonjour,%20je%20veux%20prendre%20un%20rendez-vous%20avec%20le%20Dr.%20Mazarro\">+34 644 534 515<\/a>) ou par <a href=\"mailto:info@drmazarro.com\">e-mail<\/a> (<a href=\"mailto:info@drmazarro.com\">info@drmazarro.com<\/a>).<\/p>\n<p style=\"text-align: center;\">Vous habitez loin ou pr\u00e9f\u00e9rez une <strong>consultation en ligne<\/strong>? Contactez-nous et nous vous indiquerons la marche \u00e0 suivre.<\/p>\n<\/div>\n<div>\n\n<div class=\"wpcf7 no-js\" id=\"wpcf7-f23390-o1\" lang=\"fr-FR\" dir=\"ltr\" data-wpcf7-id=\"23390\">\n<div class=\"screen-reader-response\"><p role=\"status\" aria-live=\"polite\" aria-atomic=\"true\"><\/p> <ul><\/ul><\/div>\n<form action=\"\/fr\/wp-json\/wp\/v2\/pages\/27788#wpcf7-f23390-o1\" method=\"post\" class=\"wpcf7-form init\" aria-label=\"Formulaire de contact\" novalidate=\"novalidate\" data-status=\"init\">\n<fieldset class=\"hidden-fields-container\"><input type=\"hidden\" name=\"_wpcf7\" value=\"23390\" \/><input type=\"hidden\" name=\"_wpcf7_version\" value=\"6.1.5\" \/><input type=\"hidden\" name=\"_wpcf7_locale\" value=\"fr_FR\" \/><input type=\"hidden\" name=\"_wpcf7_unit_tag\" value=\"wpcf7-f23390-o1\" \/><input type=\"hidden\" name=\"_wpcf7_container_post\" value=\"0\" \/><input type=\"hidden\" name=\"_wpcf7_posted_data_hash\" value=\"\" \/><input type=\"hidden\" name=\"_wpcf7_recaptcha_response\" value=\"\" \/>\n<\/fieldset>\n<div class=\"uk-grid-small\" uk-grid>\n\t<div class=\"uk-width-1-2@m\">\n\t\t<p><span class=\"wpcf7-form-control-wrap\" data-name=\"nombre\"><input size=\"40\" maxlength=\"400\" class=\"wpcf7-form-control wpcf7-text uk-input\" aria-invalid=\"false\" placeholder=\"Nom et pr\u00e9nom*\" value=\"\" type=\"text\" name=\"nombre\" \/><\/span>\n\t\t<\/p>\n\t<\/div>\n\t<div class=\"uk-width-1-2@m\">\n\t\t<p><span class=\"wpcf7-form-control-wrap\" data-name=\"email\"><input size=\"40\" maxlength=\"400\" class=\"wpcf7-form-control wpcf7-email wpcf7-validates-as-required wpcf7-text wpcf7-validates-as-email uk-input\" aria-required=\"true\" aria-invalid=\"false\" placeholder=\"Email*\" value=\"\" type=\"email\" name=\"email\" \/><\/span>\n\t\t<\/p>\n\t<\/div>\n\t<div class=\"uk-width-1-2@m\">\n\t\t<p><span class=\"wpcf7-form-control-wrap\" data-name=\"telefono\"><input size=\"40\" maxlength=\"400\" class=\"wpcf7-form-control wpcf7-text wpcf7-validates-as-required uk-input\" aria-required=\"true\" aria-invalid=\"false\" placeholder=\"T\u00e9l\u00e9phone*\" value=\"\" type=\"text\" name=\"telefono\" \/><\/span>\n\t\t<\/p>\n\t<\/div>\n\t<div class=\"uk-width-1-2@m\">\n\t\t<p><span class=\"wpcf7-form-control-wrap\" data-name=\"pais\"><input size=\"40\" maxlength=\"400\" class=\"wpcf7-form-control wpcf7-text wpcf7-validates-as-required uk-input\" aria-required=\"true\" aria-invalid=\"false\" placeholder=\"Pays*\" value=\"\" type=\"text\" name=\"pais\" \/><\/span>\n\t\t<\/p>\n\t<\/div>\n\t<div class=\"uk-width-1-1@m\">\n\t\t<p><span class=\"wpcf7-form-control-wrap\" data-name=\"mensaje\"><textarea cols=\"40\" rows=\"3\" maxlength=\"2000\" class=\"wpcf7-form-control wpcf7-textarea uk-textarea\" aria-invalid=\"false\" placeholder=\"Message*\" name=\"mensaje\"><\/textarea><\/span>\n\t\t<\/p>\n\t<\/div>\n\t<div class=\"uk-legal\">\n\t\t<p><span class=\"wpcf7-form-control-wrap\" data-name=\"acceptance-279\"><span class=\"wpcf7-form-control wpcf7-acceptance\"><span class=\"wpcf7-list-item\"><input type=\"checkbox\" name=\"acceptance-279\" value=\"1\" aria-invalid=\"false\" \/><\/span><\/span><\/span>J'ai lu &nbsp;<a target=\"_blank\" rel=\"nofollow noopener noreferrer\" href=\"https:\/\/drmazarro.com\/aviso_legal\/\">les Mentions l\u00e9gales <\/a>&nbsp;y la&nbsp;<a target=\"_blank\" rel=\"nofollow noopener noreferrer\" href=\"https:\/\/drmazarro.com\/politicadeprivacidad\/\">et la politique de confidentialit\u00e9<\/a>.\n\t\t<\/p>\n\t<\/div>\n\t<div>\n\t\t<p><input class=\"wpcf7-form-control wpcf7-submit has-spinner uk-button uk-button-primary\" type=\"submit\" value=\"Envoyer\" \/>\n\t\t<\/p>\n\t<\/div>\n<\/div><div class=\"wpcf7-response-output\" aria-hidden=\"true\"><\/div>\n<\/form>\n<\/div>\n<\/div>\n<div>\n<p style=\"font-size: 8px;\">Nous vous informons que les donn\u00e9es personnelles que vous fournissez en remplissant ce formulaire seront trait\u00e9es par ALEJANDRO MAZARRO CAMPOS. La finalit\u00e9 de la collecte et du traitement des donn\u00e9es personnelles demand\u00e9es est l&rsquo;envoi d&rsquo;informations li\u00e9es \u00e0 votre motif de consultation, que ce soit par e-mail, SMS, WhatsApp\u00ae ou appel t\u00e9l\u00e9phonique. Les donn\u00e9es personnelles et de contact pourront \u00eatre transmises aux \u00e9quipes respectives de marketing\/service client de la\/des clinique(s) o\u00f9 collabore le Dr Mazarro pour contacter le demandeur. L&rsquo;utilisateur consent \u00e9galement \u00e0 ce que ses coordonn\u00e9es soient trait\u00e9es par ALEJANDRO MAZARRO CAMPOS dans le but de l&rsquo;informer par voie \u00e9lectronique ou autre sur les nouveaux produits et services li\u00e9s \u00e0 son activit\u00e9 \u00e0 des fins publicitaires et promotionnelles. En cochant la case d&rsquo;acceptation, vous donnez votre consentement expr\u00e8s et l\u00e9gitime pour que vos donn\u00e9es soient trait\u00e9es conform\u00e9ment aux finalit\u00e9s de ce formulaire d\u00e9crites dans la politique de confidentialit\u00e9. Vous pouvez exercer vos droits d&rsquo;acc\u00e8s, de rectification, de limitation et de suppression via l&rsquo;adresse e-mail info@drmazarro.com.<\/p>\n<\/div>\n<div>\n<h3>+<\/h3>\n<div>\n<p><strong>Responsable du traitement :<\/strong> Alejandro Mazarro Campos.<br \/><strong>Finalit\u00e9 :<\/strong> r\u00e9pondre \u00e0 votre demande.<br \/><strong>Base l\u00e9gale :<\/strong> consentement de l&rsquo;utilisateur.<br \/><strong>Destinataires :<\/strong> les donn\u00e9es que vous nous fournissez seront stock\u00e9es sur les serveurs de Google Workspace (notre fournisseur de messagerie).<br \/><strong>Droits :<\/strong> vous pourrez toujours acc\u00e9der, rectifier, limiter et supprimer vos donn\u00e9es personnelles.<\/p>\n<\/div>\n<\/div>\n<div>Barcelone vous attend<\/div>\n<div>De plus en plus de patients choisissent de prendre un vol pour \u00eatre entre de bonnes mains.<\/div>\n<div>\n<p>Nous nous occupons de tout \u2014 d\u00e9couvrez notre protocole pour les patients venant de loin et r\u00e9servez une visioconsultation dans la langue de votre choix.<\/p>\n<\/div>\n<p><p>\n        <a href=\"\/fr\/patient-international\/\">Notre protocole<\/a>\n    <\/p>\n<\/p>\n<p><p>\n        <a href=\"https:\/\/api.whatsapp.com\/send\/?phone=+34644534515&#038;text=Bonjour,%20je%20souhaite%20r\u00e9server%20une%20visioconsultation%20avec%20le%20Dr.%20Mazarro\">Votre consultation en ligne<\/a>\n    <\/p>\n<\/p>\n<p><img decoding=\"async\" src=\"\/wp-content\/uploads\/photo-1436491865332-7a61a109cc05-scaled.jpg\" alt=\"\"><\/p>\n<div>Articles d&rsquo;int\u00e9r\u00eat<\/div>\n<ul>\n<li>\n<p>        <img decoding=\"async\" src=\"\/wp-content\/uploads\/2023\/01\/lifting.jpg\" alt=\"Types de lifting du visage\"><\/p>\n<div>Types de lifting du visage<\/div>\n<div>\n<p><span>Souhaitez-vous d\u00e9couvrir les diff\u00e9rents types de lifting du visage ?<\/span><\/p>\n<\/div>\n<p><a href=\"\/fr\/types-de-lifting\/\">En savoir plus<\/a><\/p>\n<\/li>\n<li>\n<p>        <img decoding=\"async\" src=\"\/wp-content\/uploads\/2025\/08\/dr-mazarro.jpg\" alt=\"Doctor Mazarro\"><\/p>\n<div>Dr. Alejandro Mazarro<\/div>\n<div>\n<p><span>\u00c0 propos de moi<\/span><\/p>\n<\/div>\n<p><a href=\"https:\/\/drmazarro.com\/fr\/dr-alejandro-mazarro-specialiste-lifting-du-visage-barcelone\/\">En savoir plus<\/a><\/p>\n<\/li>\n<li>\n<p>        <img decoding=\"async\" src=\"\/wp-content\/uploads\/2025\/06\/recovery-facelift.jpg\" alt=\"R\u00e9cup\u00e9ration apr\u00e8s un lifting Deep Plane\"><\/p>\n<div>R\u00e9cup\u00e9ration apr\u00e8s un lifting Deep Plane<\/div>\n<div>Vous voulez savoir comment se d\u00e9roule la r\u00e9cup\u00e9ration avec le Dr Mazarro ?<\/div>\n<p><a href=\"https:\/\/drmazarro.com\/fr\/chirurgie-esthetique-du-visage\/lifting-du-visage-et-du-cou\/lifting-du-visage-postoperatoire-barcelone\/\">En savoir plus<\/a><\/p>\n<\/li>\n<li>\n<p>        <img decoding=\"async\" src=\"\/wp-content\/uploads\/2025\/06\/foto-otros-articulos-400.jpg\" alt=\"Cicatrices apr\u00e8s un lifting\"><\/p>\n<div>Cicatrices apr\u00e8s un lifting: faut-il s\u2019inqui\u00e9ter ?<\/div>\n<div>On vous dit tout, sans d\u00e9tour.<\/div>\n<p><a href=\"https:\/\/drmazarro.com\/fr\/cicatrices-lifting-du-visage\/\">En savoir plus<\/a><\/p>\n<\/li>\n<li>\n<p>        <img decoding=\"async\" src=\"\/wp-content\/uploads\/2025\/08\/face2.jpg\" alt=\"Deep Plane Facelift\"><\/p>\n<div>Lifting du visage Deep Plane<\/div>\n<div>\n<p><span>Le lifting Deep Plane : en quoi consiste-t-il et pourquoi est-il id\u00e9al pour vous?<\/span><\/p>\n<\/div>\n<p><a href=\"https:\/\/drmazarro.com\/fr\/specialiste-du-lifting-du-visage-et-du-cou-a-barcelone\/\">En savoir plus<\/a><\/p>\n<\/li>\n<li>\n<p>        <img decoding=\"async\" src=\"\/wp-content\/uploads\/2025\/08\/pastpresent.jpg\" alt=\"Deep Plane Facelift\"><\/p>\n<div>Lifting de Pr\u00e9servation<\/div>\n<div>\n<p><span>Les meilleurs r\u00e9sultats avec une r\u00e9cup\u00e9ration plus rapide<\/span><\/p>\n<\/div>\n<p><a href=\"\/fr\/specialiste-du-lifting-du-visage-et-du-cou-a-barcelone\/lifting-preservation\/\">En savoir plus<\/a><\/p>\n<\/li>\n<li>\n<p>        <img decoding=\"async\" src=\"\/wp-content\/uploads\/2024\/09\/face-square-200.jpg\" alt=\"Facelift - Dr. Mazarro\"><\/p>\n<div>Questions fr\u00e9quentes<\/div>\n<div>\n<p>Tout ce que vous devez savoir<\/p>\n<\/div>\n<p><a href=\"https:\/\/drmazarro.com\/fr\/faq-lifting\/\">En savoir plus<\/a><\/p>\n<\/li>\n<li>\n<p>        <img decoding=\"async\" src=\"\/wp-content\/uploads\/2025\/08\/monthly-budget3.jpg\" alt=\"Prix du lifting facial Deep Plane\"><\/p>\n<div>Prix du lifting facial Deep Plane<\/div>\n<div>Nous vous expliquons tout en d\u00e9tail<\/div>\n<p><a href=\"\/fr\/precio-lifting-facial-en-barcelona\/\">En savoir plus<\/a><\/p>\n<\/li>\n<li>\n<p>        <img decoding=\"async\" src=\"\/wp-content\/uploads\/2025\/07\/choose-copia-2.jpg\" alt=\"Comment choisir\"><\/p>\n<div>Pourquoi (et comment) choisir un sp\u00e9cialiste de la chirurgie du visage ?<\/div>\n<div>Votre visage m\u00e9rite l\u2019expertise des meilleurs.<\/div>\n<p><a href=\"https:\/\/drmazarro.com\/fr\/comment-choisir-un-specialiste-pour-votre-lifting-du-visage\/\">En savoir plus<\/a><\/p>\n<\/li>\n<\/ul>\n<h2>Foire aux questions sur la r\u00e9cuperation apr\u00e8s un lifting du visage<\/h2>\n<div>\n        <section class=\"sc_fs_faq sc_card \">\n            <div>\n\t\t\t\t                <div>\n\t\t\t\t\t                    <p>\n\t\t\t\t\t\t                    <\/p>\n                <\/div>\n            <\/div>\n        <\/section>\n\t\t        <section class=\"sc_fs_faq sc_card \">\n            <div>\n\t\t\t\t                <div>\n\t\t\t\t\t                    <p>\n\t\t\t\t\t\t                    <\/p>\n                <\/div>\n            <\/div>\n        <\/section>\n\t\t        <section class=\"sc_fs_faq sc_card \">\n            <div>\n\t\t\t\t                <div>\n\t\t\t\t\t                    <p>\n\t\t\t\t\t\t                    <\/p>\n                <\/div>\n            <\/div>\n        <\/section>\n\t\t        <section class=\"sc_fs_faq sc_card \">\n            <div>\n\t\t\t\t                <div>\n\t\t\t\t\t                    <p>\n\t\t\t\t\t\t                    <\/p>\n                <\/div>\n            <\/div>\n        <\/section>\n\t\t\n<script type=\"application\/ld+json\">\n    {\n\t\t\"@context\": \"https:\/\/schema.org\",\n\t\t\"@type\": \"FAQPage\",\n\t\t\"mainEntity\": [\n\t\t\t\t{\n\t\t\t\t\"@type\": \"Question\",\n\t\t\t\t\"name\": \"\",\n\t\t\t\t\"acceptedAnswer\": {\n\t\t\t\t\t\"@type\": \"Answer\",\n\t\t\t\t\t\"text\": \"\"\n\t\t\t\t\t\t\t\t\t}\n\t\t\t}\n\t\t\t,\t\t\t\t{\n\t\t\t\t\"@type\": \"Question\",\n\t\t\t\t\"name\": \"\",\n\t\t\t\t\"acceptedAnswer\": {\n\t\t\t\t\t\"@type\": \"Answer\",\n\t\t\t\t\t\"text\": \"\"\n\t\t\t\t\t\t\t\t\t}\n\t\t\t}\n\t\t\t,\t\t\t\t{\n\t\t\t\t\"@type\": \"Question\",\n\t\t\t\t\"name\": \"\",\n\t\t\t\t\"acceptedAnswer\": {\n\t\t\t\t\t\"@type\": \"Answer\",\n\t\t\t\t\t\"text\": \"\"\n\t\t\t\t\t\t\t\t\t}\n\t\t\t}\n\t\t\t,\t\t\t\t{\n\t\t\t\t\"@type\": \"Question\",\n\t\t\t\t\"name\": \"\",\n\t\t\t\t\"acceptedAnswer\": {\n\t\t\t\t\t\"@type\": \"Answer\",\n\t\t\t\t\t\"text\": \"\"\n\t\t\t\t\t\t\t\t\t}\n\t\t\t}\n\t\t\t\t    ]\n}\n<\/script>\n\n<\/div>\n<p><!--more--><br \/>\n<!-- {\"type\":\"layout\",\"children\":[{\"type\":\"section\",\"props\":{\"image_position\":\"center-center\",\"style\":\"default\",\"title_breakpoint\":\"xl\",\"title_position\":\"top-left\",\"title_rotation\":\"left\",\"vertical_align\":\"\",\"width\":\"default\"},\"children\":[{\"type\":\"row\",\"children\":[{\"type\":\"column\",\"props\":{\"image_position\":\"center-center\",\"position_sticky_breakpoint\":\"m\"},\"children\":[{\"type\":\"headline\",\"props\":{\"content\":\"\n\n<p>Post-Op\\u00e9ratoire du Lifting du Visage Deep Plane: Guide Complet de R\\u00e9cup\\u00e9ration<\\\/p>\",\"text_align\":\"center\",\"title_element\":\"h1\",\"title_style\":\"heading-small\"}},{\"type\":\"divider\",\"props\":{\"divider_element\":\"hr\"}},{\"type\":\"headline\",\"props\":{\"content\":\"\n\n<p>Vous vous demandez \\u00e0 quoi ressemblera votre r\\u00e9cup\\u00e9ration apr\\u00e8s un lifting du visage ? En tant que\\u00a0<a href=\\\"https:\\\/\\\/drmazarro.com\\\/fr\\\/specialiste-du-lifting-du-visage-et-du-cou-a-barcelone\\\/\\\">sp\\u00e9cialiste en lifting du visage<\\\/a>\\u00a0<strong>depuis 2016<\\\/strong>, je vous explique \\u00e9tape par \\u00e9tape ce \\u00e0 quoi vous attendre pendant votre post-op\\u00e9ratoire de lifting du visage.<\\\/p>\",\"text_align\":\"center\",\"title_element\":\"div\",\"title_style\":\"h2\"}},{\"type\":\"divider\",\"props\":{\"divider_element\":\"hr\"}},{\"type\":\"list\",\"props\":{\"column_breakpoint\":\"m\",\"image_align\":\"left\",\"image_svg_color\":\"emphasis\",\"image_vertical_align\":true,\"list_element\":\"ul\",\"list_horizontal_separator\":\", \",\"list_marker\":\"circle\",\"list_marker_color\":\"primary\",\"list_type\":\"vertical\",\"show_image\":true,\"show_link\":true,\"text_align\":\"center\",\"visibility\":\"hidden-m\"},\"children\":[{\"type\":\"list_item\",\"props\":{\"content\":\"Postoperatorio de un Lifting Deep Plane\",\"link\":\"#postopdeep\"}},{\"type\":\"list_item\",\"props\":{\"content\":\"Postoperatorio de un lifting de Preservaci\\u00f3n\",\"link\":\"#postpreservation\"}},{\"type\":\"list_item\",\"props\":{\"content\":\"Lifting tradicional vs Deep Plane\",\"link\":\"#diferencias\"}},{\"type\":\"list_item\",\"props\":{\"content\":\"Recuperaci\\u00f3n paso a paso\",\"link\":\"#pasoapaso\"}},{\"type\":\"list_item\",\"props\":{\"content\":\"Caso real\",\"link\":\"#casoreal\"}},{\"type\":\"list_item\",\"props\":{\"content\":\"Pide cita\",\"link\":\"#pidecita\"}}]},{\"type\":\"divider\",\"props\":{\"divider_element\":\"hr\",\"visibility\":\"hidden-m\"}},{\"type\":\"text\",\"props\":{\"column\":\"1-2\",\"column_breakpoint\":\"m\",\"content\":\"\n\n<p style=\\\"text-align: center;\\\"><a href=\\\"https:\\\/\\\/drmazarro.com\\\/fr\\\/deep-plane\\\/\\\">Le lifting Deep Plane<\\\/a>, et particuli\\u00e8rement sa variante la plus avanc\\u00e9e, <a href=\\\"https:\\\/\\\/drmazarro.com\\\/fr\\\/deep-plane\\\/lifting-preservation\\\/\\\">le\\u00a0<strong>Preservation Facelift<\\\/strong><\\\/a>, permet une r\\u00e9cup\\u00e9ration significativement plus rapide et plus confortable que les techniques traditionnelles.<\\\/p>\\n\n\n<p style=\\\"text-align: center;\\\">En effet, alors qu\\u2019un lifting traditionnel n\\u00e9cessiterait\\u00a0<strong>4 \\u00e0 6 semaines<\\\/strong>\\u00a0pour revenir \\u00e0 votre vie normale, je peux vous aider \\u00e0 \\u00eatre de retour en\\u00a0<strong>15-20 jours<\\\/strong>.<\\\/p>\\n\n\n<p style=\\\"text-align: center;\\\"><strong>Sans bandages inconfortables et sans douleur.<\\\/strong><\\\/p>\\n\n\n<p style=\\\"text-align: center;\\\">Avec la\\u00a0<strong>confiance<\\\/strong>\\u00a0d\\u2019\\u00eatre entre les mains d\\u2019un\\u00a0<strong>sp\\u00e9cialiste<\\\/strong>\\u00a0avec pr\\u00e8s de 10 ans d\\u2019exp\\u00e9rience d\\u00e9di\\u00e9 au lifting du visage et des centaines de cas \\u00e0 son actif.<\\\/p>\\n\n\n<p style=\\\"text-align: center;\\\"><strong>Je vous d\\u00e9taille tout le processus\\u00a0<\\\/strong><\\\/p>\",\"margin\":\"default\"}}]}]}]},{\"type\":\"section\",\"props\":{\"id\":\"PIDECITA2\",\"image_position\":\"center-center\",\"style\":\"default\",\"title_breakpoint\":\"xl\",\"title_position\":\"top-left\",\"title_rotation\":\"left\",\"vertical_align\":\"\",\"width\":\"default\"},\"children\":[{\"type\":\"row\",\"children\":[{\"type\":\"column\",\"props\":{\"image_position\":\"center-center\",\"position_sticky_breakpoint\":\"m\"},\"children\":[{\"type\":\"breadcrumbs\",\"props\":{\"show_current\":true,\"show_home\":true}},{\"type\":\"headline\",\"props\":{\"content\":\"\n\n<p class=\\\"MsoNormal\\\"><span lang=\\\"EN-GB\\\" style=\\\"mso-ansi-language: EN-GB;\\\">Post-Op\\u00e9ratoire\\u00a0<i>Preservation\\u00a0<\\\/i>Deep Plane : la r\\u00e9cup\\u00e9ration la plus rapide<\\\/span><\\\/p>\",\"title_element\":\"h2\",\"title_style\":\"h2\"}},{\"type\":\"divider\",\"props\":{\"divider_element\":\"div\",\"divider_style\":\"small\"}}]}]},{\"type\":\"row\",\"props\":{\"column_gap\":\"large\",\"divider\":true,\"layout\":\"1-2,1-2\",\"width\":\"default\"},\"children\":[{\"type\":\"column\",\"props\":{\"image_position\":\"center-center\",\"position_sticky_breakpoint\":\"m\",\"vertical_align\":\"middle\",\"width_medium\":\"1-2\"},\"children\":[{\"type\":\"headline\",\"props\":{\"content\":\"\n\n<p class=\\\"MsoNormal\\\"><span lang=\\\"EN-GB\\\" style=\\\"mso-ansi-language: EN-GB;\\\">Postop\\u00e9ratoire du Lifting Deep Plane<\\\/span><\\\/p>\",\"id\":\"postopdeep\",\"text_align\":\"left\",\"title_color\":\"primary\",\"title_element\":\"h3\",\"title_style\":\"h2\"},\"name\":\"postopdeep\"},{\"type\":\"text\",\"props\":{\"column_breakpoint\":\"\",\"content\":\"\n\n<p>Le post-op\\u00e9ratoire d\\u2019un lifting Deep Plane est, en r\\u00e8gle g\\u00e9n\\u00e9rale, meilleur que celui d\\u2019un lifting classique.<\\\/p>\\n\n\n<p><strong>Pourquoi ?<\\\/strong><\\\/p>\\n\n\n<p>Parce que le plan profond dans lequel travaille un lifting Deep Plane est ce que l\\u2019on appelle\\u00a0<strong>un plan de glissement naturel<\\\/strong>.<\\\/p>\\n\n\n<p>En d\\u2019autres termes: la mobilit\\u00e9 du visage est possible gr\\u00e2ce au mouvement d\\u2019une couche de tissus\\u00a0<strong>\\u00ab\\u00a0mobiles\\u00a0\\u00bb<\\\/strong>\\u00a0par rapport \\u00e0 une couche de tissus\\u00a0<strong>\\u00abfixes\\u00bb<\\\/strong>.<\\\/p>\\n\n\n<p>En travaillant dans cet espace de mouvement naturel, <a href=\\\"https:\\\/\\\/drmazarro.com\\\/fr\\\/deep-plane\\\/\\\">le lifting Deep Plane est anatomiquement\\u00a0<strong>plus respectueux<\\\/strong><\\\/a>\\u00a0que les techniques classiques, o\\u00f9 il y a un d\\u00e9collement agressif de la peau.<\\\/p>\",\"margin\":\"default\"}}]},{\"type\":\"column\",\"props\":{\"image_position\":\"center-center\",\"position_sticky_breakpoint\":\"m\",\"width_medium\":\"1-2\"},\"children\":[{\"type\":\"headline\",\"props\":{\"content\":\"\n\n<p class=\\\"MsoNormal\\\"><i><span lang=\\\"EN-GB\\\" style=\\\"mso-ansi-language: EN-GB;\\\">Preservation<\\\/span><\\\/i><span lang=\\\"EN-GB\\\" style=\\\"mso-ansi-language: EN-GB;\\\">\\u00a0Deep Plane: La Technique la plus Avanc\\u00e9e<\\\/span><\\\/p>\",\"id\":\"postpreservation\",\"text_align\":\"left\",\"title_color\":\"primary\",\"title_element\":\"h3\",\"title_style\":\"h2\"},\"name\":\"postpreservation\"},{\"type\":\"text\",\"props\":{\"column_breakpoint\":\"\",\"content\":\"\n\n<p class=\\\"MsoNormal\\\"><span lang=\\\"EN-GB\\\" style=\\\"mso-ansi-language: EN-GB;\\\">Depuis 2 ans, j\\u2019applique dans mon cabinet la variante la plus avanc\\u00e9e du Deep Plane:\\u00a0<b>le <a href=\\\"https:\\\/\\\/drmazarro.com\\\/fr\\\/specialiste-du-lifting-du-visage-et-du-cou-a-barcelone\\\/lifting-preservation\\\/\\\">Preservation Facelift<\\\/a><\\\/b>.<o:p><\\\/o:p><\\\/span><\\\/p>\\n\n\n<p class=\\\"MsoNormal\\\"><span lang=\\\"EN-GB\\\" style=\\\"mso-ansi-language: EN-GB;\\\">Cette technique permet de limiter encore davantage le travail sous-cutan\\u00e9, en respectant davantage l\\u2019union des structures anatomiques (peau et SMAS), ce qui se traduit par:<o:p><\\\/o:p><\\\/span><\\\/p>\\n\n\n<ul style=\\\"margin-top: 0cm;\\\" type=\\\"disc\\\">\\n\n\n<li class=\\\"MsoNormal\\\" style=\\\"mso-list: l0 level1 lfo1; tab-stops: list 36.0pt;\\\"><b>Moins de traumatisme chirurgical<\\\/b><o:p><\\\/o:p><\\\/li>\\n\n\n<li class=\\\"MsoNormal\\\" style=\\\"mso-list: l0 level1 lfo1; tab-stops: list 36.0pt;\\\"><b>Moins d\\u2019inflammation post-op\\u00e9ratoire<\\\/b><o:p><\\\/o:p><\\\/li>\\n\n\n<li class=\\\"MsoNormal\\\" style=\\\"mso-list: l0 level1 lfo1; tab-stops: list 36.0pt;\\\"><b>R\\u00e9cup\\u00e9ration plus rapide<\\\/b><o:p><\\\/o:p><\\\/li>\\n\n\n<li class=\\\"MsoNormal\\\" style=\\\"mso-list: l0 level1 lfo1; tab-stops: list 36.0pt;\\\"><b>R\\u00e9sultats plus naturels et durables<\\\/b><o:p><\\\/o:p><\\\/li>\\n\n\n<li class=\\\"MsoNormal\\\" style=\\\"mso-list: l0 level1 lfo1; tab-stops: list 36.0pt;\\\"><b>Moins de risques de saignement<\\\/b><o:p><\\\/o:p><\\\/li>\\n<\\\/ul>\\n\n\n<p class=\\\"MsoNormal\\\"><span lang=\\\"EN-GB\\\" style=\\\"mso-ansi-language: EN-GB;\\\">Le\\u00a0<i>Preservation<\\\/i>\\u00a0Deep Plane respecte non seulement l\\u2019anatomie naturelle, mais l\\u2019optimise <a href=\\\"https:\\\/\\\/drmazarro.com\\\/fr\\\/deep-plane\\\/lifting-preservation\\\/\\\">pour\\u00a0<b>acc\\u00e9l\\u00e9rer votre r\\u00e9cup\\u00e9ration<\\\/b><\\\/a>.<\\\/span><\\\/p>\",\"margin\":\"default\"}},{\"type\":\"button\",\"props\":{\"button_size\":\"small\",\"grid_column_gap\":\"small\",\"grid_row_gap\":\"small\",\"margin\":\"default\",\"text_align\":\"center\"},\"children\":[{\"type\":\"button_item\",\"props\":{\"button_style\":\"default\",\"content\":\"Lifting de Pr\\u00e9servation: le guide complet\",\"dialog_layout\":\"modal\",\"dialog_offcanvas_flip\":true,\"icon_align\":\"left\",\"link\":\"fr\\\/specialiste-du-lifting-du-visage-et-du-cou-a-barcelone\\\/lifting-preservation\\\/\",\"link_title\":\"Lifting de Pr\\u00e9servation: le guide complet\"}}]}]}]},{\"type\":\"row\",\"children\":[{\"type\":\"column\",\"props\":{\"image_position\":\"center-center\",\"position_sticky_breakpoint\":\"m\"},\"children\":[{\"type\":\"divider\",\"props\":{\"divider_element\":\"hr\"}}]}]},{\"type\":\"row\",\"props\":{\"column_gap\":\"large\",\"divider\":true,\"width\":\"default\"},\"children\":[{\"type\":\"column\",\"props\":{\"image_position\":\"center-center\",\"position_sticky_breakpoint\":\"m\",\"vertical_align\":\"middle\"},\"children\":[{\"type\":\"headline\",\"props\":{\"content\":\"\n\n<p class=\\\"MsoNormal\\\"><b>Qu\\u2019est-ce que cela signifie pour votre r\\u00e9cup\\u00e9ration ?<\\\/b><\\\/p>\",\"id\":\"diferencias\",\"text_align\":\"center\",\"title_color\":\"primary\",\"title_element\":\"h3\",\"title_style\":\"h2\"},\"name\":\"diferencias\"},{\"type\":\"text\",\"props\":{\"column_breakpoint\":\"\",\"content\":\"\n\n<p class=\\\"MsoNormal\\\"><b>Lifting traditionnel :<\\\/b><o:p><\\\/o:p><\\\/p>\\n\n\n<p>D\\u00e9collement agressif de la peau<br \\\/><o:p><\\\/o:p>Plus de traumatisme et d'inflammation<br \\\/><o:p><\\\/o:p>4 \\u00e0 6 semaines de r\\u00e9cup\\u00e9ration<br \\\/><o:p><\\\/o:p>Douleur significative<o:p><\\\/o:p><\\\/p>\\n\n\n<p class=\\\"MsoNormal\\\"><b><span lang=\\\"EN-GB\\\" style=\\\"mso-ansi-language: EN-GB;\\\">Preservation Deep Plane (ma technique) :<\\\/span><\\\/b><span lang=\\\"EN-GB\\\" style=\\\"mso-ansi-language: EN-GB;\\\"><o:p><\\\/o:p><\\\/span><\\\/p>\\n\n\n<p><span lang=\\\"EN-GB\\\" style=\\\"mso-ansi-language: EN-GB;\\\">Travail sur des plans anatomiques naturels<br \\\/><\\\/span>Traumatisme chirurgical minimal<br \\\/>15 \\u00e0 20 jours de r\\u00e9cup\\u00e9ration<br \\\/>Post-op\\u00e9ratoire de lifting pratiquement sans douleur<\\\/p>\\n\n\n<p><\\\/p>\\n\n\n<p class=\\\"MsoNormal\\\">Depuis que j'applique cette technique, non seulement elle a r\\u00e9duit de mani\\u00e8re drastique <strong>le temps de r\\u00e9cup\\u00e9ration<\\\/strong> de mes patients, mais j'ai m\\u00eame pu diminuer la prescription d'analg\\u00e9siques post-op\\u00e9ratoires.<o:p><\\\/o:p><\\\/p>\\n\n\n<p class=\\\"MsoNormal\\\"><span lang=\\\"EN-GB\\\" style=\\\"mso-ansi-language: EN-GB;\\\">Avec le lifting SMAS (traditionnel), j'avais besoin d'Enantyum, Nolotil et d\\u2019autres antalgiques puissants.<o:p><\\\/o:p><\\\/span><\\\/p>\\n\n\n<p class=\\\"MsoNormal\\\"><b>Aujourd'hui ?<\\\/b><o:p><\\\/o:p><\\\/p>\\n\n\n<p class=\\\"MsoNormal\\\">Que du <strong><\\\/strong><em><strong>Parac\\u00e9tamol.<\\\/strong><\\\/em><o:p><\\\/o:p><\\\/p>\",\"margin\":\"default\",\"text_align\":\"center\"}}]}]}],\"name\":\"2025 - HABLAMOS (PIDECITA2)\"},{\"type\":\"section\",\"props\":{\"image_position\":\"center-center\",\"style\":\"muted\",\"title_breakpoint\":\"xl\",\"title_position\":\"top-left\",\"title_rotation\":\"left\",\"vertical_align\":\"middle\",\"width\":\"default\"},\"children\":[{\"type\":\"row\",\"props\":{\"layout\":\"1-2,1-2\"},\"children\":[{\"type\":\"column\",\"props\":{\"image_position\":\"center-center\",\"position_sticky_breakpoint\":\"m\",\"width_medium\":\"1-2\"},\"children\":[{\"type\":\"headline\",\"props\":{\"content\":\"\n\n<p class=\\\"MsoNormal\\\"><span lang=\\\"EN-GB\\\">La R\\u00e9cup\\u00e9ration du Lifting du Visage Deep Plane \\u00c9tape par \\u00c9tape<\\\/span><\\\/p>\",\"id\":\"pasoapaso\",\"title_element\":\"h2\",\"title_style\":\"h2\"},\"name\":\"pasoapaso\"},{\"type\":\"divider\",\"props\":{\"divider_element\":\"div\",\"divider_style\":\"small\"}},{\"type\":\"accordion\",\"props\":{\"collapsible\":true,\"content_column_breakpoint\":\"m\",\"content_margin\":\"small\",\"image_align\":\"top\",\"image_grid_breakpoint\":\"m\",\"image_grid_width\":\"1-2\",\"image_svg_color\":\"emphasis\",\"link_style\":\"default\",\"link_text\":\"Read more\",\"margin\":\"large\",\"show_image\":true,\"show_link\":true,\"text_align\":\"left\"},\"children\":[{\"type\":\"accordion_item\",\"props\":{\"content\":\"\n\n<h3>Le jour de la chirurgie<\\\/h3>\\n\n\n<ul>\\n\n\n<li>Vous arrivez \\u00e0 <strong>l\\u2019h\\u00f4pital<\\\/strong> t\\u00f4t le matin (\\u00e0 jeun, bien s\\u00fbr !).<\\\/li>\\n\n\n<li>Nous nous verrons <strong>avant l\\u2019intervention.<\\\/strong> Nous aurons d\\u00e9j\\u00e0 r\\u00e9gl\\u00e9 toutes vos questions lors de la consultation pr\\u00e9op\\u00e9ratoire, mais il nous reste quelque chose de fondamental : le marquage chirurgical.<\\\/li>\\n\n\n<li>Votre <strong>anesth\\u00e9siste<\\\/strong> viendra vous voir et vous pr\\u00e9-m\\u00e9diquera pour que vous soyez 100 % d\\u00e9tendu(e).<\\\/li>\\n\n\n<li>Toute l\\u2019\\u00e9quipe chirurgicale sera concentr\\u00e9e sur vous avec <strong>un protocole anesth\\u00e9sique<\\\/strong> sp\\u00e9cialement con\\u00e7u pour que vous passiez une p\\u00e9riode d\\u2019endormissement paisible et un <strong>r\\u00e9veil en douceur<\\\/strong>.<\\\/li>\\n\n\n<li>Vous avez l\\u2019habitude de ressentir des naus\\u00e9es ou des maux de t\\u00eate apr\\u00e8s une anesth\\u00e9sie g\\u00e9n\\u00e9rale? <strong>Oubliez<\\\/strong> tout \\u00e7a gr\\u00e2ce \\u00e0 notre protocole anesth\\u00e9sique !<\\\/li>\\n\n\n<li>Une fois l\\u2019intervention termin\\u00e9e, vous serez transf\\u00e9r\\u00e9(e) dans l\\u2019unit\\u00e9 de r\\u00e9cup\\u00e9ration post-anesth\\u00e9sique. Apr\\u00e8s un petit moment, vous irez dans <strong>votre chambre<\\\/strong>, o\\u00f9 une <strong>infirmi\\u00e8re<\\\/strong> sera \\u00e0 votre disposition.<\\\/li>\\n<\\\/ul>\",\"title\":\"Le jour de la chirurgie\"}},{\"type\":\"accordion_item\",\"props\":{\"content\":\"\n\n<h3>Le jour suivant<\\\/h3>\\n\n\n<ul>\\n\n\n<li>Nous nous verrons le matin suivant.<\\\/li>\\n\n\n<li>Nous retirerons le <strong>pansement<\\\/strong> (uniquement pour la premi\\u00e8re nuit) et, si des drains ont \\u00e9t\\u00e9 utilis\\u00e9s, nous les retirerons \\u00e9galement.<\\\/li>\\n\n\n<li>Oui, gr\\u00e2ce au <strong>Preservation Facelift<\\\/strong>, vous rentrez chez vous <strong>sans pansement<\\\/strong>!<\\\/li>\\n<\\\/ul>\",\"title\":\"Le jour suivant\"}},{\"type\":\"accordion_item\",\"props\":{\"content\":\"\n\n<h3><strong>La Premi\\u00e8re Semaine<\\\/strong><\\\/h3>\\n\n\n<ul>\\n\n\n<li>Pendant les premiers jours, les <strong>bleus<\\\/strong> et l\\u2019enflure commenceront \\u00e0 appara\\u00eetre: c\\u2019est une partie <strong>naturelle<\\\/strong> du processus.<\\\/li>\\n\n\n<li>Pour faciliter votre r\\u00e9cup\\u00e9ration, il est important de marcher d\\u00e8s le premier jour,<br \\\/>tant que vous \\u00e9vitez l\\u2019exposition au soleil.<\\\/li>\\n\n\n<li>Vous devrez r\\u00e9aliser <strong>des soins<\\\/strong> \\u00e0 domicile simples: bien plus faciles que ce que vous imaginez.<\\\/li>\\n\n\n<li>Nous programmerons aussi des <strong>visites de contr\\u00f4le<\\\/strong> pour nous assurer que tout se passe bien et r\\u00e9pondre aux questions qui pourraient surgir.<\\\/li>\\n<\\\/ul>\",\"title\":\"La Premi\\u00e8re Semaine\"}},{\"type\":\"accordion_item\",\"props\":{\"content\":\"\n\n<h3>10-15 jours: le point de bascule<\\\/h3>\\n\n\n<p>Les premiers <strong>10 jours<\\\/strong> sont les plus importants.<\\\/p>\\n\n\n<p>Apr\\u00e8s cette p\\u00e9riode, l\\u2019\\u00e9volution est variable d\\u2019un patient \\u00e0 l\\u2019autre (chaque cas \\u00e9tant unique), mais en g\\u00e9n\\u00e9ral :<\\\/p>\\n\n\n<ul>\\n\n\n<li>Vous commencerez \\u00e0 entrevoir les r\\u00e9sultats, ce qui donne un r\\u00e9el coup de boost \\u00e0 votre moral !<\\\/li>\\n\n\n<li>La sensation de tiraillement diminuera.<\\\/li>\\n\n\n<li>Bien que vous puissiez encore avoir la sensation d\\u2019avoir le visage <strong>engourdi<\\\/strong> (ce qui est normal et dure quelques semaines de plus), vous vous sentirez d\\u00e9j\\u00e0 bien mieux.<\\\/li>\\n<\\\/ul>\\n\n\n<ul><\\\/ul>\\n\n\n<ul><\\\/ul>\",\"title\":\"10-15 jours : Le Point de Bascule\"}},{\"type\":\"accordion_item\",\"props\":{\"content\":\"\n\n<h3><strong>15-20 jours : Retour \\u00e0 la Vie Normale<\\\/strong><\\\/h3>\\n\n\n<p>Bien que vous ne puissiez toujours pas faire de sport, vous pouvez d\\u00e9j\\u00e0 :<\\\/p>\\n\n\n<ul>\\n\n\n<li>Reprendre le travail<\\\/li>\\n\n\n<li>Reprendre vos contacts sociaux<\\\/li>\\n<\\\/ul>\\n\n\n<ul><\\\/ul>\",\"title\":\"15-20 jours : Retour \\u00e0 la Vie Normale\"}},{\"type\":\"accordion_item\",\"props\":{\"content\":\"\n\n<h3><strong>1 mois: le moment de profiter des r\\u00e9sultats<\\\/strong><\\\/h3>\\n\n\n<p>Les r\\u00e9sultats prennent environ <strong>6 mois<\\\/strong> pour se stabiliser.<br \\\/><br \\\/>Cependant, au bout d\\u2019un mois, l\\u2019enflure aura disparu \\u00e0 <strong>90 %<\\\/strong>.<br \\\/><br \\\/>N\\u2019oubliez pas que le cou met toujours un peu plus de temps \\u00e0 se stabiliser, et que l\\u2019\\u00e9volution des cicatrices d\\u00e9pend beaucoup de chaque patient, mais elles sont facilement dissimulables avec du maquillage.<\\\/p>\\n\n\n<ul><\\\/ul>\",\"title\":\"1 mois: le moment de profiter des r\\u00e9sultats\"}},{\"type\":\"accordion_item\",\"props\":{\"content\":\"\n\n<h3><strong>3-6 mois: le r\\u00e9sultat final<\\\/strong><\\\/h3>\\n\n\n<p>Je reconnais que la phase de<strong> 1 \\u00e0 3 mois<\\\/strong> est souvent la plus difficile : nous avons bien avanc\\u00e9, mais le r\\u00e9sultat final n\\u2019est pas encore l\\u00e0.<br \\\/><br \\\/>Et c\\u2019est frustrant.<br \\\/><br \\\/>C\\u2019est pourquoi nous serons toujours l\\u00e0 pour vous soutenir.<br \\\/><br \\\/>Lorsque les <strong>3-6 mois<\\\/strong> arriveront, ce sera le moment de :<\\\/p>\\n\n\n<ul>\\n\n\n<li>Avoir des <strong>cicatrices<\\\/strong> pratiquement invisibles<\\\/li>\\n\n\n<li>Profiter du <strong>r\\u00e9sultat<\\\/strong> d\\u00e9finitif<\\\/li>\\n\n\n<li>Voir les tissus totalement adapt\\u00e9s \\u00e0 leur nouvelle position<\\\/li>\\n\n\n<li>\\u00catre pleinement satisfait(e) : vous serez \\u00e9tonn\\u00e9(e) de ne pas vous reconna\\u00eetre sur les photos d\\u2019avant !<\\\/li>\\n<\\\/ul>\\n\n\n<p><br \\\/>Le moment tant attendu est arriv\\u00e9:<br \\\/><br \\\/>Vous vous regarderez dans le miroir et vous direz :<br \\\/><strong><br \\\/><\\\/strong><em>\\u00abC\\u2019est moi, mais avec quelques ann\\u00e9es de moins!\\u00bb<\\\/em><br \\\/><br \\\/>Les autres vous verront et vous diront :<br \\\/><strong><br \\\/><\\\/strong><em>\\u00abVous avez une super mine, vous semblez rajeunie!\\u00bb<\\\/em><\\\/p>\\n\n\n<ul><\\\/ul>\",\"title\":\"3-6 mois: le r\\u00e9sultat final\"}}]},{\"type\":\"button\",\"props\":{\"grid_column_gap\":\"small\",\"grid_row_gap\":\"small\",\"margin\":\"default\",\"text_align\":\"center\"},\"children\":[{\"type\":\"button_item\",\"props\":{\"button_style\":\"default\",\"content\":\"Cliquez ici pour consulter votre cas !\",\"dialog_layout\":\"modal\",\"dialog_offcanvas_flip\":true,\"icon_align\":\"left\",\"link\":\"https:\\\/\\\/api.whatsapp.com\\\/send\\\/?phone=+34644534515&text=Bonjour,%20je%20veux%20prendre%20un%20rendez-vous%20avec%20le%20Dr.%20Mazarro\",\"link_title\":\"\\u00a1Haz click aqu\\u00ed y consulta tu caso!\"}}]}]},{\"type\":\"column\",\"props\":{\"image_position\":\"center-center\",\"position_sticky_breakpoint\":\"m\",\"width_medium\":\"1-2\"},\"children\":[{\"type\":\"panel\",\"props\":{\"block_align\":\"center\",\"content\":\"\n\n<p class=\\\"MsoNormal\\\"><span lang=\\\"EN-GB\\\" style=\\\"mso-ansi-language: EN-GB;\\\">Nous savons qu\\u2019il est important de se sentir accompagn\\u00e9 pendant votre post-op\\u00e9ratoire de lifting du visage. <\\\/span>C'est pourquoi vous b\\u00e9n\\u00e9ficierez de :<o:p><\\\/o:p><\\\/p>\\n\n\n<ul style=\\\"margin-top: 0cm;\\\" type=\\\"disc\\\">\\n\n\n<li class=\\\"MsoNormal\\\" style=\\\"mso-list: l0 level1 lfo1; tab-stops: list 36.0pt;\\\"><b>Disponibilit\\u00e9 24\\\/7 <\\\/b>pour toute question urgente pendant votre r\\u00e9cup\\u00e9ration<o:p><\\\/o:p><\\\/li>\\n\n\n<li class=\\\"MsoNormal\\\" style=\\\"mso-list: l0 level1 lfo1; tab-stops: list 36.0pt;\\\"><b>Suivi personnalis\\u00e9 <\\\/b>et r\\u00e9visions programm\\u00e9es selon votre cas sp\\u00e9cifique<o:p><\\\/o:p><\\\/li>\\n\n\n<li class=\\\"MsoNormal\\\" style=\\\"mso-list: l0 level1 lfo1; tab-stops: list 36.0pt;\\\"><b>Communication directe <\\\/b>via WhatsApp<o:p><\\\/o:p><\\\/li>\\n<\\\/ul>\\n\n\n<p class=\\\"MsoNormal\\\">Et le plus important:<br \\\/><br \\\/>La <b>tranquillit\\u00e9 d\\u2019esprit <\\\/b>d'\\u00eatre entre les mains d'une \\u00e9quipe avec plus de <b>9 ans d'exp\\u00e9rience <\\\/b>en tant que <b>sp\\u00e9cialistes du lifting du visage<\\\/b>.<\\\/p>\",\"content_column_breakpoint\":\"m\",\"content_style\":\"text-small\",\"height_expand\":false,\"icon_width\":80,\"image\":\"wp-content\\\/uploads\\\/teddy-teddy-bear-association-ill-42230-scaled.jpeg\",\"image_align\":\"top\",\"image_alt\":\"Acompa\\u00f1amiento postoperatorio lifting Deep Plane Barcelona Dr Mazarro\",\"image_border\":\"rounded\",\"image_grid_breakpoint\":\"m\",\"image_grid_width\":\"1-2\",\"image_height\":200,\"image_svg_color\":\"emphasis\",\"image_width\":200,\"link_style\":\"default\",\"link_text\":\"Leer m\\u00e1s\",\"margin\":\"\",\"margin_remove_top\":false,\"maxwidth\":\"large\",\"meta\":\"Nous serons \\u00e0 vos c\\u00f4t\\u00e9s pendant toute votre r\\u00e9cup\\u00e9ration.\",\"meta_align\":\"below-title\",\"meta_element\":\"div\",\"meta_style\":\"h2\",\"panel_padding\":\"small\",\"panel_style\":\"card-default\",\"text_align\":\"center\",\"title\":\"Un protocole de suivi personnalis\\u00e9\",\"title_align\":\"top\",\"title_element\":\"div\",\"title_grid_breakpoint\":\"m\",\"title_grid_width\":\"1-2\",\"title_hover_style\":\"reset\"},\"name\":\"2025 - Recuperacion lifting Facial\"}]}]}]},{\"type\":\"section\",\"props\":{\"image_position\":\"center-center\",\"style\":\"default\",\"title_breakpoint\":\"xl\",\"title_position\":\"top-left\",\"title_rotation\":\"left\",\"vertical_align\":\"middle\",\"width\":\"default\"},\"children\":[{\"type\":\"row\",\"children\":[{\"type\":\"column\",\"props\":{\"image_position\":\"center-center\",\"position_sticky_breakpoint\":\"m\"},\"children\":[{\"type\":\"headline\",\"props\":{\"content\":\"Postop\\u00e9ratoire du lifting facial Deep Plane: chronologie\\n\",\"text_align\":\"center\",\"title_decoration\":\"line\",\"title_element\":\"h2\",\"title_style\":\"h1\"}},{\"type\":\"html\",\"props\":{\"content\":\"\n\n<style>\\n.table-responsive {\\n  overflow-x: auto;\\n  -webkit-overflow-scrolling: touch;\\n  margin-top: 20px;\\n}\\n.table-responsive table {\\n  width: 100%;\\n  border-collapse: collapse;\\n  min-width: 700px;\\n  font-size: 0.9em;\\n  font-family: Arial, sans-serif;\\n}\\n.table-responsive th {\\n  background-color: #f7f7f7;\\n  font-weight: bold;\\n  text-align: center;\\n  padding: 12px;\\n  border-bottom: 2px solid #ddd;\\n}\\n.table-responsive td {\\n  padding: 12px;\\n  border-bottom: 1px solid #eee;\\n  vertical-align: top;\\n  text-align: center;\\n}\\n.table-responsive tr:hover {\\n  background-color: #fafafa;\\n}\\n<\\\/style>\\n\\n\n\n<div class=\\\"table-responsive\\\">\\n  \n\n<table class=\\\"tabla-postoperatorio\\\">\\n    \n\n<thead>\\n      \n\n<tr>\\n        \n\n<th>Temps<\\\/th>\\n        \n\n<th>R\\u00e9cup\\u00e9ration et recommandations<\\\/th>\\n      <\\\/tr>\\n    <\\\/thead>\\n    \n\n<tbody>\\n      \n\n<tr>\\n        \n\n<td>24-48h<\\\/td>\\n        \n\n<td>G\\u00eanes l\\u00e9g\\u00e8res et sensation de tiraillement. Apparition de l'inflammation initiale et des h\\u00e9matomes. Retrait du drainage ; repos relatif \\u00e0 domicile, sans pansement.<\\\/td>\\n      <\\\/tr>\\n      \n\n<tr>\\n        \n\n<td>1 semaine<\\\/td>\\n        \n\n<td>Repos relatif \\u00e0 domicile, soins simples et un peu de patience pour que disparaissent les ecchymoses et l'inflammation.<\\\/td>\\n      <\\\/tr>\\n      \n\n<tr>\\n        \n\n<td>10-15 jours<\\\/td>\\n        \n\n<td>L'inflammation diminue sensiblement et vous commencez \\u00e0 entrevoir le r\\u00e9sultat que nous obtiendrons. Inflammation plus ma\\u00eetris\\u00e9e. La sensation de tiraillement diminue mais le visage reste engourdi.<\\\/td>\\n      <\\\/tr>\\n      \n\n<tr>\\n        \n\n<td>15-20 jours<\\\/td>\\n        \n\n<td>R\\u00e9sultats plus \\u00e9vidents. Reprise du travail \\\/ contact social, bien que les signes de la chirurgie n'aient pas disparu.<\\\/td>\\n      <\\\/tr>\\n      \n\n<tr>\\n        \n\n<td>1 mois<\\\/td>\\n        \n\n<td>Nous atteignons 90% du r\\u00e9sultat : le tiraillement est discret et vous menez une vie normale depuis plusieurs jours. Il ne reste plus qu'\\u00e0 faire dispara\\u00eetre les cicatrices.<\\\/td>\\n      <\\\/tr>\\n        \n\n<tr>\\n        \n\n<td>6 mois<\\\/td>\\n        \n\n<td>Le r\\u00e9sultat se stabilise. Les cicatrices m\\u00fbrissent et l'aspect est naturel et d\\u00e9fini.<\\\/td>\\n      <\\\/tr>\\n    <\\\/tbody>\\n  <\\\/table>\\n<\\\/div>\\n\"}}]}]}],\"name\":\"tabla postoperatorio\"},{\"type\":\"section\",\"props\":{\"id\":\"PIDECITA2\",\"image_position\":\"center-center\",\"style\":\"default\",\"title_breakpoint\":\"xl\",\"title_position\":\"top-left\",\"title_rotation\":\"left\",\"vertical_align\":\"\",\"width\":\"default\"},\"children\":[{\"type\":\"row\",\"children\":[{\"type\":\"column\",\"props\":{\"image_position\":\"center-center\",\"position_sticky_breakpoint\":\"m\"},\"children\":[{\"type\":\"headline\",\"props\":{\"content\":\"Que faut-il \\u00e9viter pendant la r\\u00e9cup\\u00e9ration apr\\u00e8s un Lifting du Visage Deep Plane ?\",\"id\":\"recomendaciones\",\"title_element\":\"h2\",\"title_style\":\"h2\"},\"name\":\"recomendaciones\"},{\"type\":\"divider\",\"props\":{\"divider_element\":\"div\",\"divider_style\":\"small\"}}]}]},{\"type\":\"row\",\"props\":{\"column_gap\":\"large\",\"divider\":true,\"layout\":\"1-2,1-2\",\"width\":\"default\"},\"children\":[{\"type\":\"column\",\"props\":{\"image_position\":\"center-center\",\"position_sticky_breakpoint\":\"m\",\"vertical_align\":\"middle\",\"width_medium\":\"1-2\"},\"children\":[{\"type\":\"headline\",\"props\":{\"content\":\"\n\n<p><strong>Les 15 premiers jours : Restrictions minimales<\\\/strong><\\\/p>\",\"text_align\":\"left\",\"title_color\":\"primary\",\"title_element\":\"h3\",\"title_style\":\"h2\"}},{\"type\":\"text\",\"props\":{\"column_breakpoint\":\"\",\"content\":\"\n\n<div>\\n\n\n<p>Contrairement au lifting traditionnel, avec la technique Deep Plane, les limitations sont moindres :<\\\/p>\\n\n\n<ul>\\n\n\n<li><strong>Repos relatif<\\\/strong> : Pas de repos absolu comme avec les techniques classiques<\\\/li>\\n\n\n<li><strong>Activit\\u00e9s quotidiennes autoris\\u00e9es<\\\/strong> : Marche, t\\u00e2ches m\\u00e9nag\\u00e8res l\\u00e9g\\u00e8res<\\\/li>\\n\n\n<li><strong>Pas de pansements inconfortables<\\\/strong> : Seulement des soins pour la zone de drainage pendant les premi\\u00e8res 24 heures<\\\/li>\\n\n\n<li><strong>Mobilit\\u00e9 faciale progressive<\\\/strong> : \\u00c9vitez les gestes exag\\u00e9r\\u00e9s, mais vous pouvez parler normalement<\\\/li>\\n\n\n<li><strong>Alimentation normale<\\\/strong> : Bien que vous ressentiez de la tension en mastiquant, vous pouvez manger normalement. Il est cependant important de bien vous nourrir pour permettre \\u00e0 votre corps de gu\\u00e9rir correctement.<\\\/li>\\n<\\\/ul>\\n<\\\/div>\",\"margin\":\"default\"}}]},{\"type\":\"column\",\"props\":{\"image_position\":\"center-center\",\"position_sticky_breakpoint\":\"m\",\"width_medium\":\"1-2\"},\"children\":[{\"type\":\"headline\",\"props\":{\"content\":\"\n\n<p class=\\\"MsoNormal\\\"><b><span lang=\\\"EN-GB\\\" style=\\\"mso-ansi-language: EN-GB;\\\">Activit\\u00e9s physiques \\u00e0 \\u00e9viter apr\\u00e8s un lifting<\\\/span><\\\/b><\\\/p>\",\"text_align\":\"left\",\"title_color\":\"warning\",\"title_element\":\"h3\",\"title_style\":\"h2\"}},{\"type\":\"text\",\"props\":{\"column_breakpoint\":\"\",\"content\":\"\n\n<p class=\\\"MsoNormal\\\"><span lang=\\\"EN-GB\\\">Pendant le premier mois, vous devez \\u00e9viter :<o:p><\\\/o:p><\\\/span><\\\/p>\\n\n\n<ul style=\\\"margin-top: 0cm;\\\" type=\\\"disc\\\">\\n\n\n<li class=\\\"MsoNormal\\\"><b><span lang=\\\"EN-GB\\\">Exercice intense<\\\/span><\\\/b><span lang=\\\"EN-GB\\\"> : Salle de sport, course \\u00e0 pied, sports de contact<o:p><\\\/o:p><\\\/span><\\\/li>\\n\n\n<li class=\\\"MsoNormal\\\"><b>Soulever des poids<\\\/b> : \\u00c9vitez de soulever plus de 5 kg<o:p><\\\/o:p><\\\/li>\\n\n\n<li class=\\\"MsoNormal\\\"><b>Activit\\u00e9s qui augmentent la pression<\\\/b> : Yoga invers\\u00e9, pilates intense<o:p><\\\/o:p><\\\/li>\\n\n\n<li class=\\\"MsoNormal\\\"><b>Sports \\u00e0 risque<\\\/b> : Ceux qui pourraient entra\\u00eener des chocs sur le visage<o:p><\\\/o:p><\\\/li>\\n<\\\/ul>\\n\n\n<p><\\\/p>\\n\n\n<p class=\\\"MsoNormal\\\">Le post-op\\u00e9ratoire du <b>Lifting du Visage Deep Plane<\\\/b> est tellement supportable que vous voudrez revenir \\u00e0 votre vie habituelle plus t\\u00f4t que pr\\u00e9vu.<\\\/p>\\n\n\n<p class=\\\"MsoNormal\\\">Il vous faudra un peu de patience, mais nous serons \\u00e0 votre c\\u00f4t\\u00e9 pour vous rappeler ce que vous pouvez faire et ce qu\\u2019il faut \\u00e9viter.<\\\/p>\",\"margin\":\"default\"}}]}]},{\"type\":\"row\",\"children\":[{\"type\":\"column\",\"props\":{\"image_position\":\"center-center\",\"position_sticky_breakpoint\":\"m\"},\"children\":[{\"type\":\"divider\",\"props\":{\"divider_element\":\"hr\"}}]}]},{\"type\":\"row\",\"props\":{\"column_gap\":\"large\",\"divider\":true,\"width\":\"default\"},\"children\":[{\"type\":\"column\",\"props\":{\"image_position\":\"center-center\",\"position_sticky_breakpoint\":\"m\",\"vertical_align\":\"middle\"},\"children\":[{\"type\":\"headline\",\"props\":{\"content\":\"\n\n<p>\\u00c9vitez absolument<\\\/p>\",\"text_align\":\"center\",\"title_color\":\"danger\",\"title_element\":\"h3\",\"title_style\":\"h2\",\"visibility\":\"m\"}},{\"type\":\"text\",\"props\":{\"column_breakpoint\":\"\",\"content\":\"\n\n<p><strong>Fumer<\\\/strong> : Retarde consid\\u00e9rablement la cicatrisation (facteur critique)<\\\/p>\\n\n\n<p><strong>L\\u2019alcool en exc\\u00e8s<\\\/strong> : Interf\\u00e8re avec la r\\u00e9cup\\u00e9ration naturelle<\\\/p>\\n\n\n<p><strong>Stress excessif<\\\/strong> : Affecte n\\u00e9gativement le processus de gu\\u00e9rison<\\\/p>\",\"margin\":\"default\",\"text_align\":\"center\",\"visibility\":\"m\"}}]}]},{\"type\":\"row\",\"props\":{\"column_gap\":\"large\",\"divider\":true,\"width\":\"default\"},\"children\":[{\"type\":\"column\",\"props\":{\"image_position\":\"center-center\",\"position_sticky_breakpoint\":\"m\",\"vertical_align\":\"middle\"},\"children\":[{\"type\":\"headline\",\"props\":{\"content\":\"\n\n<p><span>\\u00c9vitez absolument<\\\/span><\\\/p>\",\"text_align\":\"left\",\"title_color\":\"danger\",\"title_element\":\"h3\",\"title_style\":\"h2\",\"visibility\":\"hidden-m\"}},{\"type\":\"text\",\"props\":{\"column_breakpoint\":\"\",\"content\":\"\n\n<p><strong>Fumer<\\\/strong> : Retarde consid\\u00e9rablement la cicatrisation (facteur critique)<\\\/p>\\n\n\n<p><strong>L\\u2019alcool en exc\\u00e8s<\\\/strong> : Interf\\u00e8re avec la r\\u00e9cup\\u00e9ration naturelle<\\\/p>\\n\n\n<p><strong>Stress excessif<\\\/strong> : Affecte n\\u00e9gativement le processus de gu\\u00e9rison<\\\/p>\",\"margin\":\"default\",\"text_align\":\"left\",\"visibility\":\"hidden-m\"}}]}]}],\"name\":\"2025 - HABLAMOS (PIDECITA2)\"},{\"type\":\"section\",\"props\":{\"id\":\"queesunliftingdeepplane\",\"image_position\":\"center-center\",\"padding\":\"large\",\"padding_remove_top\":true,\"style\":\"default\",\"text_color\":\"light\",\"title_breakpoint\":\"xl\",\"title_position\":\"top-left\",\"title_rotation\":\"left\",\"vertical_align\":\"\",\"width\":\"\"},\"children\":[{\"type\":\"row\",\"props\":{\"width\":\"default\"},\"children\":[{\"type\":\"column\",\"props\":{\"image_position\":\"center-center\",\"position_sticky_breakpoint\":\"m\",\"width_medium\":\"1-1\"}}]},{\"type\":\"row\",\"props\":{\"width\":\"default\"},\"children\":[{\"type\":\"column\",\"props\":{\"image_position\":\"center-center\",\"position_sticky_breakpoint\":\"m\",\"width_medium\":\"1-1\"}}]},{\"type\":\"row\",\"props\":{\"column_gap\":\"large\",\"layout\":\"1-2,1-2\",\"margin\":\"xlarge\",\"row_gap\":\"large\",\"width\":\"default\"},\"children\":[{\"type\":\"column\",\"props\":{\"image_position\":\"center-center\",\"position_sticky_breakpoint\":\"m\",\"vertical_align\":\"middle\",\"width_small\":\"1-2\"},\"children\":[{\"type\":\"headline\",\"props\":{\"content\":\"\n\n<p>R\\u00e9cup\\u00e9ration Preservation Deep Plane Facelift : L\\u2019histoire d\\u2019un cas r\\u00e9el<\\\/p>\",\"id\":\"casoreal\",\"text_align\":\"left\",\"title_color\":\"primary\",\"title_element\":\"h2\",\"title_style\":\"h2\"},\"name\":\"casoreal\"},{\"type\":\"divider\",\"props\":{\"divider_element\":\"hr\",\"divider_style\":\"small\"}},{\"type\":\"button\",\"props\":{\"button_size\":\"small\",\"grid_column_gap\":\"small\",\"grid_row_gap\":\"small\",\"margin\":\"default\",\"text_align\":\"center\",\"visibility\":\"hidden-m\"},\"children\":[{\"type\":\"button_item\",\"props\":{\"button_style\":\"primary\",\"content\":\"Je veux voir les photos directement\",\"dialog_layout\":\"modal\",\"dialog_offcanvas_flip\":true,\"icon_align\":\"left\",\"link\":\"#casoantesdespues\"}}]},{\"type\":\"headline\",\"props\":{\"content\":\"\n\n<p><em>\\\"J\\u2019ai pris un avion pour \\u00eatre entre les meilleures mains\\\"<\\\/em><\\\/p>\",\"text_align\":\"left\",\"title_color\":\"primary\",\"title_element\":\"h3\",\"title_style\":\"h2\"}},{\"type\":\"text\",\"props\":{\"column_breakpoint\":\"m\",\"content\":\"\n\n<p>Apr\\u00e8s pr\\u00e8s de 10 ans consacr\\u00e9s exclusivement \\u00e0 la chirurgie du lifting du visage et des centaines de cas r\\u00e9alis\\u00e9s, de nombreux patients d\\u00e9cident de voyager loin de leur ville pour se faire op\\u00e9rer avec moi.<\\\/p>\\n\n\n<p class=\\\"MsoNormal\\\">Carmen avait <strong>55 ans<\\\/strong> lorsqu\\u2019elle d\\u00e9cida que le moment \\u00e9tait arriv\\u00e9.<\\\/p>\\n\n\n<p class=\\\"MsoNormal\\\">Apr\\u00e8s plusieurs mois de recherches, elle en arriva \\u00e0 une conclusion: elle voulait le meilleur r\\u00e9sultat et n\\u2019h\\u00e9sitait pas \\u00e0 prendre un avion pour avoir la tranquillit\\u00e9 d\\u2019esprit de se faire op\\u00e9rer par le meilleur sp\\u00e9cialiste.<\\\/p>\\n\n\n<p class=\\\"MsoNormal\\\"><b>\\\"Docteur, j\\u2019ai beaucoup \\u00e9tudi\\u00e9 et il est clair que vous \\u00eates le sp\\u00e9cialiste dont j\\u2019ai besoin\\\"<\\\/b>, m\\u2019a-t-elle dit lors de notre premi\\u00e8re vid\\u00e9oconf\\u00e9rence.<o:p><\\\/o:p><\\\/p>\",\"margin\":\"medium\",\"margin_remove_top\":true,\"maxwidth\":\"xlarge\",\"text_align\":\"left\"}}]},{\"type\":\"column\",\"props\":{\"image_position\":\"center-center\",\"position_sticky_breakpoint\":\"m\",\"width_small\":\"1-2\"},\"children\":[{\"type\":\"headline\",\"props\":{\"content\":\"\n\n<p class=\\\"MsoNormal\\\"><span lang=\\\"EN-GB\\\"><i>Le plan : Preservation Deep Plane personnalis\\u00e9<\\\/i><\\\/span><\\\/p>\",\"text_align\":\"left\",\"title_color\":\"primary\",\"title_element\":\"h3\",\"title_style\":\"h2\"}},{\"type\":\"text\",\"props\":{\"column_breakpoint\":\"m\",\"content\":\"\n\n<div class=\\\"mb-2 whitespace-pre-line last:mb-0\\\">\\n\n\n<p>Apr\\u00e8s nous \\u00eatre rencontr\\u00e9s et avoir compris exactement ce qu\\u2019elle recherchait, j\\u2019ai su <strong>tout de suite<\\\/strong> ce qu\\u2019il lui fallait pour atteindre <strong>ses objectifs<\\\/strong>.<\\\/p>\\n\n\n<p>Apr\\u00e8s lui avoir expliqu\\u00e9 ce qu'\\u00e9tait <a href=\\\"https:\\\/\\\/drmazarro.com\\\/fr\\\/deep-plane\\\/lifting-preservation\\\/\\\"><strong>un lifting Deep Plane de pr\\u00e9servation<\\\/strong><\\\/a> et lui avoir montr\\u00e9 des cas similaires au sien, <strong>tout \\u00e9tait clair<\\\/strong>. Nous avons mis le plan en marche.<\\\/p>\\n<\\\/div>\",\"margin\":\"medium\",\"margin_remove_top\":true,\"maxwidth\":\"xlarge\",\"text_align\":\"left\"}},{\"type\":\"headline\",\"props\":{\"content\":\"\n\n<p class=\\\"MsoNormal\\\"><i>Son \\u00e9volution : les images parlent d\\u2019elles-m\\u00eames<\\\/i><\\\/p>\",\"text_align\":\"left\",\"title_color\":\"primary\",\"title_element\":\"h3\",\"title_style\":\"h2\"}},{\"type\":\"text\",\"props\":{\"column_breakpoint\":\"m\",\"content\":\"\n\n<p>Jugez par vous-m\\u00eame les r\\u00e9sultats :<\\\/p>\\n\n\n<ul>\\n\n\n<li><strong>Avant la chirurgie<\\\/strong>: Perte de d\\u00e9finition du ovale du visage, jowls et rel\\u00e2chement cervical<\\\/li>\\n\n\n<li><strong>2 jours apr\\u00e8s<\\\/strong>: Enflure minimale et aucune douleur<\\\/li>\\n\n\n<li><strong>12 jours apr\\u00e8s<\\\/strong>: Retour \\u00e0 sa vie normale et de retour chez elle<\\\/li>\\n\n\n<li><strong>6 semaines apr\\u00e8s<\\\/strong>: Exactement ce qu\\u2019elle voulait: un r\\u00e9sultat qui justifie le voyage.<\\\/li>\\n<\\\/ul>\\n\n\n<p>Carmen est rentr\\u00e9e chez elle avec bien plus qu\\u2019un visage rajeuni: <strong>elle est rentr\\u00e9e avec la certitude d\\u2019avoir pris la meilleure d\\u00e9cision<\\\/strong>.<\\\/p>\",\"margin\":\"medium\",\"margin_remove_top\":true,\"maxwidth\":\"xlarge\",\"text_align\":\"left\"}}]}]},{\"type\":\"row\",\"props\":{\"id\":\"casoantesdespues\",\"layout\":\"1-4,1-4,1-4,1-4|1-2,1-2,1-2,1-2\",\"width\":\"default\"},\"children\":[{\"type\":\"column\",\"props\":{\"image_position\":\"center-center\",\"position_sticky_breakpoint\":\"m\",\"width_medium\":\"1-4\",\"width_small\":\"1-2\"},\"children\":[{\"type\":\"panel\",\"props\":{\"content\":\"\",\"content_column_breakpoint\":\"m\",\"icon_width\":80,\"image\":\"wp-content\\\/uploads\\\/2025\\\/06\\\/EVOLUCION-MAITE-600-0djpg.jpg\",\"image_align\":\"top\",\"image_alt\":\"Avant lifting Deep Plane Barcelone Pacient 55 ans Dr Mazarro\",\"image_border\":\"rounded\",\"image_grid_breakpoint\":\"m\",\"image_grid_width\":\"1-2\",\"image_svg_color\":\"emphasis\",\"link\":\"https:\\\/\\\/api.whatsapp.com\\\/send\\\/?phone=+34644534515&text=Bonjour,%20je%20veux%20prendre%20un%20rendez-vous%20avec%20le%20Dr.%20Mazarro%20pour%20\\u00e9valuer%20mon%20cas\",\"link_style\":\"default\",\"link_text\":\"Avant\",\"margin\":\"default\",\"meta_align\":\"below-title\",\"meta_element\":\"div\",\"meta_style\":\"text-meta\",\"panel_padding\":\"small\",\"panel_style\":\"card-default\",\"text_align\":\"center\",\"title_align\":\"top\",\"title_element\":\"h3\",\"title_grid_breakpoint\":\"m\",\"title_grid_width\":\"1-2\",\"title_hover_style\":\"reset\"}}]},{\"type\":\"column\",\"props\":{\"image_position\":\"center-center\",\"position_sticky_breakpoint\":\"m\",\"width_medium\":\"1-4\",\"width_small\":\"1-2\"},\"children\":[{\"type\":\"panel\",\"props\":{\"content\":\"\",\"content_column_breakpoint\":\"m\",\"icon_width\":80,\"image\":\"wp-content\\\/uploads\\\/2025\\\/06\\\/EVOLUCION-MAITE-600-2d.jpg\",\"image_align\":\"top\",\"image_alt\":\"Postop\\u00e9ratoire lifting Deep Plane 2 jours apr\\u00e8s Barcelone Paciente Dr Mazarro\",\"image_border\":\"rounded\",\"image_grid_breakpoint\":\"m\",\"image_grid_width\":\"1-2\",\"image_svg_color\":\"emphasis\",\"link\":\"https:\\\/\\\/api.whatsapp.com\\\/send\\\/?phone=+34644534515&text=Bonjour,%20je%20veux%20prendre%20un%20rendez-vous%20avec%20le%20Dr.%20Mazarro%20pour%20\\u00e9valuer%20mon%20cas\",\"link_style\":\"default\",\"link_text\":\"2 jours apr\\u00e8s\",\"margin\":\"default\",\"meta_align\":\"below-title\",\"meta_element\":\"div\",\"meta_style\":\"text-meta\",\"panel_padding\":\"small\",\"panel_style\":\"card-default\",\"text_align\":\"center\",\"title_align\":\"top\",\"title_element\":\"h3\",\"title_grid_breakpoint\":\"m\",\"title_grid_width\":\"1-2\",\"title_hover_style\":\"reset\"}}]},{\"type\":\"column\",\"props\":{\"image_position\":\"center-center\",\"position_sticky_breakpoint\":\"m\",\"width_medium\":\"1-4\",\"width_small\":\"1-2\"},\"children\":[{\"type\":\"panel\",\"props\":{\"content\":\"\",\"content_column_breakpoint\":\"m\",\"icon_width\":80,\"image\":\"wp-content\\\/uploads\\\/2025\\\/06\\\/EVOLUCION-MAITE-600-12d.jpg\",\"image_align\":\"top\",\"image_alt\":\"Postop\\u00e9ratoire lifting Deep Plane 12 jours apr\\u00e8s Barcelone Paciente Dr Mazarro\",\"image_border\":\"rounded\",\"image_grid_breakpoint\":\"m\",\"image_grid_width\":\"1-2\",\"image_svg_color\":\"emphasis\",\"link\":\"https:\\\/\\\/api.whatsapp.com\\\/send\\\/?phone=+34644534515&text=Bonjour,%20je%20veux%20prendre%20un%20rendez-vous%20avec%20le%20Dr.%20Mazarro%20pour%20\\u00e9valuer%20mon%20cas\",\"link_style\":\"default\",\"link_text\":\"12 jours apr\\u00e8s\",\"margin\":\"default\",\"meta_align\":\"below-title\",\"meta_element\":\"div\",\"meta_style\":\"text-meta\",\"panel_padding\":\"small\",\"panel_style\":\"card-default\",\"text_align\":\"center\",\"title_align\":\"top\",\"title_element\":\"h3\",\"title_grid_breakpoint\":\"m\",\"title_grid_width\":\"1-2\",\"title_hover_style\":\"reset\"}}]},{\"type\":\"column\",\"props\":{\"image_position\":\"center-center\",\"position_sticky_breakpoint\":\"m\",\"width_medium\":\"1-4\",\"width_small\":\"1-2\"},\"children\":[{\"type\":\"panel\",\"props\":{\"content\":\"\",\"content_column_breakpoint\":\"m\",\"icon_width\":80,\"image\":\"wp-content\\\/uploads\\\/2025\\\/06\\\/EVOLUCION-MAITE-600-6s.jpg\",\"image_align\":\"top\",\"image_alt\":\"Postop\\u00e9ratoire lifting Deep Plane 6 semaines apr\\u00e8s Barcelone Paciente Dr Mazarro\",\"image_border\":\"rounded\",\"image_grid_breakpoint\":\"m\",\"image_grid_width\":\"1-2\",\"image_svg_color\":\"emphasis\",\"link\":\"https:\\\/\\\/api.whatsapp.com\\\/send\\\/?phone=+34644534515&text=Bonjour,%20je%20veux%20prendre%20un%20rendez-vous%20avec%20le%20Dr.%20Mazarro%20pour%20\\u00e9valuer%20mon%20cas\",\"link_style\":\"default\",\"link_text\":\"6 semaines apr\\u00e8s\",\"margin\":\"default\",\"meta_align\":\"below-title\",\"meta_element\":\"div\",\"meta_style\":\"text-meta\",\"panel_padding\":\"small\",\"panel_style\":\"card-default\",\"text_align\":\"center\",\"title_align\":\"top\",\"title_element\":\"h3\",\"title_grid_breakpoint\":\"m\",\"title_grid_width\":\"1-2\",\"title_hover_style\":\"reset\"}}]}]},{\"type\":\"row\",\"props\":{\"width\":\"default\"},\"children\":[{\"type\":\"column\",\"props\":{\"image_position\":\"center-center\",\"position_sticky_breakpoint\":\"m\"},\"children\":[{\"type\":\"button\",\"props\":{\"button_size\":\"large\",\"fullwidth\":false,\"grid_column_gap\":\"small\",\"grid_row_gap\":\"small\",\"margin\":\"default\",\"text_align\":\"center\"},\"children\":[{\"type\":\"button_item\",\"props\":{\"button_style\":\"primary\",\"content\":\"Et si nous en parlions?\",\"dialog_layout\":\"modal\",\"dialog_offcanvas_flip\":true,\"icon_align\":\"left\",\"link\":\"https:\\\/\\\/api.whatsapp.com\\\/send\\\/?phone=+34644534515&text=Bonjour,%20je%20veux%20prendre%20un%20rendez-vous%20avec%20le%20Dr.%20Mazarro\"}}]}]}]}],\"name\":\"Workshop\"},{\"type\":\"section\",\"props\":{\"id\":\"pidecita\",\"image_position\":\"center-center\",\"style\":\"default\",\"title_breakpoint\":\"xl\",\"title_position\":\"top-left\",\"title_rotation\":\"left\",\"vertical_align\":\"\",\"width\":\"default\"},\"children\":[{\"type\":\"row\",\"children\":[{\"type\":\"column\",\"props\":{\"image_position\":\"center-center\",\"position_sticky_breakpoint\":\"m\"},\"children\":[{\"type\":\"headline\",\"props\":{\"content\":\"Prenez rendez-vous\",\"id\":\"pidecita\",\"title_decoration\":\"divider\",\"title_element\":\"h2\",\"title_style\":\"text-meta\"},\"name\":\"pidecita\"},{\"type\":\"headline\",\"props\":{\"content\":\"Et d\\u00e9couvrez comment retrouver votre meilleure version\",\"title_element\":\"div\",\"title_style\":\"h2\"}}]}]},{\"type\":\"row\",\"props\":{\"column_gap\":\"large\",\"divider\":true,\"layout\":\"1-3,2-3\",\"width\":\"default\"},\"children\":[{\"type\":\"column\",\"props\":{\"image_position\":\"center-center\",\"position_sticky_breakpoint\":\"m\",\"vertical_align\":\"middle\",\"width_medium\":\"1-3\"},\"children\":[{\"type\":\"image\",\"props\":{\"block_align\":\"center\",\"image\":\"wp-content\\\/uploads\\\/2024\\\/09\\\/sin-bata-square-536-BW.jpg\",\"image_alt\":\"Dr. Alejandro Mazarro - Especialista en Lifting Facial Deep Plane en Barcelona\",\"image_box_decoration\":\"mask\",\"image_box_shadow\":\"small\",\"image_svg_color\":\"emphasis\",\"link\":\"dr-alejandro-mazarro-especialista-en-lifting-facial\\\/\",\"margin\":\"default\",\"maxwidth\":\"medium\"}},{\"type\":\"button\",\"props\":{\"button_size\":\"large\",\"fullwidth\":false,\"grid_column_gap\":\"small\",\"grid_row_gap\":\"small\",\"margin\":\"default\",\"text_align\":\"center\"},\"children\":[{\"type\":\"button_item\",\"props\":{\"button_style\":\"primary\",\"content\":\"Parlons de votre projet\",\"dialog_layout\":\"modal\",\"dialog_offcanvas_flip\":true,\"icon_align\":\"left\",\"link\":\"https:\\\/\\\/api.whatsapp.com\\\/send\\\/?phone=+34644534515&text=Bonjour,%20je%20veux%20prendre%20un%20rendez-vous%20avec%20le%20Dr.%20Mazarro\"}}]}]},{\"type\":\"column\",\"props\":{\"image_position\":\"center-center\",\"position_sticky_breakpoint\":\"m\",\"width_medium\":\"2-3\"},\"children\":[{\"type\":\"text\",\"props\":{\"column_breakpoint\":\"m\",\"content\":\"\n\n<p style=\\\"text-align: center;\\\">Remplissez le formulaire ou contactez-nous par <a href=\\\"https:\\\/\\\/api.whatsapp.com\\\/send\\\/?phone=+34644534515&amp;text=Bonjour,%20je%20veux%20prendre%20un%20rendez-vous%20avec%20le%20Dr.%20Mazarro\\\">WhatsApp<\\\/a> (<a href=\\\"https:\\\/\\\/api.whatsapp.com\\\/send\\\/?phone=+34644534515&amp;text=Bonjour,%20je%20veux%20prendre%20un%20rendez-vous%20avec%20le%20Dr.%20Mazarro\\\">+34 644 534 515<\\\/a>) ou par <a href=\\\"mailto:info@drmazarro.com\\\">e-mail<\\\/a> (<a href=\\\"mailto:info@drmazarro.com\\\">info@drmazarro.com<\\\/a>).<\\\/p>\\n\n\n<p style=\\\"text-align: center;\\\">Vous habitez loin ou pr\\u00e9f\\u00e9rez une <strong>consultation en ligne<\\\/strong>? Contactez-nous et nous vous indiquerons la marche \\u00e0 suivre.<\\\/p>\",\"margin\":\"large\"}},{\"type\":\"html\",\"props\":{\"content\":\"[contact-form-7 id=\\\"e6372b8\\\" title=\\\"Contact-FR\\\"]\"}},{\"type\":\"text\",\"props\":{\"column_breakpoint\":\"m\",\"content\":\"\n\n<p style=\\\"font-size: 8px;\\\">Nous vous informons que les donn\\u00e9es personnelles que vous fournissez en remplissant ce formulaire seront trait\\u00e9es par ALEJANDRO MAZARRO CAMPOS. La finalit\\u00e9 de la collecte et du traitement des donn\\u00e9es personnelles demand\\u00e9es est l'envoi d'informations li\\u00e9es \\u00e0 votre motif de consultation, que ce soit par e-mail, SMS, WhatsApp\\u00ae ou appel t\\u00e9l\\u00e9phonique. Les donn\\u00e9es personnelles et de contact pourront \\u00eatre transmises aux \\u00e9quipes respectives de marketing\\\/service client de la\\\/des clinique(s) o\\u00f9 collabore le Dr Mazarro pour contacter le demandeur. L'utilisateur consent \\u00e9galement \\u00e0 ce que ses coordonn\\u00e9es soient trait\\u00e9es par ALEJANDRO MAZARRO CAMPOS dans le but de l'informer par voie \\u00e9lectronique ou autre sur les nouveaux produits et services li\\u00e9s \\u00e0 son activit\\u00e9 \\u00e0 des fins publicitaires et promotionnelles. En cochant la case d'acceptation, vous donnez votre consentement expr\\u00e8s et l\\u00e9gitime pour que vos donn\\u00e9es soient trait\\u00e9es conform\\u00e9ment aux finalit\\u00e9s de ce formulaire d\\u00e9crites dans la politique de confidentialit\\u00e9. Vous pouvez exercer vos droits d'acc\\u00e8s, de rectification, de limitation et de suppression via l'adresse e-mail info@drmazarro.com.<\\\/p>\",\"margin\":\"default\",\"margin_remove_bottom\":true,\"margin_remove_top\":false,\"text_align\":\"justify\",\"text_style\":\"meta\"},\"name\":\"texto legal formulario\"},{\"type\":\"accordion\",\"props\":{\"collapsible\":true,\"content_column_breakpoint\":\"m\",\"content_margin\":\"small\",\"content_style\":\"meta\",\"image_align\":\"top\",\"image_grid_breakpoint\":\"m\",\"image_grid_width\":\"1-2\",\"image_svg_color\":\"emphasis\",\"link_style\":\"default\",\"link_text\":\"+\",\"show_image\":false,\"show_link\":false},\"children\":[{\"type\":\"accordion_item\",\"props\":{\"content\":\"\n\n<p><strong>Responsable du traitement :<\\\/strong> Alejandro Mazarro Campos.<br \\\/><strong>Finalit\\u00e9 :<\\\/strong> r\\u00e9pondre \\u00e0 votre demande.<br \\\/><strong>Base l\\u00e9gale :<\\\/strong> consentement de l'utilisateur.<br \\\/><strong>Destinataires :<\\\/strong> les donn\\u00e9es que vous nous fournissez seront stock\\u00e9es sur les serveurs de Google Workspace (notre fournisseur de messagerie).<br \\\/><strong>Droits :<\\\/strong> vous pourrez toujours acc\\u00e9der, rectifier, limiter et supprimer vos donn\\u00e9es personnelles.<\\\/p>\",\"title\":\"+\"}}]}]}]}],\"name\":\"2025 - HABLAMOS - FR\"},{\"type\":\"section\",\"props\":{\"image_position\":\"center-center\",\"style\":\"default\",\"title_breakpoint\":\"xl\",\"title_position\":\"top-left\",\"title_rotation\":\"left\",\"vertical_align\":\"middle\",\"width\":\"default\"},\"children\":[{\"type\":\"row\",\"props\":{\"layout\":\"1-5,3-5,1-5\"},\"children\":[{\"type\":\"column\",\"props\":{\"image_position\":\"center-center\",\"position_sticky_breakpoint\":\"m\",\"width_medium\":\"1-5\"}},{\"type\":\"column\",\"props\":{\"image_position\":\"center-center\",\"position_sticky_breakpoint\":\"m\",\"style\":\"card-default\",\"width_medium\":\"3-5\"},\"children\":[{\"type\":\"fragment\",\"props\":{\"margin\":\"default\"},\"children\":[{\"type\":\"row\",\"children\":[{\"type\":\"column\",\"props\":{\"image_position\":\"center-center\",\"position_sticky_breakpoint\":\"m\"},\"children\":[{\"type\":\"headline\",\"props\":{\"content\":\"Barcelone vous attend\",\"text_align\":\"center\",\"title_color\":\"primary\",\"title_decoration\":\"line\",\"title_element\":\"div\",\"title_style\":\"h2\"}}]}]},{\"type\":\"row\",\"props\":{\"layout\":\"2-3,1-3\"},\"children\":[{\"type\":\"column\",\"props\":{\"image_position\":\"center-center\",\"position_sticky_breakpoint\":\"m\",\"width_medium\":\"2-3\"},\"children\":[{\"type\":\"text\",\"props\":{\"column_breakpoint\":\"m\",\"content\":\"De plus en plus de patients choisissent de prendre un vol pour \\u00eatre entre de bonnes mains.\",\"margin\":\"default\",\"text_align\":\"center\",\"text_style\":\"meta\"}},{\"type\":\"text\",\"props\":{\"column_breakpoint\":\"m\",\"content\":\"\n\n<p>Nous nous occupons de tout \\u2014 d\\u00e9couvrez notre protocole pour les patients venant de loin et r\\u00e9servez une visioconsultation dans la langue de votre choix.<\\\/p>\",\"margin\":\"default\",\"text_align\":\"center\",\"text_style\":\"meta\"}},{\"type\":\"button\",\"props\":{\"button_size\":\"small\",\"grid_column_gap\":\"small\",\"grid_row_gap\":\"small\",\"margin\":\"default\",\"text_align\":\"center\"},\"children\":[{\"type\":\"button_item\",\"props\":{\"button_style\":\"default\",\"content\":\"Notre protocole\",\"dialog_layout\":\"modal\",\"dialog_offcanvas_flip\":true,\"icon_align\":\"left\",\"link\":\"fr\\\/patient-international\\\/\"}}]},{\"type\":\"button\",\"props\":{\"button_size\":\"small\",\"grid_column_gap\":\"small\",\"grid_row_gap\":\"small\",\"margin\":\"default\",\"text_align\":\"center\"},\"children\":[{\"type\":\"button_item\",\"props\":{\"button_style\":\"default\",\"content\":\"Votre consultation en ligne\",\"dialog_layout\":\"modal\",\"dialog_offcanvas_flip\":true,\"icon_align\":\"left\",\"link\":\"https:\\\/\\\/api.whatsapp.com\\\/send\\\/?phone=+34644534515&text=Bonjour,%20je%20souhaite%20r\\u00e9server%20une%20visioconsultation%20avec%20le%20Dr.%20Mazarro\",\"link_title\":\"Votre consultation en ligne\"}}]}]},{\"type\":\"column\",\"props\":{\"image_position\":\"center-center\",\"position_sticky_breakpoint\":\"m\",\"vertical_align\":\"middle\",\"width_medium\":\"1-3\"},\"children\":[{\"type\":\"image\",\"props\":{\"image\":\"wp-content\\\/uploads\\\/photo-1436491865332-7a61a109cc05-scaled.jpg\",\"image_box_decoration\":\"mask\",\"image_svg_color\":\"emphasis\",\"image_width\":200,\"margin\":\"default\",\"text_align\":\"center\"}}]}]}]}]},{\"type\":\"column\",\"props\":{\"image_position\":\"center-center\",\"position_sticky_breakpoint\":\"m\",\"width_medium\":\"1-5\"}}]}],\"name\":\"BANNER - PACIENTE INTERNACIONAL FRv2\"},{\"type\":\"section\",\"props\":{\"image_position\":\"center-center\",\"style\":\"secondary\",\"title_breakpoint\":\"xl\",\"title_position\":\"top-left\",\"title_rotation\":\"left\",\"vertical_align\":\"\",\"width\":\"default\"},\"children\":[{\"type\":\"row\",\"children\":[{\"type\":\"column\",\"props\":{\"image_position\":\"center-center\",\"position_sticky_breakpoint\":\"m\"},\"children\":[{\"type\":\"headline\",\"props\":{\"content\":\"Articles d'int\\u00e9r\\u00eat\",\"text_align\":\"center\",\"title_element\":\"div\",\"title_style\":\"heading-small\"}},{\"type\":\"overlay-slider\",\"props\":{\"link_style\":\"default\",\"link_text\":\"Read more\",\"margin\":\"default\",\"meta_align\":\"below-content\",\"meta_element\":\"div\",\"meta_style\":\"text-meta\",\"nav\":\"dotnav\",\"nav_align\":\"center\",\"nav_below\":true,\"nav_breakpoint\":\"\",\"nav_position\":\"bottom-center\",\"nav_position_margin\":\"medium\",\"overlay_mode\":\"cover\",\"overlay_position\":\"center\",\"overlay_style\":\"overlay-default\",\"overlay_transition\":\"fade\",\"show_content\":true,\"show_hover_image\":true,\"show_hover_video\":true,\"show_link\":true,\"show_meta\":true,\"show_title\":true,\"slidenav\":\"default\",\"slidenav_breakpoint\":\"\",\"slidenav_margin\":\"medium\",\"slidenav_outside_breakpoint\":\"xl\",\"slider_autoplay\":true,\"slider_autoplay_pause\":true,\"slider_center\":false,\"slider_divider\":false,\"slider_gap\":\"default\",\"slider_sets\":true,\"slider_width\":\"fixed\",\"slider_width_default\":\"1-1\",\"slider_width_medium\":\"1-3\",\"text_align\":\"center\",\"title_decoration\":\"divider\",\"title_element\":\"div\",\"title_hover_style\":\"reset\",\"title_style\":\"h2\"},\"children\":[{\"type\":\"overlay-slider_item\",\"props\":{\"content\":\"\n\n<p><span>Souhaitez-vous d\\u00e9couvrir les diff\\u00e9rents types de lifting du visage ?<\\\/span><\\\/p>\",\"image\":\"wp-content\\\/uploads\\\/2023\\\/01\\\/lifting.jpg\",\"image_alt\":\"Types de lifting du visage\",\"link\":\"fr\\\/types-de-lifting\\\/\",\"link_text\":\"En savoir plus\",\"meta\":\"\",\"title\":\"Types de lifting du visage\"}},{\"type\":\"overlay-slider_item\",\"props\":{\"content\":\"\n\n<p><span>\\u00c0 propos de moi<\\\/span><\\\/p>\",\"image\":\"wp-content\\\/uploads\\\/2025\\\/08\\\/dr-mazarro.jpg\",\"image_alt\":\"Doctor Mazarro\",\"link\":\"https:\\\/\\\/drmazarro.com\\\/fr\\\/dr-alejandro-mazarro-specialiste-lifting-du-visage-barcelone\\\/\",\"link_text\":\"En savoir plus\",\"meta\":\"\",\"title\":\"Dr. Alejandro Mazarro\"}},{\"type\":\"overlay-slider_item\",\"props\":{\"content\":\"Vous voulez savoir comment se d\\u00e9roule la r\\u00e9cup\\u00e9ration avec le Dr Mazarro ?\",\"image\":\"wp-content\\\/uploads\\\/2025\\\/06\\\/recovery-facelift.jpg\",\"image_alt\":\"R\\u00e9cup\\u00e9ration apr\\u00e8s un lifting Deep Plane\",\"link\":\"https:\\\/\\\/drmazarro.com\\\/fr\\\/chirurgie-esthetique-du-visage\\\/lifting-du-visage-et-du-cou\\\/lifting-du-visage-postoperatoire-barcelone\\\/\",\"link_text\":\"En savoir plus\",\"meta\":\"\",\"title\":\"R\\u00e9cup\\u00e9ration apr\\u00e8s un lifting Deep Plane\"}},{\"type\":\"overlay-slider_item\",\"props\":{\"content\":\"On vous dit tout, sans d\\u00e9tour.\",\"image\":\"wp-content\\\/uploads\\\/2025\\\/06\\\/foto-otros-articulos-400.jpg\",\"image_alt\":\"Cicatrices apr\\u00e8s un lifting\",\"link\":\"https:\\\/\\\/drmazarro.com\\\/fr\\\/cicatrices-lifting-du-visage\\\/\",\"link_text\":\"En savoir plus\",\"meta\":\"\",\"title\":\"Cicatrices apr\\u00e8s un lifting: faut-il s\\u2019inqui\\u00e9ter ?\"}},{\"type\":\"overlay-slider_item\",\"props\":{\"content\":\"\n\n<p><span>Le lifting Deep Plane : en quoi consiste-t-il et pourquoi est-il id\\u00e9al pour vous?<\\\/span><\\\/p>\",\"image\":\"wp-content\\\/uploads\\\/2025\\\/08\\\/face2.jpg\",\"image_alt\":\"Deep Plane Facelift\",\"link\":\"https:\\\/\\\/drmazarro.com\\\/fr\\\/specialiste-du-lifting-du-visage-et-du-cou-a-barcelone\\\/\",\"link_text\":\"En savoir plus\",\"meta\":\"\",\"title\":\"Lifting du visage Deep Plane\"}},{\"type\":\"overlay-slider_item\",\"props\":{\"content\":\"\n\n<p><span>Les meilleurs r\\u00e9sultats avec une r\\u00e9cup\\u00e9ration plus rapide<\\\/span><\\\/p>\",\"image\":\"wp-content\\\/uploads\\\/2025\\\/08\\\/pastpresent.jpg\",\"image_alt\":\"Deep Plane Facelift\",\"link\":\"fr\\\/specialiste-du-lifting-du-visage-et-du-cou-a-barcelone\\\/lifting-preservation\\\/\",\"link_text\":\"En savoir plus\",\"meta\":\"\",\"title\":\"Lifting de Pr\\u00e9servation\"}},{\"type\":\"overlay-slider_item\",\"props\":{\"content\":\"\n\n<p>Tout ce que vous devez savoir<\\\/p>\",\"image\":\"wp-content\\\/uploads\\\/2024\\\/09\\\/face-square-200.jpg\",\"image_alt\":\"Facelift - Dr. Mazarro\",\"link\":\"https:\\\/\\\/drmazarro.com\\\/fr\\\/faq-lifting\\\/\",\"link_text\":\"En savoir plus\",\"meta\":\"\",\"title\":\"Questions fr\\u00e9quentes\"}},{\"type\":\"overlay-slider_item\",\"props\":{\"content\":\"Nous vous expliquons tout en d\\u00e9tail\",\"image\":\"wp-content\\\/uploads\\\/2025\\\/08\\\/monthly-budget3.jpg\",\"image_alt\":\"Prix du lifting facial Deep Plane\",\"link\":\"fr\\\/precio-lifting-facial-en-barcelona\\\/\",\"link_text\":\"En savoir plus\",\"meta\":\"\",\"title\":\"Prix du lifting facial Deep Plane\"}},{\"type\":\"overlay-slider_item\",\"props\":{\"content\":\"Votre visage m\\u00e9rite l\\u2019expertise des meilleurs.\",\"image\":\"wp-content\\\/uploads\\\/2025\\\/07\\\/choose-copia-2.jpg\",\"image_alt\":\"Comment choisir\",\"link\":\"https:\\\/\\\/drmazarro.com\\\/fr\\\/comment-choisir-un-specialiste-pour-votre-lifting-du-visage\\\/\",\"link_text\":\"En savoir plus\",\"meta\":\"\",\"title\":\"Pourquoi (et comment) choisir un sp\\u00e9cialiste de la chirurgie du visage ?\"}}]}]}]}],\"name\":\"-2025 OTROS ARTICULOS DE INTERES --- AGOv4 FR\"},{\"type\":\"section\",\"props\":{\"image_position\":\"center-center\",\"preserve_color\":true,\"style\":\"secondary\",\"title_breakpoint\":\"xl\",\"title_position\":\"top-left\",\"title_rotation\":\"left\",\"vertical_align\":\"\",\"width\":\"default\"},\"children\":[{\"type\":\"row\",\"children\":[{\"type\":\"column\",\"props\":{\"image_position\":\"center-center\",\"position_sticky_breakpoint\":\"m\"},\"children\":[{\"type\":\"headline\",\"props\":{\"content\":\"Foire aux questions sur la r\\u00e9cuperation apr\\u00e8s un lifting du visage\",\"text_align\":\"center\",\"title_color\":\"muted\",\"title_element\":\"h2\",\"title_style\":\"h1\"}},{\"type\":\"html\",\"props\":{\"content\":\"[sc_fs_multi_faq \\n\\nheadline-0=\\\"h3\\\" \\nquestion-0=\\\"Combien de temps d\\u2019arr\\u00eat de travail est n\\u00e9cessaire apr\\u00e8s un lifting Deep Plane ?\\\" \\nanswer-0=\\\"Avec la technique Preservation Deep Plane que je pratique \\u00e0 Barcelone, la plupart de mes patientes reprennent leur activit\\u00e9 professionnelle entre 15 et 20 jours, surtout dans les emplois de bureau (si votre travail exige un effort physique important ou une forte exposition publique, comme les tournages ou les conf\\u00e9rences, il est pr\\u00e9f\\u00e9rable d\\u2019attendre quelques semaines de plus). Cela contraste avec les 4 \\u00e0 6 semaines d\\u2019arr\\u00eat souvent n\\u00e9cessaires avec les techniques traditionnelles. En travaillant dans le plan anatomique naturel et en pr\\u00e9servant les structures faciales, le traumatisme est minime et la r\\u00e9cup\\u00e9ration est beaucoup plus rapide. Chaque cas est unique, mais mes patientes sont souvent surprises de retrouver leur rythme habituel si rapidement.\\\" \\nimage-0=\\\"\\\" \\n\\nheadline-1=\\\"h3\\\" \\nquestion-1=\\\"Combien de temps dure r\\u00e9ellement la r\\u00e9cup\\u00e9ration apr\\u00e8s un lifting Deep Plane ?\\\" \\nanswer-1=\\\"Les premiers jours il existe un certain gonflement, mais apr\\u00e8s 2 semaines vous pouvez d\\u00e9j\\u00e0 reprendre une vie quasiment normale. Le r\\u00e9sultat final se stabilise vers le troisi\\u00e8me ou quatri\\u00e8me mois, m\\u00eame si le rajeunissement est visible d\\u00e8s le premier mois.\\\" \\nimage-1=\\\"\\\" \\n\\nheadline-2=\\\"h3\\\" \\nquestion-2=\\\"La convalescence apr\\u00e8s un lifting du visage est-elle douloureuse ?\\\" \\nanswer-2=\\\"Ce n\\u2019est g\\u00e9n\\u00e9ralement pas douloureux. Les sensations les plus courantes sont une certaine tension, lourdeur ou un l\\u00e9ger engourdissement. Elles se contr\\u00f4lent facilement avec des antalgiques simples et s\\u2019am\\u00e9liorent chaque jour. Cela d\\u00e9pend toutefois beaucoup de la pr\\u00e9cision technique du chirurgien : confiez toujours votre visage \\u00e0 un v\\u00e9ritable sp\\u00e9cialiste.\\\" \\nimage-2=\\\"\\\" \\n\\nheadline-3=\\\"h3\\\" \\nquestion-3=\\\"Quand pourrai-je reprendre le travail ou ma vie sociale apr\\u00e8s un lifting du visage ?\\\" \\nanswer-3=\\\"Avec le lifting Deep Plane, la r\\u00e9cup\\u00e9ration est plus rapide et plus facile qu\\u2019avec les techniques traditionnelles. Apr\\u00e8s 10 \\u00e0 15 jours, la plupart des patientes se sentent d\\u00e9j\\u00e0 \\u00e0 l\\u2019aise pour sortir d\\u00eener avec des amis, mais il est pr\\u00e9f\\u00e9rable d\\u2019attendre encore quelques semaines avant de participer \\u00e0 des \\u00e9v\\u00e9nements sociaux ou professionnels o\\u00f9 vous ne souhaitez pas que l\\u2019on remarque des signes \\u00e9vidents de chirurgie. C\\u2019est pr\\u00e9cis\\u00e9ment l\\u2019avantage du Preservation Deep Plane : une r\\u00e9cup\\u00e9ration plus confortable et discr\\u00e8te, qui vous permet de retrouver votre vie normale beaucoup plus t\\u00f4t.\\\" \\nimage-3=\\\"\\\" \\n\\ncount=\\\"4\\\" html=\\\"true\\\" css_class=\\\"\\\"]\\n\"}}]}]}]}],\"version\":\"4.5.5\"} --><\/p>\n","protected":false},"excerpt":{"rendered":"<p>Post-Op\u00e9ratoire du Lifting du Visage Deep Plane: Guide Complet de R\u00e9cup\u00e9ration Vous vous demandez \u00e0 quoi ressemblera votre r\u00e9cup\u00e9ration apr\u00e8s un lifting du visage ? En tant que\u00a0sp\u00e9cialiste en lifting du visage\u00a0depuis 2016, je vous explique \u00e9tape par \u00e9tape ce \u00e0 quoi vous attendre pendant votre post-op\u00e9ratoire de lifting du visage. Postoperatorio de un Lifting [&hellip;]<\/p>\n","protected":false},"author":1,"featured_media":29797,"parent":30107,"menu_order":0,"comment_status":"closed","ping_status":"closed","template":"","meta":{"_acf_changed":false,"_monsterinsights_skip_tracking":false,"_monsterinsights_sitenote_active":false,"_monsterinsights_sitenote_note":"","_monsterinsights_sitenote_category":0,"footnotes":""},"class_list":["post-27788","page","type-page","status-publish","has-post-thumbnail","hentry"],"acf":[],"yoast_head":"<!-- This site is optimized with the Yoast SEO plugin v27.3 - https:\/\/yoast.com\/product\/yoast-seo-wordpress\/ -->\n<title>R\u00e9cup\u00e9ration Lifting du visage Deep Plane | Dr. Mazarro Barcelone<\/title>\n<meta name=\"description\" content=\"Comment se d\u00e9roule la r\u00e9cup\u00e9ration apr\u00e8s un lifting du visage? D\u00e9couvrez le processus post-op\u00e9ratoire \u00e9tape par \u00e9tape avec le Dr Mazarro.\" \/>\n<meta name=\"robots\" content=\"index, follow, max-snippet:-1, max-image-preview:large, max-video-preview:-1\" \/>\n<link rel=\"canonical\" href=\"https:\/\/drmazarro.com\/fr\/deep-plane\/postoperatoire\/\" \/>\n<meta property=\"og:locale\" content=\"fr_FR\" \/>\n<meta property=\"og:type\" content=\"article\" \/>\n<meta property=\"og:title\" content=\"R\u00e9cup\u00e9ration Lifting Facial Deep Plane | Dr. Mazarro Barcelone\" \/>\n<meta property=\"og:description\" content=\"Comment se d\u00e9roule la r\u00e9cup\u00e9ration apr\u00e8s un lifting du visage Deep Plane ? D\u00e9couvrez le processus post-op\u00e9ratoire \u00e9tape par \u00e9tape avec le Dr Mazarro, sp\u00e9cialiste du lifting.\" \/>\n<meta property=\"og:url\" content=\"https:\/\/drmazarro.com\/fr\/deep-plane\/postoperatoire\/\" \/>\n<meta property=\"og:site_name\" content=\"Dr. Mazarro\" \/>\n<meta property=\"article:publisher\" content=\"https:\/\/www.facebook.com\/Dr-Mazarro-Cirug%c3%ada-Est%c3%a9tica-Facial-en-Barcelona-101872084913358\/\" \/>\n<meta property=\"article:modified_time\" content=\"2025-09-14T14:29:32+00:00\" \/>\n<meta property=\"og:image\" content=\"https:\/\/drmazarro.com\/wp-content\/uploads\/2025\/09\/recuperacion-lifting-facialjpg.jpg\" \/>\n\t<meta property=\"og:image:width\" content=\"812\" \/>\n\t<meta property=\"og:image:height\" content=\"832\" \/>\n\t<meta property=\"og:image:type\" content=\"image\/jpeg\" \/>\n<meta name=\"twitter:card\" content=\"summary_large_image\" \/>\n<meta name=\"twitter:label1\" content=\"Dur\u00e9e de lecture estim\u00e9e\" \/>\n\t<meta name=\"twitter:data1\" content=\"16 minutes\" \/>\n<!-- \/ Yoast SEO plugin. -->","yoast_head_json":{"title":"R\u00e9cup\u00e9ration Lifting du visage Deep Plane | Dr. Mazarro Barcelone","description":"Comment se d\u00e9roule la r\u00e9cup\u00e9ration apr\u00e8s un lifting du visage? D\u00e9couvrez le processus post-op\u00e9ratoire \u00e9tape par \u00e9tape avec le Dr Mazarro.","robots":{"index":"index","follow":"follow","max-snippet":"max-snippet:-1","max-image-preview":"max-image-preview:large","max-video-preview":"max-video-preview:-1"},"canonical":"https:\/\/drmazarro.com\/fr\/deep-plane\/postoperatoire\/","og_locale":"fr_FR","og_type":"article","og_title":"R\u00e9cup\u00e9ration Lifting Facial Deep Plane | Dr. Mazarro Barcelone","og_description":"Comment se d\u00e9roule la r\u00e9cup\u00e9ration apr\u00e8s un lifting du visage Deep Plane ? D\u00e9couvrez le processus post-op\u00e9ratoire \u00e9tape par \u00e9tape avec le Dr Mazarro, sp\u00e9cialiste du lifting.","og_url":"https:\/\/drmazarro.com\/fr\/deep-plane\/postoperatoire\/","og_site_name":"Dr. Mazarro","article_publisher":"https:\/\/www.facebook.com\/Dr-Mazarro-Cirug%c3%ada-Est%c3%a9tica-Facial-en-Barcelona-101872084913358\/","article_modified_time":"2025-09-14T14:29:32+00:00","og_image":[{"width":812,"height":832,"url":"https:\/\/drmazarro.com\/wp-content\/uploads\/2025\/09\/recuperacion-lifting-facialjpg.jpg","type":"image\/jpeg"}],"twitter_card":"summary_large_image","twitter_misc":{"Dur\u00e9e de lecture estim\u00e9e":"16 minutes"},"schema":{"@context":"https:\/\/schema.org","@graph":[{"@type":"WebPage","@id":"https:\/\/drmazarro.com\/fr\/deep-plane\/postoperatoire\/","url":"https:\/\/drmazarro.com\/fr\/deep-plane\/postoperatoire\/","name":"R\u00e9cup\u00e9ration Lifting du visage Deep Plane | Dr. Mazarro Barcelone","isPartOf":{"@id":"https:\/\/drmazarro.com\/fr\/#website"},"primaryImageOfPage":{"@id":"https:\/\/drmazarro.com\/fr\/deep-plane\/postoperatoire\/#primaryimage"},"image":{"@id":"https:\/\/drmazarro.com\/fr\/deep-plane\/postoperatoire\/#primaryimage"},"thumbnailUrl":"https:\/\/drmazarro.com\/wp-content\/uploads\/2025\/09\/recuperacion-lifting-facialjpg.jpg","datePublished":"2025-06-21T20:00:34+00:00","dateModified":"2025-09-14T14:29:32+00:00","description":"Comment se d\u00e9roule la r\u00e9cup\u00e9ration apr\u00e8s un lifting du visage? D\u00e9couvrez le processus post-op\u00e9ratoire \u00e9tape par \u00e9tape avec le Dr Mazarro.","breadcrumb":{"@id":"https:\/\/drmazarro.com\/fr\/deep-plane\/postoperatoire\/#breadcrumb"},"inLanguage":"fr-FR","potentialAction":[{"@type":"ReadAction","target":["https:\/\/drmazarro.com\/fr\/deep-plane\/postoperatoire\/"]}]},{"@type":"ImageObject","inLanguage":"fr-FR","@id":"https:\/\/drmazarro.com\/fr\/deep-plane\/postoperatoire\/#primaryimage","url":"https:\/\/drmazarro.com\/wp-content\/uploads\/2025\/09\/recuperacion-lifting-facialjpg.jpg","contentUrl":"https:\/\/drmazarro.com\/wp-content\/uploads\/2025\/09\/recuperacion-lifting-facialjpg.jpg","width":812,"height":832,"caption":"Recuperaci\u00f3n de lifting facial"},{"@type":"BreadcrumbList","@id":"https:\/\/drmazarro.com\/fr\/deep-plane\/postoperatoire\/#breadcrumb","itemListElement":[{"@type":"ListItem","position":1,"name":"Portada","item":"https:\/\/drmazarro.com\/fr\/"},{"@type":"ListItem","position":2,"name":"Lifting Deep Plane | Dr. Alejandro Mazarro","item":"https:\/\/drmazarro.com\/fr\/deep-plane\/"},{"@type":"ListItem","position":3,"name":"Lifting du Visage Post-Op\u00e9ratoire Barcelone"}]},{"@type":"WebSite","@id":"https:\/\/drmazarro.com\/fr\/#website","url":"https:\/\/drmazarro.com\/fr\/","name":"Dr. Mazarro","description":"Cirug\u00eda y Medicina Est\u00e9tica Facial en Barcelona","publisher":{"@id":"https:\/\/drmazarro.com\/fr\/#organization"},"potentialAction":[{"@type":"SearchAction","target":{"@type":"EntryPoint","urlTemplate":"https:\/\/drmazarro.com\/fr\/?s={search_term_string}"},"query-input":{"@type":"PropertyValueSpecification","valueRequired":true,"valueName":"search_term_string"}}],"inLanguage":"fr-FR"},{"@type":"Organization","@id":"https:\/\/drmazarro.com\/fr\/#organization","name":"Dr. Mazarro","url":"https:\/\/drmazarro.com\/fr\/","logo":{"@type":"ImageObject","inLanguage":"fr-FR","@id":"https:\/\/drmazarro.com\/fr\/#\/schema\/logo\/image\/","url":"https:\/\/drmazarro.com\/wp-content\/uploads\/2024\/03\/AM-576.png","contentUrl":"https:\/\/drmazarro.com\/wp-content\/uploads\/2024\/03\/AM-576.png","width":576,"height":576,"caption":"Dr. Mazarro"},"image":{"@id":"https:\/\/drmazarro.com\/fr\/#\/schema\/logo\/image\/"},"sameAs":["https:\/\/www.facebook.com\/Dr-Mazarro-Cirug\u00eda-Est\u00e9tica-Facial-en-Barcelona-101872084913358\/","https:\/\/www.instagram.com\/drmazarro_alejandro\/"]}]}},"_links":{"self":[{"href":"https:\/\/drmazarro.com\/fr\/wp-json\/wp\/v2\/pages\/27788","targetHints":{"allow":["GET"]}}],"collection":[{"href":"https:\/\/drmazarro.com\/fr\/wp-json\/wp\/v2\/pages"}],"about":[{"href":"https:\/\/drmazarro.com\/fr\/wp-json\/wp\/v2\/types\/page"}],"author":[{"embeddable":true,"href":"https:\/\/drmazarro.com\/fr\/wp-json\/wp\/v2\/users\/1"}],"replies":[{"embeddable":true,"href":"https:\/\/drmazarro.com\/fr\/wp-json\/wp\/v2\/comments?post=27788"}],"version-history":[{"count":27,"href":"https:\/\/drmazarro.com\/fr\/wp-json\/wp\/v2\/pages\/27788\/revisions"}],"predecessor-version":[{"id":31623,"href":"https:\/\/drmazarro.com\/fr\/wp-json\/wp\/v2\/pages\/27788\/revisions\/31623"}],"up":[{"embeddable":true,"href":"https:\/\/drmazarro.com\/fr\/wp-json\/wp\/v2\/pages\/30107"}],"wp:featuredmedia":[{"embeddable":true,"href":"https:\/\/drmazarro.com\/fr\/wp-json\/wp\/v2\/media\/29797"}],"wp:attachment":[{"href":"https:\/\/drmazarro.com\/fr\/wp-json\/wp\/v2\/media?parent=27788"}],"curies":[{"name":"wp","href":"https:\/\/api.w.org\/{rel}","templated":true}]}}