{"id":25574,"date":"2025-04-18T23:42:19","date_gmt":"2025-04-18T21:42:19","guid":{"rendered":"https:\/\/drmazarro.com\/lifting-de-coll\/"},"modified":"2025-09-14T11:19:02","modified_gmt":"2025-09-14T09:19:02","slug":"lifting-du-cou","status":"publish","type":"page","link":"https:\/\/drmazarro.com\/fr\/lifting-du-cou\/","title":{"rendered":"Lifting du Cou \u00e0 Barcelone | Dr. Mazarro"},"content":{"rendered":"<h1><span class=\"mi-estilo-especial\"> Lifting du cou\u00a0 <span class=\"parte-secundaria\">\u00e0 Barcelone<\/span><\/span><\/h1>\n<hr>\n<div>\n<p>Votre reflet dans le miroir vous pr\u00e9occupe-t-il ?<\/p>\n<p>Le <strong>rel\u00e2chement du cou<\/strong> qui semble s&rsquo;accentuer jour apr\u00e8s jour.<\/p>\n<p>Ou peut-\u00eatre ce <strong>double menton<\/strong> qui ne vous ressemble pas.<\/p>\n<p>Le cou est souvent la premi\u00e8re zone \u00e0 trahir le passage du temps, et malheureusement, les cr\u00e8mes et les traitements non invasifs ne suffisent pas.<\/p>\n<p><strong>D\u00e9couvrez dans cet article comment retrouver un cou ferme et d\u00e9fini<\/strong>.<\/p>\n<\/div>\n<hr>\n<ul>\n<li>\n<p><a href=\"#queesliftingcuello\">Qu\u2019est-ce qu\u2019un lifting du cou?<\/a><\/p>\n<\/li>\n<li>\n<p><a href=\"#anatomia\">Anatomie du cou<\/a><\/p>\n<\/li>\n<li>\n<p><a href=\"#comosaber\">Lifting cervical ou cervicofacial?<\/a><\/p>\n<\/li>\n<li>\n<p><a href=\"#riesgos\">Risques<\/a><\/p>\n<\/li>\n<li>\n<p><a href=\"#opiniones\">T\u00e9moignages<\/a><\/p>\n<\/li>\n<li>\n<p><a href=\"#hablamos\">Prenez RDV<\/a><\/p>\n<\/li>\n<\/ul>\n<hr>\n<h2>Qu&rsquo;est-ce qu&rsquo;un lifting du cou?<\/h2>\n<div>\n<p>Il s&rsquo;agit d&rsquo;une proc\u00e9dure sp\u00e9cialement con\u00e7ue pour red\u00e9finir la <strong>ligne mandibulaire<\/strong> et restaurer <strong>l&rsquo;angle cervical<\/strong>.<\/p>\n<p>Elle est r\u00e9alis\u00e9e \u00e0 travers une incision <strong>sous le menton<\/strong>, g\u00e9n\u00e9ralement associ\u00e9e dans la plupart des cas \u00e0 une incision derri\u00e8re l&rsquo;oreille.<\/p>\n<p>Cependant, il est important de noter que dans certains cas, la perte de d\u00e9finition du cou fait partie d&rsquo;un processus plus global de perte de fermet\u00e9 qui affecte <strong>le visage et le cou<\/strong>, pouvant n\u00e9cessiter un lifting <a href=\"https:\/\/drmazarro.com\/fr\/specialiste-du-lifting-du-visage-et-du-cou-a-barcelone\/\">cervico-facial de type Deep Plane<\/a> pour un traitement appropri\u00e9.<\/p>\n<\/div>\n<h3><em>Vous n&rsquo;\u00eates pas s\u00fbr(e) qu&rsquo;un lifting du cou soit fait pour vous ?<\/em><\/h3>\n<div>\n<p>Si votre rel\u00e2chement est naissant ou que vous pr\u00e9f\u00e9rez d&rsquo;abord explorer les options non invasives, <a href=\"https:\/\/drmazarro.com\/fr\/traitment-relachement-cou\/\">vous trouverez ici une explication des alternatives<\/a> pour savoir clairement quand elles sont indiqu\u00e9es.<\/p>\n<p><a href=\"#hablamos\" data-wplink-edit=\"true\">Prenez rendez-vous<\/a> si vous souhaitez une \u00e9valuation professionnelle.<\/p>\n<\/div>\n<h3>\n<p><em>En quoi est-ce diff\u00e9rent d&rsquo;une liposuccion du double menton ?<\/em><\/p>\n<\/h3>\n<div>\n<p><b>Chaque cas est unique<\/b>, mais en g\u00e9n\u00e9ral, la perte de d\u00e9finition du cou implique bien plus qu&rsquo;une simple prise de poids.<\/p>\n<p>Dans les cas exceptionnels o\u00f9 il n&rsquo;existe qu&rsquo;un exc\u00e8s de graisse superficielle, la <b>liposuccion <\/b>peut \u00eatre une bonne option.<\/p>\n<p>N\u00e9anmoins, dans la majorit\u00e9 des cas, il sera n\u00e9cessaire de traiter les structures suivantes:<\/p>\n<ul>\n<li>le muscle <b>platysma<\/b><\/li>\n<li>les muscles <b>digastriques<\/b><\/li>\n<li>les <b>glandes <\/b>sous-mandibulaires<\/li>\n<\/ul>\n<\/div>\n<hr>\n<h2>Anatomie du cou<\/h2>\n<h4><em>Le muscle platysma<\/em><\/h4>\n<div>\n<p>Il s&rsquo;agit d&rsquo;un <b>muscle superficiel<\/b>, situ\u00e9 juste sous la peau, responsable des <b>bandes platismales <\/b>(bandes verticales qui apparaissent dans la zone centrale du cou).<\/p>\n<p>Leur apparition indique que le muscle platysma est <b>ouvert <\/b>au centre, ce qui entra\u00eene, de profil, une perte de d\u00e9finition de l&rsquo;angle cervical et l&rsquo;adoption d&rsquo;une disposition diagonale.<\/p>\n<p>Pour un traitement appropri\u00e9, il est n\u00e9cessaire de r\u00e9aliser une <b>platysmaplastie<\/b>, une proc\u00e9dure qui reconstruit l&rsquo;union entre les deux c\u00f4t\u00e9s du muscle platysma.<\/p>\n<\/div>\n<p><img decoding=\"async\" src=\"\/wp-content\/uploads\/2022\/12\/1-500-665.jpg\" alt=\"Lifting du cou- Dr. Mazarro\"><\/p>\n<div>\n<p style=\"text-align: center;\">Dans des cas comme celui-ci, une platysmaplastie peut suffire \u00e0 restaurer la d\u00e9finition de l&rsquo;angle cervical.<\/p>\n<\/div>\n<h4><em>Les muscles digastriques<\/em><\/h4>\n<div>\n<p>L&rsquo;<b>exc\u00e8s de volume <\/b>sous le menton n&rsquo;est pas toujours d\u00fb \u00e0 un exc\u00e8s de graisse. Parfois, il s&rsquo;agit du <b>muscle digastrique<\/b>, qui se trouve juste sous le platysma.<\/p>\n<p>Il s&rsquo;agit dans ce cas d&rsquo;un muscle <b>\u00e9pais<\/b>, et s&rsquo;il n&rsquo;est pas trait\u00e9 correctement, il peut donner l&rsquo;apparence d&rsquo;un <b>\u00ab double menton\u00bb<\/b>, m\u00eame en l&rsquo;absence de surpoids.<\/p>\n<p>La solution dans ce cas consiste \u00e0 r\u00e9aliser ce que nous appelons un <em>shaving<\/em> de la partie ant\u00e9rieure des muscles digastriques.<\/p>\n<\/div>\n<p><img decoding=\"async\" src=\"\/wp-content\/uploads\/2025\/04\/1-copia-800-Q5.jpg\" alt=\"Lifting du cou - Dr. Mazarro\"><\/p>\n<div>\n<p style=\"text-align: center;\">Dans ces cas, il est n\u00e9cessaire de combiner la platysmaplastie avec une r\u00e9duction de la portion ant\u00e9rieure des muscles digastriques.<\/p>\n<\/div>\n<h4><em>Les glandes sous-mandibulaires<\/em><\/h4>\n<div>\n<p>Il existe tr\u00e8s fr\u00e9quemment un exc\u00e8s de volume dans la <b>r\u00e9gion lat\u00e9rale <\/b>du cou.<\/p>\n<p>Bien que nous n&rsquo;en soyons pas conscients, c&rsquo;est l\u00e0 que se logent <b>les glandes sous-mandibulaires<\/b>, charg\u00e9es de s\u00e9cr\u00e9ter la salive.<\/p>\n<p>Avec le temps, celles-ci peuvent se <b>hernier<\/b>, cr\u00e9ant une pro\u00e9minence qui estompe la ligne mandibulaire.<\/p>\n<p>Pour retrouver une d\u00e9finition ad\u00e9quate du cou, il peut \u00eatre n\u00e9cessaire de <b>r\u00e9duire <\/b>la portion la plus superficielle de ces glandes, permettant ainsi de retrouver un cou beaucoup plus <b>stylis\u00e9<\/b>.<\/p>\n<\/div>\n<p><img decoding=\"async\" src=\"\/wp-content\/uploads\/2025\/04\/2-copia_800-q5.jpg\" alt=\"Lifting du cou - Dr. Mazarro\"><\/p>\n<div>\n<p style=\"text-align: center;\">Cette patiente n&rsquo;\u00e9tait ind\u00e9niablement pas en surpoids. Cependant, au cours des derni\u00e8res ann\u00e9es, elle avait subi une perte significative de la d\u00e9finition du cou. Gr\u00e2ce \u00e0 la r\u00e9duction des glandes sous-mandibulaires, un shaving de la partie ant\u00e9rieure du muscle digastrique et une platysmaplastie, il a \u00e9t\u00e9 possible de retrouver le cou qu&rsquo;elle avait quelques ann\u00e9es auparavant.<\/p>\n<\/div>\n<h2>Comment savoir si j&rsquo;ai besoin d&rsquo;un lifting du visage ou un lifting cervicofacial?<\/h2>\n<div>\n<p style=\"text-align: justify;\">Dans la plupart des cas, un lifting cervical doit s&rsquo;accompagner d&rsquo;un lifting facial.<\/p>\n<p style=\"text-align: justify;\"><strong><i>Pourquoi ?<\/i><\/strong><\/p>\n<p style=\"text-align: justify;\">Il faut comprendre que le visage et le cou font partie d&rsquo;<strong>une m\u00eame structure<\/strong>. La descente progressive des tissus du visage finit par permettre l&rsquo;accumulation de tissu au niveau de la ligne mandibulaire et du cou.<\/p>\n<p style=\"text-align: justify;\">C&rsquo;est pourquoi, sans un redrapage adequat des tissus au niveau du visage, souvent il ne sera pas possible d&rsquo;obtenir un bon r\u00e9sultat au niveau du cou.<\/p>\n<p style=\"text-align: justify;\"><strong>Vous voulez savoir ce qui est mieux pour vous ?<\/strong><\/p>\n<p style=\"text-align: justify;\">Prenez rendez-vous et parlons de votre situation.<\/p>\n<\/div>\n<h2>Quels sont les risques d&rsquo;un lifting du cou ?<\/h2>\n<div>\n<p>Pour votre s\u00e9curit\u00e9, voici ce qu&rsquo;il faut savoir :<\/p>\n<ul>\n<li><strong>Contre-indications m\u00e9dicales :<\/strong> si vous souffrez de pathologies graves (probl\u00e8mes cardiaques, troubles de la coagulation, d\u00e9ficit immunitaire), cette intervention n&rsquo;est pas recommand\u00e9e.<\/li>\n<li><strong>Facteurs de risque :<\/strong> le tabagisme et une tension art\u00e9rielle mal ma\u00eetris\u00e9e compliquent consid\u00e9rablement la cicatrisation. Il est essentiel d&rsquo;arr\u00eater de fumer plusieurs semaines avant l&rsquo;op\u00e9ration et de bien contr\u00f4ler sa tension.<\/li>\n<li><span style=\"color: #c35c5c;\"><strong>Le v\u00e9ritable danger<\/strong> d&rsquo;un lifting du cou ? <strong>Choisir un chirurgien sans exp\u00e9rience<\/strong><\/span>. Certes, c&rsquo;est une intervention s\u00fbre quand elle est bien r\u00e9alis\u00e9e, mais elle reste tr\u00e8s <strong>technique<\/strong>. Pour obtenir un <strong>r\u00e9sultat satisfaisant<\/strong>, impossible de se contenter de la surface: il faut absolument travailler en <strong>profondeur<\/strong>. Cela demande une parfaite ma\u00eetrise de l&rsquo;anatomie et une <strong>exp\u00e9rience solide<\/strong> pour op\u00e9rer <strong>sans risque<\/strong>.<\/li>\n<\/ul>\n<p style=\"text-align: center;\"><strong>Mon conseil:<\/strong> demandez toujours \u00e0 voir des cas similaires au v\u00f4tre et assurez-vous que les r\u00e9sultats correspondent \u00e0 vos attentes.<\/p>\n<\/div>\n<div>Votre s\u00e9curit\u00e9 avant tout<\/div>\n<p><img decoding=\"async\" src=\"\/wp-content\/uploads\/2025\/05\/como-escoger.jpg\" alt=\"\"><\/p>\n<div>\n<p>Le lifting du cou reste incontestablement la partie <strong>la plus d\u00e9licate<\/strong> d&rsquo;un lifting cervico-facial.<\/p>\n<p>    Pour votre <strong>s\u00e9curit\u00e9<\/strong> et un r\u00e9sultat <strong>naturellement \u00e9l\u00e9gant<\/strong>, faites confiance \u00e0 un <a href=\"http:\/\/drmazarro.com\/fr\/\">expert du lifting<\/a>.\n<\/div>\n<hr>\n<h2>Prenez rendez-vous<\/h2>\n<h2>Un diagnostic pr\u00e9cis : la cl\u00e9 d&rsquo;un excellent r\u00e9sultat<\/h2>\n<div>\n<p>Bien que nous ayons tendance \u00e0 attribuer l&rsquo;exc\u00e8s de volume du cou \u00e0 un exc\u00e8s de <b>graisse<\/b>, il est essentiel de bien conna\u00eetre <b>l&rsquo;anatomie<\/b> cervicale pour \u00e9tablir<b> un diagnostic pr\u00e9cis <\/b>et un plan de traitement personnalis\u00e9 pour chaque cas.<\/p>\n<p><b>Prenez rendez-vous<\/b> pour une \u00e9valuation personnalis\u00e9e et nous \u00e9tablirons ensemble un plan de traitement adapt\u00e9 \u00e0 vos objectifs.<\/p>\n<\/div>\n<p><p>\n        <a href=\"https:\/\/api.whatsapp.com\/send\/?phone=+34644534515&#038;text=Bonjour,%20je%20veux%20prendre%20un%20rendez-vous%20avec%20le%20Dr.%20Mazarro\">Prenez RDV<\/a>\n    <\/p>\n<\/p>\n<div>\n<p style=\"text-align: center;\">Remplissez le formulaire ou contactez-nous par <a href=\"https:\/\/api.whatsapp.com\/send\/?phone=+34644534515&amp;text=Bonjour,%20je%20veux%20prendre%20un%20rendez-vous%20avec%20le%20Dr.%20Mazarro\">WhatsApp<\/a> (<a href=\"https:\/\/api.whatsapp.com\/send\/?phone=+34644534515&amp;text=Bonjour,%20je%20veux%20prendre%20un%20rendez-vous%20avec%20le%20Dr.%20Mazarro\">+34 644 534 515<\/a>) ou par <a href=\"mailto:info@drmazarro.com\">e-mail<\/a> (<a href=\"mailto:info@drmazarro.com\">info@drmazarro.com<\/a>).<\/p>\n<p style=\"text-align: center;\">Vous pouvez \u00e9galement prendre rendez-vous via l&rsquo;application <a href=\"https:\/\/drmazarro.com\/fr\/prenez-rendez-vous\/#doctoralia\">Doctoralia<\/a>.<\/p>\n<p style=\"text-align: center;\">Vous habitez loin ou pr\u00e9f\u00e9rez une <strong>consultation en ligne<\/strong>? Contactez-nous et nous vous indiquerons la marche \u00e0 suivre.<\/p>\n<\/div>\n<div>\n\n<div class=\"wpcf7 no-js\" id=\"wpcf7-f23390-o1\" lang=\"fr-FR\" dir=\"ltr\" data-wpcf7-id=\"23390\">\n<div class=\"screen-reader-response\"><p role=\"status\" aria-live=\"polite\" aria-atomic=\"true\"><\/p> <ul><\/ul><\/div>\n<form action=\"\/fr\/wp-json\/wp\/v2\/pages\/25574#wpcf7-f23390-o1\" method=\"post\" class=\"wpcf7-form init\" aria-label=\"Formulaire de contact\" novalidate=\"novalidate\" data-status=\"init\">\n<fieldset class=\"hidden-fields-container\"><input type=\"hidden\" name=\"_wpcf7\" value=\"23390\" \/><input type=\"hidden\" name=\"_wpcf7_version\" value=\"6.1.5\" \/><input type=\"hidden\" name=\"_wpcf7_locale\" value=\"fr_FR\" \/><input type=\"hidden\" name=\"_wpcf7_unit_tag\" value=\"wpcf7-f23390-o1\" \/><input type=\"hidden\" name=\"_wpcf7_container_post\" value=\"0\" \/><input type=\"hidden\" name=\"_wpcf7_posted_data_hash\" value=\"\" \/><input type=\"hidden\" name=\"_wpcf7_recaptcha_response\" value=\"\" \/>\n<\/fieldset>\n<div class=\"uk-grid-small\" uk-grid>\n\t<div class=\"uk-width-1-2@m\">\n\t\t<p><span class=\"wpcf7-form-control-wrap\" data-name=\"nombre\"><input size=\"40\" maxlength=\"400\" class=\"wpcf7-form-control wpcf7-text uk-input\" aria-invalid=\"false\" placeholder=\"Nom et pr\u00e9nom*\" value=\"\" type=\"text\" name=\"nombre\" \/><\/span>\n\t\t<\/p>\n\t<\/div>\n\t<div class=\"uk-width-1-2@m\">\n\t\t<p><span class=\"wpcf7-form-control-wrap\" data-name=\"email\"><input size=\"40\" maxlength=\"400\" class=\"wpcf7-form-control wpcf7-email wpcf7-validates-as-required wpcf7-text wpcf7-validates-as-email uk-input\" aria-required=\"true\" aria-invalid=\"false\" placeholder=\"Email*\" value=\"\" type=\"email\" name=\"email\" \/><\/span>\n\t\t<\/p>\n\t<\/div>\n\t<div class=\"uk-width-1-2@m\">\n\t\t<p><span class=\"wpcf7-form-control-wrap\" data-name=\"telefono\"><input size=\"40\" maxlength=\"400\" class=\"wpcf7-form-control wpcf7-text wpcf7-validates-as-required uk-input\" aria-required=\"true\" aria-invalid=\"false\" placeholder=\"T\u00e9l\u00e9phone*\" value=\"\" type=\"text\" name=\"telefono\" \/><\/span>\n\t\t<\/p>\n\t<\/div>\n\t<div class=\"uk-width-1-2@m\">\n\t\t<p><span class=\"wpcf7-form-control-wrap\" data-name=\"pais\"><input size=\"40\" maxlength=\"400\" class=\"wpcf7-form-control wpcf7-text wpcf7-validates-as-required uk-input\" aria-required=\"true\" aria-invalid=\"false\" placeholder=\"Pays*\" value=\"\" type=\"text\" name=\"pais\" \/><\/span>\n\t\t<\/p>\n\t<\/div>\n\t<div class=\"uk-width-1-1@m\">\n\t\t<p><span class=\"wpcf7-form-control-wrap\" data-name=\"mensaje\"><textarea cols=\"40\" rows=\"3\" maxlength=\"2000\" class=\"wpcf7-form-control wpcf7-textarea uk-textarea\" aria-invalid=\"false\" placeholder=\"Message*\" name=\"mensaje\"><\/textarea><\/span>\n\t\t<\/p>\n\t<\/div>\n\t<div class=\"uk-legal\">\n\t\t<p><span class=\"wpcf7-form-control-wrap\" data-name=\"acceptance-279\"><span class=\"wpcf7-form-control wpcf7-acceptance\"><span class=\"wpcf7-list-item\"><input type=\"checkbox\" name=\"acceptance-279\" value=\"1\" aria-invalid=\"false\" \/><\/span><\/span><\/span>J'ai lu &nbsp;<a target=\"_blank\" rel=\"nofollow noopener noreferrer\" href=\"https:\/\/drmazarro.com\/aviso_legal\/\">les Mentions l\u00e9gales <\/a>&nbsp;y la&nbsp;<a target=\"_blank\" rel=\"nofollow noopener noreferrer\" href=\"https:\/\/drmazarro.com\/politicadeprivacidad\/\">et la politique de confidentialit\u00e9<\/a>.\n\t\t<\/p>\n\t<\/div>\n\t<div>\n\t\t<p><input class=\"wpcf7-form-control wpcf7-submit has-spinner uk-button uk-button-primary\" type=\"submit\" value=\"Envoyer\" \/>\n\t\t<\/p>\n\t<\/div>\n<\/div><div class=\"wpcf7-response-output\" aria-hidden=\"true\"><\/div>\n<\/form>\n<\/div>\n<\/div>\n<div>\n<p style=\"font-size: 8px;\">Nous vous informons que les donn\u00e9es personnelles que vous fournissez en remplissant ce formulaire seront trait\u00e9es par ALEJANDRO MAZARRO CAMPOS. La finalit\u00e9 de la collecte et du traitement des donn\u00e9es personnelles demand\u00e9es est l&rsquo;envoi d&rsquo;informations li\u00e9es \u00e0 votre motif de consultation, que ce soit par e-mail, SMS, WhatsApp\u00ae ou appel t\u00e9l\u00e9phonique. Les donn\u00e9es personnelles et de contact pourront \u00eatre transmises aux \u00e9quipes respectives de marketing\/service client de la\/des clinique(s) o\u00f9 collabore le Dr Mazarro pour contacter le demandeur. L&rsquo;utilisateur consent \u00e9galement \u00e0 ce que ses coordonn\u00e9es soient trait\u00e9es par ALEJANDRO MAZARRO CAMPOS dans le but de l&rsquo;informer par voie \u00e9lectronique ou autre sur les nouveaux produits et services li\u00e9s \u00e0 son activit\u00e9 \u00e0 des fins publicitaires et promotionnelles. En cochant la case d&rsquo;acceptation, vous donnez votre consentement expr\u00e8s et l\u00e9gitime pour que vos donn\u00e9es soient trait\u00e9es conform\u00e9ment aux finalit\u00e9s de ce formulaire d\u00e9crites dans la politique de confidentialit\u00e9. Vous pouvez exercer vos droits d&rsquo;acc\u00e8s, de rectification, de limitation et de suppression via l&rsquo;adresse e-mail info@drmazarro.com.<\/p>\n<\/div>\n<div>\n<h3>+<\/h3>\n<div>\n<p><strong>Responsable du traitement :<\/strong> Alejandro Mazarro Campos.<br \/><strong>Finalit\u00e9 :<\/strong> r\u00e9pondre \u00e0 votre demande.<br \/><strong>Base l\u00e9gale :<\/strong> consentement de l&rsquo;utilisateur.<br \/><strong>Destinataires :<\/strong> les donn\u00e9es que vous nous fournissez seront stock\u00e9es sur les serveurs de Google Workspace (notre fournisseur de messagerie).<br \/><strong>Droits :<\/strong> vous pourrez toujours acc\u00e9der, rectifier, limiter et supprimer vos donn\u00e9es personnelles.<\/p>\n<\/div>\n<\/div>\n<div>Barcelone vous attend<\/div>\n<div>De plus en plus de patients choisissent de prendre un vol pour \u00eatre entre de bonnes mains.<\/div>\n<div>\n<p>Nous nous occupons de tout \u2014 d\u00e9couvrez notre protocole pour les patients venant de loin et r\u00e9servez une visioconsultation dans la langue de votre choix.<\/p>\n<\/div>\n<p><p>\n        <a href=\"\/fr\/patient-international\/\">Notre protocole<\/a>\n    <\/p>\n<\/p>\n<p><p>\n        <a href=\"https:\/\/api.whatsapp.com\/send\/?phone=+34644534515&#038;text=Bonjour,%20je%20souhaite%20r\u00e9server%20une%20visioconsultation%20avec%20le%20Dr.%20Mazarro\">Votre consultation en ligne<\/a>\n    <\/p>\n<\/p>\n<p><img decoding=\"async\" src=\"\/wp-content\/uploads\/photo-1436491865332-7a61a109cc05-scaled.jpg\" alt=\"\"><\/p>\n<div>Vous voulez savoir ce que disent mes patients ?<\/div>\n<h2>Avis de patients extraits de Google et Doctoralia.<\/h2>\n<ul>\n<li>\n<div>Inma C.A.<\/div>\n<p>Google Review<\/p>\n<div>\n<p><span>Tengo 60 a\u00f1os, queria rejuvenecer mi aspecto con naturalidad.<\/span><br \/><span>Me informe de la tecnica quirurgica deep plan.<\/span><br \/><span>Estuve 3 meses informandome de cirujanos plasticos con buenos resultados, dude mucho, pero acerte, el mas destacable en tecnica facial fue el dr. Mazarro en Barcelona.<\/span><br \/><span>Desde el primer momento me entendio, me hizo sentir comoda. Muy cercano, sincero y me hizo visualizar ante un espejo los resultados que queria conseguir.<\/span><br \/><span>Me dio mucha confianza y seguridad.<\/span><br \/><span>Los resultados han sido mucho mejores de lo previsible.<\/span><br \/><span>Se nota que le apasiona lo que hace porque se entrega para la perfeccion.<\/span><br \/><span>Eso si, el post-operatorio es molesto durante los 12 primeros dias<\/span><br \/><span>( en mi caso).<\/span><br \/><span>Orgullosa de haberlo encontrado.<\/span><\/p>\n<\/div>\n<\/li>\n<li>\n<div>Gail Stanbridge<\/div>\n<p>Doctoralia<\/p>\n<div>\n<p><span>I discovered Dr. Mazarro through a friend who had her Deep Plane Facelift with him &#8211; her results were incredible and I couldn&rsquo;t even see any scars! During the consultation, he took extensive time explaining how this advanced technique would reposition my facial tissues naturally, rather than just pulling the skin tight. His expertise and warm approach immediately put me at ease.<\/p>\n<p>The results are exactly what I wanted &#8211; I look refreshed and rejuvenated, not &lsquo;done&rsquo;. What surprised me most was how comfortable the recovery was &#8211; just some mild tension for the first few days, and I was able to sleep at home the same night of surgery.<\/p>\n<p>The cost was significantly lower than what top surgeons charge here in London (about 40% less), yet the level of expertise and care was amazing. The entire experience at Pedralbes Clinic was exceptional, from the initial consultation to the final follow-up.<\/p>\n<p>Almost one year later, I couldn&rsquo;t be happier with my decision. Worth every penny and mile travelled!<\/span><\/p>\n<\/div>\n<\/li>\n<li>\n<div>Cristina Molina<\/div>\n<p>Google Review<\/p>\n<div>\n<p><span>Hace mes y medio el Dr Mazarro me realiz\u00f3 un lifting + una blefaroplastia y no puedo estar m\u00e1s contenta. Es un cirujano de gran pericia: las cicatrices son pr\u00e1cticamente imperceptibles, mi ovalo ha quedado definido y mis ojos lucen ahora, habiendo conseguido mejorar sensiblemente mi apariencia de manera muy natural. El trato del Dr Mazarro es muy profesional y amable, siempre dispuesto a despejar todo tipo de dudas de manera veraz sin generar falsas expectativas, los controles posoperatorios son regulares y los mantendr\u00e9 durante varios meses. Por mi parte yo he cumplido con todos los cuidados posoperatorios que se me indicaron. Total confianza en el Dr. Mazarro<\/span><\/p>\n<\/div>\n<\/li>\n<li>\n<div>Luc\u00eda<\/div>\n<p>Doctoralia<\/p>\n<div>\n<p><span>Encantada! viaj\u00e9 espec\u00edficamente para operarme con \u00e9l por recomendaci\u00f3n de una amiga y ha sido todo un acierto. El doctor encantador y el resultado excelente, no puedo estar m\u00e1s contenta!<\/span><\/p>\n<\/div>\n<\/li>\n<li>\n<div>Maribel Mu\u00f1oz<\/div>\n<p>Google Review<\/p>\n<div>\n<p><span>Muy contenta con el trato y muy feliz con el resultado de mi operaci\u00f3n.<\/span><br \/><span>Muy profesional y a la vez muy cercano, me ha transmitido toda la confianza para que me decidiera a dar este paso y no puedo estar m\u00e1s satisfecha.<\/span><\/p>\n<p><span>Gracias Doctor Mazarro!!<\/span><\/p>\n<\/div>\n<\/li>\n<li>\n<div>Adela<\/div>\n<p>Doctoralia<\/p>\n<div>\n<p><span>Tras dos meses de la intervencion, agradezco la profesionalidad del doctor. El resultado ha sido excelente, entendi\u00f3 a la perfecci\u00f3n lo que quer\u00eda, sobretodo mantener la naturalidad. El trato tanto del doctor como del equipo magn\u00edfico. Muy recomendado.<\/span><\/p>\n<\/div>\n<\/li>\n<li>\n<div>Eva<\/div>\n<p>Google Review<\/p>\n<div>\n<p><span>Genial experiencia con el dr.Mazarro, desde la primera visita donde te lo explica todo perfectamente, (por muy preguntona que seas no pierde la sonrisa y eso se agradece) hasta el tratamiento, que en mi caso fue mejor a\u00fan de lo esperado. Iba con cierto miedo, pero ahora no dudar\u00eda en recomendarlo. Un 10 como persona y como profesional.<\/span><\/p>\n<\/div>\n<\/li>\n<li>\n<div>Eva Ferran<\/div>\n<p>Google Review<\/p>\n<div>\n<p><span>Mi experiencia con el Dc Alejandro Mazarro ha sido absolutamente excepcional.<\/span><br \/><span>Opt\u00e9 por someterme a un lifting cervical\/facial y blefaroplastia, y desde la primera consulta donde el dc me aclaro todas mis dudas y me explico al detalle el procedimiento , hasta el \u00faltimo seguimiento me sent\u00ed en las mejores manos.<\/span><br \/><span>Su forma tranquilo, seguro, sincero, cercano y profesional y con una habilidad de comprender y satisfacer las necesidades est\u00e9ticas de sus pacientes.<\/span><br \/><span>La noche anterior a la operaci\u00f3n, me mand\u00f3 un mensajito de apoyo y animo, lo cual me encant\u00f3 porque estaba muy nerviosa.<\/span><br \/><span>El d\u00eda de la intervenci\u00f3n, de nuevo me transmiti\u00f3 su seguridad y su tranquilidad.<\/span><br \/><span>No podr\u00eda estar m\u00e1s contenta con los resultados; me veo much\u00edsimo m\u00e1s joven, con aspecto totalmente natural.<\/span><br \/><span>Las incisiones, ahora mismo despu\u00e9s de 3 meses son totalmente imperceptibles.<\/span><br \/><span>El dc. Mazarro ha superado mis expectativas.<\/span><br \/><span>Se que las rese\u00f1as son muy importantes cuando est\u00e1s buscando un cirujano, yo le\u00ed muchas antes de decidirme.<\/span><br \/><span>Espero que esta m\u00eda ayude a muchos pacientes en proceso de decision.<\/span><br \/><span>El dc Alejandro Mazarro es una de las personas s\u00faper importantes que han marcado mi vida, que suerte haber dado con \u00e9l!.<\/span><br \/><span>Si duda, si en un futuro necesito sus servicios acudir\u00e9 a \u00e9l.<\/span><br \/><span>Gracias Alejandro por devolverme la confianza en mi misma<\/span><br \/><span>Eva<\/span><\/p>\n<\/div>\n<\/li>\n<li>\n<div>An\u00f3nimo<\/div>\n<p>Doctoralia<\/p>\n<div>\n<p><span>Muy buen profesional. Me he hecho un lifting y el resultado ha sido espectacular.<\/span><br \/><span>Es muy amable y da mucha confianza.<\/span><\/p>\n<\/div>\n<\/li>\n<li>\n<div>A.C.<\/div>\n<p>Google Review<\/p>\n<div>\n<p><span>El Dr. Alejandro Mazarro es un profesional preocupado de su trabajo y que de verdad le importan sus pacientes. Amable, emp\u00e1tico, honesto y cercano. En todo momento se preocupa de escuchar y de poder ayudar, o darte la mejor soluci\u00f3n al problema. Hoy en d\u00eda es muy complicado encontrar un m\u00e9dico as\u00ed. Muchas gracias de coraz\u00f3n. Coral<\/span><\/p>\n<\/div>\n<\/li>\n<li>\n<div>I.A.<\/div>\n<p>Doctoralia<\/p>\n<div>\n<p><span>Estuve 3 meses informandome de cirujanos plasticos con buenos resultados, dude mucho, pero acerte, el mas destacable en tecnica facial fue el dr. Mazarro en Barcelona.<\/span><br \/><span>Desde el primer momento me entendio, me hizo sentir comoda. Muy cercano, sincero y me hizo visualizar ante un espejo los resultados que queria conseguir.<\/span><br \/><span>Me dio mucha confianza y seguridad.<\/span><br \/><span>Los resultados han sido mucho mejores de lo previsible.<\/span><br \/><span>Se nota que le apasiona lo que hace porque se entrega para la perfeccion.<\/span><br \/><span>Eso si, el post-operatorio es molesto durante los 12 primeros dias<\/span><br \/><span>( en mi caso).<\/span><br \/><span>Orgullosa de haberlo encontrado.<\/span><\/p>\n<\/div>\n<\/li>\n<li>\n<div>Anna Aramburo<\/div>\n<p>Google Review<\/p>\n<div>\n<p><span>Me opere ya hace tres meses y la verdad no puedo estar mas contenta, tanto con el resultado como con el trato maravilloso recibido, es encantador\u2026.Hice dos visitas, aunque con la primera la verdad estaba ya convencida. Explicaciones s\u00faper claras y responde con mucha honestidad a todas tus dudas. Decir que el trato del post operatorio es genial. Estoy m\u00e1s que encantada y repetir\u00eda seguro.<\/span><br \/><span>Mil gracias por todo<\/span><\/p>\n<\/div>\n<\/li>\n<li>\n<div>paciente<\/div>\n<p>Doctoralia<\/p>\n<div>\n<p><span>Lo mejor:<\/span><br \/><span>El resultado super\u00f3 todas mis expectativas, el trato del doctor fue exquisito en todo momento. Le estar\u00e9 siempre muy agradecida y le recomendar\u00e9 a mis conocidas.<\/span><\/p>\n<p><span>Podr\u00eda mejorar:<\/span><br \/><span>Nada. Todo perfecto.<\/span><\/p>\n<\/div>\n<\/li>\n<li>\n<div>Adriana<\/div>\n<p>Doctoralia<\/p>\n<div>\n<p><span>Ha pasado un mes de la intervenci\u00f3n y estoy maravillada: resultado perfecto!! El doctor tiene unas manos incre\u00edbles, la cicatriz es invisible y el postoperatorio ha ido muy bien (\u00a1ni siquiera hematomas!). Adem\u00e1s, personalmente es encantador. No puedo recomendarle lo suficiente.<\/span><\/p>\n<\/div>\n<\/li>\n<li>\n<div>Gemma Recoder<\/div>\n<p>Google Review<\/p>\n<div>\n<p><span>Es un Crak!<\/span><br \/><span>Trato y atenci\u00f3n exquisitos y sobre todo, lo m\u00e1s importante, resultado excelente.<\/span><br \/><span>Absolutamente recomendable.<\/span><\/p>\n<\/div>\n<\/li>\n<li>\n<div>Paqui<\/div>\n<p>Doctoralia<\/p>\n<div>\n<p><span>El doctor Mazarro, es maravilloso! (No se puede estar en mejores manos).Cercano, emp\u00e1tico y sobre todo un f\u00e1ntastico cirujano. Su profesionalidad y especializaci\u00f3n es sobresaliente. Muy muy, contenta y satisfecha, lo recomemdar\u00eda sin dudarlo, por mi propia experiencia, los resultados son m\u00e1s que geniales!!<\/span><\/p>\n<\/div>\n<\/li>\n<li>\n<div>H.A.<\/div>\n<p>Doctoralia<\/p>\n<div>\n<p><span>El Doctor Mazarro es un excelente profesional. Explica con detalle, sinceridad y claridad lo que cabe esperar de cada tratamiento, recomendando lo que sabe que es m\u00e1s id\u00f3neo para cada persona. Adem\u00e1s de eficaz, es emp\u00e1tico y amable, caracter\u00edsticas que personalmente valoro much\u00edsimo a la hora de confiar. De hecho es algo indispensable para m\u00ed saber que no se va a llevar a cabo un tratamiento si no se ve claro que ese en concreto lo mejor para ti. No puede estar m\u00e1s contenta. Lo recomiendo al 200%.<\/span><\/p>\n<\/div>\n<\/li>\n<li>\n<div>An\u00f3nimo<\/div>\n<p>Doctoralia<\/p>\n<div>\n<p><span>El Dr. Mazarro tiene unas manos prodigiosas. La cirug\u00eda fue perfecta, el trato excelente, y el postoperatorio sin hinchaz\u00f3n ni inflamaci\u00f3n alguna (ni tan s\u00f3lo la m\u00ednima esperada). Recomiendo 100% este profesional para todo tipo de tratamiento est\u00e9tico maxilofacial.<\/span><\/p>\n<\/div>\n<\/li>\n<li>\n<div>Javier Diaz<\/div>\n<p>Google Review<\/p>\n<div>\n<p><span>Hace tiempo que me quer\u00eda realizar una cirug\u00eda para solucionar mi problema de papada y despu\u00e9s de buscar la opini\u00f3n de cirujanos y no atreverme a dar el paso me recomendaron al Dr. Mazarro. Me explic\u00f3 que necesitaba un lifting cervical (cuello). Me lo explic\u00f3 todo muy bien y tome la decisi\u00f3n de operarme con \u00e9l. El resultado ha sido espectacular, estoy muy contento, y el trato del Dr. Excelente. Gracias por todo, estoy muy contento de haber dado el paso y ponerme en manos del Dr. Mazarro. Por \u00faltimo decir que es un gran profesional y mejor persona. Gracias por todo<\/span><\/p>\n<\/div>\n<\/li>\n<li>\n<div>Nati D\u00edaz<\/div>\n<p>Google Review<\/p>\n<div>\n<p><span>Cuando llegas a una consulta m\u00e9dica las dudas e inquietud son inevitables, pero desde el minuto 1, me sent\u00ed totalmente relajada y segura por el trato recibido, tanto por la enfermera Nieves Latorre, como por el Dr. Alejandro Mazarro. MEJOR IMPOSIBLE!!!. Posteriormente, viendo los resultados, la satisfacci\u00f3n es absoluta. ENHORABUENA a los dos!!!!! MUCH\u00cdSIMAS GRACIAS!!<\/span><\/p>\n<\/div>\n<\/li>\n<li>\n<div>Antonio Garc\u00eda<\/div>\n<p>Google Review<\/p>\n<div>\n<p><span>Dr. Alejandro Mazarro , tuve la suerte que me hiciera una intervenci\u00f3n la semana pasada , incre\u00edble!! su profesionalidad , su trato exquisito , sin hablar de su trabajo 10 sobre 10 , pueden haber en el mundo igual de profesionales , pero mejor lo dudo , un mill\u00f3n de gracias Doctor<\/span><\/p>\n<\/div>\n<\/li>\n<li>\n<div>Sergio Esp\u00edas<\/div>\n<p>Google Review<\/p>\n<div>\n<p><span>Hoy he tenido mi primera visita con \u00e9l y el trato ha sido excelente, es un gran profesional con mucho conocimiento que te gu\u00eda a la perfecci\u00f3n y te ayuda con cualquier inquietud que tengas sin ningun tipo de problema. 100% recomendable, se ve un excelente profesional y persona.<\/span><\/p>\n<\/div>\n<\/li>\n<li>\n<div>paciente an\u00f3nimo<\/div>\n<p>Doctoralia<\/p>\n<div>\n<p><span>Lo mejor:<\/span><br \/><span>Tanto el Dr. Mazarro como su ayudante Cristina, excelente trato, muy amables y profesionales.<\/span><br \/><span>El Doctor tiene unas manos de \u00e1ngel.<\/span><\/p>\n<p><span>Podr\u00eda mejorar:<\/span><br \/><span>Nada. Todo genial.<\/span><\/p>\n<\/div>\n<\/li>\n<li>\n<div>carriondani<\/div>\n<p>Doctoralia<\/p>\n<div>\n<p><span>Lo mejor:<\/span><br \/><span>Es un doctor fant\u00e1stico, no solo me he dejado genial, encima como persona encantador.<\/span><\/p>\n<\/div>\n<\/li>\n<li>\n<div>Montse Beca<\/div>\n<p>Google Review<\/p>\n<div>\n<p><span>Un 10 de medico! Tanto a nivel profesional como a nivel humano. Lo recomiendo 100%<\/span><\/p>\n<\/div>\n<\/li>\n<li>\n<div>paciente an\u00f3nimo<\/div>\n<p>Doctoralia<\/p>\n<div>\n<p><span>Lo mejor:<\/span><br \/><span>El trato personalizado, como llevaron el post del paciente y el cirujano sin dudar excepcional.<\/span><\/p>\n<p><span>Podr\u00eda mejorar:<\/span><br \/><span>Nada todo perfecto de principio a fin<\/span><\/p>\n<\/div>\n<\/li>\n<li>\n<div>Patricia S<\/div>\n<p>Google Review<\/p>\n<div>\n<p><span>Todo mi agradecimiento a este gran profesional y mejor persona. Excelente atenci\u00f3n y recomendaciones.<\/span><\/p>\n<\/div>\n<\/li>\n<\/ul>\n<div>Articles d&rsquo;int\u00e9r\u00eat<\/div>\n<ul>\n<li>\n<p>        <img decoding=\"async\" src=\"\/wp-content\/uploads\/2023\/01\/lifting.jpg\" alt=\"Types de lifting du visage\"><\/p>\n<div>Types de lifting du visage<\/div>\n<div>\n<p><span>Souhaitez-vous d\u00e9couvrir les diff\u00e9rents types de lifting du visage ?<\/span><\/p>\n<\/div>\n<p><a href=\"\/fr\/types-de-lifting\/\">En savoir plus<\/a><\/p>\n<\/li>\n<li>\n<p>        <img decoding=\"async\" src=\"\/wp-content\/uploads\/2025\/08\/dr-mazarro.jpg\" alt=\"Doctor Mazarro\"><\/p>\n<div>Dr. Alejandro Mazarro<\/div>\n<div>\n<p><span>\u00c0 propos de moi<\/span><\/p>\n<\/div>\n<p><a href=\"https:\/\/drmazarro.com\/fr\/dr-alejandro-mazarro-specialiste-lifting-du-visage-barcelone\/\">En savoir plus<\/a><\/p>\n<\/li>\n<li>\n<p>        <img decoding=\"async\" src=\"\/wp-content\/uploads\/2025\/06\/recovery-facelift.jpg\" alt=\"R\u00e9cup\u00e9ration apr\u00e8s un lifting Deep Plane\"><\/p>\n<div>R\u00e9cup\u00e9ration apr\u00e8s un lifting Deep Plane<\/div>\n<div>Vous voulez savoir comment se d\u00e9roule la r\u00e9cup\u00e9ration avec le Dr Mazarro ?<\/div>\n<p><a href=\"https:\/\/drmazarro.com\/fr\/chirurgie-esthetique-du-visage\/lifting-du-visage-et-du-cou\/lifting-du-visage-postoperatoire-barcelone\/\">En savoir plus<\/a><\/p>\n<\/li>\n<li>\n<p>        <img decoding=\"async\" src=\"\/wp-content\/uploads\/2025\/06\/foto-otros-articulos-400.jpg\" alt=\"Cicatrices apr\u00e8s un lifting\"><\/p>\n<div>Cicatrices apr\u00e8s un lifting: faut-il s\u2019inqui\u00e9ter ?<\/div>\n<div>On vous dit tout, sans d\u00e9tour.<\/div>\n<p><a href=\"https:\/\/drmazarro.com\/fr\/cicatrices-lifting-du-visage\/\">En savoir plus<\/a><\/p>\n<\/li>\n<li>\n<p>        <img decoding=\"async\" src=\"\/wp-content\/uploads\/2025\/08\/face2.jpg\" alt=\"Deep Plane Facelift\"><\/p>\n<div>Lifting du visage Deep Plane<\/div>\n<div>\n<p><span>Le lifting Deep Plane : en quoi consiste-t-il et pourquoi est-il id\u00e9al pour vous?<\/span><\/p>\n<\/div>\n<p><a href=\"https:\/\/drmazarro.com\/fr\/specialiste-du-lifting-du-visage-et-du-cou-a-barcelone\/\">En savoir plus<\/a><\/p>\n<\/li>\n<li>\n<p>        <img decoding=\"async\" src=\"\/wp-content\/uploads\/2025\/08\/pastpresent.jpg\" alt=\"Deep Plane Facelift\"><\/p>\n<div>Lifting de Pr\u00e9servation<\/div>\n<div>\n<p><span>Les meilleurs r\u00e9sultats avec une r\u00e9cup\u00e9ration plus rapide<\/span><\/p>\n<\/div>\n<p><a href=\"\/fr\/specialiste-du-lifting-du-visage-et-du-cou-a-barcelone\/lifting-preservation\/\">En savoir plus<\/a><\/p>\n<\/li>\n<li>\n<p>        <img decoding=\"async\" src=\"\/wp-content\/uploads\/2024\/09\/face-square-200.jpg\" alt=\"Facelift - Dr. Mazarro\"><\/p>\n<div>Questions fr\u00e9quentes<\/div>\n<div>\n<p>Tout ce que vous devez savoir<\/p>\n<\/div>\n<p><a href=\"https:\/\/drmazarro.com\/fr\/faq-lifting\/\">En savoir plus<\/a><\/p>\n<\/li>\n<li>\n<p>        <img decoding=\"async\" src=\"\/wp-content\/uploads\/2025\/08\/monthly-budget3.jpg\" alt=\"Prix du lifting facial Deep Plane\"><\/p>\n<div>Prix du lifting facial Deep Plane<\/div>\n<div>Nous vous expliquons tout en d\u00e9tail<\/div>\n<p><a href=\"\/fr\/precio-lifting-facial-en-barcelona\/\">En savoir plus<\/a><\/p>\n<\/li>\n<li>\n<p>        <img decoding=\"async\" src=\"\/wp-content\/uploads\/2025\/07\/choose-copia-2.jpg\" alt=\"Comment choisir\"><\/p>\n<div>Pourquoi (et comment) choisir un sp\u00e9cialiste de la chirurgie du visage ?<\/div>\n<div>Votre visage m\u00e9rite l\u2019expertise des meilleurs.<\/div>\n<p><a href=\"https:\/\/drmazarro.com\/fr\/comment-choisir-un-specialiste-pour-votre-lifting-du-visage\/\">En savoir plus<\/a><\/p>\n<\/li>\n<\/ul>\n<h2>Foire aux questions sur le lifting de cou<\/h2>\n<div>\n        <section class=\"sc_fs_faq sc_card \">\n            <div>\n\t\t\t\t<h3>Qu\u2019est-ce qu\u2019un lifting cervical et que corrige-t-il exactement ?<\/h3>                <div>\n\t\t\t\t\t                    <p>\n\t\t\t\t\t\tC\u2019est une intervention chirurgicale qui agit sur la peau et les muscles du cou afin d\u2019\u00e9liminer le rel\u00e2chement cutan\u00e9, red\u00e9finir la ligne mandibulaire et corriger le double menton ou les bandes musculaires visibles.                    <\/p>\n                <\/div>\n            <\/div>\n        <\/section>\n\t\t        <section class=\"sc_fs_faq sc_card \">\n            <div>\n\t\t\t\t<h3>Quelle est la diff\u00e9rence entre un lifting cervical et une liposuccion du menton ?<\/h3>                <div>\n\t\t\t\t\t                    <p>\n\t\t\t\t\t\tLa liposuccion \u00e9limine uniquement la graisse. Le lifting cervical va plus loin : il retend aussi les muscles et repositionne les tissus pour un r\u00e9sultat beaucoup plus complet et durable.                    <\/p>\n                <\/div>\n            <\/div>\n        <\/section>\n\t\t        <section class=\"sc_fs_faq sc_card \">\n            <div>\n\t\t\t\t<h3>Combien de temps durent les r\u00e9sultats d\u2019un lifting du cou ?<\/h3>                <div>\n\t\t\t\t\t                    <p>\n\t\t\t\t\t\tLes effets peuvent durer entre 10 et 15 ans, selon le type de peau, l\u2019\u00e2ge du patient et son mode de vie. C\u2019est une solution \u00e0 long terme.                    <\/p>\n                <\/div>\n            <\/div>\n        <\/section>\n\t\t        <section class=\"sc_fs_faq sc_card \">\n            <div>\n\t\t\t\t<h3>Qui est un bon candidat pour un lifting du cou ?<\/h3>                <div>\n\t\t\t\t\t                    <p>\n\t\t\t\t\t\tLes personnes pr\u00e9sentant un rel\u00e2chement visible du cou, une perte de d\u00e9finition de la m\u00e2choire ou des bandes musculaires marqu\u00e9es. Il est particuli\u00e8rement indiqu\u00e9 \u00e0 partir de 45 ans si des signes \u00e9vidents de vieillissement sont pr\u00e9sents dans cette zone. Toutefois, une mauvaise d\u00e9finition du cou d\u2019origine g\u00e9n\u00e9tique peut constituer une bonne indication de lifting du cou chez des patients de moins de 40 ans.                    <\/p>\n                <\/div>\n            <\/div>\n        <\/section>\n\t\t        <section class=\"sc_fs_faq sc_card \">\n            <div>\n\t\t\t\t<h3>Combien de temps dure la r\u00e9cup\u00e9ration apr\u00e8s un lifting du cou ?<\/h3>                <div>\n\t\t\t\t\t                    <p>\n\t\t\t\t\t\tLa r\u00e9cup\u00e9ration apr\u00e8s un lifting du cou varie selon la technique et les caract\u00e9ristiques du patient, mais g\u00e9n\u00e9ralement la plupart des patients peut reprendre les activit\u00e9s normales en 2 \u00e0 3 semaines. L'inflammation et les h\u00e9matomes initiaux diminuent progressivement durant cette p\u00e9riode. Il est important de suivre les indications du chirurgien pour optimiser la cicatrisation et obtenir un r\u00e9sultat naturel et durable. Les r\u00e9sultats d\u00e9finitifs s'appr\u00e9cient \u00e0 partir de 3-4 mois.                    <\/p>\n                <\/div>\n            <\/div>\n        <\/section>\n\t\t        <section class=\"sc_fs_faq sc_card \">\n            <div>\n\t\t\t\t<h3>Le lifting du cou laisse-t-il des cicatrices visibles ?<\/h3>                <div>\n\t\t\t\t\t                    <p>\n\t\t\t\t\t\tAvec les techniques avanc\u00e9es comme le Deep Plane facelift, les cicatrices se situent strat\u00e9giquement derri\u00e8re l'oreille et sous le menton, restant pratiquement imperceptibles une fois gu\u00e9ries.                    <\/p>\n                <\/div>\n            <\/div>\n        <\/section>\n\t\t\n<script type=\"application\/ld+json\">\n    {\n\t\t\"@context\": \"https:\/\/schema.org\",\n\t\t\"@type\": \"FAQPage\",\n\t\t\"mainEntity\": [\n\t\t\t\t{\n\t\t\t\t\"@type\": \"Question\",\n\t\t\t\t\"name\": \"Qu\u2019est-ce qu\u2019un lifting cervical et que corrige-t-il exactement ?\",\n\t\t\t\t\"acceptedAnswer\": {\n\t\t\t\t\t\"@type\": \"Answer\",\n\t\t\t\t\t\"text\": \"C\u2019est une intervention chirurgicale qui agit sur la peau et les muscles du cou afin d\u2019\u00e9liminer le rel\u00e2chement cutan\u00e9, red\u00e9finir la ligne mandibulaire et corriger le double menton ou les bandes musculaires visibles.\"\n\t\t\t\t\t\t\t\t\t}\n\t\t\t}\n\t\t\t,\t\t\t\t{\n\t\t\t\t\"@type\": \"Question\",\n\t\t\t\t\"name\": \"Quelle est la diff\u00e9rence entre un lifting cervical et une liposuccion du menton ?\",\n\t\t\t\t\"acceptedAnswer\": {\n\t\t\t\t\t\"@type\": \"Answer\",\n\t\t\t\t\t\"text\": \"La liposuccion \u00e9limine uniquement la graisse. Le lifting cervical va plus loin : il retend aussi les muscles et repositionne les tissus pour un r\u00e9sultat beaucoup plus complet et durable.\"\n\t\t\t\t\t\t\t\t\t}\n\t\t\t}\n\t\t\t,\t\t\t\t{\n\t\t\t\t\"@type\": \"Question\",\n\t\t\t\t\"name\": \"Combien de temps durent les r\u00e9sultats d\u2019un lifting du cou ?\",\n\t\t\t\t\"acceptedAnswer\": {\n\t\t\t\t\t\"@type\": \"Answer\",\n\t\t\t\t\t\"text\": \"Les effets peuvent durer entre 10 et 15 ans, selon le type de peau, l\u2019\u00e2ge du patient et son mode de vie. C\u2019est une solution \u00e0 long terme.\"\n\t\t\t\t\t\t\t\t\t}\n\t\t\t}\n\t\t\t,\t\t\t\t{\n\t\t\t\t\"@type\": \"Question\",\n\t\t\t\t\"name\": \"Qui est un bon candidat pour un lifting du cou ?\",\n\t\t\t\t\"acceptedAnswer\": {\n\t\t\t\t\t\"@type\": \"Answer\",\n\t\t\t\t\t\"text\": \"Les personnes pr\u00e9sentant un rel\u00e2chement visible du cou, une perte de d\u00e9finition de la m\u00e2choire ou des bandes musculaires marqu\u00e9es. Il est particuli\u00e8rement indiqu\u00e9 \u00e0 partir de 45 ans si des signes \u00e9vidents de vieillissement sont pr\u00e9sents dans cette zone. Toutefois, une mauvaise d\u00e9finition du cou d\u2019origine g\u00e9n\u00e9tique peut constituer une bonne indication de lifting du cou chez des patients de moins de 40 ans.\"\n\t\t\t\t\t\t\t\t\t}\n\t\t\t}\n\t\t\t,\t\t\t\t{\n\t\t\t\t\"@type\": \"Question\",\n\t\t\t\t\"name\": \"Combien de temps dure la r\u00e9cup\u00e9ration apr\u00e8s un lifting du cou ?\",\n\t\t\t\t\"acceptedAnswer\": {\n\t\t\t\t\t\"@type\": \"Answer\",\n\t\t\t\t\t\"text\": \"La r\u00e9cup\u00e9ration apr\u00e8s un lifting du cou varie selon la technique et les caract\u00e9ristiques du patient, mais g\u00e9n\u00e9ralement la plupart des patients peut reprendre les activit\u00e9s normales en 2 \u00e0 3 semaines. L'inflammation et les h\u00e9matomes initiaux diminuent progressivement durant cette p\u00e9riode. Il est important de suivre les indications du chirurgien pour optimiser la cicatrisation et obtenir un r\u00e9sultat naturel et durable. Les r\u00e9sultats d\u00e9finitifs s'appr\u00e9cient \u00e0 partir de 3-4 mois.\"\n\t\t\t\t\t\t\t\t\t}\n\t\t\t}\n\t\t\t,\t\t\t\t{\n\t\t\t\t\"@type\": \"Question\",\n\t\t\t\t\"name\": \"Le lifting du cou laisse-t-il des cicatrices visibles ?\",\n\t\t\t\t\"acceptedAnswer\": {\n\t\t\t\t\t\"@type\": \"Answer\",\n\t\t\t\t\t\"text\": \"Avec les techniques avanc\u00e9es comme le Deep Plane facelift, les cicatrices se situent strat\u00e9giquement derri\u00e8re l'oreille et sous le menton, restant pratiquement imperceptibles une fois gu\u00e9ries.\"\n\t\t\t\t\t\t\t\t\t}\n\t\t\t}\n\t\t\t\t    ]\n}\n<\/script>\n\n<\/div>\n<p><!--more--><br \/>\n<!-- {\"type\":\"layout\",\"children\":[{\"type\":\"section\",\"props\":{\"image_position\":\"center-center\",\"style\":\"default\",\"title_breakpoint\":\"xl\",\"title_position\":\"top-left\",\"title_rotation\":\"left\",\"vertical_align\":\"middle\",\"width\":\"default\"},\"children\":[{\"type\":\"row\",\"children\":[{\"type\":\"column\",\"props\":{\"image_position\":\"center-center\",\"position_sticky_breakpoint\":\"m\"},\"children\":[{\"type\":\"headline\",\"props\":{\"content\":\"<span class=\\\"mi-estilo-especial\\\"> Lifting du cou\\u00a0 <span class=\\\"parte-secundaria\\\">\\u00e0 Barcelone<\\\/span><\\\/span>\",\"css\":\".mi-estilo-especial {\\n    font-size: 1em;\\n    \\\/* Estilo para la l\\u00ednea 1 *\\\/\\n}\\n\\n.mi-estilo-especial .parte-secundaria {\\n    font-size: 0.5em;\\n    font-weight: 200;\\n    color: #888;\\n    display: block; \\\/* Esto fuerza el salto de l\\u00ednea *\\\/\\n}\\n\",\"text_align\":\"center\",\"title_element\":\"h1\",\"title_style\":\"heading-medium\"}},{\"type\":\"divider\",\"props\":{\"divider_element\":\"hr\"}},{\"type\":\"headline\",\"props\":{\"content\":\"\n\n<p>Votre reflet dans le miroir vous pr\\u00e9occupe-t-il ?<\\\/p>\\n\n\n<p>Le <strong>rel\\u00e2chement du cou<\\\/strong> qui semble s'accentuer jour apr\\u00e8s jour.<\\\/p>\\n\n\n<p>Ou peut-\\u00eatre ce <strong>double menton<\\\/strong> qui ne vous ressemble pas.<\\\/p>\\n\n\n<p>Le cou est souvent la premi\\u00e8re zone \\u00e0 trahir le passage du temps, et malheureusement, les cr\\u00e8mes et les traitements non invasifs ne suffisent pas.<\\\/p>\\n\n\n<p><strong>D\\u00e9couvrez dans cet article comment retrouver un cou ferme et d\\u00e9fini<\\\/strong>.<\\\/p>\",\"text_align\":\"center\",\"title_color\":\"primary\",\"title_element\":\"div\",\"title_style\":\"h2\"}}]}]},{\"type\":\"row\",\"children\":[{\"type\":\"column\",\"props\":{\"image_position\":\"center-center\",\"position_sticky_breakpoint\":\"m\"},\"children\":[{\"type\":\"divider\",\"props\":{\"divider_element\":\"hr\"}},{\"type\":\"list\",\"props\":{\"column_breakpoint\":\"m\",\"image_align\":\"left\",\"image_svg_color\":\"emphasis\",\"image_vertical_align\":true,\"list_element\":\"ul\",\"list_horizontal_separator\":\", \",\"list_type\":\"vertical\",\"show_image\":true,\"show_link\":true,\"text_align\":\"center\"},\"children\":[{\"type\":\"list_item\",\"props\":{\"content\":\"Qu\\u2019est-ce qu\\u2019un lifting du cou?\",\"link\":\"#queesliftingcuello\"}},{\"type\":\"list_item\",\"props\":{\"content\":\"Anatomie du cou\",\"link\":\"#anatomia\"}},{\"type\":\"list_item\",\"props\":{\"content\":\"Lifting cervical ou cervicofacial?\",\"link\":\"#comosaber\"}},{\"type\":\"list_item\",\"props\":{\"content\":\"Risques\",\"link\":\"#riesgos\"}},{\"type\":\"list_item\",\"props\":{\"content\":\"T\\u00e9moignages\",\"link\":\"#opiniones\"}},{\"type\":\"list_item\",\"props\":{\"content\":\"Prenez RDV\",\"link\":\"#hablamos\"}}]},{\"type\":\"divider\",\"props\":{\"divider_element\":\"hr\"}}]}]}],\"name\":\"H1 cuello2\"},{\"name\":\"Hero\",\"type\":\"section\",\"props\":{\"animation\":\"fade\",\"height\":\"viewport\",\"height_offset_top\":true,\"image\":\"wp-content\\\/uploads\\\/2024\\\/11\\\/FACELIFT2-scaled_flip_degradado-copia2.jpg\",\"image_loading\":true,\"image_position\":\"center-center\",\"image_size\":\"cover\",\"status\":\"disabled\",\"style\":\"muted\",\"title_breakpoint\":\"xl\",\"title_position\":\"top-left\",\"title_rotation\":\"left\",\"vertical_align\":\"middle\",\"width\":\"default\"},\"children\":[{\"type\":\"row\",\"props\":{\"column_gap\":\"large\",\"layout\":\"1-2,1-2\",\"row_gap\":\"large\"},\"children\":[{\"type\":\"column\",\"props\":{\"image_position\":\"center-center\",\"position_sticky_breakpoint\":\"m\",\"width_medium\":\"1-2\"},\"children\":[{\"type\":\"headline\",\"props\":{\"block_align\":\"center\",\"content\":\"Lifting du cou \\u00e0 Barcelone\",\"margin_remove_top\":false,\"maxwidth\":\"xlarge\",\"text_align\":\"center\",\"text_align_breakpoint\":\"m\",\"text_align_fallback\":\"center\",\"title_element\":\"h1\",\"title_style\":\"heading-medium\"}},{\"type\":\"text\",\"props\":{\"block_align\":\"center\",\"column_breakpoint\":\"m\",\"content\":\"Retrouvez l'\\u00e9l\\u00e9gance naturelle de votre cou\",\"margin\":\"default\",\"text_align\":\"center\",\"text_align_breakpoint\":\"m\",\"text_align_fallback\":\"center\"}},{\"type\":\"text\",\"props\":{\"block_align\":\"center\",\"column_breakpoint\":\"m\",\"content\":\"\n\n<p>Poursuivez votre lecture et d\\u00e9couvrez comment y parvenir entre les mains d'un <b>sp\\u00e9cialiste <\\\/b>du lifting cervico-facial<\\\/p>\",\"margin\":\"default\",\"text_align\":\"center\",\"text_align_breakpoint\":\"m\",\"text_align_fallback\":\"center\"}},{\"type\":\"button\",\"props\":{\"button_size\":\"large\",\"fullwidth\":false,\"grid_column_gap\":\"small\",\"grid_row_gap\":\"small\",\"margin\":\"default\",\"text_align\":\"center\"},\"children\":[{\"type\":\"button_item\",\"props\":{\"button_style\":\"primary\",\"content\":\"Prenez RDV\",\"dialog_layout\":\"modal\",\"dialog_offcanvas_flip\":true,\"icon_align\":\"left\",\"link\":\"https:\\\/\\\/api.whatsapp.com\\\/send\\\/?phone=+34644534515&text=Bonjour,%20je%20veux%20prendre%20un%20rendez-vous%20avec%20le%20Dr.%20Mazarro\"}}]}]},{\"type\":\"column\",\"props\":{\"image_position\":\"center-center\",\"position_sticky_breakpoint\":\"m\",\"width_medium\":\"1-2\"}}]}]},{\"name\":\"Feature list\",\"type\":\"section\",\"props\":{\"animation\":\"slide-bottom-medium\",\"image_position\":\"center-center\",\"image_size\":\"cover\",\"padding\":\"large\",\"status\":\"disabled\",\"style\":\"default\",\"title_breakpoint\":\"xl\",\"title_position\":\"top-left\",\"title_rotation\":\"left\",\"vertical_align\":\"\",\"width\":\"default\"},\"children\":[{\"type\":\"row\",\"children\":[{\"type\":\"column\",\"props\":{\"image_position\":\"center-center\",\"position_sticky_breakpoint\":\"m\",\"width_medium\":\"1-1\"},\"children\":[{\"type\":\"divider\",\"props\":{\"divider_element\":\"hr\"}},{\"type\":\"grid\",\"props\":{\"content_column_breakpoint\":\"m\",\"content_style\":\"text-meta\",\"filter_align\":\"left\",\"filter_all\":true,\"filter_grid_breakpoint\":\"m\",\"filter_grid_width\":\"auto\",\"filter_position\":\"top\",\"filter_style\":\"tab\",\"grid_default\":\"2\",\"grid_medium\":\"4\",\"grid_small\":\"3\",\"icon_width\":80,\"image_align\":\"left\",\"image_grid_breakpoint\":\"m\",\"image_grid_width\":\"1-5\",\"image_svg_color\":\"emphasis\",\"item_animation\":true,\"lightbox_bg_close\":true,\"link_style\":\"default\",\"link_text\":\"Read more\",\"margin\":\"default\",\"meta_align\":\"below-title\",\"meta_element\":\"div\",\"meta_style\":\"text-meta\",\"parallax_easing\":\"1\",\"show_content\":true,\"show_hover_image\":true,\"show_hover_video\":true,\"show_image\":true,\"show_link\":true,\"show_meta\":true,\"show_title\":true,\"show_video\":true,\"text_align\":\"left\",\"text_align_breakpoint\":\"m\",\"text_align_fallback\":\"center\",\"title_align\":\"top\",\"title_element\":\"h4\",\"title_grid_breakpoint\":\"m\",\"title_grid_width\":\"1-2\",\"title_hover_style\":\"reset\",\"title_style\":\"h5\"},\"children\":[{\"type\":\"grid_item\",\"props\":{\"content\":\"\n\n<p>En pr\\u00e9sentiel ou t\\u00e9leconsultation<\\\/p>\",\"icon\":\"users\",\"title\":\"Consultation\"}},{\"type\":\"grid_item\",\"props\":{\"content\":\"\n\n<p>Barcelone<\\\/p>\",\"icon\":\"location\",\"title\":\"Localisation\"}},{\"type\":\"grid_item\",\"props\":{\"content\":\"\n\n<p>G\\u00e9nerale ou s\\u00e9dation IV<\\\/p>\",\"icon\":\"user\",\"title\":\"Anesth\\u00e9sie\"}},{\"type\":\"grid_item\",\"props\":{\"content\":\"\n\n<p>1 nuit ou ambulatoire<\\\/p>\",\"icon\":\"home\",\"meta\":\"\",\"title\":\"Hospitalisation\"}},{\"type\":\"grid_item\",\"props\":{\"content\":\"\n\n<p>15 jours<\\\/p>\",\"icon\":\"future\",\"title\":\"Repos (relatif)\"}},{\"type\":\"grid_item\",\"props\":{\"content\":\"\n\n<p>Indolore<\\\/p>\",\"icon\":\"happy\",\"title\":\"R\\u00e9cup\\u00e9ration\"}},{\"type\":\"grid_item\",\"props\":{\"content\":\"\n\n<p>Apr\\u00e8s 1 mois<\\\/p>\",\"icon\":\"calendar\",\"title\":\"Sport\"}},{\"type\":\"grid_item\",\"props\":{\"content\":\"\n\n<p>Disponible via <em>Tu Medicina Financiada<\\\/em><\\\/p>\",\"icon\":\"cart\",\"title\":\"Financement\"}}]},{\"type\":\"divider\",\"props\":{\"divider_element\":\"hr\"}}]}]}]},{\"name\":\"INICIO\",\"type\":\"section\",\"props\":{\"animation\":\"slide-bottom-small\",\"image_position\":\"center-center\",\"image_size\":\"cover\",\"padding\":\"large\",\"style\":\"default\",\"title_breakpoint\":\"xl\",\"title_position\":\"top-left\",\"title_rotation\":\"left\",\"vertical_align\":\"\",\"width\":\"default\"},\"children\":[{\"type\":\"row\",\"props\":{\"column_gap\":\"large\",\"divider\":true,\"layout\":\"1-2,1-2\",\"row_gap\":\"large\"},\"children\":[{\"type\":\"column\",\"props\":{\"image_position\":\"center-center\",\"position_sticky_breakpoint\":\"m\",\"width_medium\":\"1-2\"},\"children\":[{\"type\":\"breadcrumbs\",\"props\":{\"show_current\":true,\"show_home\":true}},{\"type\":\"headline\",\"props\":{\"content\":\"Qu'est-ce qu'un lifting du cou?\",\"id\":\"queesliftingcuello\",\"title_decoration\":\"bullet\",\"title_element\":\"h2\",\"title_style\":\"h1\"}},{\"type\":\"text\",\"props\":{\"column_breakpoint\":\"m\",\"content\":\"\n\n<p>Il s'agit d'une proc\\u00e9dure sp\\u00e9cialement con\\u00e7ue pour red\\u00e9finir la <strong>ligne mandibulaire<\\\/strong> et restaurer <strong>l'angle cervical<\\\/strong>.<\\\/p>\\n\n\n<p>Elle est r\\u00e9alis\\u00e9e \\u00e0 travers une incision <strong>sous le menton<\\\/strong>, g\\u00e9n\\u00e9ralement associ\\u00e9e dans la plupart des cas \\u00e0 une incision derri\\u00e8re l'oreille.<\\\/p>\\n\n\n<p>Cependant, il est important de noter que dans certains cas, la perte de d\\u00e9finition du cou fait partie d'un processus plus global de perte de fermet\\u00e9 qui affecte <strong>le visage et le cou<\\\/strong>, pouvant n\\u00e9cessiter un lifting <a href=\\\"https:\\\/\\\/drmazarro.com\\\/fr\\\/specialiste-du-lifting-du-visage-et-du-cou-a-barcelone\\\/\\\">cervico-facial de type Deep Plane<\\\/a> pour un traitement appropri\\u00e9.<\\\/p>\",\"margin\":\"medium\"}}]},{\"type\":\"column\",\"props\":{\"image_position\":\"center-center\",\"position_sticky_breakpoint\":\"m\",\"width_medium\":\"1-2\"},\"children\":[{\"type\":\"headline\",\"props\":{\"content\":\"<em>Vous n'\\u00eates pas s\\u00fbr(e) qu'un lifting du cou soit fait pour vous ?<\\\/em>\",\"title_element\":\"h3\",\"title_style\":\"h3\"}},{\"type\":\"text\",\"props\":{\"column_breakpoint\":\"m\",\"content\":\"\n\n<p>Si votre rel\\u00e2chement est naissant ou que vous pr\\u00e9f\\u00e9rez d'abord explorer les options non invasives, <a href=\\\"https:\\\/\\\/drmazarro.com\\\/fr\\\/traitment-relachement-cou\\\/\\\">vous trouverez ici une explication des alternatives<\\\/a> pour savoir clairement quand elles sont indiqu\\u00e9es.<\\\/p>\\n\n\n<p><a href=\\\"#hablamos\\\" data-wplink-edit=\\\"true\\\">Prenez rendez-vous<\\\/a> si vous souhaitez une \\u00e9valuation professionnelle.<\\\/p>\",\"margin\":\"medium\",\"margin_remove_top\":true}},{\"type\":\"headline\",\"props\":{\"content\":\"\n\n<p><em>En quoi est-ce diff\\u00e9rent d'une liposuccion du double menton ?<\\\/em><\\\/p>\",\"title_element\":\"h3\",\"title_style\":\"h3\"}},{\"type\":\"text\",\"props\":{\"column_breakpoint\":\"m\",\"content\":\"\n\n<p><b>Chaque cas est unique<\\\/b>, mais en g\\u00e9n\\u00e9ral, la perte de d\\u00e9finition du cou implique bien plus qu'une simple prise de poids.<\\\/p>\\n\n\n<p>Dans les cas exceptionnels o\\u00f9 il n'existe qu'un exc\\u00e8s de graisse superficielle, la <b>liposuccion <\\\/b>peut \\u00eatre une bonne option.<\\\/p>\\n\n\n<p>N\\u00e9anmoins, dans la majorit\\u00e9 des cas, il sera n\\u00e9cessaire de traiter les structures suivantes:<\\\/p>\\n\n\n<ul>\\n\n\n<li>le muscle <b>platysma<\\\/b><\\\/li>\\n\n\n<li>les muscles <b>digastriques<\\\/b><\\\/li>\\n\n\n<li>les <b>glandes <\\\/b>sous-mandibulaires<\\\/li>\\n<\\\/ul>\",\"margin\":\"medium\",\"margin_remove_top\":true}}]}]},{\"type\":\"row\",\"children\":[{\"type\":\"column\",\"props\":{\"image_position\":\"center-center\",\"position_sticky_breakpoint\":\"m\"},\"children\":[{\"type\":\"divider\",\"props\":{\"divider_element\":\"hr\"}}]}]},{\"type\":\"row\",\"props\":{\"column_gap\":\"large\",\"divider\":true,\"layout\":\"1-2,1-2\",\"row_gap\":\"large\"},\"children\":[{\"type\":\"column\",\"props\":{\"image_position\":\"center-center\",\"position_sticky_breakpoint\":\"m\",\"width_medium\":\"1-2\"},\"children\":[{\"type\":\"headline\",\"props\":{\"content\":\"Anatomie du cou\",\"id\":\"anatomia\",\"title_decoration\":\"bullet\",\"title_element\":\"h2\",\"title_style\":\"h1\"}},{\"type\":\"headline\",\"props\":{\"content\":\"<em>Le muscle platysma<\\\/em>\",\"title_element\":\"h4\",\"title_style\":\"h3\"}},{\"type\":\"text\",\"props\":{\"column_breakpoint\":\"m\",\"content\":\"\n\n<p>Il s'agit d'un <b>muscle superficiel<\\\/b>, situ\\u00e9 juste sous la peau, responsable des <b>bandes platismales <\\\/b>(bandes verticales qui apparaissent dans la zone centrale du cou).<\\\/p>\\n\n\n<p>Leur apparition indique que le muscle platysma est <b>ouvert <\\\/b>au centre, ce qui entra\\u00eene, de profil, une perte de d\\u00e9finition de l'angle cervical et l'adoption d'une disposition diagonale.<\\\/p>\\n\n\n<p>Pour un traitement appropri\\u00e9, il est n\\u00e9cessaire de r\\u00e9aliser une <b>platysmaplastie<\\\/b>, une proc\\u00e9dure qui reconstruit l'union entre les deux c\\u00f4t\\u00e9s du muscle platysma.<\\\/p>\",\"margin\":\"medium\"}}]},{\"type\":\"column\",\"props\":{\"image_position\":\"center-center\",\"position_sticky_breakpoint\":\"m\",\"width_medium\":\"1-2\"},\"children\":[{\"type\":\"image\",\"props\":{\"image\":\"wp-content\\\/uploads\\\/2022\\\/12\\\/1-500-665.jpg\",\"image_alt\":\"Lifting du cou- Dr. Mazarro\",\"image_svg_color\":\"emphasis\",\"margin\":\"default\"}},{\"type\":\"text\",\"props\":{\"column_breakpoint\":\"m\",\"content\":\"\n\n<p style=\\\"text-align: center;\\\">Dans des cas comme celui-ci, une platysmaplastie peut suffire \\u00e0 restaurer la d\\u00e9finition de l'angle cervical.<\\\/p>\",\"margin\":\"medium\",\"text_style\":\"meta\"}}]}]},{\"type\":\"row\",\"props\":{\"column_gap\":\"large\",\"divider\":true,\"layout\":\"1-2,1-2\",\"row_gap\":\"large\"},\"children\":[{\"type\":\"column\",\"props\":{\"image_position\":\"center-center\",\"position_sticky_breakpoint\":\"m\",\"width_medium\":\"1-2\"},\"children\":[{\"type\":\"headline\",\"props\":{\"content\":\"<em>Les muscles digastriques<\\\/em>\",\"title_element\":\"h4\",\"title_style\":\"h3\"}},{\"type\":\"text\",\"props\":{\"column_breakpoint\":\"m\",\"content\":\"\n\n<p>L'<b>exc\\u00e8s de volume <\\\/b>sous le menton n'est pas toujours d\\u00fb \\u00e0 un exc\\u00e8s de graisse. Parfois, il s'agit du <b>muscle digastrique<\\\/b>, qui se trouve juste sous le platysma.<\\\/p>\\n\n\n<p>Il s'agit dans ce cas d'un muscle <b>\\u00e9pais<\\\/b>, et s'il n'est pas trait\\u00e9 correctement, il peut donner l'apparence d'un <b>\\u00ab double menton\\u00bb<\\\/b>, m\\u00eame en l'absence de surpoids.<\\\/p>\\n\n\n<p>La solution dans ce cas consiste \\u00e0 r\\u00e9aliser ce que nous appelons un <em>shaving<\\\/em> de la partie ant\\u00e9rieure des muscles digastriques.<\\\/p>\",\"margin\":\"medium\"}}]},{\"type\":\"column\",\"props\":{\"image_position\":\"center-center\",\"position_sticky_breakpoint\":\"m\",\"width_medium\":\"1-2\"},\"children\":[{\"type\":\"image\",\"props\":{\"image\":\"wp-content\\\/uploads\\\/2025\\\/04\\\/1-copia-800-Q5.jpg\",\"image_alt\":\"Lifting du cou - Dr. Mazarro\",\"image_svg_color\":\"emphasis\",\"margin\":\"default\"}},{\"type\":\"text\",\"props\":{\"column_breakpoint\":\"m\",\"content\":\"\n\n<p style=\\\"text-align: center;\\\">Dans ces cas, il est n\\u00e9cessaire de combiner la platysmaplastie avec une r\\u00e9duction de la portion ant\\u00e9rieure des muscles digastriques.<\\\/p>\",\"margin\":\"medium\",\"text_style\":\"meta\"}}]}]},{\"type\":\"row\",\"props\":{\"column_gap\":\"large\",\"divider\":true,\"layout\":\"1-2,1-2\",\"row_gap\":\"large\"},\"children\":[{\"type\":\"column\",\"props\":{\"image_position\":\"center-center\",\"position_sticky_breakpoint\":\"m\",\"width_medium\":\"1-2\"},\"children\":[{\"type\":\"headline\",\"props\":{\"content\":\"<em>Les glandes sous-mandibulaires<\\\/em>\",\"title_element\":\"h4\",\"title_style\":\"h3\"}},{\"type\":\"text\",\"props\":{\"column_breakpoint\":\"m\",\"content\":\"\n\n<p>Il existe tr\\u00e8s fr\\u00e9quemment un exc\\u00e8s de volume dans la <b>r\\u00e9gion lat\\u00e9rale <\\\/b>du cou.<\\\/p>\\n\n\n<p>Bien que nous n'en soyons pas conscients, c'est l\\u00e0 que se logent <b>les glandes sous-mandibulaires<\\\/b>, charg\\u00e9es de s\\u00e9cr\\u00e9ter la salive.<\\\/p>\\n\n\n<p>Avec le temps, celles-ci peuvent se <b>hernier<\\\/b>, cr\\u00e9ant une pro\\u00e9minence qui estompe la ligne mandibulaire.<\\\/p>\\n\n\n<p>Pour retrouver une d\\u00e9finition ad\\u00e9quate du cou, il peut \\u00eatre n\\u00e9cessaire de <b>r\\u00e9duire <\\\/b>la portion la plus superficielle de ces glandes, permettant ainsi de retrouver un cou beaucoup plus <b>stylis\\u00e9<\\\/b>.<\\\/p>\",\"margin\":\"medium\"}}]},{\"type\":\"column\",\"props\":{\"image_position\":\"center-center\",\"position_sticky_breakpoint\":\"m\",\"width_medium\":\"1-2\"},\"children\":[{\"type\":\"image\",\"props\":{\"image\":\"wp-content\\\/uploads\\\/2025\\\/04\\\/2-copia_800-q5.jpg\",\"image_alt\":\"Lifting du cou - Dr. Mazarro\",\"image_svg_color\":\"emphasis\",\"margin\":\"default\"}},{\"type\":\"text\",\"props\":{\"column_breakpoint\":\"m\",\"content\":\"\n\n<p style=\\\"text-align: center;\\\">Cette patiente n'\\u00e9tait ind\\u00e9niablement pas en surpoids. Cependant, au cours des derni\\u00e8res ann\\u00e9es, elle avait subi une perte significative de la d\\u00e9finition du cou. Gr\\u00e2ce \\u00e0 la r\\u00e9duction des glandes sous-mandibulaires, un shaving de la partie ant\\u00e9rieure du muscle digastrique et une platysmaplastie, il a \\u00e9t\\u00e9 possible de retrouver le cou qu'elle avait quelques ann\\u00e9es auparavant.<\\\/p>\",\"margin\":\"medium\",\"text_style\":\"meta\"}}]}]}]},{\"type\":\"section\",\"props\":{\"image_position\":\"center-center\",\"style\":\"default\",\"title_breakpoint\":\"xl\",\"title_position\":\"top-left\",\"title_rotation\":\"left\",\"vertical_align\":\"middle\",\"width\":\"default\"},\"children\":[{\"type\":\"row\",\"children\":[{\"type\":\"column\",\"props\":{\"image_position\":\"center-center\",\"position_sticky_breakpoint\":\"m\"},\"children\":[{\"type\":\"headline\",\"props\":{\"content\":\"Comment savoir si j'ai besoin d'un lifting du visage ou un lifting cervicofacial?\",\"id\":\"comosaber\",\"title_decoration\":\"bullet\",\"title_element\":\"h2\"}}]}]},{\"type\":\"row\",\"children\":[{\"type\":\"column\",\"props\":{\"image_position\":\"center-center\",\"position_sticky_breakpoint\":\"m\"},\"children\":[{\"type\":\"text\",\"props\":{\"column_breakpoint\":\"m\",\"content\":\"\n\n<p style=\\\"text-align: justify;\\\">Dans la plupart des cas, un lifting cervical doit s'accompagner d'un lifting facial.<\\\/p>\\n\n\n<p style=\\\"text-align: justify;\\\"><strong><i>Pourquoi ?<\\\/i><\\\/strong><\\\/p>\\n\n\n<p style=\\\"text-align: justify;\\\">Il faut comprendre que le visage et le cou font partie d'<strong>une m\\u00eame structure<\\\/strong>. La descente progressive des tissus du visage finit par permettre l'accumulation de tissu au niveau de la ligne mandibulaire et du cou.<\\\/p>\\n\n\n<p style=\\\"text-align: justify;\\\">C'est pourquoi, sans un redrapage adequat des tissus au niveau du visage, souvent il ne sera pas possible d'obtenir un bon r\\u00e9sultat au niveau du cou.<\\\/p>\\n\n\n<p style=\\\"text-align: justify;\\\"><strong>Vous voulez savoir ce qui est mieux pour vous ?<\\\/strong><\\\/p>\\n\n\n<p style=\\\"text-align: justify;\\\">Prenez rendez-vous et parlons de votre situation.<\\\/p>\",\"margin\":\"default\"}}]}]}],\"name\":\"liftingcuellovscervicofacial\"},{\"type\":\"section\",\"props\":{\"id\":\"riesgos\",\"image_position\":\"center-center\",\"style\":\"default\",\"title_breakpoint\":\"xl\",\"title_position\":\"top-left\",\"title_rotation\":\"left\",\"vertical_align\":\"middle\",\"width\":\"default\"},\"children\":[{\"type\":\"row\",\"children\":[{\"type\":\"column\",\"props\":{\"image_position\":\"center-center\",\"position_sticky_breakpoint\":\"m\",\"style\":\"card-default\"},\"children\":[{\"type\":\"headline\",\"props\":{\"content\":\"Quels sont les risques d'un lifting du cou ?\",\"text_align\":\"center\",\"title_decoration\":\"divider\",\"title_element\":\"h2\"}},{\"type\":\"text\",\"props\":{\"column_breakpoint\":\"m\",\"content\":\"\n\n<p>A pesar de que en manos expertas es un procedimiento seguro, no est\\u00e1 exento de riesgos y contraindicaciones.<\\\/p>\\n\n\n<p>Para tu mayor seguridad, debes tener presente:<\\\/p>\\n\n\n<ul>\\n\n\n<li><strong>Contraindicaciones m\\u00e9dicas:<\\\/strong> pacientes con enfermedades graves o no controaldas (problemas card\\u00edacos, de coagulaci\\u00f3n, inmunosupresi\\u00f3n) no deber\\u00edan asumir el riesgo de someterse a una intervenci\\u00f3n quir\\u00fargica salvo que sea necesario.<\\\/li>\\n\n\n<li><strong>H\\u00e1bitos de riesgo:<\\\/strong> el tabaco y un mal control de la tensi\\u00f3n arterial aumentan significativamente el riesgo de complicaciones en la cicatrizaci\\u00f3n. Es fundamental suspender el tabaco semanas antes de la cirug\\u00eda y llevar un adecuado control de la tensi\\u00f3n.<\\\/li>\\n\n\n<li>Sin embargo, <strong>el principal riesgo<\\\/strong> de esta cirug\\u00eda es ponerse <strong>en manos inexpertas<\\\/strong>. Un lifting facial requiere precisi\\u00f3n y un profundo conocimiento de la anatom\\u00eda para lograr resultados satisfactorios y y prevenir complicaciones como un <em>aspecto artificial<\\\/em>, <em>sangrado<\\\/em>, <em>queloides<\\\/em> o <em>par\\u00e1lisis facial<\\\/em>.<\\\/li>\\n<\\\/ul>\",\"margin\":\"default\",\"status\":\"disabled\"}},{\"type\":\"fragment\",\"props\":{\"margin\":\"default\"},\"children\":[{\"type\":\"row\",\"props\":{\"layout\":\"2-3,1-3\"},\"children\":[{\"type\":\"column\",\"props\":{\"image_position\":\"center-center\",\"position_sticky_breakpoint\":\"m\",\"width_medium\":\"2-3\"},\"children\":[{\"type\":\"text\",\"props\":{\"column_breakpoint\":\"m\",\"content\":\"\n\n<p>Pour votre s\\u00e9curit\\u00e9, voici ce qu'il faut savoir :<\\\/p>\\n\n\n<ul>\\n\n\n<li><strong>Contre-indications m\\u00e9dicales :<\\\/strong> si vous souffrez de pathologies graves (probl\\u00e8mes cardiaques, troubles de la coagulation, d\\u00e9ficit immunitaire), cette intervention n'est pas recommand\\u00e9e.<\\\/li>\\n\n\n<li><strong>Facteurs de risque :<\\\/strong> le tabagisme et une tension art\\u00e9rielle mal ma\\u00eetris\\u00e9e compliquent consid\\u00e9rablement la cicatrisation. Il est essentiel d'arr\\u00eater de fumer plusieurs semaines avant l'op\\u00e9ration et de bien contr\\u00f4ler sa tension.<\\\/li>\\n\n\n<li><span style=\\\"color: #c35c5c;\\\"><strong>Le v\\u00e9ritable danger<\\\/strong> d'un lifting du cou ? <strong>Choisir un chirurgien sans exp\\u00e9rience<\\\/strong><\\\/span>. Certes, c'est une intervention s\\u00fbre quand elle est bien r\\u00e9alis\\u00e9e, mais elle reste tr\\u00e8s <strong>technique<\\\/strong>. Pour obtenir un <strong>r\\u00e9sultat satisfaisant<\\\/strong>, impossible de se contenter de la surface: il faut absolument travailler en <strong>profondeur<\\\/strong>. Cela demande une parfaite ma\\u00eetrise de l'anatomie et une <strong>exp\\u00e9rience solide<\\\/strong> pour op\\u00e9rer <strong>sans risque<\\\/strong>.<\\\/li>\\n<\\\/ul>\\n\n\n<p style=\\\"text-align: center;\\\"><strong>Mon conseil:<\\\/strong> demandez toujours \\u00e0 voir des cas similaires au v\\u00f4tre et assurez-vous que les r\\u00e9sultats correspondent \\u00e0 vos attentes.<\\\/p>\",\"margin\":\"default\"}}]},{\"type\":\"column\",\"props\":{\"image_position\":\"center-center\",\"position_sticky_breakpoint\":\"m\",\"vertical_align\":\"middle\",\"width_medium\":\"1-3\"},\"children\":[{\"type\":\"headline\",\"props\":{\"content\":\"Votre s\\u00e9curit\\u00e9 avant tout\",\"text_align\":\"center\",\"title_decoration\":\"line\",\"title_element\":\"div\",\"title_style\":\"text-meta\"}},{\"type\":\"image\",\"props\":{\"block_align\":\"center\",\"image\":\"wp-content\\\/uploads\\\/2025\\\/05\\\/como-escoger.jpg\",\"image_box_decoration\":\"mask\",\"image_svg_color\":\"emphasis\",\"margin\":\"default\",\"maxwidth\":\"medium\",\"text_align\":\"center\"}}]}]}]},{\"type\":\"headline\",\"props\":{\"content\":\"\n\n<p>Le lifting du cou reste incontestablement la partie <strong>la plus d\\u00e9licate<\\\/strong> d'un lifting cervico-facial.<br \\\/>\\n \\n    Pour votre <strong>s\\u00e9curit\\u00e9<\\\/strong> et un r\\u00e9sultat <strong>naturellement \\u00e9l\\u00e9gant<\\\/strong>, faites confiance \\u00e0 un <a href=\\\"http:\\\/\\\/drmazarro.com\\\/fr\\\/\\\">expert du lifting<\\\/a>.\\n\",\"text_align\":\"center\",\"title_color\":\"primary\",\"title_element\":\"div\",\"title_style\":\"h2\"}},{\"type\":\"divider\",\"props\":{\"divider_element\":\"hr\"}}]}]}],\"name\":\"riesgos lifting FR\"},{\"name\":\"Tecnicas clasicas\",\"type\":\"section\",\"props\":{\"animation\":\"slide-bottom-small\",\"id\":\"hablamos\",\"image_position\":\"center-center\",\"image_size\":\"cover\",\"padding\":\"large\",\"style\":\"default\",\"title_breakpoint\":\"xl\",\"title_position\":\"top-left\",\"title_rotation\":\"left\",\"vertical_align\":\"\",\"width\":\"default\"},\"children\":[{\"type\":\"row\",\"children\":[{\"type\":\"column\",\"props\":{\"image_position\":\"center-center\",\"position_sticky_breakpoint\":\"m\"},\"children\":[{\"type\":\"headline\",\"props\":{\"content\":\"Prenez rendez-vous\",\"id\":\"hablamos\",\"title_decoration\":\"divider\",\"title_element\":\"h2\",\"title_style\":\"h1\"}}]}]},{\"type\":\"row\",\"props\":{\"column_gap\":\"large\",\"divider\":true,\"layout\":\"1-3,2-3\",\"row_gap\":\"large\"},\"children\":[{\"type\":\"column\",\"props\":{\"image_position\":\"center-center\",\"position_sticky_breakpoint\":\"m\",\"width_medium\":\"1-3\"},\"children\":[{\"type\":\"headline\",\"props\":{\"content\":\"Un diagnostic pr\\u00e9cis : la cl\\u00e9 d'un excellent r\\u00e9sultat\",\"title_element\":\"h2\",\"title_style\":\"h1\"}},{\"type\":\"divider\",\"props\":{\"divider_element\":\"div\",\"divider_style\":\"small\"}},{\"type\":\"text\",\"props\":{\"column_breakpoint\":\"m\",\"content\":\"\n\n<p>Bien que nous ayons tendance \\u00e0 attribuer l'exc\\u00e8s de volume du cou \\u00e0 un exc\\u00e8s de <b>graisse<\\\/b>, il est essentiel de bien conna\\u00eetre <b>l'anatomie<\\\/b> cervicale pour \\u00e9tablir<b> un diagnostic pr\\u00e9cis <\\\/b>et un plan de traitement personnalis\\u00e9 pour chaque cas.<\\\/p>\\n\n\n<p><b>Prenez rendez-vous<\\\/b> pour une \\u00e9valuation personnalis\\u00e9e et nous \\u00e9tablirons ensemble un plan de traitement adapt\\u00e9 \\u00e0 vos objectifs.<\\\/p>\",\"margin\":\"medium\"}},{\"type\":\"button\",\"props\":{\"button_size\":\"large\",\"fullwidth\":false,\"grid_column_gap\":\"small\",\"grid_row_gap\":\"small\",\"margin\":\"default\",\"text_align\":\"center\"},\"children\":[{\"type\":\"button_item\",\"props\":{\"button_style\":\"primary\",\"content\":\"Prenez RDV\",\"dialog_layout\":\"modal\",\"dialog_offcanvas_flip\":true,\"icon_align\":\"left\",\"link\":\"https:\\\/\\\/api.whatsapp.com\\\/send\\\/?phone=+34644534515&text=Bonjour,%20je%20veux%20prendre%20un%20rendez-vous%20avec%20le%20Dr.%20Mazarro\"}}]}]},{\"type\":\"column\",\"props\":{\"image_position\":\"center-center\",\"position_sticky_breakpoint\":\"m\",\"width_medium\":\"2-3\"},\"children\":[{\"type\":\"text\",\"props\":{\"column_breakpoint\":\"m\",\"content\":\"\n\n<p style=\\\"text-align: center;\\\">Remplissez le formulaire ou contactez-nous par <a href=\\\"https:\\\/\\\/api.whatsapp.com\\\/send\\\/?phone=+34644534515&amp;text=Bonjour,%20je%20veux%20prendre%20un%20rendez-vous%20avec%20le%20Dr.%20Mazarro\\\">WhatsApp<\\\/a> (<a href=\\\"https:\\\/\\\/api.whatsapp.com\\\/send\\\/?phone=+34644534515&amp;text=Bonjour,%20je%20veux%20prendre%20un%20rendez-vous%20avec%20le%20Dr.%20Mazarro\\\">+34 644 534 515<\\\/a>) ou par <a href=\\\"mailto:info@drmazarro.com\\\">e-mail<\\\/a> (<a href=\\\"mailto:info@drmazarro.com\\\">info@drmazarro.com<\\\/a>).<\\\/p>\\n\n\n<p style=\\\"text-align: center;\\\">Vous pouvez \\u00e9galement prendre rendez-vous via l'application <a href=\\\"https:\\\/\\\/drmazarro.com\\\/fr\\\/prenez-rendez-vous\\\/#doctoralia\\\">Doctoralia<\\\/a>.<\\\/p>\\n\n\n<p style=\\\"text-align: center;\\\">Vous habitez loin ou pr\\u00e9f\\u00e9rez une <strong>consultation en ligne<\\\/strong>? Contactez-nous et nous vous indiquerons la marche \\u00e0 suivre.<\\\/p>\",\"margin\":\"large\"}},{\"type\":\"html\",\"props\":{\"content\":\"[contact-form-7 id=\\\"e6372b8\\\" title=\\\"Contact-FR\\\"]\"}},{\"type\":\"text\",\"props\":{\"column_breakpoint\":\"m\",\"content\":\"\n\n<p style=\\\"font-size: 8px;\\\">Nous vous informons que les donn\\u00e9es personnelles que vous fournissez en remplissant ce formulaire seront trait\\u00e9es par ALEJANDRO MAZARRO CAMPOS. La finalit\\u00e9 de la collecte et du traitement des donn\\u00e9es personnelles demand\\u00e9es est l'envoi d'informations li\\u00e9es \\u00e0 votre motif de consultation, que ce soit par e-mail, SMS, WhatsApp\\u00ae ou appel t\\u00e9l\\u00e9phonique. Les donn\\u00e9es personnelles et de contact pourront \\u00eatre transmises aux \\u00e9quipes respectives de marketing\\\/service client de la\\\/des clinique(s) o\\u00f9 collabore le Dr Mazarro pour contacter le demandeur. L'utilisateur consent \\u00e9galement \\u00e0 ce que ses coordonn\\u00e9es soient trait\\u00e9es par ALEJANDRO MAZARRO CAMPOS dans le but de l'informer par voie \\u00e9lectronique ou autre sur les nouveaux produits et services li\\u00e9s \\u00e0 son activit\\u00e9 \\u00e0 des fins publicitaires et promotionnelles. En cochant la case d'acceptation, vous donnez votre consentement expr\\u00e8s et l\\u00e9gitime pour que vos donn\\u00e9es soient trait\\u00e9es conform\\u00e9ment aux finalit\\u00e9s de ce formulaire d\\u00e9crites dans la politique de confidentialit\\u00e9. Vous pouvez exercer vos droits d'acc\\u00e8s, de rectification, de limitation et de suppression via l'adresse e-mail info@drmazarro.com.<\\\/p>\",\"margin\":\"default\",\"margin_remove_bottom\":true,\"margin_remove_top\":false,\"text_align\":\"justify\",\"text_style\":\"meta\"},\"name\":\"texto legal formulario\"},{\"type\":\"accordion\",\"props\":{\"collapsible\":true,\"content_column_breakpoint\":\"m\",\"content_margin\":\"small\",\"content_style\":\"meta\",\"image_align\":\"top\",\"image_grid_breakpoint\":\"m\",\"image_grid_width\":\"1-2\",\"image_svg_color\":\"emphasis\",\"link_style\":\"default\",\"link_text\":\"+\",\"show_image\":false,\"show_link\":false},\"children\":[{\"type\":\"accordion_item\",\"props\":{\"content\":\"\n\n<p><strong>Responsable du traitement :<\\\/strong> Alejandro Mazarro Campos.<br \\\/><strong>Finalit\\u00e9 :<\\\/strong> r\\u00e9pondre \\u00e0 votre demande.<br \\\/><strong>Base l\\u00e9gale :<\\\/strong> consentement de l'utilisateur.<br \\\/><strong>Destinataires :<\\\/strong> les donn\\u00e9es que vous nous fournissez seront stock\\u00e9es sur les serveurs de Google Workspace (notre fournisseur de messagerie).<br \\\/><strong>Droits :<\\\/strong> vous pourrez toujours acc\\u00e9der, rectifier, limiter et supprimer vos donn\\u00e9es personnelles.<\\\/p>\",\"title\":\"+\"}}]}]}]}]},{\"type\":\"section\",\"props\":{\"image_position\":\"center-center\",\"style\":\"default\",\"title_breakpoint\":\"xl\",\"title_position\":\"top-left\",\"title_rotation\":\"left\",\"vertical_align\":\"middle\",\"width\":\"default\"},\"children\":[{\"type\":\"row\",\"props\":{\"layout\":\"1-5,3-5,1-5\"},\"children\":[{\"type\":\"column\",\"props\":{\"image_position\":\"center-center\",\"position_sticky_breakpoint\":\"m\",\"width_medium\":\"1-5\"}},{\"type\":\"column\",\"props\":{\"image_position\":\"center-center\",\"position_sticky_breakpoint\":\"m\",\"style\":\"card-default\",\"width_medium\":\"3-5\"},\"children\":[{\"type\":\"fragment\",\"props\":{\"margin\":\"default\"},\"children\":[{\"type\":\"row\",\"children\":[{\"type\":\"column\",\"props\":{\"image_position\":\"center-center\",\"position_sticky_breakpoint\":\"m\"},\"children\":[{\"type\":\"headline\",\"props\":{\"content\":\"Barcelone vous attend\",\"text_align\":\"center\",\"title_color\":\"primary\",\"title_decoration\":\"line\",\"title_element\":\"div\",\"title_style\":\"h2\"}}]}]},{\"type\":\"row\",\"props\":{\"layout\":\"2-3,1-3\"},\"children\":[{\"type\":\"column\",\"props\":{\"image_position\":\"center-center\",\"position_sticky_breakpoint\":\"m\",\"width_medium\":\"2-3\"},\"children\":[{\"type\":\"text\",\"props\":{\"column_breakpoint\":\"m\",\"content\":\"De plus en plus de patients choisissent de prendre un vol pour \\u00eatre entre de bonnes mains.\",\"margin\":\"default\",\"text_align\":\"center\",\"text_style\":\"meta\"}},{\"type\":\"text\",\"props\":{\"column_breakpoint\":\"m\",\"content\":\"\n\n<p>Nous nous occupons de tout \\u2014 d\\u00e9couvrez notre protocole pour les patients venant de loin et r\\u00e9servez une visioconsultation dans la langue de votre choix.<\\\/p>\",\"margin\":\"default\",\"text_align\":\"center\",\"text_style\":\"meta\"}},{\"type\":\"button\",\"props\":{\"button_size\":\"small\",\"grid_column_gap\":\"small\",\"grid_row_gap\":\"small\",\"margin\":\"default\",\"text_align\":\"center\"},\"children\":[{\"type\":\"button_item\",\"props\":{\"button_style\":\"default\",\"content\":\"Notre protocole\",\"dialog_layout\":\"modal\",\"dialog_offcanvas_flip\":true,\"icon_align\":\"left\",\"link\":\"fr\\\/patient-international\\\/\"}}]},{\"type\":\"button\",\"props\":{\"button_size\":\"small\",\"grid_column_gap\":\"small\",\"grid_row_gap\":\"small\",\"margin\":\"default\",\"text_align\":\"center\"},\"children\":[{\"type\":\"button_item\",\"props\":{\"button_style\":\"default\",\"content\":\"Votre consultation en ligne\",\"dialog_layout\":\"modal\",\"dialog_offcanvas_flip\":true,\"icon_align\":\"left\",\"link\":\"https:\\\/\\\/api.whatsapp.com\\\/send\\\/?phone=+34644534515&text=Bonjour,%20je%20souhaite%20r\\u00e9server%20une%20visioconsultation%20avec%20le%20Dr.%20Mazarro\",\"link_title\":\"Votre consultation en ligne\"}}]}]},{\"type\":\"column\",\"props\":{\"image_position\":\"center-center\",\"position_sticky_breakpoint\":\"m\",\"vertical_align\":\"middle\",\"width_medium\":\"1-3\"},\"children\":[{\"type\":\"image\",\"props\":{\"image\":\"wp-content\\\/uploads\\\/photo-1436491865332-7a61a109cc05-scaled.jpg\",\"image_box_decoration\":\"mask\",\"image_svg_color\":\"emphasis\",\"image_width\":200,\"margin\":\"default\",\"text_align\":\"center\"}}]}]}]}]},{\"type\":\"column\",\"props\":{\"image_position\":\"center-center\",\"position_sticky_breakpoint\":\"m\",\"width_medium\":\"1-5\"}}]}],\"name\":\"BANNER - PACIENTE INTERNACIONAL FRv2\"},{\"type\":\"section\",\"props\":{\"id\":\"opiniones\",\"image_position\":\"center-center\",\"style\":\"default\",\"title_breakpoint\":\"xl\",\"title_position\":\"top-left\",\"title_rotation\":\"left\",\"vertical_align\":\"middle\",\"width\":\"default\"},\"children\":[{\"type\":\"row\",\"children\":[{\"type\":\"column\",\"props\":{\"image_position\":\"center-center\",\"position_sticky_breakpoint\":\"m\"},\"children\":[{\"type\":\"headline\",\"props\":{\"animation\":\"scale-up\",\"content\":\"Vous voulez savoir ce que disent mes patients ?\",\"text_align\":\"center\",\"title_color\":\"primary\",\"title_element\":\"div\",\"title_style\":\"h1\"}}]}]},{\"type\":\"row\",\"children\":[{\"type\":\"column\",\"props\":{\"image_position\":\"center-center\",\"position_sticky_breakpoint\":\"m\"},\"children\":[{\"type\":\"headline\",\"props\":{\"content\":\"Avis de patients extraits de Google et Doctoralia.\",\"text_align\":\"center\",\"title_decoration\":\"line\",\"title_element\":\"h2\",\"title_style\":\"text-meta\"}},{\"type\":\"panel-slider\",\"props\":{\"content_column_breakpoint\":\"m\",\"content_style\":\"text-meta\",\"icon_width\":80,\"image_align\":\"top\",\"image_grid_breakpoint\":\"m\",\"image_grid_width\":\"1-2\",\"image_svg_color\":\"emphasis\",\"link_style\":\"default\",\"link_text\":\"Read more\",\"margin\":\"default\",\"meta_align\":\"below-title\",\"meta_element\":\"div\",\"meta_style\":\"text-meta\",\"nav\":\"dotnav\",\"nav_align\":\"center\",\"nav_breakpoint\":\"s\",\"panel_match\":true,\"show_content\":true,\"show_hover_image\":true,\"show_hover_video\":true,\"show_image\":true,\"show_link\":true,\"show_meta\":true,\"show_title\":true,\"show_video\":true,\"slidenav\":\"outside\",\"slidenav_breakpoint\":\"xl\",\"slidenav_margin\":\"medium\",\"slidenav_outside_breakpoint\":\"xl\",\"slider_autoplay_pause\":true,\"slider_gap\":\"default\",\"slider_width\":\"fixed\",\"slider_width_default\":\"1-1\",\"slider_width_medium\":\"1-3\",\"title_align\":\"top\",\"title_element\":\"div\",\"title_grid_breakpoint\":\"m\",\"title_grid_width\":\"1-2\",\"title_hover_style\":\"reset\",\"title_style\":\"h2\"},\"children\":[{\"type\":\"panel-slider_item\",\"props\":{\"content\":\"\n\n<p><span>Tengo 60 a\\u00f1os, queria rejuvenecer mi aspecto con naturalidad.<\\\/span><br \\\/><span>Me informe de la tecnica quirurgica deep plan.<\\\/span><br \\\/><span>Estuve 3 meses informandome de cirujanos plasticos con buenos resultados, dude mucho, pero acerte, el mas destacable en tecnica facial fue el dr. Mazarro en Barcelona.<\\\/span><br \\\/><span>Desde el primer momento me entendio, me hizo sentir comoda. Muy cercano, sincero y me hizo visualizar ante un espejo los resultados que queria conseguir.<\\\/span><br \\\/><span>Me dio mucha confianza y seguridad.<\\\/span><br \\\/><span>Los resultados han sido mucho mejores de lo previsible.<\\\/span><br \\\/><span>Se nota que le apasiona lo que hace porque se entrega para la perfeccion.<\\\/span><br \\\/><span>Eso si, el post-operatorio es molesto durante los 12 primeros dias<\\\/span><br \\\/><span>( en mi caso).<\\\/span><br \\\/><span>Orgullosa de haberlo encontrado.<\\\/span><\\\/p>\",\"meta\":\"Google Review\",\"title\":\"Inma C.A.\"}},{\"type\":\"panel-slider_item\",\"props\":{\"content\":\"\n\n<p><span>I discovered Dr. Mazarro through a friend who had her Deep Plane Facelift with him - her results were incredible and I couldn't even see any scars! During the consultation, he took extensive time explaining how this advanced technique would reposition my facial tissues naturally, rather than just pulling the skin tight. His expertise and warm approach immediately put me at ease.<br \\\/><br \\\/>The results are exactly what I wanted - I look refreshed and rejuvenated, not 'done'. What surprised me most was how comfortable the recovery was - just some mild tension for the first few days, and I was able to sleep at home the same night of surgery.<br \\\/><br \\\/>The cost was significantly lower than what top surgeons charge here in London (about 40% less), yet the level of expertise and care was amazing. The entire experience at Pedralbes Clinic was exceptional, from the initial consultation to the final follow-up.<br \\\/><br \\\/>Almost one year later, I couldn't be happier with my decision. Worth every penny and mile travelled!<\\\/span><\\\/p>\",\"meta\":\"Doctoralia\",\"title\":\"Gail Stanbridge\"}},{\"type\":\"panel-slider_item\",\"props\":{\"content\":\"\n\n<p><span>Hace mes y medio el Dr Mazarro me realiz\\u00f3 un lifting + una blefaroplastia y no puedo estar m\\u00e1s contenta. Es un cirujano de gran pericia: las cicatrices son pr\\u00e1cticamente imperceptibles, mi ovalo ha quedado definido y mis ojos lucen ahora, habiendo conseguido mejorar sensiblemente mi apariencia de manera muy natural. El trato del Dr Mazarro es muy profesional y amable, siempre dispuesto a despejar todo tipo de dudas de manera veraz sin generar falsas expectativas, los controles posoperatorios son regulares y los mantendr\\u00e9 durante varios meses. Por mi parte yo he cumplido con todos los cuidados posoperatorios que se me indicaron. Total confianza en el Dr. Mazarro<\\\/span><\\\/p>\",\"meta\":\"Google Review\",\"title\":\"Cristina Molina\"}},{\"type\":\"panel-slider_item\",\"props\":{\"content\":\"\n\n<p><span>Encantada! viaj\\u00e9 espec\\u00edficamente para operarme con \\u00e9l por recomendaci\\u00f3n de una amiga y ha sido todo un acierto. El doctor encantador y el resultado excelente, no puedo estar m\\u00e1s contenta!<\\\/span><\\\/p>\",\"meta\":\"Doctoralia\",\"title\":\"Luc\\u00eda\"}},{\"type\":\"panel-slider_item\",\"props\":{\"content\":\"\n\n<p><span>Muy contenta con el trato y muy feliz con el resultado de mi operaci\\u00f3n.<\\\/span><br \\\/><span>Muy profesional y a la vez muy cercano, me ha transmitido toda la confianza para que me decidiera a dar este paso y no puedo estar m\\u00e1s satisfecha.<\\\/span><br \\\/><br \\\/><span>Gracias Doctor Mazarro!!<\\\/span><\\\/p>\",\"meta\":\"Google Review\",\"title\":\"Maribel Mu\\u00f1oz\"}},{\"type\":\"panel-slider_item\",\"props\":{\"content\":\"\n\n<p><span>Tras dos meses de la intervencion, agradezco la profesionalidad del doctor. El resultado ha sido excelente, entendi\\u00f3 a la perfecci\\u00f3n lo que quer\\u00eda, sobretodo mantener la naturalidad. El trato tanto del doctor como del equipo magn\\u00edfico. Muy recomendado.<\\\/span><\\\/p>\",\"meta\":\"Doctoralia\",\"title\":\"Adela\"}},{\"type\":\"panel-slider_item\",\"props\":{\"content\":\"\n\n<p><span>Genial experiencia con el dr.Mazarro, desde la primera visita donde te lo explica todo perfectamente, (por muy preguntona que seas no pierde la sonrisa y eso se agradece) hasta el tratamiento, que en mi caso fue mejor a\\u00fan de lo esperado. Iba con cierto miedo, pero ahora no dudar\\u00eda en recomendarlo. Un 10 como persona y como profesional.<\\\/span><\\\/p>\",\"meta\":\"Google Review\",\"title\":\"Eva\"}},{\"type\":\"panel-slider_item\",\"props\":{\"content\":\"\n\n<p><span>Mi experiencia con el Dc Alejandro Mazarro ha sido absolutamente excepcional.<\\\/span><br \\\/><span>Opt\\u00e9 por someterme a un lifting cervical\\\/facial y blefaroplastia, y desde la primera consulta donde el dc me aclaro todas mis dudas y me explico al detalle el procedimiento , hasta el \\u00faltimo seguimiento me sent\\u00ed en las mejores manos.<\\\/span><br \\\/><span>Su forma tranquilo, seguro, sincero, cercano y profesional y con una habilidad de comprender y satisfacer las necesidades est\\u00e9ticas de sus pacientes.<\\\/span><br \\\/><span>La noche anterior a la operaci\\u00f3n, me mand\\u00f3 un mensajito de apoyo y animo, lo cual me encant\\u00f3 porque estaba muy nerviosa.<\\\/span><br \\\/><span>El d\\u00eda de la intervenci\\u00f3n, de nuevo me transmiti\\u00f3 su seguridad y su tranquilidad.<\\\/span><br \\\/><span>No podr\\u00eda estar m\\u00e1s contenta con los resultados; me veo much\\u00edsimo m\\u00e1s joven, con aspecto totalmente natural.<\\\/span><br \\\/><span>Las incisiones, ahora mismo despu\\u00e9s de 3 meses son totalmente imperceptibles.<\\\/span><br \\\/><span>El dc. Mazarro ha superado mis expectativas.<\\\/span><br \\\/><span>Se que las rese\\u00f1as son muy importantes cuando est\\u00e1s buscando un cirujano, yo le\\u00ed muchas antes de decidirme.<\\\/span><br \\\/><span>Espero que esta m\\u00eda ayude a muchos pacientes en proceso de decision.<\\\/span><br \\\/><span>El dc Alejandro Mazarro es una de las personas s\\u00faper importantes que han marcado mi vida, que suerte haber dado con \\u00e9l!.<\\\/span><br \\\/><span>Si duda, si en un futuro necesito sus servicios acudir\\u00e9 a \\u00e9l.<\\\/span><br \\\/><span>Gracias Alejandro por devolverme la confianza en mi misma<\\\/span><br \\\/><span>Eva<\\\/span><\\\/p>\",\"meta\":\"Google Review\",\"title\":\"Eva Ferran\"}},{\"type\":\"panel-slider_item\",\"props\":{\"content\":\"\n\n<p><span>Muy buen profesional. Me he hecho un lifting y el resultado ha sido espectacular.<\\\/span><br \\\/><span>Es muy amable y da mucha confianza.<\\\/span><\\\/p>\",\"meta\":\"Doctoralia\",\"title\":\"An\\u00f3nimo\"}},{\"type\":\"panel-slider_item\",\"props\":{\"content\":\"\n\n<p><span>El Dr. Alejandro Mazarro es un profesional preocupado de su trabajo y que de verdad le importan sus pacientes. Amable, emp\\u00e1tico, honesto y cercano. En todo momento se preocupa de escuchar y de poder ayudar, o darte la mejor soluci\\u00f3n al problema. Hoy en d\\u00eda es muy complicado encontrar un m\\u00e9dico as\\u00ed. Muchas gracias de coraz\\u00f3n. Coral<\\\/span><\\\/p>\",\"meta\":\"Google Review\",\"title\":\"A.C.\"}},{\"type\":\"panel-slider_item\",\"props\":{\"content\":\"\n\n<p><span>Estuve 3 meses informandome de cirujanos plasticos con buenos resultados, dude mucho, pero acerte, el mas destacable en tecnica facial fue el dr. Mazarro en Barcelona.<\\\/span><br \\\/><span>Desde el primer momento me entendio, me hizo sentir comoda. Muy cercano, sincero y me hizo visualizar ante un espejo los resultados que queria conseguir.<\\\/span><br \\\/><span>Me dio mucha confianza y seguridad.<\\\/span><br \\\/><span>Los resultados han sido mucho mejores de lo previsible.<\\\/span><br \\\/><span>Se nota que le apasiona lo que hace porque se entrega para la perfeccion.<\\\/span><br \\\/><span>Eso si, el post-operatorio es molesto durante los 12 primeros dias<\\\/span><br \\\/><span>( en mi caso).<\\\/span><br \\\/><span>Orgullosa de haberlo encontrado.<\\\/span><\\\/p>\",\"meta\":\"Doctoralia\",\"title\":\"I.A.\"}},{\"type\":\"panel-slider_item\",\"props\":{\"content\":\"\n\n<p><span>Me opere ya hace tres meses y la verdad no puedo estar mas contenta, tanto con el resultado como con el trato maravilloso recibido, es encantador\\u2026.Hice dos visitas, aunque con la primera la verdad estaba ya convencida. Explicaciones s\\u00faper claras y responde con mucha honestidad a todas tus dudas. Decir que el trato del post operatorio es genial. Estoy m\\u00e1s que encantada y repetir\\u00eda seguro.<\\\/span><br \\\/><span>Mil gracias por todo<\\\/span><\\\/p>\",\"meta\":\"Google Review\",\"title\":\"Anna Aramburo\"}},{\"type\":\"panel-slider_item\",\"props\":{\"content\":\"\n\n<p><span>Lo mejor:<\\\/span><br \\\/><span>El resultado super\\u00f3 todas mis expectativas, el trato del doctor fue exquisito en todo momento. Le estar\\u00e9 siempre muy agradecida y le recomendar\\u00e9 a mis conocidas.<\\\/span><br \\\/><br \\\/><span>Podr\\u00eda mejorar:<\\\/span><br \\\/><span>Nada. Todo perfecto.<\\\/span><\\\/p>\",\"meta\":\"Doctoralia\",\"title\":\"paciente\"}},{\"type\":\"panel-slider_item\",\"props\":{\"content\":\"\n\n<p><span>Ha pasado un mes de la intervenci\\u00f3n y estoy maravillada: resultado perfecto!! El doctor tiene unas manos incre\\u00edbles, la cicatriz es invisible y el postoperatorio ha ido muy bien (\\u00a1ni siquiera hematomas!). Adem\\u00e1s, personalmente es encantador. No puedo recomendarle lo suficiente.<\\\/span><\\\/p>\",\"meta\":\"Doctoralia\",\"title\":\"Adriana\"}},{\"type\":\"panel-slider_item\",\"props\":{\"content\":\"\n\n<p><span>Es un Crak!<\\\/span><br \\\/><span>Trato y atenci\\u00f3n exquisitos y sobre todo, lo m\\u00e1s importante, resultado excelente.<\\\/span><br \\\/><span>Absolutamente recomendable.<\\\/span><\\\/p>\",\"meta\":\"Google Review\",\"title\":\"Gemma Recoder\"}},{\"type\":\"panel-slider_item\",\"props\":{\"content\":\"\n\n<p><span>El doctor Mazarro, es maravilloso! (No se puede estar en mejores manos).Cercano, emp\\u00e1tico y sobre todo un f\\u00e1ntastico cirujano. Su profesionalidad y especializaci\\u00f3n es sobresaliente. Muy muy, contenta y satisfecha, lo recomemdar\\u00eda sin dudarlo, por mi propia experiencia, los resultados son m\\u00e1s que geniales!!<\\\/span><\\\/p>\",\"meta\":\"Doctoralia\",\"title\":\"Paqui\"}},{\"type\":\"panel-slider_item\",\"props\":{\"content\":\"\n\n<p><span>El Doctor Mazarro es un excelente profesional. Explica con detalle, sinceridad y claridad lo que cabe esperar de cada tratamiento, recomendando lo que sabe que es m\\u00e1s id\\u00f3neo para cada persona. Adem\\u00e1s de eficaz, es emp\\u00e1tico y amable, caracter\\u00edsticas que personalmente valoro much\\u00edsimo a la hora de confiar. De hecho es algo indispensable para m\\u00ed saber que no se va a llevar a cabo un tratamiento si no se ve claro que ese en concreto lo mejor para ti. No puede estar m\\u00e1s contenta. Lo recomiendo al 200%.<\\\/span><\\\/p>\",\"meta\":\"Doctoralia\",\"title\":\"H.A.\"}},{\"type\":\"panel-slider_item\",\"props\":{\"content\":\"\n\n<p><span>El Dr. Mazarro tiene unas manos prodigiosas. La cirug\\u00eda fue perfecta, el trato excelente, y el postoperatorio sin hinchaz\\u00f3n ni inflamaci\\u00f3n alguna (ni tan s\\u00f3lo la m\\u00ednima esperada). Recomiendo 100% este profesional para todo tipo de tratamiento est\\u00e9tico maxilofacial.<\\\/span><\\\/p>\",\"meta\":\"Doctoralia\",\"title\":\"An\\u00f3nimo\"}},{\"type\":\"panel-slider_item\",\"props\":{\"content\":\"\n\n<p><span>Hace tiempo que me quer\\u00eda realizar una cirug\\u00eda para solucionar mi problema de papada y despu\\u00e9s de buscar la opini\\u00f3n de cirujanos y no atreverme a dar el paso me recomendaron al Dr. Mazarro. Me explic\\u00f3 que necesitaba un lifting cervical (cuello). Me lo explic\\u00f3 todo muy bien y tome la decisi\\u00f3n de operarme con \\u00e9l. El resultado ha sido espectacular, estoy muy contento, y el trato del Dr. Excelente. Gracias por todo, estoy muy contento de haber dado el paso y ponerme en manos del Dr. Mazarro. Por \\u00faltimo decir que es un gran profesional y mejor persona. Gracias por todo<\\\/span><\\\/p>\",\"meta\":\"Google Review\",\"title\":\"Javier Diaz\"}},{\"type\":\"panel-slider_item\",\"props\":{\"content\":\"\n\n<p><span>Cuando llegas a una consulta m\\u00e9dica las dudas e inquietud son inevitables, pero desde el minuto 1, me sent\\u00ed totalmente relajada y segura por el trato recibido, tanto por la enfermera Nieves Latorre, como por el Dr. Alejandro Mazarro. MEJOR IMPOSIBLE!!!. Posteriormente, viendo los resultados, la satisfacci\\u00f3n es absoluta. ENHORABUENA a los dos!!!!! MUCH\\u00cdSIMAS GRACIAS!!<\\\/span><\\\/p>\",\"meta\":\"Google Review\",\"title\":\"Nati D\\u00edaz\"}},{\"type\":\"panel-slider_item\",\"props\":{\"content\":\"\n\n<p><span>Dr. Alejandro Mazarro , tuve la suerte que me hiciera una intervenci\\u00f3n la semana pasada , incre\\u00edble!! su profesionalidad , su trato exquisito , sin hablar de su trabajo 10 sobre 10 , pueden haber en el mundo igual de profesionales , pero mejor lo dudo , un mill\\u00f3n de gracias Doctor<\\\/span><\\\/p>\",\"meta\":\"Google Review\",\"title\":\"Antonio Garc\\u00eda\"}},{\"type\":\"panel-slider_item\",\"props\":{\"content\":\"\n\n<p><span>Hoy he tenido mi primera visita con \\u00e9l y el trato ha sido excelente, es un gran profesional con mucho conocimiento que te gu\\u00eda a la perfecci\\u00f3n y te ayuda con cualquier inquietud que tengas sin ningun tipo de problema. 100% recomendable, se ve un excelente profesional y persona.<\\\/span><\\\/p>\",\"meta\":\"Google Review\",\"title\":\"Sergio Esp\\u00edas\"}},{\"type\":\"panel-slider_item\",\"props\":{\"content\":\"\n\n<p><span>Lo mejor:<\\\/span><br \\\/><span>Tanto el Dr. Mazarro como su ayudante Cristina, excelente trato, muy amables y profesionales.<\\\/span><br \\\/><span>El Doctor tiene unas manos de \\u00e1ngel.<\\\/span><br \\\/><br \\\/><span>Podr\\u00eda mejorar:<\\\/span><br \\\/><span>Nada. Todo genial.<\\\/span><\\\/p>\",\"meta\":\"Doctoralia\",\"title\":\"paciente an\\u00f3nimo\"}},{\"type\":\"panel-slider_item\",\"props\":{\"content\":\"\n\n<p><span>Lo mejor:<\\\/span><br \\\/><span>Es un doctor fant\\u00e1stico, no solo me he dejado genial, encima como persona encantador.<\\\/span><\\\/p>\",\"meta\":\"Doctoralia\",\"title\":\"carriondani\"}},{\"type\":\"panel-slider_item\",\"props\":{\"content\":\"\n\n<p><span>Un 10 de medico! Tanto a nivel profesional como a nivel humano. Lo recomiendo 100%<\\\/span><\\\/p>\",\"meta\":\"Google Review\",\"title\":\"Montse Beca\"}},{\"type\":\"panel-slider_item\",\"props\":{\"content\":\"\n\n<p><span>Lo mejor:<\\\/span><br \\\/><span>El trato personalizado, como llevaron el post del paciente y el cirujano sin dudar excepcional.<\\\/span><br \\\/><br \\\/><span>Podr\\u00eda mejorar:<\\\/span><br \\\/><span>Nada todo perfecto de principio a fin<\\\/span><\\\/p>\",\"meta\":\"Doctoralia\",\"title\":\"paciente an\\u00f3nimo\"}},{\"type\":\"panel-slider_item\",\"props\":{\"content\":\"\n\n<p><span>Todo mi agradecimiento a este gran profesional y mejor persona. Excelente atenci\\u00f3n y recomendaciones.<\\\/span><\\\/p>\",\"meta\":\"Google Review\",\"title\":\"Patricia S\"}}]}]}]}],\"name\":\"2025 OPINIONES con bot\\u00f3n FR\"},{\"name\":\"DR MAZARRO\",\"type\":\"section\",\"props\":{\"animation\":\"fade\",\"image_position\":\"center-center\",\"image_size\":\"cover\",\"padding_remove_top\":false,\"status\":\"disabled\",\"style\":\"default\",\"title_breakpoint\":\"xl\",\"title_position\":\"top-left\",\"title_rotation\":\"left\",\"vertical_align\":\"\",\"width\":\"xlarge\"},\"children\":[{\"type\":\"row\",\"props\":{\"layout\":\"1-2,1-2\",\"margin\":\"default\"},\"children\":[{\"type\":\"column\",\"props\":{\"image_position\":\"center-center\",\"position_sticky_breakpoint\":\"m\",\"vertical_align\":\"middle\",\"width_medium\":\"1-2\"},\"children\":[{\"type\":\"headline\",\"props\":{\"content\":\"Pourquoi me choisir comme chirurgien ?\",\"title_element\":\"h2\",\"title_style\":\"h2\"}},{\"type\":\"headline\",\"props\":{\"content\":\"Exp\\u00e9rience et sp\\u00e9cialisation\",\"title_decoration\":\"bullet\",\"title_element\":\"h3\",\"title_style\":\"h3\"}},{\"type\":\"text\",\"props\":{\"column_breakpoint\":\"m\",\"content\":\"\n\n<p>J'ai toujours eu la conviction que l'excellence passe par <b>l'hypersp\\u00e9cialisation<\\\/b>. C'est pourquoi, il y a plus de 8 ans, j'ai d\\u00e9cid\\u00e9 de me sp\\u00e9cialiser dans un domaine tr\\u00e8s pr\\u00e9cis de la chirurgie esth\\u00e9tique faciale : <b>la chirurgie du rajeunissement facial<\\\/b>.<\\\/p>\\n\n\n<p>Depuis, j'ai consacr\\u00e9 tous mes efforts \\u00e0 me former aux techniques les plus avanc\\u00e9es pour pouvoir offrir \\u00e0 mes patients <b>le meilleur r\\u00e9sultat possible<\\\/b>.<\\\/p>\",\"margin\":\"default\",\"text_align\":\"justify\"}},{\"type\":\"headline\",\"props\":{\"content\":\"La technique la plus avanc\\u00e9e\",\"title_decoration\":\"bullet\",\"title_element\":\"h3\",\"title_style\":\"h3\"}},{\"type\":\"text\",\"props\":{\"column_breakpoint\":\"m\",\"content\":\"\n\n<p>Ces derni\\u00e8res ann\\u00e9es, la chirurgie du lifting facial a connu une v\\u00e9ritable r\\u00e9volution. Les techniques classiques (MACS lift, SMASectomie, plicature du SMAS \\\/ PSP, high-SMAS, low-SMAS) sont, \\u00e0 mon sens, devenues <strong>obsol\\u00e8tes<\\\/strong>. Pourtant, elles restent les plus pratiqu\\u00e9es car <strong>techniquement plus simples<\\\/strong>, et peu de chirurgiens choisissent de se sp\\u00e9cialiser dans une chirurgie qui demande tant d'efforts et de d\\u00e9vouement.<\\\/p>\\n\n\n<p>Malgr\\u00e9 cela, comme pour tout ce qui exige un effort suppl\\u00e9mentaire, la r\\u00e9compense est \\u00e0 la hauteur. Les r\\u00e9sultats d'un lifting Deep Plane sont tout simplement incomparables avec ceux des autres techniques.<\\\/p>\",\"margin\":\"default\",\"text_align\":\"justify\"}},{\"type\":\"headline\",\"props\":{\"content\":\"\n\n<div>Des r\\u00e9sultats naturels<\\\/div>\",\"title_decoration\":\"bullet\",\"title_element\":\"h3\",\"title_style\":\"h3\"}},{\"type\":\"text\",\"props\":{\"column_breakpoint\":\"m\",\"content\":\"\n\n<div class=\\\"el-content uk-panel uk-margin-top\\\">\\n\n\n<p>La chirurgie esth\\u00e9tique est un m\\u00e9lange de technique, d'habilet\\u00e9 et d'art. Et tout comme il existe des patients qui recherchent des r\\u00e9sultats extravagants, il y a aussi des chirurgiens qui ont un go\\u00fbt particulier pour les r\\u00e9sultats plus marqu\\u00e9s. C'est pourquoi il est essentiel de vous poser une question lorsque vous choisissez votre chirurgien: ses r\\u00e9sultats correspondent-ils \\u00e0 ce que vous souhaitez pour vous-m\\u00eame ?<\\\/p>\\n\n\n<p>Si vous cherchez \\u00e0 <strong>rajeunir en restant vous-m\\u00eame<\\\/strong>, vous \\u00eates au bon endroit.<\\\/p>\\n<\\\/div>\",\"margin\":\"default\",\"text_align\":\"justify\"}},{\"type\":\"text\",\"props\":{\"column_breakpoint\":\"m\",\"content\":\"\n\n<p>Alejandro Mazarro<\\\/p>\",\"margin\":\"default\",\"text_style\":\"meta\"}}]},{\"type\":\"column\",\"props\":{\"image_position\":\"center-center\",\"position_sticky_breakpoint\":\"m\",\"vertical_align\":\"middle\",\"width_medium\":\"1-2\"},\"children\":[{\"type\":\"image\",\"props\":{\"image\":\"wp-content\\\/uploads\\\/2024\\\/09\\\/sin-bata-square-536-BW.jpg\",\"image_box_decoration\":\"mask\",\"image_svg_color\":\"emphasis\",\"image_width\":450,\"margin\":\"default\",\"text_align\":\"center\"}}]}]}]},{\"type\":\"section\",\"props\":{\"image_position\":\"center-center\",\"style\":\"secondary\",\"title_breakpoint\":\"xl\",\"title_position\":\"top-left\",\"title_rotation\":\"left\",\"vertical_align\":\"\",\"width\":\"default\"},\"children\":[{\"type\":\"row\",\"children\":[{\"type\":\"column\",\"props\":{\"image_position\":\"center-center\",\"position_sticky_breakpoint\":\"m\"},\"children\":[{\"type\":\"headline\",\"props\":{\"content\":\"Articles d'int\\u00e9r\\u00eat\",\"text_align\":\"center\",\"title_element\":\"div\",\"title_style\":\"heading-small\"}},{\"type\":\"overlay-slider\",\"props\":{\"link_style\":\"default\",\"link_text\":\"Read more\",\"margin\":\"default\",\"meta_align\":\"below-content\",\"meta_element\":\"div\",\"meta_style\":\"text-meta\",\"nav\":\"dotnav\",\"nav_align\":\"center\",\"nav_below\":true,\"nav_breakpoint\":\"\",\"nav_position\":\"bottom-center\",\"nav_position_margin\":\"medium\",\"overlay_mode\":\"cover\",\"overlay_position\":\"center\",\"overlay_style\":\"overlay-default\",\"overlay_transition\":\"fade\",\"show_content\":true,\"show_hover_image\":true,\"show_hover_video\":true,\"show_link\":true,\"show_meta\":true,\"show_title\":true,\"slidenav\":\"default\",\"slidenav_breakpoint\":\"\",\"slidenav_margin\":\"medium\",\"slidenav_outside_breakpoint\":\"xl\",\"slider_autoplay\":true,\"slider_autoplay_pause\":true,\"slider_center\":false,\"slider_divider\":false,\"slider_gap\":\"default\",\"slider_sets\":true,\"slider_width\":\"fixed\",\"slider_width_default\":\"1-1\",\"slider_width_medium\":\"1-3\",\"text_align\":\"center\",\"title_decoration\":\"divider\",\"title_element\":\"div\",\"title_hover_style\":\"reset\",\"title_style\":\"h2\"},\"children\":[{\"type\":\"overlay-slider_item\",\"props\":{\"content\":\"\n\n<p><span>Souhaitez-vous d\\u00e9couvrir les diff\\u00e9rents types de lifting du visage ?<\\\/span><\\\/p>\",\"image\":\"wp-content\\\/uploads\\\/2023\\\/01\\\/lifting.jpg\",\"image_alt\":\"Types de lifting du visage\",\"link\":\"fr\\\/types-de-lifting\\\/\",\"link_text\":\"En savoir plus\",\"meta\":\"\",\"title\":\"Types de lifting du visage\"}},{\"type\":\"overlay-slider_item\",\"props\":{\"content\":\"\n\n<p><span>\\u00c0 propos de moi<\\\/span><\\\/p>\",\"image\":\"wp-content\\\/uploads\\\/2025\\\/08\\\/dr-mazarro.jpg\",\"image_alt\":\"Doctor Mazarro\",\"link\":\"https:\\\/\\\/drmazarro.com\\\/fr\\\/dr-alejandro-mazarro-specialiste-lifting-du-visage-barcelone\\\/\",\"link_text\":\"En savoir plus\",\"meta\":\"\",\"title\":\"Dr. Alejandro Mazarro\"}},{\"type\":\"overlay-slider_item\",\"props\":{\"content\":\"Vous voulez savoir comment se d\\u00e9roule la r\\u00e9cup\\u00e9ration avec le Dr Mazarro ?\",\"image\":\"wp-content\\\/uploads\\\/2025\\\/06\\\/recovery-facelift.jpg\",\"image_alt\":\"R\\u00e9cup\\u00e9ration apr\\u00e8s un lifting Deep Plane\",\"link\":\"https:\\\/\\\/drmazarro.com\\\/fr\\\/chirurgie-esthetique-du-visage\\\/lifting-du-visage-et-du-cou\\\/lifting-du-visage-postoperatoire-barcelone\\\/\",\"link_text\":\"En savoir plus\",\"meta\":\"\",\"title\":\"R\\u00e9cup\\u00e9ration apr\\u00e8s un lifting Deep Plane\"}},{\"type\":\"overlay-slider_item\",\"props\":{\"content\":\"On vous dit tout, sans d\\u00e9tour.\",\"image\":\"wp-content\\\/uploads\\\/2025\\\/06\\\/foto-otros-articulos-400.jpg\",\"image_alt\":\"Cicatrices apr\\u00e8s un lifting\",\"link\":\"https:\\\/\\\/drmazarro.com\\\/fr\\\/cicatrices-lifting-du-visage\\\/\",\"link_text\":\"En savoir plus\",\"meta\":\"\",\"title\":\"Cicatrices apr\\u00e8s un lifting: faut-il s\\u2019inqui\\u00e9ter ?\"}},{\"type\":\"overlay-slider_item\",\"props\":{\"content\":\"\n\n<p><span>Le lifting Deep Plane : en quoi consiste-t-il et pourquoi est-il id\\u00e9al pour vous?<\\\/span><\\\/p>\",\"image\":\"wp-content\\\/uploads\\\/2025\\\/08\\\/face2.jpg\",\"image_alt\":\"Deep Plane Facelift\",\"link\":\"https:\\\/\\\/drmazarro.com\\\/fr\\\/specialiste-du-lifting-du-visage-et-du-cou-a-barcelone\\\/\",\"link_text\":\"En savoir plus\",\"meta\":\"\",\"title\":\"Lifting du visage Deep Plane\"}},{\"type\":\"overlay-slider_item\",\"props\":{\"content\":\"\n\n<p><span>Les meilleurs r\\u00e9sultats avec une r\\u00e9cup\\u00e9ration plus rapide<\\\/span><\\\/p>\",\"image\":\"wp-content\\\/uploads\\\/2025\\\/08\\\/pastpresent.jpg\",\"image_alt\":\"Deep Plane Facelift\",\"link\":\"fr\\\/specialiste-du-lifting-du-visage-et-du-cou-a-barcelone\\\/lifting-preservation\\\/\",\"link_text\":\"En savoir plus\",\"meta\":\"\",\"title\":\"Lifting de Pr\\u00e9servation\"}},{\"type\":\"overlay-slider_item\",\"props\":{\"content\":\"\n\n<p>Tout ce que vous devez savoir<\\\/p>\",\"image\":\"wp-content\\\/uploads\\\/2024\\\/09\\\/face-square-200.jpg\",\"image_alt\":\"Facelift - Dr. Mazarro\",\"link\":\"https:\\\/\\\/drmazarro.com\\\/fr\\\/faq-lifting\\\/\",\"link_text\":\"En savoir plus\",\"meta\":\"\",\"title\":\"Questions fr\\u00e9quentes\"}},{\"type\":\"overlay-slider_item\",\"props\":{\"content\":\"Nous vous expliquons tout en d\\u00e9tail\",\"image\":\"wp-content\\\/uploads\\\/2025\\\/08\\\/monthly-budget3.jpg\",\"image_alt\":\"Prix du lifting facial Deep Plane\",\"link\":\"fr\\\/precio-lifting-facial-en-barcelona\\\/\",\"link_text\":\"En savoir plus\",\"meta\":\"\",\"title\":\"Prix du lifting facial Deep Plane\"}},{\"type\":\"overlay-slider_item\",\"props\":{\"content\":\"Votre visage m\\u00e9rite l\\u2019expertise des meilleurs.\",\"image\":\"wp-content\\\/uploads\\\/2025\\\/07\\\/choose-copia-2.jpg\",\"image_alt\":\"Comment choisir\",\"link\":\"https:\\\/\\\/drmazarro.com\\\/fr\\\/comment-choisir-un-specialiste-pour-votre-lifting-du-visage\\\/\",\"link_text\":\"En savoir plus\",\"meta\":\"\",\"title\":\"Pourquoi (et comment) choisir un sp\\u00e9cialiste de la chirurgie du visage ?\"}}]}]}]}],\"name\":\"-2025 OTROS ARTICULOS DE INTERES --- AGOv4 FR\"},{\"type\":\"section\",\"props\":{\"image_position\":\"center-center\",\"preserve_color\":true,\"style\":\"secondary\",\"title_breakpoint\":\"xl\",\"title_position\":\"top-left\",\"title_rotation\":\"left\",\"vertical_align\":\"\",\"width\":\"default\"},\"children\":[{\"type\":\"row\",\"children\":[{\"type\":\"column\",\"props\":{\"image_position\":\"center-center\",\"position_sticky_breakpoint\":\"m\"},\"children\":[{\"type\":\"headline\",\"props\":{\"content\":\"Foire aux questions sur le lifting de cou\",\"text_align\":\"center\",\"title_color\":\"muted\",\"title_element\":\"h2\",\"title_style\":\"h1\"}},{\"type\":\"html\",\"props\":{\"content\":\"[sc_fs_multi_faq headline-0=\\\"h3\\\" question-0=\\\"Qu\\u2019est-ce qu\\u2019un lifting cervical et que corrige-t-il exactement ?\\\" answer-0=\\\"C\\u2019est une intervention chirurgicale qui agit sur la peau et les muscles du cou afin d\\u2019\\u00e9liminer le rel\\u00e2chement cutan\\u00e9, red\\u00e9finir la ligne mandibulaire et corriger le double menton ou les bandes musculaires visibles.\\\" image-0=\\\"\\\" \\nheadline-1=\\\"h3\\\" question-1=\\\"Quelle est la diff\\u00e9rence entre un lifting cervical et une liposuccion du menton ?\\\" answer-1=\\\"La liposuccion \\u00e9limine uniquement la graisse. Le lifting cervical va plus loin : il retend aussi les muscles et repositionne les tissus pour un r\\u00e9sultat beaucoup plus complet et durable.\\\" image-1=\\\"\\\" \\nheadline-2=\\\"h3\\\" question-2=\\\"Combien de temps durent les r\\u00e9sultats d\\u2019un lifting du cou ?\\\" answer-2=\\\"Les effets peuvent durer entre 10 et 15 ans, selon le type de peau, l\\u2019\\u00e2ge du patient et son mode de vie. C\\u2019est une solution \\u00e0 long terme.\\\" image-2=\\\"\\\" \\nheadline-3=\\\"h3\\\" question-3=\\\"Qui est un bon candidat pour un lifting du cou ?\\\" answer-3=\\\"Les personnes pr\\u00e9sentant un rel\\u00e2chement visible du cou, une perte de d\\u00e9finition de la m\\u00e2choire ou des bandes musculaires marqu\\u00e9es. Il est particuli\\u00e8rement indiqu\\u00e9 \\u00e0 partir de 45 ans si des signes \\u00e9vidents de vieillissement sont pr\\u00e9sents dans cette zone. Toutefois, une mauvaise d\\u00e9finition du cou d\\u2019origine g\\u00e9n\\u00e9tique peut constituer une bonne indication de lifting du cou chez des patients de moins de 40 ans.\\\" image-3=\\\"\\\" \\nheadline-4=\\\"h3\\\" question-4=\\\"Combien de temps dure la r\\u00e9cup\\u00e9ration apr\\u00e8s un lifting du cou ?\\\" answer-4=\\\"La r\\u00e9cup\\u00e9ration apr\\u00e8s un lifting du cou varie selon la technique et les caract\\u00e9ristiques du patient, mais g\\u00e9n\\u00e9ralement la plupart des patients peut reprendre les activit\\u00e9s normales en 2 \\u00e0 3 semaines. L'inflammation et les h\\u00e9matomes initiaux diminuent progressivement durant cette p\\u00e9riode. Il est important de suivre les indications du chirurgien pour optimiser la cicatrisation et obtenir un r\\u00e9sultat naturel et durable. Les r\\u00e9sultats d\\u00e9finitifs s'appr\\u00e9cient \\u00e0 partir de 3-4 mois.\\\" image-4=\\\"\\\" \\nheadline-5=\\\"h3\\\" question-5=\\\"Le lifting du cou laisse-t-il des cicatrices visibles ?\\\" answer-5=\\\"Avec les techniques avanc\\u00e9es comme le Deep Plane facelift, les cicatrices se situent strat\\u00e9giquement derri\\u00e8re l'oreille et sous le menton, restant pratiquement imperceptibles une fois gu\\u00e9ries.\\\" image-5=\\\"\\\" \\ncount=\\\"6\\\" html=\\\"true\\\" css_class=\\\"\\\"]\\n\"}}]}]}]}],\"version\":\"4.5.5\"} --><\/p>\n","protected":false},"excerpt":{"rendered":"<p>Lifting du cou\u00a0 \u00e0 Barcelone Votre reflet dans le miroir vous pr\u00e9occupe-t-il ? Le rel\u00e2chement du cou qui semble s&rsquo;accentuer jour apr\u00e8s jour. Ou peut-\u00eatre ce double menton qui ne vous ressemble pas. Le cou est souvent la premi\u00e8re zone \u00e0 trahir le passage du temps, et malheureusement, les cr\u00e8mes et les traitements non invasifs [&hellip;]<\/p>\n","protected":false},"author":1,"featured_media":31489,"parent":0,"menu_order":0,"comment_status":"closed","ping_status":"closed","template":"","meta":{"_acf_changed":false,"_monsterinsights_skip_tracking":false,"_monsterinsights_sitenote_active":false,"_monsterinsights_sitenote_note":"","_monsterinsights_sitenote_category":0,"footnotes":""},"class_list":["post-25574","page","type-page","status-publish","has-post-thumbnail","hentry"],"acf":[],"yoast_head":"<!-- This site is optimized with the Yoast SEO plugin v27.3 - https:\/\/yoast.com\/product\/yoast-seo-wordpress\/ -->\n<title>Lifting du cou: Solution pour le Double Menton? [Guide 2025]<\/title>\n<meta name=\"description\" content=\"Vous voulez savoir comment vous d\u00e9barrasser de votre double menton ou du rel\u00e2chement du cou et retrouver une ligne jawline d\u00e9finie?\" \/>\n<meta name=\"robots\" content=\"index, follow, max-snippet:-1, max-image-preview:large, max-video-preview:-1\" \/>\n<link rel=\"canonical\" href=\"https:\/\/drmazarro.com\/fr\/lifting-du-cou\/\" \/>\n<meta property=\"og:locale\" content=\"fr_FR\" \/>\n<meta property=\"og:type\" content=\"article\" \/>\n<meta property=\"og:title\" content=\"Lifting du cou: Solution pour le Double Menton? [Guide 2025]\" \/>\n<meta property=\"og:description\" content=\"Vous voulez savoir comment vous d\u00e9barrasser de votre double menton ou du rel\u00e2chement du cou et retrouver une ligne jawline d\u00e9finie?\" \/>\n<meta property=\"og:url\" content=\"https:\/\/drmazarro.com\/fr\/lifting-du-cou\/\" \/>\n<meta property=\"og:site_name\" content=\"Dr. Mazarro\" \/>\n<meta property=\"article:publisher\" content=\"https:\/\/www.facebook.com\/Dr-Mazarro-Cirug%c3%ada-Est%c3%a9tica-Facial-en-Barcelona-101872084913358\/\" \/>\n<meta property=\"article:modified_time\" content=\"2025-09-14T09:19:02+00:00\" \/>\n<meta property=\"og:image\" content=\"https:\/\/drmazarro.com\/wp-content\/uploads\/2025\/09\/lifting-de-cuello-barcelona.jpg\" \/>\n\t<meta property=\"og:image:width\" content=\"812\" \/>\n\t<meta property=\"og:image:height\" content=\"832\" \/>\n\t<meta property=\"og:image:type\" content=\"image\/jpeg\" \/>\n<meta name=\"twitter:card\" content=\"summary_large_image\" \/>\n<meta name=\"twitter:label1\" content=\"Dur\u00e9e de lecture estim\u00e9e\" \/>\n\t<meta name=\"twitter:data1\" content=\"18 minutes\" \/>\n<!-- \/ Yoast SEO plugin. -->","yoast_head_json":{"title":"Lifting du cou: Solution pour le Double Menton? [Guide 2025]","description":"Vous voulez savoir comment vous d\u00e9barrasser de votre double menton ou du rel\u00e2chement du cou et retrouver une ligne jawline d\u00e9finie?","robots":{"index":"index","follow":"follow","max-snippet":"max-snippet:-1","max-image-preview":"max-image-preview:large","max-video-preview":"max-video-preview:-1"},"canonical":"https:\/\/drmazarro.com\/fr\/lifting-du-cou\/","og_locale":"fr_FR","og_type":"article","og_title":"Lifting du cou: Solution pour le Double Menton? [Guide 2025]","og_description":"Vous voulez savoir comment vous d\u00e9barrasser de votre double menton ou du rel\u00e2chement du cou et retrouver une ligne jawline d\u00e9finie?","og_url":"https:\/\/drmazarro.com\/fr\/lifting-du-cou\/","og_site_name":"Dr. Mazarro","article_publisher":"https:\/\/www.facebook.com\/Dr-Mazarro-Cirug%c3%ada-Est%c3%a9tica-Facial-en-Barcelona-101872084913358\/","article_modified_time":"2025-09-14T09:19:02+00:00","og_image":[{"width":812,"height":832,"url":"https:\/\/drmazarro.com\/wp-content\/uploads\/2025\/09\/lifting-de-cuello-barcelona.jpg","type":"image\/jpeg"}],"twitter_card":"summary_large_image","twitter_misc":{"Dur\u00e9e de lecture estim\u00e9e":"18 minutes"},"schema":{"@context":"https:\/\/schema.org","@graph":[{"@type":"WebPage","@id":"https:\/\/drmazarro.com\/fr\/lifting-du-cou\/","url":"https:\/\/drmazarro.com\/fr\/lifting-du-cou\/","name":"Lifting du cou: Solution pour le Double Menton? [Guide 2025]","isPartOf":{"@id":"https:\/\/drmazarro.com\/fr\/#website"},"primaryImageOfPage":{"@id":"https:\/\/drmazarro.com\/fr\/lifting-du-cou\/#primaryimage"},"image":{"@id":"https:\/\/drmazarro.com\/fr\/lifting-du-cou\/#primaryimage"},"thumbnailUrl":"https:\/\/drmazarro.com\/wp-content\/uploads\/2025\/09\/lifting-de-cuello-barcelona.jpg","datePublished":"2025-04-18T21:42:19+00:00","dateModified":"2025-09-14T09:19:02+00:00","description":"Vous voulez savoir comment vous d\u00e9barrasser de votre double menton ou du rel\u00e2chement du cou et retrouver une ligne jawline d\u00e9finie?","breadcrumb":{"@id":"https:\/\/drmazarro.com\/fr\/lifting-du-cou\/#breadcrumb"},"inLanguage":"fr-FR","potentialAction":[{"@type":"ReadAction","target":["https:\/\/drmazarro.com\/fr\/lifting-du-cou\/"]}]},{"@type":"ImageObject","inLanguage":"fr-FR","@id":"https:\/\/drmazarro.com\/fr\/lifting-du-cou\/#primaryimage","url":"https:\/\/drmazarro.com\/wp-content\/uploads\/2025\/09\/lifting-de-cuello-barcelona.jpg","contentUrl":"https:\/\/drmazarro.com\/wp-content\/uploads\/2025\/09\/lifting-de-cuello-barcelona.jpg","width":812,"height":832,"caption":"Lifting cervical en barcelona - consigue redefinir tu cuello"},{"@type":"BreadcrumbList","@id":"https:\/\/drmazarro.com\/fr\/lifting-du-cou\/#breadcrumb","itemListElement":[{"@type":"ListItem","position":1,"name":"Portada","item":"https:\/\/drmazarro.com\/fr\/"},{"@type":"ListItem","position":2,"name":"Lifting du Cou \u00e0 Barcelone | Dr. Mazarro"}]},{"@type":"WebSite","@id":"https:\/\/drmazarro.com\/fr\/#website","url":"https:\/\/drmazarro.com\/fr\/","name":"Dr. Mazarro","description":"Cirug\u00eda y Medicina Est\u00e9tica Facial en Barcelona","publisher":{"@id":"https:\/\/drmazarro.com\/fr\/#organization"},"potentialAction":[{"@type":"SearchAction","target":{"@type":"EntryPoint","urlTemplate":"https:\/\/drmazarro.com\/fr\/?s={search_term_string}"},"query-input":{"@type":"PropertyValueSpecification","valueRequired":true,"valueName":"search_term_string"}}],"inLanguage":"fr-FR"},{"@type":"Organization","@id":"https:\/\/drmazarro.com\/fr\/#organization","name":"Dr. Mazarro","url":"https:\/\/drmazarro.com\/fr\/","logo":{"@type":"ImageObject","inLanguage":"fr-FR","@id":"https:\/\/drmazarro.com\/fr\/#\/schema\/logo\/image\/","url":"https:\/\/drmazarro.com\/wp-content\/uploads\/2024\/03\/AM-576.png","contentUrl":"https:\/\/drmazarro.com\/wp-content\/uploads\/2024\/03\/AM-576.png","width":576,"height":576,"caption":"Dr. Mazarro"},"image":{"@id":"https:\/\/drmazarro.com\/fr\/#\/schema\/logo\/image\/"},"sameAs":["https:\/\/www.facebook.com\/Dr-Mazarro-Cirug\u00eda-Est\u00e9tica-Facial-en-Barcelona-101872084913358\/","https:\/\/www.instagram.com\/drmazarro_alejandro\/"]}]}},"_links":{"self":[{"href":"https:\/\/drmazarro.com\/fr\/wp-json\/wp\/v2\/pages\/25574","targetHints":{"allow":["GET"]}}],"collection":[{"href":"https:\/\/drmazarro.com\/fr\/wp-json\/wp\/v2\/pages"}],"about":[{"href":"https:\/\/drmazarro.com\/fr\/wp-json\/wp\/v2\/types\/page"}],"author":[{"embeddable":true,"href":"https:\/\/drmazarro.com\/fr\/wp-json\/wp\/v2\/users\/1"}],"replies":[{"embeddable":true,"href":"https:\/\/drmazarro.com\/fr\/wp-json\/wp\/v2\/comments?post=25574"}],"version-history":[{"count":25,"href":"https:\/\/drmazarro.com\/fr\/wp-json\/wp\/v2\/pages\/25574\/revisions"}],"predecessor-version":[{"id":31553,"href":"https:\/\/drmazarro.com\/fr\/wp-json\/wp\/v2\/pages\/25574\/revisions\/31553"}],"wp:featuredmedia":[{"embeddable":true,"href":"https:\/\/drmazarro.com\/fr\/wp-json\/wp\/v2\/media\/31489"}],"wp:attachment":[{"href":"https:\/\/drmazarro.com\/fr\/wp-json\/wp\/v2\/media?parent=25574"}],"curies":[{"name":"wp","href":"https:\/\/api.w.org\/{rel}","templated":true}]}}