{"id":28407,"date":"2025-07-18T12:06:56","date_gmt":"2025-07-18T10:06:56","guid":{"rendered":"https:\/\/drmazarro.com\/?page_id=28407"},"modified":"2025-09-13T15:02:02","modified_gmt":"2025-09-13T13:02:02","slug":"mallorca-menorca","status":"publish","type":"page","link":"https:\/\/drmazarro.com\/en\/facelift\/mallorca-menorca\/","title":{"rendered":"Facelift in Mallorca and Menorca"},"content":{"rendered":"<h1>Facelift in Mallorca and Menorca<\/h1>\n<div>Dr. Mazarro \u2013 Deep Plane Facelift Specialist<\/div>\n<div>Barcelona<\/div>\n<div>Mallorca | Menorca | Ibiza | Formentera<\/div>\n<p><img decoding=\"async\" src=\"\/wp-content\/uploads\/2025\/06\/espejo-1000.jpg\" alt=\"\"><\/p>\n<div>\n<div>With time, subtle signs begin to appear<\/div>\n<div>\n<ul>\n<li>\n<p>Your facial <strong>contour<\/strong> slowly loses its youthful shape.<\/p>\n<\/li>\n<li>\n<p>A <strong>tired expression<\/strong> appears, hiding the energy you feel inside.<\/p>\n<\/li>\n<li>\n<p>Your <strong>neck<\/strong> begins to show signs of time faster than the rest of your face.<\/p>\n<\/li>\n<li>\n<p>And that subtle <strong>discomfort<\/strong> when you see yourself <strong>in the mirror<\/strong> \u2014 something you never noticed before.<\/p>\n<\/li>\n<\/ul>\n<p><strong>You\u2019re not alone.<\/strong><\/p>\n<p data-start=\"1055\" data-end=\"1203\">While these changes are a natural part of aging, so is the desire to see a face that feels entirely your own \u2014 authentic, graceful, and without excess.<\/p>\n<p data-start=\"1205\" data-end=\"1304\">And <strong>with the right approach and the right hands<\/strong>, you can restore your fresh, vibrant appearance subtly and elegantly.<\/p>\n<ul><\/ul>\n<\/div>\n<p><a href=\"#pidecita\"><\/a><\/p>\n<\/div>\n<div>\n<p>        <img decoding=\"async\" src=\"\/wp-content\/uploads\/photo-1622409238231-f68997d2bcaa-scaled.jpg\" alt=\"\"><\/p>\n<div>Votre reflet ne vous resemble plus tout \u00e0 fait?<\/div>\n<p>Je vous \u00e9coute<\/p>\n<div>\n<p>Avec le temps, des signes subtils apparaissent :<\/p>\n<ul>\n<li>\n<p><strong>L\u2019ovale<\/strong> du visage qui perd de sa nettet\u00e9.<\/p>\n<\/li>\n<li>\n<p>Un <strong>air fatigu\u00e9<\/strong> qui ne refl\u00e8te pas votre \u00e9nergie int\u00e9rieure.<\/p>\n<\/li>\n<li>\n<p>Le <strong>cou<\/strong> qui semble trahir le passage du temps plus vite que le reste.<\/p>\n<\/li>\n<li>\n<p>Et ce l\u00e9ger <strong>inconfort<\/strong> face \u00e0 votre image, que vous n\u2019aviez jamais ressenti auparavant.<\/p>\n<\/li>\n<\/ul>\n<p><strong>Vous n\u2019\u00eates pas seule.<\/strong><\/p>\n<p>Ces changements sont naturels, mais il est tout aussi naturel de vouloir retrouver <strong>un visage qui vous ressemble<\/strong>, sans artifices ni exc\u00e8s.<\/p>\n<p><strong>Et si vous pouviez retrouver votre fra\u00eecheur avec \u00e9l\u00e9gance et discr\u00e9tion?<\/strong><\/p>\n<ul><\/ul>\n<\/div>\n<p><a href=\"https:\/\/api.whatsapp.com\/send\/?phone=+34644534515&#038;text=Bonjour,%20je%20veux%20prendre%20un%20rendez-vous%20avec%20le%20Dr.%20Mazarro\">D\u00e9couvrez comment<\/a><\/p>\n<\/div>\n<div>Let me help you<\/div>\n<p><img decoding=\"async\" src=\"\/wp-content\/uploads\/2024\/09\/sin-bata-square-536-BW.jpg\" alt=\"Dr. Alejandro Mazarro especialista lifting facial Deep Plane Barcelona Madrid\"><\/p>\n<div>\n<p>I\u2019m <strong>Dr. Alejandro Mazarro<\/strong>, a maxillofacial surgeon <strong>specialized in facial rejuvenation<\/strong>.<\/p>\n<p>For over <strong>9 years<\/strong>, I have devoted myself exclusively to helping women like you <strong>restore the elegance, harmony, and freshness of their face<\/strong>.<\/p>\n<p>With <em>the correct technique in the right hands<\/em> you can achieve:<\/p>\n<p><strong><span>\u2666\u00a0<\/span>\u00a0Natural and harmonious results<\/strong> that feel authentically you<br \/><strong><span>\u2666\u00a0<\/span> No heavy or artificial fillers <\/strong>&#8211; your features remain light and natural<br \/><strong><span>\u2666\u00a0<\/span> Without <\/strong><em>frozen<\/em> or <em>overdone<\/em> effects \u2014 just a refreshed, youthful version of you<br \/><strong><span>\u2666\u00a0<\/span> <\/strong>And with the<strong> peace of mind<\/strong> of being in the hands of a true facelift expert<br \/><strong><span>\u2666\u00a0<\/span>\u00a0Conveniently located<\/strong> less than an hour from your home<\/p>\n<p>Whether you are concerned about <strong>facial sagging<\/strong>, loss of jawline definition, or early signs of aging on the neck, a <strong>personalized Deep Plane Facelift<\/strong> can restore your <strong>natural contours<\/strong> with subtlety and elegance.<\/p>\n<\/div>\n<div>Your face <strong>deserves<\/strong> the full attention and precision of a <strong>specialist<\/strong>.<\/div>\n<hr>\n<p><p>\n        <a href=\"https:\/\/api.whatsapp.com\/send\/?phone=+34644534515&#038;text=Hello,%20I%20would%20like%20to%20book%20an%20appointment%20with%20Dr.%20Mazarro\">Let\u2019s talk about your project<\/a>\n    <\/p>\n<\/p>\n<p><img decoding=\"async\" src=\"\/wp-content\/uploads\/2024\/09\/sin-bata-square-536-BW.jpg\" alt=\"Dr. Alejandro Mazarro especialista lifting facial Deep Plane Barcelona Madrid\"><\/p>\n<h2><span>Which technique should you choose?<\/span><\/h2>\n<div>\n<p style=\"text-align: center;\">SMAS Lifting<br \/>Mini Lifting<br \/>MACS Lift<br \/>Thread Lift<br \/>Vertical Lifting<br \/>Deep Plane Lifting<\/p>\n<\/div>\n<div>\n<p style=\"text-align: center;\">If you\u2019re considering a facelift, it\u2019s normal to feel a bit overwhelmed by all the technical terms and options out there.<\/p>\n<p style=\"text-align: center;\"><b>I completely understand.<\/b><\/p>\n<p style=\"text-align: center;\">There\u2019s far too much <b>marketing noise<\/b> that can make the decision confusing and stressful.<\/p>\n<p style=\"text-align: center;\">As a surgeon specializing in facelifts, I\u2019ve performed every technique throughout my career, so I know what works \u2014 and what doesn\u2019t \u2014 for achieving natural, harmonious results.<\/p>\n<p style=\"text-align: center;\">After more than <b>9 years<\/b> dedicated exclusively to facial rejuvenation, I\u2019ve refined my approach to offer each patient <b>the result they dream of when they look in the mirror<\/b> \u2014 subtle, elegant, and authentically them.<\/p>\n<p style=\"text-align: center;\"><b>Let\u2019s explore the best solution for you, together.<\/b><\/p>\n<\/div>\n<p><img decoding=\"async\" src=\"\/wp-content\/uploads\/2023\/01\/plication-macs-1.jpg\" alt=\"T\u00e9cnicas de lifting cl\u00e1sicas\"><\/p>\n<div>What do you need to know before you make up your mind?<\/div>\n<div>\n<p>It&#8217;s important that you have all the necessary information to make a decision. That&#8217;s why I&#8217;ve prepared a guide where you&#8217;ll find detailed articles about:<\/p>\n<ul>\n<li><a href=\"https:\/\/drmazarro.com\/en\/facelift\/\">the different facelift techniques<\/a><\/li>\n<li><a href=\"https:\/\/drmazarro.com\/en\/facelift\/mini-facelift\/\">why mini-lifts are so frustrating (with real cases)<\/a><\/li>\n<li><a href=\"https:\/\/drmazarro.com\/en\/deep-plane\/recovery\/\">the recovery process<\/a><\/li>\n<li><a href=\"https:\/\/drmazarro.com\/en\/deep-plane\/facelift-scars\/\">how scars evolve<\/a><\/li>\n<li><a href=\"https:\/\/drmazarro.com\/en\/anesthesia-facelift\/\">anaesthesia<\/a><\/li>\n<li><a href=\"https:\/\/drmazarro.com\/en\/facelift-cost-barcelona\/\">facelift pricing<\/a><\/li>\n<\/ul>\n<p>And, naturally, also <a href=\"https:\/\/drmazarro.com\/deep-plane\/antes-y-despues\/\">Before and After cases<\/a> so you can see what you can achieve <a href=\"https:\/\/drmazarro.com\/en\/dr-alejandro-mazarro-facelift-specialist-barcelona\/\">in the hands of a specialist<\/a>.<\/p>\n<\/div>\n<div>\n<p>        <img decoding=\"async\" src=\"\/wp-content\/uploads\/2025\/09\/preguntas-copia.jpg\" alt=\"preguntas acerca del lifting facial\"><\/p>\n<h2>Lifting facial: la Gu\u00eda completa<\/h2>\n<p><a href=\"\/guia-definitiva-lifting-facial\/\">Leer la Gu\u00eda<\/a><\/p>\n<\/div>\n<div>\n<p>        <img decoding=\"async\" src=\"\/wp-content\/uploads\/2025\/09\/resultados.jpg\" alt=\"Facelift results\"><\/p>\n<h2>Before and After<\/h2>\n<p><a href=\"https:\/\/drmazarro.com\/deep-plane\/antes-y-despues\/\">See the cases<\/a><\/p>\n<\/div>\n<h2>How to get to the consultation from the Balearic Islands?<\/h2>\n<div>\n<p>If you prefer an in-person consultation or if you&#8217;re already clear that you want to put yourself in the hands of a specialist for your surgery, remember that <strong>the connection between the Balearic Islands and Barcelona is excellent<\/strong>.<\/p>\n<p>At <b>less than 1 hour by plane<\/b>, everything is designed so you can organise your surgery and follow-up visits very comfortably.<\/p>\n<p>Additionally, thanks to <a href=\"https:\/\/drmazarro.com\/en\/international-patients\/\">our protocol for patients from outside Barcelona<\/a>, we minimise travel <strong>for your greater convenience<\/strong>.<\/p>\n<\/div>\n<p><img decoding=\"async\" src=\"\/wp-content\/uploads\/2025\/09\/BALEARES.png\" alt=\"\"><\/p>\n<div>Barcelona awaits you<\/div>\n<div>\n<p>More and more patients are travelling to ensure they&#8217;re in the very best hands.<\/p>\n<p>Did you know that <strong>less than 1 hour from the Balearic Islands <\/strong>you have a <strong>specialist<\/strong> who dedicates himself exclusively to treating patients who, <strong>just like you<\/strong>, are seeking <strong>natural results<\/strong> and the <strong>peace of mind<\/strong> that comes from being in the hands of <strong>an experienced surgeon<\/strong>?<\/p>\n<\/div>\n<div>\n<p>Nos encargamos de todo \u2014 descubre nuestro protocolo para pacientes de fuera de Barcelona y reserva una videoconsulta en tu idioma preferido.<\/p>\n<\/div>\n<p><p>\n        <a href=\"https:\/\/drmazarro.com\/en\/international-patients\/\">Our protocol<\/a>\n    <\/p>\n<\/p>\n<p><p>\n        <a href=\"https:\/\/api.whatsapp.com\/send\/?phone=+34644534515&#038;text=Hello,%20I%20want%20to%20book%20an%20appointment%20with%20Dr.%20Mazarro\">Your videoconsultation<\/a>\n    <\/p>\n<\/p>\n<p><img decoding=\"async\" src=\"\/wp-content\/uploads\/photo-1436491865332-7a61a109cc05-scaled.jpg\" alt=\"\"><\/p>\n<h2>\n<p><span>Your face deserves the full attention of a specialist<\/span><\/p>\n<\/p>\n<\/h2>\n<h2><span>Your face is unique<\/span><\/h2>\n<div>\n<p>It expresses your<b> emotions<\/b>, reflects your inner energy, and is an integral part of <b>your identity<\/b>.<\/p>\n<p>Taking care of it is not a trivial decision.<\/p>\n<\/p>\n<p>That\u2019s why it\u2019s essential to entrust it to <b>a specialist<\/b> who is entirely dedicated to it.<\/p>\n<\/div>\n<h2><span>A rare expertise in Europe<\/span><\/h2>\n<div>\n<p>In the <b>United States<\/b>, it is common to find surgeons who devote their entire careers exclusively to facelifting \u2014 names like Dr<b>. Nayak<\/b>, Dr. <b>Talei<\/b>, Dr. <b>Jacono<\/b>, or Dr. <b>Gordon <\/b>are well-known references in the field.<\/p>\n<p>In <b>Europe<\/b>, this level of expertise remains rare and is concentrated in just three cities: <b>London <\/b>(Dr. Bray), <b>Paris <\/b>(Dr. Marchac), and <b>Barcelona <\/b>\u2014 where I have devoted my career exclusively to facelift surgery for over 9 years.<\/p>\n<\/p>\n<p>This specialization unites us under the same philosophy: <b>restoring the freshness of a face without transforming it<\/b>.<\/p>\n<\/div>\n<p><img decoding=\"async\" src=\"\/wp-content\/uploads\/2024\/11\/SECPF.jpg\" alt=\"Congreso SECPF - Dr. Mazarro Invitado como conferenciante\"><\/p>\n<hr>\n<h2><span>Understanding your needs &#8211; without language barriers<\/span><\/h2>\n<div>\n<p>To achieve a result that truly reflects your personality, mastering the technique is just the beginning.<\/p>\n<p>It requires a combination of:<\/p>\n<p>\u2714 An in-depth understanding of facial anatomy<br \/>\u2714 Surgical precision that preserves your natural expressions<br \/>\u2714 An aesthetic vision that honors your unique identity<\/p>\n<p>Equally important is clear and effortless communication.<\/p>\n<p>You can share your wishes, concerns, and questions freely \u2014 with <strong>no language barrier<\/strong>, because I also speak fluent English.<\/p>\n<\/div>\n<h2><span>Just 55 minutes away by plane<\/span><\/h2>\n<div>\n<p>Whether you live in <b>Mallorca <\/b>or <b>Menorca<\/b>, getting to Barcelona is simple and quick.<\/p>\n<p>And for your comfort, we can arrange an <b>initial video consultation<\/b>\u00a0to assess your case.<\/p>\n<p>Would you like to know more about our process for <b>patients coming from outside the city<\/b>?<\/p>\n<p>It\u2019s much easier than it seems \u2014 and I explain everything in detail: <a href=\"https:\/\/drmazarro.com\/en\/international-patients\/\" target=\"_blank\" rel=\"noopener\">discover our protocol<\/a>.<\/p>\n<\/div>\n<p><p>\n        <a href=\"#pidecita\">Book your consultation<\/a>\n    <\/p>\n<\/p>\n<div>Want to know what my patients say?\n<\/div>\n<h2>Reviews from Google and Doctoralia<\/p>\n<\/h2>\n<p><a href=\"https:\/\/drmazarro.com\/en\/deep-plane\/opiniones\/\"><img decoding=\"async\" src=\"\/wp-content\/uploads\/2025\/09\/Opiniones-Dr-Mazarro.jpg\" alt=\"Reviews Dr. Mazarro\"><\/a><\/p>\n<h2>Book your appointment<br \/>\n<\/h2>\n<div>And discover how to recover your best version<\/div>\n<p><a href=\"\/dr-alejandro-mazarro-especialista-en-lifting-facial\/\"><img decoding=\"async\" src=\"\/wp-content\/uploads\/2024\/09\/sin-bata-square-536-BW.jpg\" alt=\"Dr. Alejandro Mazarro - Especialista en Lifting Facial Deep Plane en Barcelona\"><\/a><\/p>\n<p><p>\n        <a href=\"https:\/\/api.whatsapp.com\/send\/?phone=+34644534515&#038;text=Hello,%20I%20want%20to%20book%20an%20appointment%20with%20Dr.%20Mazarro\">Book an appointment<\/a>\n    <\/p>\n<\/p>\n<div>\n<p style=\"text-align: center;\">Fill out the form or contact us via <a href=\"https:\/\/api.whatsapp.com\/send\/?phone=+34644534515&amp;text=Hello,%20I%20want%20to%20book%20an%20appointment%20with%20Dr.%20Mazarro\">WhatsApp<\/a> (<a href=\"https:\/\/api.whatsapp.com\/send\/?phone=+34644534515&amp;text=Hello,%20I%20want%20to%20book%20an%20appointment%20with%20Dr.%20Mazarro\">+34 644 534 515<\/a>) or <a href=\"mailto:info@drmazarro.com\">email<\/a> (<a href=\"mailto:info@drmazarro.com\">info@drmazarro.com<\/a>) in order to book an <strong>in-person<\/strong> or an <strong>online<\/strong> consultation.<\/p>\n<\/div>\n<div>\n\n<div class=\"wpcf7 no-js\" id=\"wpcf7-f23380-o1\" lang=\"en-US\" dir=\"ltr\" data-wpcf7-id=\"23380\">\n<div class=\"screen-reader-response\"><p role=\"status\" aria-live=\"polite\" aria-atomic=\"true\"><\/p> <ul><\/ul><\/div>\n<form action=\"\/en\/wp-json\/wp\/v2\/pages\/28407#wpcf7-f23380-o1\" method=\"post\" class=\"wpcf7-form init\" aria-label=\"Contact form\" novalidate=\"novalidate\" data-status=\"init\">\n<fieldset class=\"hidden-fields-container\"><input type=\"hidden\" name=\"_wpcf7\" value=\"23380\" \/><input type=\"hidden\" name=\"_wpcf7_version\" value=\"6.1.5\" \/><input type=\"hidden\" name=\"_wpcf7_locale\" value=\"en_US\" \/><input type=\"hidden\" name=\"_wpcf7_unit_tag\" value=\"wpcf7-f23380-o1\" \/><input type=\"hidden\" name=\"_wpcf7_container_post\" value=\"0\" \/><input type=\"hidden\" name=\"_wpcf7_posted_data_hash\" value=\"\" \/><input type=\"hidden\" name=\"_wpcf7_recaptcha_response\" value=\"\" \/>\n<\/fieldset>\n<div class=\"uk-grid-small\" uk-grid>\n\t<div class=\"uk-width-1-2@m\">\n\t\t<p><span class=\"wpcf7-form-control-wrap\" data-name=\"nombre\"><input size=\"40\" maxlength=\"400\" class=\"wpcf7-form-control wpcf7-text uk-input\" aria-invalid=\"false\" placeholder=\"Full Name*\" value=\"\" type=\"text\" name=\"nombre\" \/><\/span>\n\t\t<\/p>\n\t<\/div>\n\t<div class=\"uk-width-1-2@m\">\n\t\t<p><span class=\"wpcf7-form-control-wrap\" data-name=\"email\"><input size=\"40\" maxlength=\"400\" class=\"wpcf7-form-control wpcf7-email wpcf7-validates-as-required wpcf7-text wpcf7-validates-as-email uk-input\" aria-required=\"true\" aria-invalid=\"false\" placeholder=\"Email*\" value=\"\" type=\"email\" name=\"email\" \/><\/span>\n\t\t<\/p>\n\t<\/div>\n\t<div class=\"uk-width-1-2@m\">\n\t\t<p><span class=\"wpcf7-form-control-wrap\" data-name=\"telefono\"><input size=\"40\" maxlength=\"400\" class=\"wpcf7-form-control wpcf7-text wpcf7-validates-as-required uk-input\" aria-required=\"true\" aria-invalid=\"false\" placeholder=\"Phone number*\" value=\"\" type=\"text\" name=\"telefono\" \/><\/span>\n\t\t<\/p>\n\t<\/div>\n\t<div class=\"uk-width-1-2@m\">\n\t\t<p><span class=\"wpcf7-form-control-wrap\" data-name=\"pais\"><input size=\"40\" maxlength=\"400\" class=\"wpcf7-form-control wpcf7-text wpcf7-validates-as-required uk-input\" aria-required=\"true\" aria-invalid=\"false\" placeholder=\"Country*\" value=\"\" type=\"text\" name=\"pais\" \/><\/span>\n\t\t<\/p>\n\t<\/div>\n\t<div class=\"uk-width-1-1@m\">\n\t\t<p><span class=\"wpcf7-form-control-wrap\" data-name=\"mensaje\"><textarea cols=\"40\" rows=\"3\" maxlength=\"2000\" class=\"wpcf7-form-control wpcf7-textarea uk-textarea\" aria-invalid=\"false\" placeholder=\"Message*\" name=\"mensaje\"><\/textarea><\/span>\n\t\t<\/p>\n\t<\/div>\n\t<div class=\"uk-legal\">\n\t\t<p><span class=\"wpcf7-form-control-wrap\" data-name=\"acceptance-279\"><span class=\"wpcf7-form-control wpcf7-acceptance\"><span class=\"wpcf7-list-item\"><input type=\"checkbox\" name=\"acceptance-279\" value=\"1\" aria-invalid=\"false\" \/><\/span><\/span><\/span>I have read the&nbsp;<a target=\"_blank\" rel=\"nofollow noopener noreferrer\" href=\"https:\/\/drmazarro.com\/aviso_legal\/\">Legal Notice<\/a>&nbsp;and the &nbsp;<a target=\"_blank\" rel=\"nofollow noopener noreferrer\" href=\"https:\/\/drmazarro.com\/politicadeprivacidad\/\">Privacy policy<\/a>.\n\t\t<\/p>\n\t<\/div>\n\t<div>\n\t\t<p><input class=\"wpcf7-form-control wpcf7-submit has-spinner uk-button uk-button-primary\" type=\"submit\" value=\"Send\" \/>\n\t\t<\/p>\n\t<\/div>\n<\/div><div class=\"wpcf7-response-output\" aria-hidden=\"true\"><\/div>\n<\/form>\n<\/div>\n<\/div>\n<div>\n<p style=\"font-size: 8px;\">We inform you that the personal data you provide by filling out this form will be processed by ALEJANDRO MAZARRO CAMPOS. The purpose of collecting and processing the requested personal data is to send information related to your consultation inquiry via e-mail, SMS, WhatsApp\u00ae, or phone call. Personal and contact data may be shared with the respective marketing\/customer service teams of the clinic(s) where Dr. Mazarro collaborates to contact the applicant. The user also consents that their contact details may be processed by ALEJANDRO MAZARRO CAMPOS for the purpose of providing information through electronic or other means about new products and services related to his activity for advertising and promotional purposes. By checking the acceptance box, you are giving your express and legitimate consent for your data to be processed in accordance with the purposes of this form described in the privacy policy. You may exercise your rights of access, rectification, limitation, and deletion through the email address info@drmazarro.com.<\/p>\n<\/div>\n<div>\n<h3>+<\/h3>\n<div>\n<p><strong>Controller:<\/strong> Alejandro Mazarro Campos. <br \/><strong>Purpose:<\/strong> respond to your inquiry. <br \/><strong>Legal basis:<\/strong> user consent. <br \/><strong>Recipients:<\/strong> the data you provide will be stored on Google Workspace servers (my email provider).<br \/><strong>Rights:<\/strong> you can always access, rectify, limit and delete your personal data.<\/p>\n<\/div>\n<\/div>\n<p><!--more--><br \/>\n<!-- {\"type\":\"layout\",\"children\":[{\"type\":\"section\",\"props\":{\"image\":\"wp-content\\\/uploads\\\/2025\\\/07\\\/lifting-menorca.jpg\",\"image_position\":\"bottom-center\",\"image_size\":\"cover\",\"style\":\"default\",\"title_breakpoint\":\"xl\",\"title_position\":\"top-left\",\"title_rotation\":\"left\",\"vertical_align\":\"middle\",\"width\":\"default\"},\"children\":[{\"type\":\"row\",\"children\":[{\"type\":\"column\",\"props\":{\"image_position\":\"center-center\",\"position_sticky_breakpoint\":\"m\"},\"children\":[{\"type\":\"breadcrumbs\",\"props\":{\"show_current\":true,\"show_home\":true,\"text_align\":\"center\"}},{\"type\":\"headline\",\"props\":{\"content\":\"Facelift in Mallorca and Menorca\",\"text_align\":\"center\",\"title_element\":\"h1\",\"title_style\":\"heading-medium\"}},{\"type\":\"headline\",\"props\":{\"content\":\"Dr. Mazarro \\u2013 Deep Plane Facelift Specialist\",\"text_align\":\"center\",\"title_element\":\"div\"}},{\"type\":\"headline\",\"props\":{\"content\":\"Barcelona\",\"text_align\":\"center\",\"title_decoration\":\"line\",\"title_element\":\"div\",\"title_style\":\"text-meta\"}},{\"type\":\"headline\",\"props\":{\"content\":\"Mallorca | Menorca | Ibiza | Formentera\",\"text_align\":\"center\",\"title_element\":\"div\",\"title_style\":\"text-meta\"}}]}]}]},{\"name\":\"Te escucho - panel funcional\",\"type\":\"section\",\"props\":{\"animation\":\"slide-left-medium\",\"image_position\":\"center-center\",\"image_size\":\"cover\",\"padding\":\"large\",\"preserve_color\":false,\"style\":\"muted\",\"title_breakpoint\":\"xl\",\"title_position\":\"top-left\",\"title_rotation\":\"left\",\"vertical_align\":\"\",\"width\":\"default\"},\"children\":[{\"type\":\"row\",\"props\":{\"column_gap\":\"large\",\"layout\":\"large,expand\",\"row_gap\":\"large\"},\"children\":[{\"type\":\"column\",\"props\":{\"image_position\":\"center-center\",\"image_size\":\"contain\",\"position_sticky_breakpoint\":\"m\",\"vertical_align\":\"middle\",\"width_large\":\"xlarge\",\"width_medium\":\"large\"},\"children\":[{\"type\":\"image\",\"props\":{\"image\":\"wp-content\\\/uploads\\\/2025\\\/06\\\/espejo-1000.jpg\",\"image_box_decoration\":\"mask\",\"image_svg_color\":\"emphasis\",\"margin\":\"default\",\"visibility\":\"m\"}}]},{\"type\":\"column\",\"props\":{\"image_position\":\"center-center\",\"position_sticky_breakpoint\":\"m\",\"vertical_align\":\"middle\",\"width_medium\":\"expand\"},\"children\":[{\"type\":\"panel\",\"props\":{\"blend\":false,\"content\":\"\n\n<ul>\\n\n\n<li>\\n\n\n<p>Your facial <strong>contour<\\\/strong> slowly loses its youthful shape.<\\\/p>\\n<\\\/li>\\n\n\n<li>\\n\n\n<p>A <strong>tired expression<\\\/strong> appears, hiding the energy you feel inside.<\\\/p>\\n<\\\/li>\\n\n\n<li>\\n\n\n<p>Your <strong>neck<\\\/strong> begins to show signs of time faster than the rest of your face.<\\\/p>\\n<\\\/li>\\n\n\n<li>\\n\n\n<p>And that subtle <strong>discomfort<\\\/strong> when you see yourself <strong>in the mirror<\\\/strong> \\u2014 something you never noticed before.<\\\/p>\\n<\\\/li>\\n<\\\/ul>\\n\n\n<p><\\\/p>\\n\n\n<p><strong>You\\u2019re not alone.<\\\/strong><\\\/p>\\n\n\n<p data-start=\\\"1055\\\" data-end=\\\"1203\\\">While these changes are a natural part of aging, so is the desire to see a face that feels entirely your own \\u2014 authentic, graceful, and without excess.<\\\/p>\\n\n\n<p data-start=\\\"1205\\\" data-end=\\\"1304\\\">And <strong>with the right approach and the right hands<\\\/strong>, you can restore your fresh, vibrant appearance subtly and elegantly.<\\\/p>\\n\n\n<ul><\\\/ul>\",\"content_column_breakpoint\":\"m\",\"height_expand\":false,\"icon_width\":80,\"image\":\"\",\"image_align\":\"top\",\"image_grid_breakpoint\":\"m\",\"image_grid_width\":\"1-2\",\"image_svg_color\":\"emphasis\",\"link\":\"#pidecita\",\"link_margin\":\"large\",\"link_size\":\"large\",\"link_style\":\"text\",\"link_target\":false,\"link_text\":\"\",\"margin\":\"default\",\"maxwidth\":\"large\",\"meta\":\"\",\"meta_align\":\"above-title\",\"meta_color\":\"primary\",\"meta_element\":\"h2\",\"meta_style\":\"text-meta\",\"panel_link\":true,\"panel_padding\":\"large\",\"panel_style\":\"card-default\",\"position\":\"relative\",\"position_left\":\"-240\",\"text_align\":\"left\",\"title\":\"With time, subtle signs begin to appear\",\"title_align\":\"top\",\"title_element\":\"div\",\"title_grid_breakpoint\":\"m\",\"title_grid_width\":\"1-2\",\"title_hover_style\":\"reset\",\"title_style\":\"h1\",\"visibility\":\"m\"}}]}]},{\"type\":\"row\",\"children\":[{\"type\":\"column\",\"props\":{\"image_position\":\"center-center\",\"position_sticky_breakpoint\":\"m\"},\"children\":[{\"type\":\"panel\",\"props\":{\"blend\":false,\"block_align\":\"center\",\"content\":\"\n\n<p>Avec le temps, des signes subtils apparaissent :<\\\/p>\\n\n\n<ul>\\n\n\n<li>\\n\n\n<p><strong>L\\u2019ovale<\\\/strong> du visage qui perd de sa nettet\\u00e9.<\\\/p>\\n<\\\/li>\\n\n\n<li>\\n\n\n<p>Un <strong>air fatigu\\u00e9<\\\/strong> qui ne refl\\u00e8te pas votre \\u00e9nergie int\\u00e9rieure.<\\\/p>\\n<\\\/li>\\n\n\n<li>\\n\n\n<p>Le <strong>cou<\\\/strong> qui semble trahir le passage du temps plus vite que le reste.<\\\/p>\\n<\\\/li>\\n\n\n<li>\\n\n\n<p>Et ce l\\u00e9ger <strong>inconfort<\\\/strong> face \\u00e0 votre image, que vous n\\u2019aviez jamais ressenti auparavant.<\\\/p>\\n<\\\/li>\\n<\\\/ul>\\n\n\n<p><strong>Vous n\\u2019\\u00eates pas seule.<\\\/strong><\\\/p>\\n\n\n<p>Ces changements sont naturels, mais il est tout aussi naturel de vouloir retrouver <strong>un visage qui vous ressemble<\\\/strong>, sans artifices ni exc\\u00e8s.<\\\/p>\\n\n\n<p><strong>Et si vous pouviez retrouver votre fra\\u00eecheur avec \\u00e9l\\u00e9gance et discr\\u00e9tion?<\\\/strong><\\\/p>\\n\n\n<ul><\\\/ul>\",\"content_column_breakpoint\":\"m\",\"height_expand\":false,\"icon_width\":80,\"image\":\"wp-content\\\/uploads\\\/photo-1622409238231-f68997d2bcaa-scaled.jpg\",\"image_align\":\"top\",\"image_grid_breakpoint\":\"m\",\"image_grid_width\":\"1-2\",\"image_svg_color\":\"emphasis\",\"link\":\"https:\\\/\\\/api.whatsapp.com\\\/send\\\/?phone=+34644534515&text=Bonjour,%20je%20veux%20prendre%20un%20rendez-vous%20avec%20le%20Dr.%20Mazarro\",\"link_margin\":\"large\",\"link_size\":\"large\",\"link_style\":\"text\",\"link_target\":false,\"link_text\":\"D\\u00e9couvrez comment\",\"margin\":\"default\",\"maxwidth\":\"large\",\"meta\":\"Je vous \\u00e9coute\",\"meta_align\":\"above-title\",\"meta_color\":\"primary\",\"meta_element\":\"div\",\"meta_style\":\"text-meta\",\"panel_link\":true,\"panel_padding\":\"large\",\"panel_style\":\"card-default\",\"position\":\"relative\",\"position_left\":\"0\",\"text_align\":\"left\",\"title\":\"Votre reflet ne vous resemble plus tout \\u00e0 fait?\",\"title_align\":\"top\",\"title_element\":\"div\",\"title_grid_breakpoint\":\"m\",\"title_grid_width\":\"1-2\",\"title_hover_style\":\"reset\",\"title_style\":\"h1\",\"visibility\":\"hidden-m\"}}]}]}]},{\"type\":\"section\",\"props\":{\"image_position\":\"center-center\",\"status\":\"disabled\",\"style\":\"default\",\"title_breakpoint\":\"xl\",\"title_position\":\"top-left\",\"title_rotation\":\"left\",\"vertical_align\":\"middle\",\"width\":\"default\"},\"children\":[{\"type\":\"row\",\"children\":[{\"type\":\"column\",\"props\":{\"image_position\":\"center-center\",\"position_sticky_breakpoint\":\"m\"},\"children\":[{\"type\":\"headline\",\"props\":{\"content\":\"\n\n<p>Entrust your face to a <span style=\\\"text-decoration: underline;\\\">specialist<\\\/span> <br \\\/>and rejuvenate naturally<\\\/p>\",\"text_align\":\"center\",\"title_color\":\"primary\",\"title_element\":\"div\",\"title_style\":\"h2\"}},{\"type\":\"divider\",\"props\":{\"divider_element\":\"hr\"}}]}]}]},{\"type\":\"section\",\"props\":{\"image_position\":\"center-center\",\"style\":\"default\",\"title_breakpoint\":\"xl\",\"title_position\":\"top-left\",\"title_rotation\":\"left\",\"vertical_align\":\"middle\",\"width\":\"default\"},\"children\":[{\"type\":\"row\",\"props\":{\"layout\":\"2-3,1-3\"},\"children\":[{\"type\":\"column\",\"props\":{\"image_position\":\"center-center\",\"position_sticky_breakpoint\":\"m\",\"width_medium\":\"2-3\"},\"children\":[{\"type\":\"headline\",\"props\":{\"content\":\"Let me help you\",\"position\":\"relative\",\"position_right\":\"0\",\"text_align\":\"center\",\"title_color\":\"primary\",\"title_element\":\"div\",\"title_style\":\"h1\"}},{\"type\":\"headline\",\"props\":{\"content\":\"<span>Confiez votre visage \\u00e0 un\\u00a0<\\\/span><span><strong>sp\\u00e9cialiste<\\\/strong><\\\/span><br \\\/><i>et rajeunissez en toute naturalit\\u00e9<\\\/i>\",\"status\":\"disabled\",\"text_align\":\"center\",\"title_color\":\"primary\",\"title_element\":\"div\",\"title_style\":\"text-large\"}},{\"type\":\"image\",\"props\":{\"block_align\":\"center\",\"image\":\"wp-content\\\/uploads\\\/2024\\\/09\\\/sin-bata-square-536-BW.jpg\",\"image_alt\":\"Dr. Alejandro Mazarro especialista lifting facial Deep Plane Barcelona Madrid\",\"image_box_decoration\":\"mask\",\"image_svg_color\":\"emphasis\",\"margin\":\"large\",\"maxwidth\":\"small\",\"visibility\":\"hidden-m\"}},{\"type\":\"text\",\"props\":{\"column_breakpoint\":\"m\",\"content\":\"\n\n<p>I\\u2019m <strong>Dr. Alejandro Mazarro<\\\/strong>, a maxillofacial surgeon <strong>specialized in facial rejuvenation<\\\/strong>.<\\\/p>\\n\n\n<p>For over <strong>9 years<\\\/strong>, I have devoted myself exclusively to helping women like you <strong>restore the elegance, harmony, and freshness of their face<\\\/strong>.<\\\/p>\\n\n\n<p>With <em>the correct technique in the right hands<\\\/em> you can achieve:<\\\/p>\\n\n\n<p><strong><span>\\u2666\\u00a0<\\\/span>\\u00a0Natural and harmonious results<\\\/strong> that feel authentically you<br \\\/><strong><span>\\u2666\\u00a0<\\\/span> No heavy or artificial fillers <\\\/strong>- your features remain light and natural<br \\\/><strong><span>\\u2666\\u00a0<\\\/span> Without <\\\/strong><em>frozen<\\\/em> or <em>overdone<\\\/em> effects \\u2014 just a refreshed, youthful version of you<br \\\/><strong><span>\\u2666\\u00a0<\\\/span> <\\\/strong>And with the<strong> peace of mind<\\\/strong> of being in the hands of a true facelift expert<br \\\/><strong><span>\\u2666\\u00a0<\\\/span>\\u00a0Conveniently located<\\\/strong> less than an hour from your home<\\\/p>\\n\n\n<p>Whether you are concerned about <strong>facial sagging<\\\/strong>, loss of jawline definition, or early signs of aging on the neck, a <strong>personalized Deep Plane Facelift<\\\/strong> can restore your <strong>natural contours<\\\/strong> with subtlety and elegance.<\\\/p>\",\"margin\":\"default\",\"text_align\":\"center\"}},{\"type\":\"text\",\"props\":{\"column_breakpoint\":\"m\",\"content\":\"\n\n<p>My name is <strong>Alejandro Mazarro<\\\/strong>, a <strong>maxillofacial surgeon<\\\/strong> specialized in facial rejuvenation.<\\\/p>\\n\n\n<p>For over <strong>9 years<\\\/strong>, I have devoted myself exclusively to helping women like you <strong>restore the elegance, harmony, and freshness of their face<\\\/strong>.<\\\/p>\\n\n\n<p><strong><span>\\u2666\\u00a0<\\\/span>\\u00a0Natural and harmonious results<\\\/strong> that truly feel like you<br \\\/><strong><span>\\u2666\\u00a0<\\\/span>\\u00a0No heavy or artificial injections<\\\/strong> to weigh down your features<br \\\/><strong><span>\\u2666\\u00a0<\\\/span> Without <\\\/strong><em>frozen<\\\/em> or <em>overdone<\\\/em> effects \\u2014 just a refreshed, youthful look<br \\\/><strong><span>\\u2666\\u00a0<\\\/span> <\\\/strong>And with the<strong> peace of mind<\\\/strong> of being in the hands of a true facelift expert<br \\\/><strong><span>\\u2666\\u00a0<\\\/span>\\u00a0Conveniently located<\\\/strong> less than an hour from your home<\\\/p>\\n\n\n<p>Whether you are concerned about <strong>facial sagging<\\\/strong>, loss of jawline definition, or early signs of aging on the neck, a <strong>personalized Deep Plane Facelift<\\\/strong> can restore your <strong>natural contours<\\\/strong> with subtlety and elegance.<\\\/p>\",\"margin\":\"default\",\"status\":\"disabled\",\"text_align\":\"center\"}},{\"type\":\"headline\",\"props\":{\"content\":\"Your face <strong>deserves<\\\/strong> the full attention and precision of a <strong>specialist<\\\/strong>.\",\"position\":\"relative\",\"position_right\":\"0\",\"text_align\":\"center\",\"title_color\":\"primary\",\"title_element\":\"div\",\"title_style\":\"h1\"}},{\"type\":\"text\",\"props\":{\"column_breakpoint\":\"m\",\"content\":\"\n\n<p data-start=\\\"756\\\" data-end=\\\"897\\\">Let me show you how to restore your<strong> freshness with confidence<\\\/strong>.<\\\/p>\",\"margin\":\"default\",\"status\":\"disabled\",\"text_align\":\"center\"}},{\"type\":\"divider\",\"props\":{\"divider_element\":\"hr\"}},{\"type\":\"button\",\"props\":{\"button_size\":\"large\",\"fullwidth\":false,\"grid_column_gap\":\"small\",\"grid_row_gap\":\"small\",\"margin\":\"default\",\"text_align\":\"center\"},\"children\":[{\"type\":\"button_item\",\"props\":{\"button_style\":\"primary\",\"content\":\"Let\\u2019s talk about your project\",\"dialog_layout\":\"modal\",\"dialog_offcanvas_flip\":true,\"icon_align\":\"left\",\"link\":\"https:\\\/\\\/api.whatsapp.com\\\/send\\\/?phone=+34644534515&text=Hello,%20I%20would%20like%20to%20book%20an%20appointment%20with%20Dr.%20Mazarro\"}}]}]},{\"type\":\"column\",\"props\":{\"image_position\":\"center-center\",\"position_sticky_breakpoint\":\"m\",\"vertical_align\":\"middle\",\"width_medium\":\"1-3\"},\"children\":[{\"type\":\"image\",\"props\":{\"image\":\"wp-content\\\/uploads\\\/2024\\\/09\\\/sin-bata-square-536-BW.jpg\",\"image_alt\":\"Dr. Alejandro Mazarro especialista lifting facial Deep Plane Barcelona Madrid\",\"image_box_decoration\":\"mask\",\"image_svg_color\":\"emphasis\",\"margin\":\"default\",\"visibility\":\"m\"}}]}]},{\"type\":\"row\",\"children\":[{\"type\":\"column\",\"props\":{\"image_position\":\"center-center\",\"position_sticky_breakpoint\":\"m\"}}]}],\"name\":\"DEJAME AYUDARTE\"},{\"name\":\"Te escuco\",\"type\":\"section\",\"props\":{\"animation\":\"slide-left-medium\",\"image_position\":\"center-center\",\"image_size\":\"cover\",\"padding\":\"large\",\"preserve_color\":false,\"status\":\"disabled\",\"style\":\"muted\",\"title_breakpoint\":\"xl\",\"title_position\":\"top-left\",\"title_rotation\":\"left\",\"vertical_align\":\"\",\"width\":\"default\"},\"children\":[{\"type\":\"row\",\"props\":{\"column_gap\":\"large\",\"layout\":\"large,expand\",\"row_gap\":\"large\"},\"children\":[{\"type\":\"column\",\"props\":{\"image\":\"wp-content\\\/uploads\\\/2025\\\/06\\\/espejo-1000.jpg\",\"image_position\":\"center-center\",\"image_size\":\"contain\",\"position_sticky_breakpoint\":\"m\",\"vertical_align\":\"middle\",\"width_large\":\"xlarge\",\"width_medium\":\"large\"},\"children\":[{\"type\":\"panel\",\"props\":{\"blend\":false,\"content\":\"\n\n<ul>\\n\n\n<li>Notas una <strong>p\\u00e9rdida de definici\\u00f3n<\\\/strong> de la l\\u00ednea mandibular<br \\\/><br \\\/><\\\/li>\\n\n\n<li>Empiezas a no estar a gusto con el reflejo del <strong>espejo<\\\/strong> o evitas ciertas posiciones cuando te tomas una <strong>fotograf\\u00eda<\\\/strong><br \\\/><br \\\/><\\\/li>\\n\n\n<li>Sientes que el cuello te est\\u00e1 traicionando: parece que el tiempo avanza m\\u00e1s r\\u00e1pido que en la cara!<br \\\/><br \\\/><\\\/li>\\n<\\\/ul>\\n\n\n<p style=\\\"text-align: center;\\\"><strong>\\u00bfTe suena alguna de ellas?<\\\/strong><\\\/p>\",\"content_column_breakpoint\":\"m\",\"height_expand\":false,\"icon_width\":80,\"image\":\"\",\"image_align\":\"top\",\"image_grid_breakpoint\":\"m\",\"image_grid_width\":\"1-2\",\"image_svg_color\":\"emphasis\",\"link\":\"#\",\"link_margin\":\"large\",\"link_size\":\"large\",\"link_style\":\"text\",\"link_target\":false,\"link_text\":\"\",\"margin\":\"default\",\"meta\":\"Te escucho\",\"meta_align\":\"above-title\",\"meta_color\":\"primary\",\"meta_element\":\"div\",\"meta_style\":\"text-meta\",\"panel_link\":true,\"panel_padding\":\"large\",\"panel_style\":\"card-default\",\"position\":\"relative\",\"position_left\":\"360\",\"text_align\":\"left\",\"title\":\"Dime si te suena de algo\",\"title_align\":\"top\",\"title_element\":\"div\",\"title_grid_breakpoint\":\"m\",\"title_grid_width\":\"1-2\",\"title_hover_style\":\"reset\",\"title_style\":\"h1\"}}]},{\"type\":\"column\",\"props\":{\"image_position\":\"center-center\",\"position_sticky_breakpoint\":\"m\",\"vertical_align\":\"middle\",\"width_medium\":\"expand\"}}]},{\"type\":\"row\",\"children\":[{\"type\":\"column\",\"props\":{\"image_position\":\"center-center\",\"position_sticky_breakpoint\":\"m\"},\"children\":[{\"type\":\"grid\",\"props\":{\"content_column_breakpoint\":\"m\",\"filter_align\":\"left\",\"filter_all\":true,\"filter_grid_breakpoint\":\"m\",\"filter_grid_width\":\"auto\",\"filter_position\":\"top\",\"filter_style\":\"tab\",\"grid_column_gap\":\"large\",\"grid_default\":\"1\",\"grid_medium\":\"\",\"grid_row_gap\":\"large\",\"grid_small\":\"2\",\"icon_width\":80,\"image_align\":\"top\",\"image_grid_breakpoint\":\"m\",\"image_grid_width\":\"1-2\",\"image_svg_animate\":true,\"image_svg_color\":\"muted\",\"image_svg_inline\":true,\"item_animation\":true,\"lightbox_bg_close\":true,\"link_style\":\"default\",\"link_text\":\"Read more\",\"margin\":\"medium\",\"meta_align\":\"below-title\",\"meta_element\":\"div\",\"meta_style\":\"text-meta\",\"parallax_easing\":\"1\",\"show_content\":true,\"show_hover_image\":true,\"show_hover_video\":true,\"show_image\":true,\"show_link\":true,\"show_meta\":true,\"show_title\":true,\"show_video\":true,\"text_align\":\"left\",\"title_align\":\"top\",\"title_element\":\"h3\",\"title_grid_breakpoint\":\"m\",\"title_grid_width\":\"1-2\",\"title_hover_style\":\"reset\",\"title_style\":\"h4\"},\"children\":[{\"type\":\"grid_item\",\"props\":{\"content\":\"Lorem ipsum dolor sit amet, gravida nonna maecenas veritatis vestum.\",\"image\":\"wp-content\\\/uploads\\\/home-services-01.svg\",\"title\":\"Discovery & Strategy\"}},{\"type\":\"grid_item\",\"props\":{\"content\":\"Lorem ipsum dolor sit amet, gravida nonna maecenas veritatis vestum.\",\"image\":\"wp-content\\\/uploads\\\/home-services-02.svg\",\"title\":\"User Retargeting\"}},{\"type\":\"grid_item\",\"props\":{\"content\":\"Lorem ipsum dolor sit amet, gravida nonna maecenas veritatis vestum.\",\"image\":\"wp-content\\\/uploads\\\/home-services-03.svg\",\"title\":\"Web Design & Development\"}},{\"type\":\"grid_item\",\"props\":{\"content\":\"Lorem ipsum dolor sit amet, gravida nonna maecenas veritatis vestum.\",\"image\":\"wp-content\\\/uploads\\\/home-services-04.svg\",\"title\":\"Performance Marketing\"}}]}]}],\"props\":{\"status\":\"disabled\"}}]},{\"type\":\"section\",\"props\":{\"image_position\":\"center-center\",\"style\":\"default\",\"title_breakpoint\":\"xl\",\"title_position\":\"top-left\",\"title_rotation\":\"left\",\"vertical_align\":\"middle\",\"width\":\"default\"},\"children\":[{\"type\":\"row\",\"children\":[{\"type\":\"column\",\"props\":{\"image_position\":\"center-center\",\"position_sticky_breakpoint\":\"m\"},\"children\":[{\"type\":\"headline\",\"props\":{\"content\":\"<span>Which technique should you choose?<\\\/span>\",\"title_decoration\":\"divider\",\"title_element\":\"h2\",\"title_style\":\"h2\"}}]}]},{\"type\":\"row\",\"props\":{\"layout\":\"1-4,1-2,1-4\"},\"children\":[{\"type\":\"column\",\"props\":{\"image_position\":\"center-center\",\"position_sticky_breakpoint\":\"m\",\"width_medium\":\"1-4\"}},{\"type\":\"column\",\"props\":{\"image_position\":\"center-center\",\"position_sticky_breakpoint\":\"m\",\"style\":\"card-default\",\"width_medium\":\"1-2\"},\"children\":[{\"type\":\"text\",\"props\":{\"column_breakpoint\":\"m\",\"content\":\"\n\n<p style=\\\"text-align: center;\\\">SMAS Lifting<br \\\/>Mini Lifting<br \\\/>MACS Lift<br \\\/>Thread Lift<br \\\/>Vertical Lifting<br \\\/>Deep Plane Lifting<\\\/p>\",\"margin\":\"default\"}}]},{\"type\":\"column\",\"props\":{\"image_position\":\"center-center\",\"position_sticky_breakpoint\":\"m\",\"width_medium\":\"1-4\"}}]},{\"type\":\"row\",\"children\":[{\"type\":\"column\",\"props\":{\"image_position\":\"center-center\",\"position_sticky_breakpoint\":\"m\"},\"children\":[{\"type\":\"text\",\"props\":{\"column_breakpoint\":\"m\",\"content\":\"\n\n<p style=\\\"text-align: center;\\\">If you\\u2019re considering a facelift, it\\u2019s normal to feel a bit overwhelmed by all the technical terms and options out there.<\\\/p>\\n\n\n<p style=\\\"text-align: center;\\\"><b>I completely understand.<\\\/b><\\\/p>\\n\n\n<p style=\\\"text-align: center;\\\">There\\u2019s far too much <b>marketing noise<\\\/b> that can make the decision confusing and stressful.<\\\/p>\\n\n\n<p style=\\\"text-align: center;\\\">As a surgeon specializing in facelifts, I\\u2019ve performed every technique throughout my career, so I know what works \\u2014 and what doesn\\u2019t \\u2014 for achieving natural, harmonious results.<\\\/p>\\n\n\n<p style=\\\"text-align: center;\\\">After more than <b>9 years<\\\/b> dedicated exclusively to facial rejuvenation, I\\u2019ve refined my approach to offer each patient <b>the result they dream of when they look in the mirror<\\\/b> \\u2014 subtle, elegant, and authentically them.<\\\/p>\\n\n\n<p style=\\\"text-align: center;\\\"><b>Let\\u2019s explore the best solution for you, together.<\\\/b><\\\/p>\",\"margin\":\"default\"}}]}]},{\"type\":\"row\",\"props\":{\"layout\":\"1-3,1-3,1-3\"},\"children\":[{\"type\":\"column\",\"props\":{\"image_position\":\"center-center\",\"position_sticky_breakpoint\":\"m\",\"width_default\":\"1-3\",\"width_medium\":\"1-3\"}},{\"type\":\"column\",\"props\":{\"image_position\":\"center-center\",\"position_sticky_breakpoint\":\"m\",\"width_medium\":\"1-3\"},\"children\":[{\"type\":\"image\",\"props\":{\"image\":\"wp-content\\\/uploads\\\/2023\\\/01\\\/plication-macs-1.jpg\",\"image_alt\":\"T\\u00e9cnicas de lifting cl\\u00e1sicas\",\"image_svg_color\":\"emphasis\",\"margin\":\"default\"}}]},{\"type\":\"column\",\"props\":{\"image_position\":\"center-center\",\"position_sticky_breakpoint\":\"m\",\"width_medium\":\"1-3\"}}]},{\"type\":\"row\",\"children\":[{\"type\":\"column\",\"props\":{\"image_position\":\"center-center\",\"position_sticky_breakpoint\":\"m\"}}]}]},{\"type\":\"section\",\"props\":{\"image_position\":\"center-center\",\"style\":\"default\",\"title_breakpoint\":\"xl\",\"title_position\":\"top-left\",\"title_rotation\":\"left\",\"vertical_align\":\"middle\",\"width\":\"default\"},\"children\":[{\"type\":\"row\",\"props\":{\"layout\":\"1-2,1-4,1-4|1-1,1-2,1-2\"},\"children\":[{\"type\":\"column\",\"props\":{\"image_position\":\"center-center\",\"position_sticky_breakpoint\":\"m\",\"width_medium\":\"1-2\",\"width_small\":\"1-1\"},\"children\":[{\"type\":\"headline\",\"props\":{\"content\":\"What do you need to know before you make up your mind?\",\"title_decoration\":\"bullet\",\"title_element\":\"div\",\"title_style\":\"h2\"}},{\"type\":\"text\",\"props\":{\"column_breakpoint\":\"m\",\"content\":\"\n\n<p>It's important that you have all the necessary information to make a decision. That's why I've prepared a guide where you'll find detailed articles about:<\\\/p>\\n\n\n<ul>\\n\n\n<li><a href=\\\"https:\\\/\\\/drmazarro.com\\\/en\\\/facelift\\\/\\\">the different facelift techniques<\\\/a><\\\/li>\\n\n\n<li><a href=\\\"https:\\\/\\\/drmazarro.com\\\/en\\\/facelift\\\/mini-facelift\\\/\\\">why mini-lifts are so frustrating (with real cases)<\\\/a><\\\/li>\\n\n\n<li><a href=\\\"https:\\\/\\\/drmazarro.com\\\/en\\\/deep-plane\\\/recovery\\\/\\\">the recovery process<\\\/a><\\\/li>\\n\n\n<li><a href=\\\"https:\\\/\\\/drmazarro.com\\\/en\\\/deep-plane\\\/facelift-scars\\\/\\\">how scars evolve<\\\/a><\\\/li>\\n\n\n<li><a href=\\\"https:\\\/\\\/drmazarro.com\\\/en\\\/anesthesia-facelift\\\/\\\">anaesthesia<\\\/a><\\\/li>\\n\n\n<li><a href=\\\"https:\\\/\\\/drmazarro.com\\\/en\\\/facelift-cost-barcelona\\\/\\\">facelift pricing<\\\/a><\\\/li>\\n<\\\/ul>\\n\n\n<p>And, naturally, also <a href=\\\"https:\\\/\\\/drmazarro.com\\\/deep-plane\\\/antes-y-despues\\\/\\\">Before and After cases<\\\/a> so you can see what you can achieve <a href=\\\"https:\\\/\\\/drmazarro.com\\\/en\\\/dr-alejandro-mazarro-facelift-specialist-barcelona\\\/\\\">in the hands of a specialist<\\\/a>.<\\\/p>\",\"margin\":\"default\",\"text_align\":\"left\"}}]},{\"type\":\"column\",\"props\":{\"image_position\":\"center-center\",\"position_sticky_breakpoint\":\"m\",\"vertical_align\":\"middle\",\"width_medium\":\"1-4\",\"width_small\":\"1-2\"},\"children\":[{\"type\":\"panel\",\"props\":{\"block_align\":\"center\",\"content_column_breakpoint\":\"m\",\"icon_width\":80,\"image\":\"wp-content\\\/uploads\\\/2025\\\/09\\\/preguntas-copia.jpg\",\"image_align\":\"top\",\"image_alt\":\"preguntas acerca del lifting facial\",\"image_grid_breakpoint\":\"m\",\"image_grid_width\":\"1-2\",\"image_svg_color\":\"emphasis\",\"link\":\"guia-definitiva-lifting-facial\\\/\",\"link_style\":\"default\",\"link_text\":\"Leer la Gu\\u00eda\",\"margin\":\"default\",\"maxwidth\":\"medium\",\"meta_align\":\"below-title\",\"meta_element\":\"div\",\"meta_style\":\"text-meta\",\"panel_padding\":\"default\",\"panel_style\":\"card-default\",\"text_align\":\"center\",\"title\":\"Lifting facial: la Gu\\u00eda completa\",\"title_align\":\"top\",\"title_element\":\"h2\",\"title_grid_breakpoint\":\"m\",\"title_grid_width\":\"1-2\",\"title_hover_style\":\"reset\",\"title_style\":\"h2\"}}]},{\"type\":\"column\",\"props\":{\"image_position\":\"center-center\",\"position_sticky_breakpoint\":\"m\",\"vertical_align\":\"middle\",\"width_medium\":\"1-4\",\"width_small\":\"1-2\"},\"children\":[{\"type\":\"panel\",\"props\":{\"block_align\":\"center\",\"content_column_breakpoint\":\"m\",\"icon_width\":80,\"image\":\"wp-content\\\/uploads\\\/2025\\\/09\\\/resultados.jpg\",\"image_align\":\"top\",\"image_alt\":\"Facelift results\",\"image_grid_breakpoint\":\"m\",\"image_grid_width\":\"1-2\",\"image_svg_color\":\"emphasis\",\"link\":\"https:\\\/\\\/drmazarro.com\\\/deep-plane\\\/antes-y-despues\\\/\",\"link_style\":\"default\",\"link_text\":\"See the cases\",\"margin\":\"default\",\"maxwidth\":\"medium\",\"meta_align\":\"below-title\",\"meta_element\":\"div\",\"meta_style\":\"text-meta\",\"panel_padding\":\"default\",\"panel_style\":\"card-default\",\"text_align\":\"center\",\"title\":\"Before and After\",\"title_align\":\"top\",\"title_element\":\"h2\",\"title_grid_breakpoint\":\"m\",\"title_grid_width\":\"1-2\",\"title_hover_style\":\"reset\",\"title_style\":\"h2\"}}]}]}],\"name\":\"banner ciudad - sept\"},{\"type\":\"section\",\"props\":{\"image_position\":\"center-center\",\"style\":\"default\",\"title_breakpoint\":\"xl\",\"title_position\":\"top-left\",\"title_rotation\":\"left\",\"vertical_align\":\"middle\",\"width\":\"default\"},\"children\":[{\"type\":\"row\",\"children\":[{\"type\":\"column\",\"props\":{\"image_position\":\"center-center\",\"position_sticky_breakpoint\":\"m\",\"width_medium\":\"2-3\"},\"children\":[{\"type\":\"headline\",\"props\":{\"content\":\"How to get to the consultation from the Balearic Islands?\",\"title_decoration\":\"divider\",\"title_element\":\"h2\",\"title_style\":\"h1\"}},{\"type\":\"text\",\"props\":{\"column_breakpoint\":\"m\",\"content\":\"\n\n<p>If you prefer an in-person consultation or if you're already clear that you want to put yourself in the hands of a specialist for your surgery, remember that <strong>the connection between the Balearic Islands and Barcelona is excellent<\\\/strong>.<\\\/p>\\n\n\n<p>At <b>less than 1 hour by plane<\\\/b>, everything is designed so you can organise your surgery and follow-up visits very comfortably.<\\\/p>\\n\n\n<p>Additionally, thanks to <a href=\\\"https:\\\/\\\/drmazarro.com\\\/en\\\/international-patients\\\/\\\">our protocol for patients from outside Barcelona<\\\/a>, we minimise travel <strong>for your greater convenience<\\\/strong>.<\\\/p>\",\"margin\":\"default\"}}]},{\"type\":\"column\",\"props\":{\"image_position\":\"center-center\",\"position_sticky_breakpoint\":\"m\",\"vertical_align\":\"middle\",\"width_medium\":\"1-3\"},\"children\":[{\"type\":\"image\",\"props\":{\"block_align\":\"center\",\"image\":\"wp-content\\\/uploads\\\/2025\\\/09\\\/BALEARES.png\",\"image_svg_color\":\"emphasis\",\"margin\":\"default\",\"maxwidth\":\"medium\",\"text_align\":\"center\"}}]}],\"props\":{\"layout\":\"2-3,1-3\"}}],\"name\":\"comollegar\"},{\"type\":\"section\",\"props\":{\"image_position\":\"center-center\",\"style\":\"muted\",\"title_breakpoint\":\"xl\",\"title_position\":\"top-left\",\"title_rotation\":\"left\",\"vertical_align\":\"middle\",\"width\":\"default\"},\"children\":[{\"type\":\"row\",\"props\":{\"layout\":\"1-5,3-5,1-5\"},\"children\":[{\"type\":\"column\",\"props\":{\"image_position\":\"center-center\",\"position_sticky_breakpoint\":\"m\",\"width_medium\":\"1-5\"}},{\"type\":\"column\",\"props\":{\"image_position\":\"center-center\",\"position_sticky_breakpoint\":\"m\",\"style\":\"card-default\",\"width_medium\":\"3-5\"},\"children\":[{\"type\":\"fragment\",\"props\":{\"margin\":\"default\"},\"children\":[{\"type\":\"row\",\"children\":[{\"type\":\"column\",\"props\":{\"image_position\":\"center-center\",\"position_sticky_breakpoint\":\"m\"},\"children\":[{\"type\":\"headline\",\"props\":{\"content\":\"Barcelona awaits you\",\"text_align\":\"center\",\"title_color\":\"primary\",\"title_decoration\":\"line\",\"title_element\":\"div\",\"title_style\":\"h2\"}}]}]},{\"type\":\"row\",\"props\":{\"layout\":\"2-3,1-3\"},\"children\":[{\"type\":\"column\",\"props\":{\"image_position\":\"center-center\",\"position_sticky_breakpoint\":\"m\",\"width_medium\":\"2-3\"},\"children\":[{\"type\":\"text\",\"props\":{\"column_breakpoint\":\"m\",\"content\":\"\n\n<p>More and more patients are travelling to ensure they're in the very best hands.<\\\/p>\\n\n\n<p>Did you know that <strong>less than 1 hour from the Balearic Islands <\\\/strong>you have a <strong>specialist<\\\/strong> who dedicates himself exclusively to treating patients who, <strong>just like you<\\\/strong>, are seeking <strong>natural results<\\\/strong> and the <strong>peace of mind<\\\/strong> that comes from being in the hands of <strong>an experienced surgeon<\\\/strong>?<\\\/p>\",\"margin\":\"default\",\"text_align\":\"center\",\"text_style\":\"meta\"}},{\"type\":\"text\",\"props\":{\"column_breakpoint\":\"m\",\"content\":\"\n\n<p>Nos encargamos de todo \\u2014 descubre nuestro protocolo para pacientes de fuera de Barcelona y reserva una videoconsulta en tu idioma preferido.<\\\/p>\\n\",\"margin\":\"default\",\"text_align\":\"center\",\"text_style\":\"meta\"}},{\"type\":\"button\",\"props\":{\"button_size\":\"small\",\"grid_column_gap\":\"small\",\"grid_row_gap\":\"small\",\"margin\":\"default\",\"text_align\":\"center\"},\"children\":[{\"type\":\"button_item\",\"props\":{\"button_style\":\"default\",\"content\":\"Our protocol\",\"dialog_layout\":\"modal\",\"dialog_offcanvas_flip\":true,\"icon_align\":\"left\",\"link\":\"https:\\\/\\\/drmazarro.com\\\/en\\\/international-patients\\\/\",\"link_title\":\"Our protocol\"}}]},{\"type\":\"button\",\"props\":{\"button_size\":\"small\",\"grid_column_gap\":\"small\",\"grid_row_gap\":\"small\",\"margin\":\"default\",\"text_align\":\"center\"},\"children\":[{\"type\":\"button_item\",\"props\":{\"button_style\":\"default\",\"content\":\"Your videoconsultation\",\"dialog_layout\":\"modal\",\"dialog_offcanvas_flip\":true,\"icon_align\":\"left\",\"link\":\"https:\\\/\\\/api.whatsapp.com\\\/send\\\/?phone=+34644534515&text=Hello,%20I%20want%20to%20book%20an%20appointment%20with%20Dr.%20Mazarro\",\"link_title\":\"Your videoconsultation\"}}]}]},{\"type\":\"column\",\"props\":{\"image_position\":\"center-center\",\"position_sticky_breakpoint\":\"m\",\"vertical_align\":\"middle\",\"width_medium\":\"1-3\"},\"children\":[{\"type\":\"image\",\"props\":{\"image\":\"wp-content\\\/uploads\\\/photo-1436491865332-7a61a109cc05-scaled.jpg\",\"image_box_decoration\":\"mask\",\"image_svg_color\":\"emphasis\",\"image_width\":200,\"margin\":\"default\",\"text_align\":\"center\"}}]}]}]}]},{\"type\":\"column\",\"props\":{\"image_position\":\"center-center\",\"position_sticky_breakpoint\":\"m\",\"width_medium\":\"1-5\"}}]}],\"name\":\"BANNER - PACIENTE INTERNACIONAL SP ciudades\"},{\"type\":\"section\",\"props\":{\"image_position\":\"center-center\",\"status\":\"disabled\",\"style\":\"default\",\"title_breakpoint\":\"xl\",\"title_position\":\"top-left\",\"title_rotation\":\"left\",\"vertical_align\":\"middle\",\"width\":\"default\"},\"children\":[{\"type\":\"row\",\"children\":[{\"type\":\"column\",\"props\":{\"image_position\":\"center-center\",\"position_sticky_breakpoint\":\"m\"},\"children\":[{\"type\":\"headline\",\"props\":{\"content\":\"Let\\u2019s start with the basics\",\"title_decoration\":\"divider\",\"title_element\":\"div\",\"title_style\":\"text-meta\"}}]}]},{\"type\":\"row\",\"props\":{\"layout\":\"1-2,1-2\"},\"children\":[{\"type\":\"column\",\"props\":{\"image_position\":\"center-center\",\"position_sticky_breakpoint\":\"m\",\"width_medium\":\"1-2\"},\"children\":[{\"type\":\"headline\",\"props\":{\"content\":\"What is a facelift?\",\"title_decoration\":\"bullet\",\"title_element\":\"h2\"}},{\"type\":\"text\",\"props\":{\"column_breakpoint\":\"m\",\"content\":\"\n\n<p>A <b>facelift <\\\/b>is the <i>only procedure<\\\/i> that can address the sagging of tissues caused by time and gravity.<\\\/p>\\n\n\n<p>\\u2666 <b>Fillers<\\\/b>? They only add volume.<\\\/p>\\n\n\n<p><\\\/p>\\n\n\n<p>\\u2666 <b>Devices<\\\/b> (such as laser or radiofrequency) and <b>collagen stimulators<\\\/b>? Excellent for improving skin quality, but unable to reposition tissues.<\\\/p>\",\"margin\":\"default\",\"text_align\":\"center\"}},{\"type\":\"divider\",\"props\":{\"divider_element\":\"hr\"}}]},{\"type\":\"column\",\"props\":{\"image_position\":\"center-center\",\"position_sticky_breakpoint\":\"m\",\"width_medium\":\"1-2\"},\"children\":[{\"type\":\"headline\",\"props\":{\"content\":\"<span>Why a facelift?<\\\/span>\",\"text_align\":\"center\",\"title_color\":\"primary\",\"title_element\":\"div\",\"title_style\":\"h1\"}},{\"type\":\"text\",\"props\":{\"column_breakpoint\":\"m\",\"content\":\"\n\n<p>Over the years, the skin naturally loses collagen and fine expression lines appear.<\\\/p>\\n\n\n<p>Fortunately, treatments such as laser, peels, or neuromodulators can deliver excellent results.<\\\/p>\\n\n\n<p>However, <strong>sagging<\\\/strong> is not simply due to a lack of collagen. It is mainly caused by the stretching of the supporting <strong>ligaments<\\\/strong> \\u2014 the <em>retaining ligaments<\\\/em> \\u2014 that keep the tissues in place.<\\\/p>\",\"margin\":\"default\",\"text_align\":\"center\"}}]}]}]},{\"name\":\"2025-07-17 differents lifts\",\"type\":\"section\",\"props\":{\"animation\":\"slide-top-small\",\"animation_delay\":\"200\",\"height\":\"viewport\",\"image_position\":\"center-center\",\"image_size\":\"cover\",\"padding\":\"large\",\"status\":\"disabled\",\"style\":\"muted\",\"title_breakpoint\":\"xl\",\"title_position\":\"top-left\",\"title_rotation\":\"left\",\"vertical_align\":\"\",\"width\":\"default\"},\"children\":[{\"type\":\"row\",\"children\":[{\"type\":\"column\",\"props\":{\"image_position\":\"center-center\",\"position_sticky_breakpoint\":\"m\",\"width_medium\":\"1-1\"},\"children\":[{\"type\":\"text\",\"props\":{\"column_breakpoint\":\"m\",\"content\":\"\n\n<p>So\\u2026<\\\/p>\",\"margin\":\"default\",\"text_align\":\"center\",\"text_color\":\"primary\",\"text_style\":\"meta\"}},{\"type\":\"headline\",\"props\":{\"content\":\"What are the differences between facelift techniques?\",\"margin_remove_top\":true,\"text_align\":\"center\",\"title_element\":\"h2\",\"title_style\":\"h1\"}},{\"type\":\"image\",\"props\":{\"block_align\":\"center\",\"image\":\"wp-content\\\/uploads\\\/photo-1706518503834-fc7587c5c6dc-scaled.jpg\",\"image_alt\":\"Difference between facelift techniques\",\"image_box_decoration\":\"mask\",\"image_svg_color\":\"emphasis\",\"margin\":\"default\",\"maxwidth\":\"small\"}},{\"type\":\"text\",\"props\":{\"block_align\":\"center\",\"column_breakpoint\":\"m\",\"content\":\"\n\n<p>All facelift techniques share the same goal: to address tissue laxity and redefine the contours of the face.<\\\/p>\\n\n\n<p><\\\/p>\\n\n\n<p>But their approach is very different\\u2026 and so are their results.<\\\/p>\",\"margin\":\"medium\",\"margin_remove_bottom\":true,\"maxwidth\":\"xlarge\",\"text_align\":\"center\"}}]}]},{\"type\":\"row\",\"children\":[{\"type\":\"column\",\"props\":{\"image_position\":\"center-center\",\"position_sticky_breakpoint\":\"m\"},\"children\":[{\"type\":\"image\",\"props\":{\"image\":\"wp-content\\\/uploads\\\/photo-1620662831351-9f68f76d0b9a-scaled.jpg\",\"image_svg_color\":\"emphasis\",\"image_width\":\"810\",\"margin\":\"\",\"status\":\"disabled\",\"text_align\":\"center\"}},{\"type\":\"grid\",\"props\":{\"block_align\":\"center\",\"content_column_breakpoint\":\"m\",\"filter_align\":\"left\",\"filter_all\":true,\"filter_grid_breakpoint\":\"m\",\"filter_grid_width\":\"auto\",\"filter_position\":\"top\",\"filter_style\":\"tab\",\"grid_default\":\"1\",\"grid_medium\":\"3\",\"grid_row_gap\":\"large\",\"icon_width\":80,\"image_align\":\"top\",\"image_grid_breakpoint\":\"m\",\"image_grid_width\":\"1-2\",\"image_svg_color\":\"emphasis\",\"item_animation\":true,\"item_maxwidth\":\"large\",\"lightbox_bg_close\":true,\"link_style\":\"default\",\"link_text\":\"Read more\",\"margin\":\"large\",\"meta_align\":\"below-title\",\"meta_element\":\"div\",\"meta_style\":\"text-meta\",\"parallax_easing\":\"1\",\"show_content\":true,\"show_hover_image\":true,\"show_hover_video\":true,\"show_image\":true,\"show_link\":true,\"show_meta\":true,\"show_title\":true,\"show_video\":true,\"text_align\":\"center\",\"title_align\":\"top\",\"title_element\":\"h3\",\"title_grid_breakpoint\":\"m\",\"title_grid_width\":\"1-2\",\"title_hover_style\":\"reset\",\"visibility\":\"m\"},\"children\":[{\"type\":\"grid_item\",\"props\":{\"content\":\"\n\n<p>The mini lift involves slightly tightening the skin and removing any excess.<\\\/p>\\n\n\n<p><span style=\\\"color: #00b050;\\\">\\u2665<\\\/span> \\u00a0It\\u2019s a quick procedure, with a short recovery time.<\\\/p>\\n\n\n<p>\\u00a0<span style=\\\"color: #c00000;\\\">\\u2297<\\\/span>\\u00a0But by working only on the surface, the results are limited and often last just <strong>1\\u20132 years<\\\/strong>.<\\\/p>\\n\n\n<p>\\u2014<\\\/p>\\n\n\n<p>The photo taken 10 days after surgery is perfect for Instagram\\u2026 But have you ever wondered why you never see the same face 3 years later?<\\\/p>\\n\n\n<p><em>I\\u2019ll tell you from the heart:<\\\/em><\\\/p>\\n\n\n<p>I used this technique early in my career, and I could show you dozens of cases.<\\\/p>\\n\n\n<p>Today, I can no longer offer it to my patients in good conscience.<\\\/p>\\n\n\n<p><strong>Why?<\\\/strong> Because it doesn\\u2019t meet your expectations.<\\\/p>\\n\n\n<p>A simple truth:<br \\\/><strong>Mini lift = Mini results<\\\/strong><\\\/p>\",\"meta\":\"Subtle and frustrating results\",\"title\":\"The Mini Lift\"}},{\"type\":\"grid_item\",\"props\":{\"content\":\"\n\n<p>The SMAS lift goes further by accessing a deeper layer (the SMAS) to tighten it.<\\\/p>\\n\n\n<p><span style=\\\"color: #00b050;\\\">\\u2665<\\\/span>\\u00a0It provides a visible <strong>improvement<\\\/strong> in moderate sagging.<\\\/p>\\n\n\n<p><span style=\\\"color: #c00000;\\\">\\u2297<\\\/span>\\u00a0However, this technique does not correct sagging of the deeper tissues, nor areas such as the <strong>neck<\\\/strong> or the <strong>nasolabial folds<\\\/strong>.<\\\/p>\\n\n\n<p><span style=\\\"color: #c00000;\\\">\\u2297<\\\/span>\\u00a0And it can cause <strong>visible scarring<\\\/strong> and give a <strong>frozen appearance<\\\/strong> if the tension is applied on the surface.<\\\/p>\\n\n\n<p><\\\/p>\\n\n\n<p><span>\\u2014<\\\/span><\\\/p>\\n\n\n<p><\\\/p>\\n\n\n<p><strong>The result?<\\\/strong><\\\/p>\\n\n\n<p><em>\\u201cOh\\u2026 she\\u2019s had a facelift.\\u201d<\\\/em><\\\/p>\",\"meta\":\"The traditional technique\",\"title\":\"The SMAS Lift\"}},{\"type\":\"grid_item\",\"props\":{\"content\":\"\n\n<p>The Deep Plane facelift takes a completely different approach:<\\\/p>\\n\n\n<p><span style=\\\"color: #00b050;\\\">\\u2665<\\\/span>\\u00a0It releases and <strong>repositions<\\\/strong> the tissues at a deeper level, beneath the SMAS, directly addressing the root cause of sagging.<\\\/p>\\n\n\n<p><span style=\\\"color: #00b050;\\\">\\u2665<\\\/span> This allows the retaining ligaments to be tightened and the face\\u2019s natural volumes to be <strong>restored<\\\/strong> \\u2014 without pulling the skin.<\\\/p>\\n\n\n<p>\\u2014<\\\/p>\\n\n\n<p><strong>The result:<\\\/strong><br \\\/>A rejuvenated, natural, and expressive face, with no stiffness and no \\u201coperated\\u201d look.<\\\/p>\\n\n\n<p>It\\u2019s not magic that will make you look 20 years younger\\u2026<\\\/p>\\n\n\n<p>But it\\u2019s the best way to look in the mirror and say:<\\\/p>\\n\n\n<p><em>\\u201cI finally recognize myself.\\u201d<\\\/em><\\\/p>\",\"meta\":\"The most advanced technique\",\"title\":\"The Deep Plane Facelift\"}}]}]}]},{\"type\":\"row\",\"props\":{\"layout\":\"1-3,1-3,1-3\",\"status\":\"disabled\"},\"children\":[{\"type\":\"column\",\"props\":{\"image_position\":\"center-center\",\"position_sticky_breakpoint\":\"m\",\"width_medium\":\"1-3\"},\"children\":[{\"type\":\"accordion\",\"props\":{\"block_align\":\"center\",\"collapsible\":true,\"content_column_breakpoint\":\"m\",\"image_align\":\"top\",\"image_grid_breakpoint\":\"m\",\"image_grid_width\":\"1-2\",\"image_svg_color\":\"emphasis\",\"link_style\":\"default\",\"link_text\":\"Read more\",\"maxwidth\":\"xlarge\",\"show_image\":true,\"show_link\":true,\"visibility\":\"m\"},\"children\":[{\"type\":\"accordion_item\",\"props\":{\"content\":\"\n\n<p><em>Des r\\u00e9sultats subtils et temporaires<\\\/em><\\\/p>\\n\n\n<p>Le <strong>minilift<\\\/strong> consiste \\u00e0 retendre l\\u00e9g\\u00e8rement la peau et \\u00e0 retirer l\\u2019exc\\u00e9dent.<br \\\/><br \\\/><\\\/p>\\n\n\n<p><span style=\\\"color: #00b050;\\\">\\u2665<\\\/span> C\\u2019est une intervention <strong>rapide<\\\/strong>, avec une r\\u00e9cup\\u00e9ration <strong>courte<\\\/strong>.<br \\\/><br \\\/><\\\/p>\\n\n\n<p><span style=\\\"color: #c00000;\\\">\\u2297<\\\/span> Mais en ne travaillant que sur la surface, les r\\u00e9sultats sont <strong>limit\\u00e9s<\\\/strong> et ne durent souvent que <strong>1-2 ans<\\\/strong>.<\\\/p>\\n\n\n<p>------------<\\\/p>\\n\n\n<p>La photo \\u00e0 <strong>10 jours<\\\/strong> post-op\\u00e9ratoire est parfaite pour <em>Instagram<\\\/em>\\u2026 Mais vous \\u00eates-vous d\\u00e9j\\u00e0 demand\\u00e9 pourquoi on ne montre <strong>jamais<\\\/strong> le visage <strong>3 ans plus tard<\\\/strong>?<\\\/p>\\n\n\n<p><strong>Je vous le dis avec le c\\u0153ur:<\\\/strong><br \\\/>j\\u2019ai utilis\\u00e9 cette technique <strong>au d\\u00e9but<\\\/strong> de ma carri\\u00e8re, et je pourrais vous pr\\u00e9senter des <strong>dizaines<\\\/strong> de cas.<\\\/p>\\n\n\n<p>Aujourd\\u2019hui, je ne peux plus <strong>en conscience<\\\/strong> en proposer \\u00e0 mes patientes.<\\\/p>\\n\n\n<p>Pourquoi ? <strong>Parce que cela ne r\\u00e9pond pas \\u00e0 vos attentes.<\\\/strong><\\\/p>\\n\n\n<p><em>Une v\\u00e9rit\\u00e9 simple :<\\\/em><br \\\/><strong>Minilift = Mini-r\\u00e9sultats<\\\/strong><\\\/p>\",\"title\":\"Le Minilift\"}}]}]},{\"type\":\"column\",\"props\":{\"image_position\":\"center-center\",\"position_sticky_breakpoint\":\"m\",\"vertical_align\":\"middle\",\"width_medium\":\"1-3\"},\"children\":[{\"type\":\"accordion\",\"props\":{\"block_align\":\"center\",\"collapsible\":true,\"content_column_breakpoint\":\"m\",\"image_align\":\"top\",\"image_grid_breakpoint\":\"m\",\"image_grid_width\":\"1-2\",\"image_svg_color\":\"emphasis\",\"link_style\":\"default\",\"link_text\":\"Read more\",\"maxwidth\":\"xlarge\",\"show_image\":true,\"show_link\":true,\"visibility\":\"m\"},\"children\":[{\"type\":\"accordion_item\",\"props\":{\"content\":\"\n\n<p><em>La technique traditionnelle<\\\/em><\\\/p>\\n\n\n<p>Le <strong>lifting SMAS<\\\/strong> va plus loin en acc\\u00e9dant \\u00e0 une couche plus profonde (le SMAS) pour la retendre.<\\\/p>\\n\n\n<p><span style=\\\"color: #00b050;\\\">\\u2665<\\\/span> Il offre une am\\u00e9lioration visible du rel\\u00e2chement <strong>mod\\u00e9r\\u00e9<\\\/strong>.<br \\\/><br \\\/><span style=\\\"color: #c00000;\\\">\\u2297<\\\/span> Cependant, cette technique<span> <\\\/span><strong>ne corrige pas<\\\/strong><span> <\\\/span>le rel\\u00e2chement des tissus profonds ni les zones comme<span> <\\\/span><strong>le cou<\\\/strong><span> <\\\/span>ou<span> <\\\/span><strong>les sillons nasog\\u00e9niens<\\\/strong>.<\\\/p>\\n\n\n<p><span style=\\\"color: #c00000;\\\">\\u2297<\\\/span> Et elle peut provoquer des <strong>cicatrices visibles<\\\/strong> et donner un<span> <\\\/span><strong>aspect fig\\u00e9<\\\/strong><span> <\\\/span>si la tension est appliqu\\u00e9e en surface.<\\\/p>\\n\n\n<p>------------<\\\/p>\\n\n\n<p><em>Le r\\u00e9sultat?<\\\/em><\\\/p>\\n\n\n<p><strong>\\\"Ah... elle s'est fait lifter\\\"<\\\/strong><\\\/p>\",\"title\":\"Le SMAS Lift\"}}]}]},{\"type\":\"column\",\"props\":{\"image_position\":\"center-center\",\"position_sticky_breakpoint\":\"m\",\"width_medium\":\"1-3\"},\"children\":[{\"type\":\"accordion\",\"props\":{\"block_align\":\"center\",\"collapsible\":true,\"content_column_breakpoint\":\"m\",\"image_align\":\"top\",\"image_grid_breakpoint\":\"m\",\"image_grid_width\":\"1-2\",\"image_svg_color\":\"emphasis\",\"link_style\":\"default\",\"link_text\":\"Read more\",\"maxwidth\":\"xlarge\",\"show_image\":true,\"show_link\":true,\"visibility\":\"m\"},\"children\":[{\"type\":\"accordion_item\",\"props\":{\"content\":\"\n\n<p><em>La technique la plus avanc\\u00e9e<\\\/em><\\\/p>\\n\n\n<p>Le <strong>lifting Deep Plane<\\\/strong> adopte une philosophie totalement diff\\u00e9rente:<\\\/p>\\n\n\n<p><span style=\\\"color: #00b050;\\\">\\u2665<\\\/span> Il lib\\u00e8re et <strong>repositionne<\\\/strong> les tissus en profondeur, sous le SMAS, pour <strong>corriger<\\\/strong> directement la cause du rel\\u00e2chement.<br \\\/><br \\\/><\\\/p>\\n\n\n<p><span style=\\\"color: #00b050;\\\">\\u2665<\\\/span> Cela permet de <strong>retendre<\\\/strong> les ligaments de soutien et de <strong>replacer<\\\/strong> les volumes naturels du visage, sans tirer la peau.<br \\\/><br \\\/>------------<\\\/p>\\n\n\n<p><em>Le r\\u00e9sultat:<\\\/em><\\\/p>\\n\n\n<p>un visage <strong>rajeuni<\\\/strong>, <strong>naturel<\\\/strong> et <strong>expressif<\\\/strong>, sans aucune rigidit\\u00e9 ni \\u201ceffet op\\u00e9r\\u00e9\\u201d.<\\\/p>\\n\n\n<p><\\\/p>\\n\n\n<p><em>Ce n\\u2019est pas une magie qui vous fera para\\u00eetre 20 ans de moins\\u2026<\\\/em><\\\/p>\\n\n\n<p>Mais c\\u2019est la meilleure fa\\u00e7on de vous regarder \\u00e0 nouveau dans le miroir et de vous dire :<\\\/p>\\n\n\n<p><strong>\\\"Je me reconnais enfin\\\"<\\\/strong><\\\/p>\",\"title\":\"Le lifting Deep Plane\"}}]}]}]},{\"type\":\"row\",\"children\":[{\"type\":\"column\",\"props\":{\"image_position\":\"center-center\",\"position_sticky_breakpoint\":\"m\"},\"children\":[{\"type\":\"accordion\",\"props\":{\"block_align\":\"center\",\"collapsible\":true,\"content_column_breakpoint\":\"m\",\"image_align\":\"top\",\"image_grid_breakpoint\":\"m\",\"image_grid_width\":\"1-2\",\"image_svg_color\":\"emphasis\",\"link_style\":\"default\",\"link_text\":\"Read more\",\"maxwidth\":\"xlarge\",\"show_image\":true,\"show_link\":true,\"visibility\":\"hidden-m\"},\"children\":[{\"type\":\"accordion_item\",\"props\":{\"content\":\"\n\n<p><em>Subtle and frustrating results<\\\/em><\\\/p>\\n\n\n<p>The mini lift involves slightly tightening the skin and removing any excess.<\\\/p>\\n\n\n<p><span style=\\\"color: #00b050;\\\">\\u2665<\\\/span> \\u00a0It\\u2019s a quick procedure, with a short recovery time.<\\\/p>\\n\n\n<p>\\u00a0<span style=\\\"color: #c00000;\\\">\\u2297<\\\/span>\\u00a0But by working only on the surface, the results are limited and often last just <strong>1\\u20132 years<\\\/strong>.<\\\/p>\\n\n\n<p>\\u2014<\\\/p>\\n\n\n<p>The photo taken 10 days after surgery is perfect for Instagram\\u2026 But have you ever wondered why you never see the same face 3 years later?<\\\/p>\\n\n\n<p><em>I\\u2019ll tell you from the heart:<\\\/em><\\\/p>\\n\n\n<p>I used this technique early in my career, and I could show you dozens of cases.<\\\/p>\\n\n\n<p>Today, I can no longer offer it to my patients in good conscience.<\\\/p>\\n\n\n<p><strong>Why?<\\\/strong> Because it doesn\\u2019t meet your expectations.<\\\/p>\\n\n\n<p>A simple truth:<br \\\/><strong>Mini lift = Mini results<\\\/strong><\\\/p>\",\"title\":\"The Mini lift\"}},{\"type\":\"accordion_item\",\"props\":{\"content\":\"\n\n<p><em>The traditional technique<\\\/em><\\\/p>\\n\n\n<p>The SMAS lift goes further by accessing a deeper layer (the SMAS) to tighten it.<\\\/p>\\n\n\n<p><span style=\\\"color: #00b050;\\\">\\u2665<\\\/span>\\u00a0It provides a visible <strong>improvement<\\\/strong> in moderate sagging.<\\\/p>\\n\n\n<p><span style=\\\"color: #c00000;\\\">\\u2297<\\\/span>\\u00a0However, this technique does not correct sagging of the deeper tissues, nor areas such as the <strong>neck<\\\/strong> or the <strong>nasolabial folds<\\\/strong>.<\\\/p>\\n\n\n<p><span style=\\\"color: #c00000;\\\">\\u2297<\\\/span>\\u00a0And it can cause <strong>visible scarring<\\\/strong> and give a <strong>frozen appearance<\\\/strong> if the tension is applied on the surface.<\\\/p>\\n\n\n<p><\\\/p>\\n\n\n<p><span>\\u2014<\\\/span><\\\/p>\\n\n\n<p><\\\/p>\\n\n\n<p><strong>The result?<\\\/strong><\\\/p>\\n\n\n<p><em>\\u201cOh\\u2026 she\\u2019s had a facelift.\\u201d<\\\/em><\\\/p>\",\"title\":\"Le SMAS Lift\"}},{\"type\":\"accordion_item\",\"props\":{\"content\":\"\n\n<p><em>The most advanced technique<\\\/em><\\\/p>\\n\n\n<p>The Deep Plane facelift takes a completely different approach:<\\\/p>\\n\n\n<p><span style=\\\"color: #00b050;\\\">\\u2665<\\\/span>\\u00a0It releases and <strong>repositions<\\\/strong> the tissues at a deeper level, beneath the SMAS, directly addressing the root cause of sagging.<\\\/p>\\n\n\n<p><span style=\\\"color: #00b050;\\\">\\u2665<\\\/span> This allows the retaining ligaments to be tightened and the face\\u2019s natural volumes to be <strong>restored<\\\/strong> \\u2014 without pulling the skin.<\\\/p>\\n\n\n<p>\\u2014<\\\/p>\\n\n\n<p><strong>The result:<\\\/strong><br \\\/>A rejuvenated, natural, and expressive face, with no stiffness and no \\u201coperated\\u201d look.<\\\/p>\\n\n\n<p>It\\u2019s not magic that will make you look 20 years younger\\u2026<\\\/p>\\n\n\n<p>But it\\u2019s the best way to look in the mirror and say:<\\\/p>\\n\n\n<p><em>\\u201cI finally recognize myself.\\u201d<\\\/em><\\\/p>\",\"title\":\"The Deep Plane Facelift\"}}]}]}]},{\"type\":\"row\",\"props\":{\"layout\":\"1-4,1-2,1-4\"},\"children\":[{\"type\":\"column\",\"props\":{\"image_position\":\"center-center\",\"position_sticky_breakpoint\":\"m\",\"width_medium\":\"1-4\"}},{\"type\":\"column\",\"props\":{\"image_position\":\"center-center\",\"position_sticky_breakpoint\":\"m\",\"width_medium\":\"1-2\"}},{\"type\":\"column\",\"props\":{\"image_position\":\"center-center\",\"position_sticky_breakpoint\":\"m\",\"width_medium\":\"1-4\"}}]},{\"type\":\"row\",\"children\":[{\"type\":\"column\",\"props\":{\"image_position\":\"center-center\",\"position_sticky_breakpoint\":\"m\",\"style\":\"card-default\"},\"children\":[{\"type\":\"headline\",\"props\":{\"content\":\"Y t\\u00fa, \\u00bfqu\\u00e9 opinas?\",\"title_element\":\"div\",\"title_style\":\"heading-small\"}},{\"type\":\"text\",\"props\":{\"column_breakpoint\":\"m\",\"content\":\"\n\n<p>En un <strong>lifting tradicional<\\\/strong> (SMAS Lift) tensamos los tejidos <em>superficiales<\\\/em>, dejando los tejidos <em>profundos<\\\/em> fl\\u00e1cidos:<\\\/p>\\n\n\n<p><strong>es como estirar la colcha dejando las s\\u00e1banas arrugadas por debajo.<\\\/strong><\\\/p>\",\"margin\":\"default\"}},{\"type\":\"divider\",\"props\":{\"divider_element\":\"hr\"}},{\"type\":\"text\",\"props\":{\"column_breakpoint\":\"m\",\"content\":\"\n\n<p>Sin embargo, un <strong>lifting Deep Plane<\\\/strong> busca corregir lo que ha ocurrido con el paso del tiempo: tensamos primero los tejidos profundos y despu\\u00e9s quitamos el exceso de piel, sin tensi\\u00f3n.<\\\/p>\\n\n\n<p><strong>\\u00bfAcaso no tiene mucho m\\u00e1s sentido?<\\\/strong><\\\/p>\",\"margin\":\"default\"}}]}],\"props\":{\"status\":\"disabled\"}}]},{\"type\":\"section\",\"props\":{\"image_position\":\"center-center\",\"style\":\"default\",\"title_breakpoint\":\"xl\",\"title_position\":\"top-left\",\"title_rotation\":\"left\",\"vertical_align\":\"middle\",\"width\":\"default\"},\"children\":[{\"type\":\"row\",\"props\":{\"layout\":\"2-3,1-3\"},\"children\":[{\"type\":\"column\",\"props\":{\"image_position\":\"center-center\",\"position_sticky_breakpoint\":\"m\",\"width_medium\":\"2-3\"},\"children\":[{\"type\":\"headline\",\"props\":{\"content\":\"\n\n<p><span>Your face deserves the full attention of a specialist<\\\/span><\\\/p>\\n\n\n<p><\\\/p>\",\"title_color\":\"primary\",\"title_element\":\"h2\",\"title_style\":\"h1\"}},{\"type\":\"headline\",\"props\":{\"content\":\"<span>Your face is unique<\\\/span>\",\"title_decoration\":\"bullet\",\"title_element\":\"h2\"}},{\"type\":\"text\",\"props\":{\"column_breakpoint\":\"m\",\"content\":\"\n\n<p>It expresses your<b> emotions<\\\/b>, reflects your inner energy, and is an integral part of <b>your identity<\\\/b>.<\\\/p>\\n\n\n<p>Taking care of it is not a trivial decision.<\\\/p>\\n\n\n<p><\\\/p>\\n\n\n<p>That\\u2019s why it\\u2019s essential to entrust it to <b>a specialist<\\\/b> who is entirely dedicated to it.<\\\/p>\",\"margin\":\"default\"}},{\"type\":\"headline\",\"props\":{\"content\":\"<span>A rare expertise in Europe<\\\/span>\",\"title_decoration\":\"bullet\",\"title_element\":\"h2\"}},{\"type\":\"text\",\"props\":{\"column_breakpoint\":\"m\",\"content\":\"\n\n<p>In the <b>United States<\\\/b>, it is common to find surgeons who devote their entire careers exclusively to facelifting \\u2014 names like Dr<b>. Nayak<\\\/b>, Dr. <b>Talei<\\\/b>, Dr. <b>Jacono<\\\/b>, or Dr. <b>Gordon <\\\/b>are well-known references in the field.<\\\/p>\\n\n\n<p>In <b>Europe<\\\/b>, this level of expertise remains rare and is concentrated in just three cities: <b>London <\\\/b>(Dr. Bray), <b>Paris <\\\/b>(Dr. Marchac), and <b>Barcelona <\\\/b>\\u2014 where I have devoted my career exclusively to facelift surgery for over 9 years.<\\\/p>\\n\n\n<p><\\\/p>\\n\n\n<p>This specialization unites us under the same philosophy: <b>restoring the freshness of a face without transforming it<\\\/b>.<\\\/p>\",\"margin\":\"default\"}}]},{\"type\":\"column\",\"props\":{\"image_position\":\"center-center\",\"position_sticky_breakpoint\":\"m\",\"vertical_align\":\"middle\",\"width_medium\":\"1-3\"},\"children\":[{\"type\":\"image\",\"props\":{\"block_align\":\"center\",\"image\":\"wp-content\\\/uploads\\\/2024\\\/11\\\/SECPF.jpg\",\"image_alt\":\"Congreso SECPF - Dr. Mazarro Invitado como conferenciante\",\"image_box_decoration\":\"mask\",\"image_svg_color\":\"emphasis\",\"margin\":\"default\",\"maxwidth\":\"medium\"}}]}]},{\"type\":\"row\",\"children\":[{\"type\":\"column\",\"props\":{\"image_position\":\"center-center\",\"position_sticky_breakpoint\":\"m\"},\"children\":[{\"type\":\"divider\",\"props\":{\"divider_element\":\"hr\"}}]}]},{\"type\":\"row\",\"props\":{\"layout\":\"1-2,1-2\"},\"children\":[{\"type\":\"column\",\"props\":{\"image_position\":\"center-center\",\"position_sticky_breakpoint\":\"m\",\"width_medium\":\"1-2\"},\"children\":[{\"type\":\"headline\",\"props\":{\"content\":\"<span>Understanding your needs - without language barriers<\\\/span>\",\"title_decoration\":\"bullet\",\"title_element\":\"h2\"}},{\"type\":\"text\",\"props\":{\"column_breakpoint\":\"m\",\"content\":\"\n\n<p>To achieve a result that truly reflects your personality, mastering the technique is just the beginning.<\\\/p>\\n\n\n<p>It requires a combination of:<\\\/p>\\n\n\n<p>\\u2714 An in-depth understanding of facial anatomy<br \\\/>\\u2714 Surgical precision that preserves your natural expressions<br \\\/>\\u2714 An aesthetic vision that honors your unique identity<\\\/p>\\n\n\n<p><br \\\/>Equally important is clear and effortless communication.<\\\/p>\\n\n\n<p>You can share your wishes, concerns, and questions freely \\u2014 with <strong>no language barrier<\\\/strong>, because I also speak fluent English.<\\\/p>\",\"margin\":\"default\"}}]},{\"type\":\"column\",\"props\":{\"image_position\":\"center-center\",\"position_sticky_breakpoint\":\"m\",\"width_medium\":\"1-2\"},\"children\":[{\"type\":\"headline\",\"props\":{\"content\":\"<span>Just 55 minutes away by plane<\\\/span>\",\"title_decoration\":\"bullet\",\"title_element\":\"h2\"}},{\"type\":\"text\",\"props\":{\"column_breakpoint\":\"m\",\"content\":\"\n\n<p>Whether you live in <b>Mallorca <\\\/b>or <b>Menorca<\\\/b>, getting to Barcelona is simple and quick.<\\\/p>\\n\n\n<p>And for your comfort, we can arrange an <b>initial video consultation<\\\/b>\\u00a0to assess your case.<\\\/p>\\n\n\n<p>Would you like to know more about our process for <b>patients coming from outside the city<\\\/b>?<\\\/p>\\n\n\n<p>It\\u2019s much easier than it seems \\u2014 and I explain everything in detail: <a href=\\\"https:\\\/\\\/drmazarro.com\\\/en\\\/international-patients\\\/\\\" target=\\\"_blank\\\" rel=\\\"noopener\\\">discover our protocol<\\\/a>.<\\\/p>\",\"margin\":\"default\"}}]}]},{\"type\":\"row\",\"children\":[{\"type\":\"column\",\"props\":{\"image_position\":\"center-center\",\"position_sticky_breakpoint\":\"m\"},\"children\":[{\"type\":\"button\",\"props\":{\"button_size\":\"large\",\"fullwidth\":false,\"grid_column_gap\":\"small\",\"grid_row_gap\":\"small\",\"margin\":\"default\",\"text_align\":\"center\"},\"children\":[{\"type\":\"button_item\",\"props\":{\"button_style\":\"primary\",\"content\":\"Book your consultation\",\"dialog_layout\":\"modal\",\"dialog_offcanvas_flip\":true,\"icon_align\":\"left\",\"link\":\"#pidecita\"}}]}]}]}]},{\"type\":\"section\",\"props\":{\"id\":\"antesdespues\",\"image_position\":\"center-center\",\"status\":\"disabled\",\"style\":\"default\",\"title_breakpoint\":\"xl\",\"title_position\":\"top-left\",\"title_rotation\":\"left\",\"vertical_align\":\"\",\"width\":\"default\"},\"children\":[{\"type\":\"row\",\"children\":[{\"type\":\"column\",\"props\":{\"image_position\":\"center-center\",\"position_sticky_breakpoint\":\"m\"},\"children\":[{\"type\":\"headline\",\"props\":{\"content\":\"Facelift \\u2013 Before & After\",\"margin\":\"small\",\"text_align\":\"left\",\"text_align_breakpoint\":\"m\",\"text_align_fallback\":\"center\",\"title_color\":\"muted\",\"title_decoration\":\"divider\",\"title_element\":\"h2\",\"title_style\":\"h2\"}},{\"type\":\"headline\",\"props\":{\"content\":\"\n\n<p>Would you like to see the kind of results you can achieve in the hands of a <b>facelift specialist with over 9 years of experience<\\\/b>?<\\\/p>\",\"text_align\":\"center\",\"title_color\":\"primary\",\"title_element\":\"div\",\"title_style\":\"h2\"}}]}]},{\"type\":\"row\",\"props\":{\"layout\":\"1-4,1-2,1-4\"},\"children\":[{\"type\":\"column\",\"props\":{\"image_position\":\"center-center\",\"position_sticky_breakpoint\":\"m\",\"width_medium\":\"1-4\"}},{\"type\":\"column\",\"props\":{\"image_position\":\"center-center\",\"position_sticky_breakpoint\":\"m\",\"width_medium\":\"1-2\"},\"children\":[{\"type\":\"text\",\"props\":{\"column_breakpoint\":\"m\",\"content\":\"\n\n<ul>\\n\n\n<li>\\n\n\n<p>Redefinition of the jawline (restoring the full definition of the facial contour)<\\\/p>\\n<\\\/li>\\n\n\n<li>\\n\n\n<p>A visibly rejuvenated appearance, while remaining natural (still yourself \\u2014 just refreshed)<\\\/p>\\n<\\\/li>\\n\n\n<li>\\n\n\n<p>Softening of the nasolabial folds<\\\/p>\\n<\\\/li>\\n\n\n<li>\\n\n\n<p>Harmonious correction of jowls and lower-face sagging<\\\/p>\\n<\\\/li>\\n\n\n<li>\\n\n\n<p>Tightening of the neck and chin to eliminate the \\u201cdouble chin\\u201d effect<\\\/p>\\n<\\\/li>\\n<\\\/ul>\",\"margin\":\"default\"}}]},{\"type\":\"column\",\"props\":{\"image_position\":\"center-center\",\"position_sticky_breakpoint\":\"m\",\"width_medium\":\"1-4\"}}]},{\"type\":\"row\",\"children\":[{\"type\":\"column\",\"props\":{\"image_position\":\"center-center\",\"position_sticky_breakpoint\":\"m\"},\"children\":[{\"type\":\"headline\",\"props\":{\"content\":\"\n\n<div>Before &amp; After Results of the Deep Plane Facelift | Dr. Mazarro<\\\/div>\",\"text_align\":\"center\",\"title_decoration\":\"line\",\"title_element\":\"h3\",\"title_style\":\"text-meta\"}},{\"type\":\"gallery\",\"props\":{\"filter_align\":\"left\",\"filter_all\":true,\"filter_grid_breakpoint\":\"m\",\"filter_grid_width\":\"auto\",\"filter_position\":\"top\",\"filter_style\":\"tab\",\"grid_default\":\"2\",\"grid_masonry\":false,\"grid_medium\":\"4\",\"grid_parallax\":\"0\",\"item_animation\":true,\"lightbox\":true,\"lightbox_bg_close\":true,\"link_style\":\"default\",\"link_text\":\"+\",\"margin\":\"default\",\"meta_align\":\"below-title\",\"meta_element\":\"div\",\"meta_style\":\"text-meta\",\"overlay_hover\":true,\"overlay_mode\":\"cover\",\"overlay_position\":\"center\",\"overlay_style\":\"overlay-primary\",\"overlay_transition\":\"fade\",\"show_content\":true,\"show_hover_image\":true,\"show_hover_video\":true,\"show_link\":true,\"show_meta\":true,\"show_title\":true,\"text_align\":\"center\",\"text_color\":\"light\",\"title_element\":\"h3\",\"title_hover_style\":\"reset\"},\"children\":[{\"type\":\"gallery_item\",\"props\":{\"content\":\"\n\n<p>Resultados al mes<\\\/p>\",\"image\":\"wp-content\\\/uploads\\\/2022\\\/12\\\/15-665-500.jpg\",\"image_alt\":\"Lifting facial \\\/ Deep Plane Facelift- Dr. Mazarro\"}},{\"type\":\"gallery_item\",\"props\":{\"content\":\"\n\n<p>Resultados al mes<\\\/p>\",\"image\":\"wp-content\\\/uploads\\\/2023\\\/07\\\/prepost-web-2.jpg\",\"image_alt\":\"Lifting facial \\\/ Deep Plane Facelift- Dr. Mazarro\"}},{\"type\":\"gallery_item\",\"props\":{\"content\":\"\n\n<p>Resultados a los 2 meses<\\\/p>\",\"image\":\"wp-content\\\/uploads\\\/2025\\\/04\\\/1-copia-800q5.jpg\",\"image_alt\":\"Lifting facial \\\/ Deep Plane Facelift- Dr. Mazarro\"}},{\"type\":\"gallery_item\",\"props\":{\"content\":\"\n\n<p>Resultados a los 2 meses<\\\/p>\",\"image\":\"wp-content\\\/uploads\\\/2025\\\/04\\\/2-copia-800-q5.jpg\",\"image_alt\":\"Lifting facial \\\/ Deep Plane Facelift- Dr. Mazarro\"}},{\"type\":\"gallery_item\",\"props\":{\"content\":\"\n\n<p>Resultados a los 7 d\\u00edas<\\\/p>\",\"image\":\"wp-content\\\/uploads\\\/2022\\\/12\\\/13a-665-500.jpg\",\"image_alt\":\"Lifting facial \\\/ Deep Plane Facelift- Dr. Mazarro\"}},{\"type\":\"gallery_item\",\"props\":{\"content\":\"\n\n<p>Resultados al a\\u00f1o<\\\/p>\",\"image\":\"wp-content\\\/uploads\\\/2022\\\/12\\\/14-665-500.jpg\",\"image_alt\":\"Lifting facial \\\/ Deep Plane Facelift- Dr. Mazarro\"}},{\"type\":\"gallery_item\",\"props\":{\"content\":\"\n\n<p>Resultados a los 5 meses<\\\/p>\",\"image\":\"wp-content\\\/uploads\\\/2025\\\/04\\\/4-copia-black_800.jpg\",\"image_alt\":\"Lifting cervicofacial \\\/ Deep Plane Facelift- Dr. Mazarro\"}},{\"type\":\"gallery_item\",\"props\":{\"content\":\"\n\n<p>Lifting cervicofacial de tipo Deep Plane - Resultados a los 5 meses<\\\/p>\",\"image\":\"wp-content\\\/uploads\\\/2025\\\/04\\\/2-copia-BLUR-scaled.jpg\",\"image_alt\":\"Lifting cervicofacial \\\/ Deep Plane Facelift- Dr. Mazarro\"}}]}]}]},{\"type\":\"row\",\"children\":[{\"type\":\"column\",\"props\":{\"image_position\":\"center-center\",\"position_sticky_breakpoint\":\"m\"},\"children\":[{\"type\":\"text\",\"props\":{\"column_breakpoint\":\"m\",\"content\":\"\n\n<p style=\\\"text-align: center;\\\">Book your appointment and find, among hundreds of patients, cases <b>just like yours<\\\/b> \\u2014 to see the kind of results we can achieve together.<\\\/p>\\n\n\n<p style=\\\"text-align: center;\\\"><\\\/p>\",\"margin\":\"default\"}},{\"type\":\"button\",\"props\":{\"grid_column_gap\":\"small\",\"grid_row_gap\":\"small\",\"margin\":\"default\",\"text_align\":\"center\"},\"children\":[{\"type\":\"button_item\",\"props\":{\"button_style\":\"primary\",\"content\":\"Book my first consultation\",\"dialog_layout\":\"modal\",\"dialog_offcanvas_flip\":true,\"icon_align\":\"left\",\"link\":\"#pidecita\"}}]}]}]}],\"name\":\"2025 - ANTES Y DESPU\\u00c9S - JUNIO V2 - FR\"},{\"type\":\"section\",\"props\":{\"image_position\":\"center-center\",\"style\":\"default\",\"title_breakpoint\":\"xl\",\"title_position\":\"top-left\",\"title_rotation\":\"left\",\"vertical_align\":\"middle\",\"width\":\"default\"},\"children\":[{\"type\":\"row\",\"children\":[{\"type\":\"column\",\"props\":{\"image_position\":\"center-center\",\"position_sticky_breakpoint\":\"m\"},\"children\":[{\"type\":\"headline\",\"props\":{\"animation\":\"scale-up\",\"content\":\"Want to know what my patients say?\\n\",\"text_align\":\"center\",\"title_color\":\"primary\",\"title_element\":\"div\",\"title_style\":\"h1\"}}]}]},{\"type\":\"row\",\"children\":[{\"type\":\"column\",\"props\":{\"image_position\":\"center-center\",\"position_sticky_breakpoint\":\"m\"},\"children\":[{\"type\":\"headline\",\"props\":{\"content\":\"Reviews from Google and Doctoralia\\n\\n\",\"text_align\":\"center\",\"title_decoration\":\"line\",\"title_element\":\"h2\",\"title_style\":\"text-meta\"}},{\"type\":\"image\",\"props\":{\"image\":\"wp-content\\\/uploads\\\/2025\\\/09\\\/Opiniones-Dr-Mazarro.jpg\",\"image_alt\":\"Reviews Dr. Mazarro\",\"image_svg_color\":\"emphasis\",\"link\":\"https:\\\/\\\/drmazarro.com\\\/en\\\/deep-plane\\\/opiniones\\\/\",\"margin\":\"default\",\"text_align\":\"center\"}}]}]}],\"name\":\"2025 OPINIONES con bot\\u00f3n FR\"},{\"type\":\"section\",\"props\":{\"id\":\"pidecita\",\"image_position\":\"center-center\",\"style\":\"default\",\"title_breakpoint\":\"xl\",\"title_position\":\"top-left\",\"title_rotation\":\"left\",\"vertical_align\":\"\",\"width\":\"default\"},\"children\":[{\"type\":\"row\",\"children\":[{\"type\":\"column\",\"props\":{\"image_position\":\"center-center\",\"position_sticky_breakpoint\":\"m\"},\"children\":[{\"type\":\"headline\",\"props\":{\"content\":\"Book your appointment\\n\",\"id\":\"pidecita\",\"title_decoration\":\"divider\",\"title_element\":\"h2\",\"title_style\":\"text-meta\"},\"name\":\"pidecita\"},{\"type\":\"headline\",\"props\":{\"content\":\"And discover how to recover your best version\",\"title_element\":\"div\",\"title_style\":\"h2\"}}]}]},{\"type\":\"row\",\"props\":{\"column_gap\":\"large\",\"divider\":true,\"layout\":\"1-3,2-3\",\"width\":\"default\"},\"children\":[{\"type\":\"column\",\"props\":{\"image_position\":\"center-center\",\"position_sticky_breakpoint\":\"m\",\"vertical_align\":\"middle\",\"width_medium\":\"1-3\"},\"children\":[{\"type\":\"image\",\"props\":{\"block_align\":\"center\",\"image\":\"wp-content\\\/uploads\\\/2024\\\/09\\\/sin-bata-square-536-BW.jpg\",\"image_alt\":\"Dr. Alejandro Mazarro - Especialista en Lifting Facial Deep Plane en Barcelona\",\"image_box_decoration\":\"mask\",\"image_box_shadow\":\"small\",\"image_svg_color\":\"emphasis\",\"link\":\"dr-alejandro-mazarro-especialista-en-lifting-facial\\\/\",\"margin\":\"default\",\"maxwidth\":\"medium\"}},{\"type\":\"button\",\"props\":{\"button_size\":\"large\",\"fullwidth\":false,\"grid_column_gap\":\"small\",\"grid_row_gap\":\"small\",\"margin\":\"default\",\"text_align\":\"center\"},\"children\":[{\"type\":\"button_item\",\"props\":{\"button_style\":\"primary\",\"content\":\"Book an appointment\",\"dialog_layout\":\"modal\",\"dialog_offcanvas_flip\":true,\"icon_align\":\"left\",\"link\":\"https:\\\/\\\/api.whatsapp.com\\\/send\\\/?phone=+34644534515&text=Hello,%20I%20want%20to%20book%20an%20appointment%20with%20Dr.%20Mazarro\"}}]}]},{\"type\":\"column\",\"props\":{\"image_position\":\"center-center\",\"position_sticky_breakpoint\":\"m\",\"width_medium\":\"2-3\"},\"children\":[{\"type\":\"text\",\"props\":{\"column_breakpoint\":\"m\",\"content\":\"\n\n<p style=\\\"text-align: center;\\\">Fill out the form or contact us via <a href=\\\"https:\\\/\\\/api.whatsapp.com\\\/send\\\/?phone=+34644534515&amp;text=Hello,%20I%20want%20to%20book%20an%20appointment%20with%20Dr.%20Mazarro\\\">WhatsApp<\\\/a> (<a href=\\\"https:\\\/\\\/api.whatsapp.com\\\/send\\\/?phone=+34644534515&amp;text=Hello,%20I%20want%20to%20book%20an%20appointment%20with%20Dr.%20Mazarro\\\">+34 644 534 515<\\\/a>) or <a href=\\\"mailto:info@drmazarro.com\\\">email<\\\/a> (<a href=\\\"mailto:info@drmazarro.com\\\">info@drmazarro.com<\\\/a>) in order to book an <strong>in-person<\\\/strong> or an <strong>online<\\\/strong> consultation.<\\\/p>\",\"margin\":\"large\"}},{\"type\":\"html\",\"props\":{\"content\":\"[contact-form-7 id=\\\"8322f7b\\\" title=\\\"Contact-English\\\"]\"}},{\"type\":\"text\",\"props\":{\"column_breakpoint\":\"m\",\"content\":\"\n\n<p style=\\\"font-size: 8px;\\\">We inform you that the personal data you provide by filling out this form will be processed by ALEJANDRO MAZARRO CAMPOS. The purpose of collecting and processing the requested personal data is to send information related to your consultation inquiry via e-mail, SMS, WhatsApp\\u00ae, or phone call. Personal and contact data may be shared with the respective marketing\\\/customer service teams of the clinic(s) where Dr. Mazarro collaborates to contact the applicant. The user also consents that their contact details may be processed by ALEJANDRO MAZARRO CAMPOS for the purpose of providing information through electronic or other means about new products and services related to his activity for advertising and promotional purposes. By checking the acceptance box, you are giving your express and legitimate consent for your data to be processed in accordance with the purposes of this form described in the privacy policy. You may exercise your rights of access, rectification, limitation, and deletion through the email address info@drmazarro.com.<\\\/p>\",\"margin\":\"default\",\"margin_remove_bottom\":true,\"margin_remove_top\":false,\"text_align\":\"justify\",\"text_style\":\"meta\"},\"name\":\"texto legal formulario\"},{\"type\":\"accordion\",\"props\":{\"collapsible\":true,\"content_column_breakpoint\":\"m\",\"content_margin\":\"small\",\"content_style\":\"meta\",\"image_align\":\"top\",\"image_grid_breakpoint\":\"m\",\"image_grid_width\":\"1-2\",\"image_svg_color\":\"emphasis\",\"link_style\":\"default\",\"link_text\":\"+\",\"show_image\":false,\"show_link\":false},\"children\":[{\"type\":\"accordion_item\",\"props\":{\"content\":\"\n\n<p><strong>Controller:<\\\/strong> Alejandro Mazarro Campos. <br \\\/><strong>Purpose:<\\\/strong> respond to your inquiry. <br \\\/><strong>Legal basis:<\\\/strong> user consent. <br \\\/><strong>Recipients:<\\\/strong> the data you provide will be stored on Google Workspace servers (my email provider).<br \\\/><strong>Rights:<\\\/strong> you can always access, rectify, limit and delete your personal data.<\\\/p>\",\"title\":\"+\"}}]}]}]}],\"name\":\"pide cita\"},{\"type\":\"section\",\"props\":{\"image_position\":\"center-center\",\"style\":\"default\",\"title_breakpoint\":\"xl\",\"title_position\":\"top-left\",\"title_rotation\":\"left\",\"vertical_align\":\"\",\"width\":\"default\"},\"children\":[{\"type\":\"row\",\"children\":[{\"type\":\"column\",\"props\":{\"image_position\":\"center-center\",\"position_sticky_breakpoint\":\"m\"}}]}],\"name\":\"2025 - BANNER **PIDE CITA** 2 COL - ENG\"}],\"version\":\"4.5.5\"} --><\/p>\n","protected":false},"excerpt":{"rendered":"<p>Facelift in Mallorca and Menorca Dr. Mazarro \u2013 Deep Plane Facelift Specialist Barcelona Mallorca | Menorca | Ibiza | Formentera With time, subtle signs begin to appear Your facial contour slowly loses its youthful shape. A tired expression appears, hiding the energy you feel inside. Your neck begins to show signs of time faster than [&hellip;]<\/p>\n","protected":false},"author":1,"featured_media":26362,"parent":30349,"menu_order":0,"comment_status":"closed","ping_status":"closed","template":"","meta":{"_acf_changed":false,"_monsterinsights_skip_tracking":false,"_monsterinsights_sitenote_active":false,"_monsterinsights_sitenote_note":"","_monsterinsights_sitenote_category":0,"footnotes":""},"class_list":["post-28407","page","type-page","status-publish","has-post-thumbnail","hentry"],"acf":[],"yoast_head":"<!-- This site is optimized with the Yoast SEO plugin v27.3 - https:\/\/yoast.com\/product\/yoast-seo-wordpress\/ -->\n<title>Deep Plane Facelift Specialist in Mallorca and Menorca | Dr. Mazarro<\/title>\n<meta name=\"description\" content=\"Deep Plane Facelift in Mallorca &amp; Menorca \u2013 Natural, Long-Lasting Results with Expert Surgeon --- In person appointment or videoconsultation\" \/>\n<meta name=\"robots\" content=\"index, follow, max-snippet:-1, max-image-preview:large, max-video-preview:-1\" \/>\n<link rel=\"canonical\" href=\"https:\/\/drmazarro.com\/en\/facelift\/mallorca-menorca\/\" \/>\n<meta property=\"og:locale\" content=\"en_US\" \/>\n<meta property=\"og:type\" content=\"article\" \/>\n<meta property=\"og:title\" content=\"Deep Plane Facelift Specialist in Mallorca and Menorca | Dr. Mazarro\" \/>\n<meta property=\"og:description\" content=\"Deep Plane Facelift in Mallorca &amp; Menorca \u2013 Natural, Long-Lasting Results with Expert Surgeon\" \/>\n<meta property=\"og:url\" content=\"https:\/\/drmazarro.com\/en\/facelift\/mallorca-menorca\/\" \/>\n<meta property=\"og:site_name\" content=\"Dr. Mazarro\" \/>\n<meta property=\"article:publisher\" content=\"https:\/\/www.facebook.com\/Dr-Mazarro-Cirug%c3%ada-Est%c3%a9tica-Facial-en-Barcelona-101872084913358\/\" \/>\n<meta property=\"article:modified_time\" content=\"2025-09-13T13:02:02+00:00\" \/>\n<meta property=\"og:image\" content=\"https:\/\/drmazarro.com\/wp-content\/uploads\/2024\/09\/sin-bata-square-536-BW.jpg\" \/>\n\t<meta property=\"og:image:width\" content=\"536\" \/>\n\t<meta property=\"og:image:height\" content=\"536\" \/>\n\t<meta property=\"og:image:type\" content=\"image\/jpeg\" \/>\n<meta name=\"twitter:card\" content=\"summary_large_image\" \/>\n<meta name=\"twitter:label1\" content=\"Est. reading time\" \/>\n\t<meta name=\"twitter:data1\" content=\"9 minutes\" \/>\n<!-- \/ Yoast SEO plugin. -->","yoast_head_json":{"title":"Deep Plane Facelift Specialist in Mallorca and Menorca | Dr. Mazarro","description":"Deep Plane Facelift in Mallorca & Menorca \u2013 Natural, Long-Lasting Results with Expert Surgeon --- In person appointment or videoconsultation","robots":{"index":"index","follow":"follow","max-snippet":"max-snippet:-1","max-image-preview":"max-image-preview:large","max-video-preview":"max-video-preview:-1"},"canonical":"https:\/\/drmazarro.com\/en\/facelift\/mallorca-menorca\/","og_locale":"en_US","og_type":"article","og_title":"Deep Plane Facelift Specialist in Mallorca and Menorca | Dr. Mazarro","og_description":"Deep Plane Facelift in Mallorca & Menorca \u2013 Natural, Long-Lasting Results with Expert Surgeon","og_url":"https:\/\/drmazarro.com\/en\/facelift\/mallorca-menorca\/","og_site_name":"Dr. Mazarro","article_publisher":"https:\/\/www.facebook.com\/Dr-Mazarro-Cirug%c3%ada-Est%c3%a9tica-Facial-en-Barcelona-101872084913358\/","article_modified_time":"2025-09-13T13:02:02+00:00","og_image":[{"width":536,"height":536,"url":"https:\/\/drmazarro.com\/wp-content\/uploads\/2024\/09\/sin-bata-square-536-BW.jpg","type":"image\/jpeg"}],"twitter_card":"summary_large_image","twitter_misc":{"Est. reading time":"9 minutes"},"schema":{"@context":"https:\/\/schema.org","@graph":[{"@type":"WebPage","@id":"https:\/\/drmazarro.com\/en\/facelift\/mallorca-menorca\/","url":"https:\/\/drmazarro.com\/en\/facelift\/mallorca-menorca\/","name":"Deep Plane Facelift Specialist in Mallorca and Menorca | Dr. Mazarro","isPartOf":{"@id":"https:\/\/drmazarro.com\/en\/#website"},"primaryImageOfPage":{"@id":"https:\/\/drmazarro.com\/en\/facelift\/mallorca-menorca\/#primaryimage"},"image":{"@id":"https:\/\/drmazarro.com\/en\/facelift\/mallorca-menorca\/#primaryimage"},"thumbnailUrl":"https:\/\/drmazarro.com\/wp-content\/uploads\/2024\/09\/sin-bata-square-536-BW.jpg","datePublished":"2025-07-18T10:06:56+00:00","dateModified":"2025-09-13T13:02:02+00:00","description":"Deep Plane Facelift in Mallorca & Menorca \u2013 Natural, Long-Lasting Results with Expert Surgeon --- In person appointment or videoconsultation","breadcrumb":{"@id":"https:\/\/drmazarro.com\/en\/facelift\/mallorca-menorca\/#breadcrumb"},"inLanguage":"en-US","potentialAction":[{"@type":"ReadAction","target":["https:\/\/drmazarro.com\/en\/facelift\/mallorca-menorca\/"]}]},{"@type":"ImageObject","inLanguage":"en-US","@id":"https:\/\/drmazarro.com\/en\/facelift\/mallorca-menorca\/#primaryimage","url":"https:\/\/drmazarro.com\/wp-content\/uploads\/2024\/09\/sin-bata-square-536-BW.jpg","contentUrl":"https:\/\/drmazarro.com\/wp-content\/uploads\/2024\/09\/sin-bata-square-536-BW.jpg","width":536,"height":536,"caption":"Dr Mazarro - Especialista en lifting Facial"},{"@type":"BreadcrumbList","@id":"https:\/\/drmazarro.com\/en\/facelift\/mallorca-menorca\/#breadcrumb","itemListElement":[{"@type":"ListItem","position":1,"name":"Portada","item":"https:\/\/drmazarro.com\/en\/"},{"@type":"ListItem","position":2,"name":"Facelift and Neck Lift in Barcelona | Dr. Mazarro &#8211; Specialist","item":"https:\/\/drmazarro.com\/en\/facelift\/"},{"@type":"ListItem","position":3,"name":"Facelift in Mallorca and Menorca"}]},{"@type":"WebSite","@id":"https:\/\/drmazarro.com\/en\/#website","url":"https:\/\/drmazarro.com\/en\/","name":"Dr. Mazarro","description":"Cirug\u00eda y Medicina Est\u00e9tica Facial en Barcelona","publisher":{"@id":"https:\/\/drmazarro.com\/en\/#organization"},"potentialAction":[{"@type":"SearchAction","target":{"@type":"EntryPoint","urlTemplate":"https:\/\/drmazarro.com\/en\/?s={search_term_string}"},"query-input":{"@type":"PropertyValueSpecification","valueRequired":true,"valueName":"search_term_string"}}],"inLanguage":"en-US"},{"@type":"Organization","@id":"https:\/\/drmazarro.com\/en\/#organization","name":"Dr. Mazarro","url":"https:\/\/drmazarro.com\/en\/","logo":{"@type":"ImageObject","inLanguage":"en-US","@id":"https:\/\/drmazarro.com\/en\/#\/schema\/logo\/image\/","url":"https:\/\/drmazarro.com\/wp-content\/uploads\/2024\/03\/AM-576.png","contentUrl":"https:\/\/drmazarro.com\/wp-content\/uploads\/2024\/03\/AM-576.png","width":576,"height":576,"caption":"Dr. Mazarro"},"image":{"@id":"https:\/\/drmazarro.com\/en\/#\/schema\/logo\/image\/"},"sameAs":["https:\/\/www.facebook.com\/Dr-Mazarro-Cirug\u00eda-Est\u00e9tica-Facial-en-Barcelona-101872084913358\/","https:\/\/www.instagram.com\/drmazarro_alejandro\/"]}]}},"_links":{"self":[{"href":"https:\/\/drmazarro.com\/en\/wp-json\/wp\/v2\/pages\/28407","targetHints":{"allow":["GET"]}}],"collection":[{"href":"https:\/\/drmazarro.com\/en\/wp-json\/wp\/v2\/pages"}],"about":[{"href":"https:\/\/drmazarro.com\/en\/wp-json\/wp\/v2\/types\/page"}],"author":[{"embeddable":true,"href":"https:\/\/drmazarro.com\/en\/wp-json\/wp\/v2\/users\/1"}],"replies":[{"embeddable":true,"href":"https:\/\/drmazarro.com\/en\/wp-json\/wp\/v2\/comments?post=28407"}],"version-history":[{"count":39,"href":"https:\/\/drmazarro.com\/en\/wp-json\/wp\/v2\/pages\/28407\/revisions"}],"predecessor-version":[{"id":31413,"href":"https:\/\/drmazarro.com\/en\/wp-json\/wp\/v2\/pages\/28407\/revisions\/31413"}],"up":[{"embeddable":true,"href":"https:\/\/drmazarro.com\/en\/wp-json\/wp\/v2\/pages\/30349"}],"wp:featuredmedia":[{"embeddable":true,"href":"https:\/\/drmazarro.com\/en\/wp-json\/wp\/v2\/media\/26362"}],"wp:attachment":[{"href":"https:\/\/drmazarro.com\/en\/wp-json\/wp\/v2\/media?parent=28407"}],"curies":[{"name":"wp","href":"https:\/\/api.w.org\/{rel}","templated":true}]}}