{"id":23393,"date":"2024-12-22T22:20:23","date_gmt":"2024-12-22T21:20:23","guid":{"rendered":"https:\/\/drmazarro.com\/?page_id=23393"},"modified":"2025-09-12T15:55:14","modified_gmt":"2025-09-12T13:55:14","slug":"sobre-mi","status":"publish","type":"page","link":"https:\/\/drmazarro.com\/ca\/sobre-mi\/","title":{"rendered":"Sobre mi"},"content":{"rendered":"<h1><span class=\"mi-estilo-especial\"><br \/>\n    Dr. Alejandro Mazarro<br \/>\n    <span class=\"parte-secundaria\">Especialista en Lifting Facial Deep Plane<\/span><br \/>\n<\/span><br \/>\n<\/h1>\n<div>amb <strong>m\u00e9s de 9 anys<\/strong> d&#8217;experi\u00e8ncia<\/div>\n<div>Si vols resultats espectaculars<\/div>\n<div>necessites un especialista<\/div>\n<div>\n<p>Creus que \u00e9s possible aconseguir el m\u00e0xim nivell en lifting facial i alhora fer rinopl\u00e0sties, liposuccions, abdominopl\u00e0stia i augment de pit?<\/p>\n<p>Exactament.<\/p>\n<p>Nom\u00e9s amb alg\u00fa que tingui prou <strong>experi\u00e8ncia<\/strong> pots esperar aconseguir <a href=\"https:\/\/drmazarro.com\/ca\/deep-plane\/abans-despres\/\"><strong>els millors resultats<\/strong><\/a>.<\/p>\n<p>Per aix\u00f2 t&#8217;ofereixo el que jo voldria per a mi: <strong>un especialista amb experi\u00e8ncia<\/strong>.<\/p>\n<p>Ponent en diversos cursos i congressos, <strong>convidat com a \u00fanic ponent nacional en lifting Deep Plane<\/strong> al III Congr\u00e9s Nacional de la Societat Espanyola de Cirurgia Pl\u00e0stica Facial, al costat de cirurgians de la talla de Ben Talei, Mike Nayak, Neil Gordon, Alessandro Gualdi, Mario Pelle i Lessandro Martins.<\/p>\n<\/div>\n<div>Parlem?<\/div>\n<p><img decoding=\"async\" src=\"\/wp-content\/uploads\/2024\/11\/SECPF.jpg\" alt=\"Congreso SECPF - Dr. Mazarro\"><\/p>\n<h2>Dr. Alejandro Mazarro, M.D., PhD<\/h2>\n<h2>T&#8217;explico la meva hist\u00f2ria<\/h2>\n<div>\n<p>Fa uns anys, vaig tenir un <strong>accident de moto<\/strong> que gaireb\u00e9 va posar fi al meu futur en el que \u00e9s la meva passi\u00f3: la cirurgia est\u00e8tica facial.<\/p>\n<p>En aquella \u00e8poca, acabava de finalitzar la meva especialitzaci\u00f3. Tot i que el lifting facial em apassionava, tamb\u00e9 tenia ganes d&#8217;explorar la rinopl\u00e0stia, la cirurgia ortogn\u00e0tica, etc.<\/p>\n<p>En resum, com tot jove cirurgi\u00e0 que vol <strong>conquerir el m\u00f3n<\/strong>.<\/p>\n<p>L&#8217;accident em va causar una lesi\u00f3 a la m\u00e0, cosa que m&#8217;impedia fer <strong>la pin\u00e7a amb el polze i l&#8217;\u00edndex<\/strong>. Estic segur que et pots imaginar quantes nits en blanc vaig passar maleint aquella moto&#8230;<\/p>\n<p>Per\u00f2 \u00e9s clar, si havia de passar pel quir\u00f2fan, volia el que cada pacient desitja&#8230;<\/p>\n<p><strong>&#8230;estar en les millors mans.<\/strong><\/p>\n<p>Durant la meva recuperaci\u00f3, vaig tenir tot el temps per reflexionar sobre qu\u00e8 faria per continuar lluitant pel meu somni. No pensava quedar-me de bra\u00e7os plegats i conformar-me amb un resultat acceptable.<\/p>\n<p>Aix\u00ed que <strong>vaig fer recerca<\/strong> i vaig trobar el millor cirurgi\u00e0 de la m\u00e0. Com et pots imaginar, les meves mans s\u00f3n les meves eines de treball, aix\u00ed que no em podia conformar amb qualsevol, <strong>volia el millor.<\/strong><\/p>\n<p>I el vaig trobar. Tot i que encara era massa aviat, ja sabia qui m&#8217;operaria si finalment havia de passar per quir\u00f2fan.<\/p>\n<p>Hauria de <strong>agafar un vol<\/strong> (opera a les Can\u00e0ries), per\u00f2 volia la garantia que seria operat per <strong>un especialista<\/strong>.<\/p>\n<p>Tot aquest proc\u00e9s va ser una <strong>revelaci\u00f3<\/strong>.<\/p>\n<p>I tot i que aix\u00f2 pot semblar una mica <em>clix\u00e9<\/em>, si aix\u00f2 \u00e9s el que vull per a mi, tamb\u00e9 \u00e9s el que vull per als meus pacients. A partir d&#8217;aquell moment, <strong>vaig deixar<\/strong> de fer el que feia la majoria dels meus col\u00b7legues (rinopl\u00e0sties, cirurgies ortogn\u00e0tiques, etc.) i em vaig <strong>concentrar<\/strong> en la cirurgia de lifting.<\/p>\n<p>Vaig visitar els millors cirurgians de lifting, vaig assistir a tots els cursos i em vaig formar per oferir-te avui el que voldria per a mi mateix: <strong>un especialista experimentat<\/strong>.<\/p>\n<p>Si vols que descobrim junts el que podem aconseguir junts, <strong>demana cita i en parlem.<\/strong><\/p>\n<\/div>\n<hr>\n<p><img decoding=\"async\" src=\"\/wp-content\/uploads\/2021\/03\/Firma-Dr-Mazarro.png\" alt=\"Firma Dr Alejandro Mazarro especialista lifting facial Barcelona\"><\/p>\n<hr>\n<div>\n<p style=\"text-align: center;\">TopDoctors reconeix al Dr. Mazarro entre els millors especialistes de Cirurgia Maxil\u00b7lofacial de Catalunya<\/p>\n<p style=\"text-align: center;\">Moltes gr\u00e0cies!<\/p>\n<p style=\"text-align: center;\"><a href=\"https:\/\/www.lavanguardia.com\/monograficos\/top-doctors\/topdoctorsr-28-anos-identificando-los-mejores-doctores-del-mundo\">Llegir l&#8217;article<\/a><\/p>\n<\/div>\n<hr>\n<p><p>\n        <a href=\"\/prensa\/\">Veure altres aparicions en premsa<\/a>\n    <\/p>\n<\/p>\n<p><a href=\"\/prensa\/\"><img decoding=\"async\" src=\"\/wp-content\/uploads\/2023\/11\/faja-medios.jpg\" alt=\"faja medios Dr Mazarro\"><\/a><br \/>\n<img decoding=\"async\" src=\"\/wp-content\/uploads\/2019\/02\/Topdoctors-1000-5.jpg\" alt=\"\"><\/p>\n<div>La opini\u00f3 dels meus pacients<\/div>\n<hr>\n<div>\n<p style=\"text-align: center;\">Aqu\u00ed tens <a href=\"https:\/\/drmazarro.com\/ca\/deep-plane\/opinions\/\">el testimoni dels meus pacients<\/a>.<\/p>\n<\/div>\n<p><a href=\"https:\/\/drmazarro.com\/ca\/deep-plane\/opinions-lifting-facial\/\"><img decoding=\"async\" src=\"\/wp-content\/uploads\/2025\/09\/Opiniones-Dr-Mazarro.jpg\" alt=\"Opinions Dr. Mazarro\"><\/a><\/p>\n<ul>\n<li>\n<h3>Informaci\u00f3 acad\u00e8mica<\/h3>\n<div>\n<p>La meva formaci\u00f3 com a cirurgi\u00e0 est\u00e0 lligada a alguns dels hospitals de refer\u00e8ncia de Barcelona. Em vaig llicenciar en Medicina a la Universitat de Barcelona &#8211;<a href=\"https:\/\/www.clinicbarcelona.org\/\">Hospital Cl\u00ednic<\/a>&#8211; i em vaig especialitzar en Cirurgia Maxil\u00b7lofacial a l&#8217;<a href=\"https:\/\/www.vallhebron.com\/\">Hospital Vall d&#8217;Hebron<\/a>. Va ser durant les meves rotacions externes a Fran\u00e7a on vaig consolidar el meu inter\u00e8s per la cirurgia est\u00e8tica facial de precisi\u00f3.<\/p>\n<p>\u2022 Llicenciat en Medicina (Universitat de Barcelona)<\/p>\n<p>\u2022 Especialista en Cirurgia Maxil\u00b7lofacial (Hospital Universitari Vall d&#8217;Hebron)<\/p>\n<p>\u2022 M\u00e0ster en Medicina Est\u00e8tica i Antienvelliment (Universitat Complutense de Madrid)<\/p>\n<p>\u2022 Doctorat en Cirurgia (Universitat Aut\u00f2noma de Barcelona)<\/p>\n<\/div>\n<\/li>\n<li>\n<h3>Societats Cient\u00edfiques<\/h3>\n<div>\n<p>\u2022 European Academy of Facial Plastic Surgery (EAFPS)<\/p>\n<p>\u2022 Sociedad Espa\u00f1ola de Cirug\u00eda Pl\u00e1stica Facial (SECPF)<\/p>\n<p>\u2022 Sociedad Espa\u00f1ola de Cirug\u00eda Oral y Maxilofacial (SECOM)<\/p>\n<p>\u2022 Societat Catalanobalear de Cirurgia Maxil\u00b7lofacial i Oral (SCBCOMF)<\/p>\n<p>\u2022 Secci\u00f3n de Medicina Est\u00e9tica del Colegio Oficial de M\u00e9dicos de Barcelona (COMB)<\/p>\n<\/div>\n<\/li>\n<li>\n<h3>Articles cient\u00edfics<\/h3>\n<div>\n<div class=\"fusion-li-item-content\">\n<p class=\"font_8\"><span class=\"color_30\">\u2022 Indications, reconstructive techniques, and results for total glossectomy.<span>\u00a0<\/span><\/span><span class=\"color_30\">Mazarro A, de Pablo A, Puiggr\u00f2s C, Velasco MM, Saez M, Pamias J, Besc\u00f3s C.<span>\u00a0<\/span><\/span><span class=\"color_30\">Head and Neck Surgery. 2016 Feb 2. doi: 10.1002\/hed.24369.<br \/><\/span><span class=\"color_30\"><br \/>\u2022 Abordaje preauricular transcigom\u00e1tico.<span>\u00a0<\/span><\/span><span class=\"color_30\">Mogedas-Vegara A, Mazarro-Campos A, Masi\u00e0-Gridilla J, Guti\u00e9rrez-Santamaria J, Malet-Hern\u00e1ndez D.<span>\u00a0<\/span><\/span><span class=\"color_30\">Revista Espa\u00f1ola de Cirug\u00eda Oral y Maxilofacial, 2015; 37(3): 169-173<\/span><\/p>\n<\/div>\n<p><span class=\"color_30\">\u2022 Laparoscopic repair of a prostadrenalectomy left-sided diaphragmatic hernia complicated by chronic colon obstruction<span>\u00a0<\/span><\/span><span class=\"color_30\">Vilallonga R, Caubet E, Gonzalez O, Neff KJ, Fort JM, Mazarro A, Armengol M.<span>\u00a0<\/span><\/span><span class=\"color_30\">Surgical Endoscopy, May 2013, Volume 27, Issue 5, pp 1826-1828<\/span><\/p>\n<p><span class=\"color_30\">\u2022 Postthyroidectomy Horner\u2019s Syndrome.<span>\u00a0<\/span><\/span><span class=\"color_30\">Vilallonga R, Fort JM, Mazarro A, Gonzalez O, Caubet E, Romero G, Armengol M.<span>\u00a0<\/span><\/span><span class=\"color_30\">Case reports in medicine, 2012<\/span><\/p>\n<p><span class=\"color_30\">\u2022 Implementaci\u00f3n de un laboratorio de habilidades cl\u00ednicas centralizado en la Facultad de Medicina de la Universitat de Barcelona. Cuatro a\u00f1os de experiencia.<span>\u00a0<\/span><\/span><span class=\"color_30\">A. Mazarro, C. Gomar-Sancho, J. Pal\u00e9s-Argull\u00f3s.<span>\u00a0<\/span><\/span><span class=\"color_30\">Educaci\u00f3n M\u00e9dica [online], Diciembre 2009, vol 12 n.4, pp. 247-256<\/span><\/p>\n<p><span class=\"color_30\">\u2022 Liposarcoma mediast\u00ednico gigante. A prop\u00f3sito de un caso.<span>\u00a0<\/span><\/span><span class=\"color_30\">Mier JM, Molins L, Mazarro A, Sebastian E, Fibla JJ, Vidal G.<span>\u00a0<\/span><\/span><span class=\"color_30\">Neumolog\u00eda y Cirug\u00eda de T\u00f3rax, 2008, vol 67(3), pp148-150<\/span><\/p>\n<\/div>\n<\/li>\n<li>\n<h3>Cap\u00edtols de llibres<\/h3>\n<div>\n<p>\u2022 Coordinador de la obra\u00a0Cirug\u00eda Maxilofacial. 2\u00aa Edici\u00f3n Barcelona. Ediciones Ergon. 2017<\/p>\n<p>\u2022 Co-Autor<span>\u00a0<\/span><span class=\"color_30\">del cap\u00edtulo\u00a0Conceptos generales en Cirug\u00eda Oral y Maxilofacial.<span>\u00a0<\/span><\/span><span class=\"color_30\">Raspall, G. Cirug\u00eda Maxilofacial. 2\u00aa Edici\u00f3n Barcelona. Ediciones Ergon. 2017<br \/><\/span><br \/>\u2022 Co-Autor<span>\u00a0<\/span><span class=\"color_30\">del cap\u00edtulo Conceptos generales en Cirug\u00eda Oral y Maxilofacial.<span>\u00a0<\/span><\/span><span class=\"color_30\">Raspall, G. Cirug\u00eda Maxilofacial. 2\u00aa Edici\u00f3n Barcelona. Ediciones Ergon. 2017<br \/><\/span><br \/>\u2022 Co-Autor<span>\u00a0<\/span><span class=\"color_30\">del cap\u00edtulo Deformidades cong\u00e9nitas del territorio Maxilofacial..<span>\u00a0<\/span><\/span><span class=\"color_30\">Raspall, G. Cirug\u00eda Maxilofacial. 2\u00aa Edici\u00f3n Barcelona. Ediciones Ergon. 2017<br \/><\/span><br \/>\u2022 Co-Autor<span>\u00a0<\/span><span class=\"color_30\">del cap\u00edtulo Deformidades dentofaciales.<span>\u00a0<\/span><\/span><span class=\"color_30\">Raspall, G. Cirug\u00eda Maxilofacial. 2\u00aa Edici\u00f3n Barcelona. Ediciones Ergon. 2017<br \/><\/span><br \/>\u2022 Co-Autor<span>\u00a0<\/span><span class=\"color_30\">del cap\u00edtulo Enfermedades de la articulaci\u00f3n temporomandibular.<span>\u00a0<\/span><\/span><span class=\"color_30\">Raspall, G. Cirug\u00eda Maxilofacial. 2\u00aa Edici\u00f3n Barcelona. Ediciones Ergon. 2017<br \/><\/span><br \/>\u2022 Co-Autor<span>\u00a0<\/span><span class=\"color_30\">del cap\u00edtulo Tumores del territorio maxilofacial.<span>\u00a0<\/span><\/span><span class=\"color_30\">Raspall, G. Cirug\u00eda Maxilofacial. 2\u00aa Edici\u00f3n Barcelona. Ediciones Ergon. 2017<br \/><\/span><br \/>\u2022 Co-Autor<span>\u00a0<\/span><span class=\"color_30\">del cap\u00edtulo Patolog\u00eda de las gl\u00e1ndulas salivales.<span>\u00a0<\/span><\/span><span class=\"color_30\">Raspall, G. Cirug\u00eda Maxilofacial. 2\u00aa Edici\u00f3n Barcelona. Ediciones Ergon. 2017<\/span><\/p>\n<\/div>\n<\/li>\n<li>\n<h3>Idiomes<\/h3>\n<div>\n<p>\u2022 Castell\u00e0<\/p>\n<p>\u2022 Catal\u00e0<\/p>\n<p>\u2022 Angl\u00e8s<\/p>\n<p>\u2022 Franc\u00e8s<\/p>\n<\/div>\n<\/li>\n<li>\n<h3>Sobre la p\u00e0gina web<\/h3>\n<div>\n<div class=\"el-item uk-open\">\n<div class=\"uk-accordion-content\">\n<div class=\"el-content uk-panel\">\n<p>En aquesta p\u00e0gina web el Dr. Mazarro exposa la seva experi\u00e8ncia i t\u00e8cnica personal en diversos tractaments. Per a m\u00e9s informaci\u00f3 pots sol\u00b7licitar una visita en una de les cl\u00edniques on el doctor treballa com a col\u00b7laborador o contactar directament a trav\u00e9s de info@drmazarro.com.<\/p>\n<\/div>\n<\/div>\n<\/div>\n<p>\u2022 <a href=\"https:\/\/drmazarro.com\/aviso_legal\/\">Avis Legal<\/a><\/p>\n<p>\u2022 <a href=\"https:\/\/drmazarro.com\/politicadeprivacidad\/\">Pol\u00edtica de privacitat<\/a><\/p>\n<\/div>\n<\/li>\n<\/ul>\n<h2>Demana cita<\/h2>\n<div>\n<p style=\"text-align: center;\">Omple el formulari o contacta&#8217;ns <a href=\"https:\/\/api.whatsapp.com\/send\/?phone=+34644534515&amp;text=Hola,%20vull%20demanar%20visita%20amb%20el%20Dr.%20Mazarro\" data-wplink-edit=\"true\">WhatsApp<\/a> (<a href=\"https:\/\/api.whatsapp.com\/send\/?phone=+34644534515&amp;text=Hola,%20vull%20demanar%20visita%20amb%20el%20Dr.%20Mazarro\">644 534 515<\/a>) o <a href=\"mailto:info@drmazarro.com\">correu electr\u00f2nic<\/a>\u00a0(<a href=\"mailto:info@drmazarro.com\">info@drmazarro.com<\/a>).<\/p>\n<p style=\"text-align: center;\">Tamb\u00e9 pots reservar hora a trav\u00e9s de l&#8217;<a href=\"https:\/\/drmazarro.com\/pide-cita\/#Doctoralia\">App de Doctoralia<\/a>.<\/p>\n<p style=\"text-align: center;\">Vius lluny o prefereixes una <strong>visita en l\u00ednia<\/strong>? Contacta amb nosaltres i t&#8217;indicarem els passos a seguir.<\/p>\n<\/div>\n<div>\n\n<div class=\"wpcf7 no-js\" id=\"wpcf7-f23399-o1\" lang=\"ca\" dir=\"ltr\" data-wpcf7-id=\"23399\">\n<div class=\"screen-reader-response\"><p role=\"status\" aria-live=\"polite\" aria-atomic=\"true\"><\/p> <ul><\/ul><\/div>\n<form action=\"\/ca\/wp-json\/wp\/v2\/pages\/23393#wpcf7-f23399-o1\" method=\"post\" class=\"wpcf7-form init\" aria-label=\"Formulari de contacte\" novalidate=\"novalidate\" data-status=\"init\">\n<fieldset class=\"hidden-fields-container\"><input type=\"hidden\" name=\"_wpcf7\" value=\"23399\" \/><input type=\"hidden\" name=\"_wpcf7_version\" value=\"6.1.5\" \/><input type=\"hidden\" name=\"_wpcf7_locale\" value=\"ca\" \/><input type=\"hidden\" name=\"_wpcf7_unit_tag\" value=\"wpcf7-f23399-o1\" \/><input type=\"hidden\" name=\"_wpcf7_container_post\" value=\"0\" \/><input type=\"hidden\" name=\"_wpcf7_posted_data_hash\" value=\"\" \/><input type=\"hidden\" name=\"_wpcf7_recaptcha_response\" value=\"\" \/>\n<\/fieldset>\n<div class=\"uk-grid-small\" uk-grid>\n\t<div class=\"uk-width-1-2@m\">\n\t\t<p><span class=\"wpcf7-form-control-wrap\" data-name=\"nombre\"><input size=\"40\" maxlength=\"400\" class=\"wpcf7-form-control wpcf7-text uk-input\" aria-invalid=\"false\" placeholder=\"Nom i cognoms*\" value=\"\" type=\"text\" name=\"nombre\" \/><\/span>\n\t\t<\/p>\n\t<\/div>\n\t<div class=\"uk-width-1-2@m\">\n\t\t<p><span class=\"wpcf7-form-control-wrap\" data-name=\"email\"><input size=\"40\" maxlength=\"400\" class=\"wpcf7-form-control wpcf7-email wpcf7-validates-as-required wpcf7-text wpcf7-validates-as-email uk-input\" aria-required=\"true\" aria-invalid=\"false\" placeholder=\"Email*\" value=\"\" type=\"email\" name=\"email\" \/><\/span>\n\t\t<\/p>\n\t<\/div>\n\t<div class=\"uk-width-1-2@m\">\n\t\t<p><span class=\"wpcf7-form-control-wrap\" data-name=\"telefono\"><input size=\"40\" maxlength=\"400\" class=\"wpcf7-form-control wpcf7-text wpcf7-validates-as-required uk-input\" aria-required=\"true\" aria-invalid=\"false\" placeholder=\"Tel\u00e8fon*\" value=\"\" type=\"text\" name=\"telefono\" \/><\/span>\n\t\t<\/p>\n\t<\/div>\n\t<div class=\"uk-width-1-2@m\">\n\t\t<p><span class=\"wpcf7-form-control-wrap\" data-name=\"pais\"><input size=\"40\" maxlength=\"400\" class=\"wpcf7-form-control wpcf7-text wpcf7-validates-as-required uk-input\" aria-required=\"true\" aria-invalid=\"false\" placeholder=\"Pa\u00eds*\" value=\"\" type=\"text\" name=\"pais\" \/><\/span>\n\t\t<\/p>\n\t<\/div>\n\t<div class=\"uk-width-1-1@m\">\n\t\t<p><span class=\"wpcf7-form-control-wrap\" data-name=\"mensaje\"><textarea cols=\"40\" rows=\"3\" maxlength=\"2000\" class=\"wpcf7-form-control wpcf7-textarea uk-textarea\" aria-invalid=\"false\" placeholder=\"Missatge*\" name=\"mensaje\"><\/textarea><\/span>\n\t\t<\/p>\n\t<\/div>\n\t<div class=\"uk-legal\">\n\t\t<p><span class=\"wpcf7-form-control-wrap\" data-name=\"acceptance-279\"><span class=\"wpcf7-form-control wpcf7-acceptance\"><span class=\"wpcf7-list-item\"><input type=\"checkbox\" name=\"acceptance-279\" value=\"1\" aria-invalid=\"false\" \/><\/span><\/span><\/span>He llegit l'&nbsp;<a target=\"_blank\" rel=\"nofollow noopener noreferrer\" href=\"https:\/\/drmazarro.com\/aviso_legal\/\">Av\u00eds legal<\/a>&nbsp;i la&nbsp;<a target=\"_blank\" rel=\"nofollow noopener noreferrer\" href=\"https:\/\/drmazarro.com\/politicadeprivacidad\/\">Pol\u00edtica de privacitat<\/a>.\n\t\t<\/p>\n\t<\/div>\n\t<div>\n\t\t<p><input class=\"wpcf7-form-control wpcf7-submit has-spinner uk-button uk-button-primary\" type=\"submit\" value=\"Enviar\" \/>\n\t\t<\/p>\n\t<\/div>\n<\/div><div class=\"wpcf7-response-output\" aria-hidden=\"true\"><\/div>\n<\/form>\n<\/div>\n<\/div>\n<div>\n<p style=\"font-size: 8px;\">T&#8217;informem que les dades de car\u00e0cter personal que ens proporcionis omplint aquest formulari seran tractades per ALEJANDRO MAZARRO CAMPOS. La finalitat de la recollida i tractament de les dades personals sol\u00b7licitades \u00e9s l&#8217;enviament d&#8217;informaci\u00f3 relacionada amb el motiu de consulta, ja sigui via e-mail, SMS, WhatsApp\u00ae o trucada telef\u00f2nica. Les dades personals i de contacte podran ser cedides als respectius equips de m\u00e0rqueting \/ atenci\u00f3 al client de la\/les cl\u00ednica\/ques on col\u00b7labora el Dr. Mazarro per contactar amb el sol\u00b7licitant. L&#8217;usuari consent a m\u00e9s que les seves dades de contacte siguin tractades per ALEJANDRO MAZARRO CAMPOS amb la finalitat d&#8217;informar-lo per mitjans electr\u00f2nics o altres sobre nous productes i serveis relacionats amb la seva activitat amb finalitats publicit\u00e0ries i promocionals. En marcar la casella d&#8217;acceptaci\u00f3 est\u00e0s donant el teu expr\u00e9s i leg\u00edtim consentiment perqu\u00e8 les teves dades siguin tractades conforme a les finalitats d&#8217;aquest formulari descrites en la pol\u00edtica de privacitat. Podr\u00e0s exercir els teus drets d&#8217;acc\u00e9s, rectificaci\u00f3, limitaci\u00f3 i supressi\u00f3 a trav\u00e9s del correu electr\u00f2nic info@drmazarro.com.<\/p>\n<\/div>\n<div>\n<h3>+<\/h3>\n<div>\n<p><strong>Responsable:<\/strong> Alejandro Mazarro Campos.<br \/><strong>Finalitat:<\/strong> respondre a la teva consulta.<br \/><strong>Legitimaci\u00f3:<\/strong> consentiment de l&#8217;usuari.<br \/><strong>Destinataris:<\/strong> les dades que em facilites estaran emmagatzemades als servidors de Google Workspace (el meu prove\u00efdor de correu electr\u00f2nic).<br \/><strong>Drets:<\/strong> sempre podr\u00e0s accedir, rectificar, limitar i suprimir les teves dades personals.<\/p>\n<\/div>\n<\/div>\n<div>Articles d&#8217;inter\u00e8s<\/div>\n<ul>\n<li>\n<p>        <img decoding=\"async\" src=\"\/wp-content\/uploads\/2023\/01\/lifting.jpg\" alt=\"Facelift\"><\/p>\n<div>Tipus de lifting facial<\/div>\n<div>Vols saber m\u00e9s sobre els diferents tipus de lifting facial?<\/div>\n<p><a href=\"\/ca\/tipus-de-lifting-facial\/\">Llegir<\/a><\/p>\n<\/li>\n<li>\n<p>        <img decoding=\"async\" src=\"\/wp-content\/uploads\/2025\/08\/dr-mazarro.jpg\" alt=\"Doctor Mazarro\"><\/p>\n<div>Dr. Alejandro Mazarro<\/div>\n<div>Sobre mi<\/div>\n<p><a href=\"\/ca\/sobre-mi\/\">Llegir<\/a><\/p>\n<\/li>\n<li>\n<p>        <img decoding=\"async\" src=\"\/wp-content\/uploads\/2025\/06\/recovery-facelift.jpg\" alt=\"Recuperaci\u00f3 del Lifting Facial Deep Plane\"><\/p>\n<div>Recuperaci\u00f3 del Lifting Facial Deep Plane<\/div>\n<div>Vols saber com \u00e9s la recuperaci\u00f3 d\u2019un lifting a mans del Dr. Mazarro?<\/div>\n<p><a href=\"https:\/\/drmazarro.com\/ca\/cirurgia-estetica-facial\/lifting-facial-i-cervical-a-barcelona\/postoperatori-lifting-facial\/\">Llegir<\/a><\/p>\n<\/li>\n<li>\n<p>        <img decoding=\"async\" src=\"\/wp-content\/uploads\/2025\/06\/foto-otros-articulos-400.jpg\" alt=\"Cicatrius dun liting Deep Plane\"><\/p>\n<div>Et preocupen les cicatrius d&#8217;un lifting?<\/div>\n<div>T&#8217;ho explico tot<\/div>\n<p><a href=\"\/como-son-las-cicatrices-de-un-lifting-facial\/\">Llegir<\/a><\/p>\n<\/li>\n<li>\n<p>        <img decoding=\"async\" src=\"\/wp-content\/uploads\/2025\/08\/face2.jpg\" alt=\"Deep Plane Facelift\"><\/p>\n<div>Lifting Facial Deep Plane<\/div>\n<div>Saps en qu\u00e8 consisteix aquesta revolucion\u00e0ria t\u00e8cnica?<\/div>\n<p><a href=\"https:\/\/drmazarro.com\/ca\/especialista-en-lifting-facial-i-cervical-a-barcelona\/\">Llegir<\/a><\/p>\n<\/li>\n<li>\n<p>        <img decoding=\"async\" src=\"\/wp-content\/uploads\/2025\/08\/pastpresent.jpg\" alt=\"Lifting de Preservaci\u00f3\"><\/p>\n<div>Lifting de Preservaci\u00f3<\/div>\n<div>\n<p>Els millors resultats amb una r\u00e0pida recuperaci\u00f3<\/p>\n<\/div>\n<p><a href=\"\/ca\/especialista-en-lifting-facial-i-cervical-a-barcelona\/lifting-preservacio\/\">Llegir<\/a><\/p>\n<\/li>\n<li>\n<p>        <img decoding=\"async\" src=\"\/wp-content\/uploads\/2024\/09\/face-square-200.jpg\" alt=\"Facelift - Dr. Mazarro\"><\/p>\n<div>Preguntes freq\u00fcents<\/div>\n<div>Tot el que vols saber<\/div>\n<p><a href=\"https:\/\/drmazarro.com\/ca\/preguntes-frequents-sobre-el-lifting-facial\/\">Llegir<\/a><\/p>\n<\/li>\n<li>\n<p>        <img decoding=\"async\" src=\"\/wp-content\/uploads\/2025\/08\/monthly-budget3.jpg\" alt=\"Preu d'un Lifting Facial Deep Plane\"><\/p>\n<div>Precio del Lifting Facial Deep Plane<\/div>\n<div>T&#8217;informem del preu<\/div>\n<p><a href=\"\/ca\/precio-lifting-facial-en-barcelona\/\">Llegir<\/a><\/p>\n<\/li>\n<li>\n<p>        <img decoding=\"async\" src=\"\/wp-content\/uploads\/2025\/07\/choose-copia-2.jpg\" alt=\"c\u00f3mo escoger\"><\/p>\n<div>Per qu\u00e8 (i com) escollir un especialista en cirurgia facial?<\/div>\n<div>Posa la teva cara en les millors mans<\/div>\n<p><a href=\"\/ca\/por-que-y-como-escoger-un-especialista-para-tu-cirugia-de-lifting-facial\/\">Llegir<\/a><\/p>\n<\/li>\n<\/ul>\n<p><!--more--><br \/>\n<!-- {\"type\":\"layout\",\"children\":[{\"name\":\"Acerca de mi - first\",\"type\":\"section\",\"props\":{\"image_position\":\"center-center\",\"image_size\":\"cover\",\"padding\":\"large\",\"padding_remove_bottom\":false,\"style\":\"muted\",\"title_breakpoint\":\"xl\",\"title_position\":\"top-left\",\"title_rotation\":\"left\",\"vertical_align\":\"\",\"width\":\"small\"},\"children\":[{\"type\":\"row\",\"children\":[{\"type\":\"column\",\"props\":{\"image_position\":\"center-center\",\"position_sticky_breakpoint\":\"m\"},\"children\":[{\"type\":\"breadcrumbs\",\"props\":{\"show_current\":true,\"show_home\":true}},{\"type\":\"headline\",\"props\":{\"content\":\"<span class=\\\"mi-estilo-especial\\\">\\n    Dr. Alejandro Mazarro \\n    <span class=\\\"parte-secundaria\\\">Especialista en Lifting Facial Deep Plane<\\\/span>\\n<\\\/span>\\n\",\"css\":\".mi-estilo-especial {\\n    font-size: 1.2em;\\n    \\\/* Estilo para la l\\u00ednea 1 *\\\/\\n}\\n\\n.mi-estilo-especial .parte-secundaria {\\n    font-size: 0.7em;\\n    font-weight: 200;\\n    color: #888;\\n    display: block; \\\/* Esto fuerza el salto de l\\u00ednea *\\\/\\n}\\n\",\"title_element\":\"h1\",\"title_style\":\"heading-small\"}},{\"type\":\"headline\",\"props\":{\"content\":\"amb <strong>m\\u00e9s de 9 anys<\\\/strong> d'experi\\u00e8ncia\",\"margin_remove_top\":true,\"title_color\":\"primary\",\"title_element\":\"div\",\"title_style\":\"h2\"}},{\"type\":\"headline\",\"props\":{\"content\":\"Si vols resultats espectaculars\",\"margin\":\"small\",\"maxwidth\":\"large\",\"title_decoration\":\"bullet\",\"title_element\":\"div\",\"title_style\":\"h2\"}},{\"type\":\"headline\",\"props\":{\"content\":\"necessites un especialista\",\"margin\":\"small\",\"maxwidth\":\"large\",\"title_element\":\"div\",\"title_style\":\"h2\"}}]}]},{\"type\":\"row\",\"children\":[{\"type\":\"column\",\"props\":{\"image_position\":\"center-center\",\"position_sticky_breakpoint\":\"m\",\"vertical_align\":\"middle\",\"width_medium\":\"2-3\"},\"children\":[{\"type\":\"text\",\"props\":{\"column_breakpoint\":\"m\",\"content\":\"\n\n<p>Creus que \\u00e9s possible aconseguir el m\\u00e0xim nivell en lifting facial i alhora fer rinopl\\u00e0sties, liposuccions, abdominopl\\u00e0stia i augment de pit?<\\\/p>\\n\n\n<p>Exactament.<\\\/p>\\n\n\n<p>Nom\\u00e9s amb alg\\u00fa que tingui prou <strong>experi\\u00e8ncia<\\\/strong> pots esperar aconseguir <a href=\\\"https:\\\/\\\/drmazarro.com\\\/ca\\\/deep-plane\\\/abans-despres\\\/\\\"><strong>els millors resultats<\\\/strong><\\\/a>.<\\\/p>\\n\n\n<p>Per aix\\u00f2 t'ofereixo el que jo voldria per a mi: <strong>un especialista amb experi\\u00e8ncia<\\\/strong>.<\\\/p>\\n\n\n<p>Ponent en diversos cursos i congressos, <strong>convidat com a \\u00fanic ponent nacional en lifting Deep Plane<\\\/strong> al III Congr\\u00e9s Nacional de la Societat Espanyola de Cirurgia Pl\\u00e0stica Facial, al costat de cirurgians de la talla de Ben Talei, Mike Nayak, Neil Gordon, Alessandro Gualdi, Mario Pelle i Lessandro Martins.<\\\/p>\",\"margin\":\"medium\",\"maxwidth\":\"large\"}},{\"type\":\"headline\",\"props\":{\"content\":\"Parlem?\",\"parallax_target\":\"!.uk-section\",\"text_align\":\"left\",\"title_element\":\"div\",\"title_style\":\"heading-small\"}}]},{\"type\":\"column\",\"props\":{\"image_position\":\"center-center\",\"position_sticky_breakpoint\":\"m\",\"vertical_align\":\"middle\",\"width_medium\":\"1-3\"},\"children\":[{\"type\":\"image\",\"props\":{\"image\":\"wp-content\\\/uploads\\\/2024\\\/11\\\/SECPF.jpg\",\"image_alt\":\"Congreso SECPF - Dr. Mazarro\",\"image_box_decoration\":\"shadow\",\"image_svg_color\":\"emphasis\",\"margin\":\"default\",\"text_align\":\"center\"}},{\"type\":\"headline\",\"props\":{\"content\":\"Dr. Alejandro Mazarro, M.D., PhD\",\"parallax_target\":\"!.uk-section\",\"text_align\":\"center\",\"title_element\":\"h2\",\"title_style\":\"text-meta\"}}]}],\"props\":{\"column_gap\":\"collapse\",\"layout\":\"2-3,1-3\"}}]},{\"type\":\"section\",\"props\":{\"image_position\":\"center-center\",\"status\":\"disabled\",\"style\":\"default\",\"title_breakpoint\":\"xl\",\"title_position\":\"top-left\",\"title_rotation\":\"left\",\"vertical_align\":\"\",\"width\":\"default\"},\"children\":[{\"type\":\"row\",\"props\":{\"layout\":\"1-4,3-4\"},\"children\":[{\"type\":\"column\",\"props\":{\"image_position\":\"center-center\",\"position_sticky_breakpoint\":\"m\",\"vertical_align\":\"middle\",\"width_medium\":\"1-4\"},\"children\":[{\"type\":\"image\",\"props\":{\"block_align\":\"center\",\"image\":\"wp-content\\\/uploads\\\/2023\\\/01\\\/dr-mazarro-RC.jpg\",\"image_alt\":\"Doctor Mazarro\",\"image_box_decoration\":\"mask\",\"image_svg_color\":\"emphasis\",\"margin\":\"default\",\"maxwidth\":\"medium\",\"text_align\":\"center\",\"visibility\":\"m\"}},{\"type\":\"image\",\"props\":{\"block_align\":\"center\",\"image\":\"wp-content\\\/uploads\\\/2023\\\/01\\\/dr-mazarro-RC.jpg\",\"image_alt\":\"Doctor Mazarro\",\"image_box_decoration\":\"mask\",\"image_svg_color\":\"emphasis\",\"image_width\":\"150\",\"margin\":\"default\",\"maxwidth\":\"medium\",\"text_align\":\"center\",\"visibility\":\"hidden-m\"}}]},{\"type\":\"column\",\"props\":{\"image_position\":\"center-center\",\"position_sticky_breakpoint\":\"m\",\"width_medium\":\"3-4\"},\"children\":[{\"type\":\"text\",\"props\":{\"column_breakpoint\":\"m\",\"content\":\"\n\n<p style=\\\"text-align: center; font-size: 1.3rem;\\\">La meva filosofia de treball<\\\/p>\",\"margin\":\"default\"}},{\"type\":\"divider\",\"props\":{\"divider_element\":\"hr\"}},{\"type\":\"text\",\"props\":{\"column_breakpoint\":\"m\",\"content\":\"\n\n<p>La meva passi\\u00f3 per la cirurgia est\\u00e8tica facial va n\\u00e9ixer el <strong>2014<\\\/strong>, arran de dues rotacions formatives a Fran\\u00e7a (Toulouse i Par\\u00eds). Despr\\u00e9s de veure en directe com es produ\\u00efa el que semblava ser <strong>m\\u00e0gia<\\\/strong>, vaig decidir dedicar tots els meus esfor\\u00e7os a aconseguir que els meus pacients es vegin per fora com se senten per dins.<\\\/p>\\n\n\n<p>Des de llavors treballo exclusivament en el territori de cap i coll, adoptant un enfocament hiperespecialitzat amb l'objectiu d'assolir <strong>l'excel\\u00b7l\\u00e8ncia<\\\/strong> en el camp del rejoveniment facial.<\\\/p>\\n\n\n<p>Durant aquests anys m'he especialitzat en Lifting facial i cervical (en particular en <strong>\\\"Lifting Deep Plane\\\"<\\\/strong>) i els seus procediments adjunts, tant quir\\u00fargics (blefaropl\\u00e0stia, lip-lift, bichectomia) com no quir\\u00fargics (rejoveniment l\\u00e0ser CO2, neuromoduladors, IPL).<\\\/p>\\n\n\n<p>Encara que segueixo realitzant altres procediments quir\\u00fargics de menor complexitat (otopl\\u00e0stia, lipofilling, liposucci\\u00f3 cervical...) crec fermament en l'especialitzaci\\u00f3 com a via per assolir l'excel\\u00b7l\\u00e8ncia, per aix\\u00f2 he deixat de realitzar procediments com rinopl\\u00e0sties, cirurgia oncol\\u00f2gica o cirurgia ortogn\\u00e0tica, ja que cadascun d'ells \\u00e9s un camp de suficient complexitat com per mer\\u00e8ixer dedicaci\\u00f3 exclusiva.<\\\/p>\",\"margin\":\"default\"}},{\"type\":\"text\",\"props\":{\"column_breakpoint\":\"m\",\"content\":\"\n\n<p style=\\\"text-align: center; font-size: 1.3rem;\\\">Perqu\\u00e8 igual que tu, quan vull aconseguir el millor resultat, em poso en mans d'un <strong>especialista<\\\/strong>.<\\\/p>\",\"margin\":\"default\"}},{\"type\":\"divider\",\"props\":{\"divider_element\":\"hr\"}},{\"type\":\"image\",\"props\":{\"image\":\"wp-content\\\/uploads\\\/2021\\\/03\\\/Firma-Dr-Mazarro.png\",\"image_alt\":\"Dr. Mazarro - Especialista en Cirug\\u00eda Est\\u00e9tica Facial\",\"image_height\":\"80\",\"image_svg_color\":\"emphasis\",\"margin\":\"default\",\"position\":\"relative\",\"position_top\":\"20\",\"text_align\":\"center\"}}]}]}],\"name\":\"mi filosof\\u00eda de trabajo\"},{\"type\":\"section\",\"props\":{\"image_position\":\"center-center\",\"style\":\"default\",\"title_breakpoint\":\"xl\",\"title_position\":\"top-left\",\"title_rotation\":\"left\",\"vertical_align\":\"middle\",\"width\":\"default\"},\"children\":[{\"type\":\"row\",\"children\":[{\"type\":\"column\",\"props\":{\"image_position\":\"center-center\",\"position_sticky_breakpoint\":\"m\"},\"children\":[{\"type\":\"headline\",\"props\":{\"content\":\"T'explico la meva hist\\u00f2ria\",\"title_element\":\"h2\"}},{\"type\":\"text\",\"props\":{\"column\":\"1-2\",\"column_breakpoint\":\"m\",\"content\":\"\n\n<p>Fa uns anys, vaig tenir un <strong>accident de moto<\\\/strong> que gaireb\\u00e9 va posar fi al meu futur en el que \\u00e9s la meva passi\\u00f3: la cirurgia est\\u00e8tica facial.<\\\/p>\\n\n\n<p>En aquella \\u00e8poca, acabava de finalitzar la meva especialitzaci\\u00f3. Tot i que el lifting facial em apassionava, tamb\\u00e9 tenia ganes d'explorar la rinopl\\u00e0stia, la cirurgia ortogn\\u00e0tica, etc.<\\\/p>\\n\n\n<p>En resum, com tot jove cirurgi\\u00e0 que vol <strong>conquerir el m\\u00f3n<\\\/strong>.<\\\/p>\\n\n\n<p>L'accident em va causar una lesi\\u00f3 a la m\\u00e0, cosa que m'impedia fer <strong>la pin\\u00e7a amb el polze i l'\\u00edndex<\\\/strong>. Estic segur que et pots imaginar quantes nits en blanc vaig passar maleint aquella moto...<\\\/p>\\n\n\n<p>Per\\u00f2 \\u00e9s clar, si havia de passar pel quir\\u00f2fan, volia el que cada pacient desitja...<\\\/p>\\n\n\n<p><strong>...estar en les millors mans.<\\\/strong><\\\/p>\\n\n\n<p>Durant la meva recuperaci\\u00f3, vaig tenir tot el temps per reflexionar sobre qu\\u00e8 faria per continuar lluitant pel meu somni. No pensava quedar-me de bra\\u00e7os plegats i conformar-me amb un resultat acceptable.<\\\/p>\\n\n\n<p>Aix\\u00ed que <strong>vaig fer recerca<\\\/strong> i vaig trobar el millor cirurgi\\u00e0 de la m\\u00e0. Com et pots imaginar, les meves mans s\\u00f3n les meves eines de treball, aix\\u00ed que no em podia conformar amb qualsevol, <strong>volia el millor.<\\\/strong><\\\/p>\\n\n\n<p>I el vaig trobar. Tot i que encara era massa aviat, ja sabia qui m'operaria si finalment havia de passar per quir\\u00f2fan.<\\\/p>\\n\n\n<p>Hauria de <strong>agafar un vol<\\\/strong> (opera a les Can\\u00e0ries), per\\u00f2 volia la garantia que seria operat per <strong>un especialista<\\\/strong>.<\\\/p>\\n\n\n<p>Tot aquest proc\\u00e9s va ser una <strong>revelaci\\u00f3<\\\/strong>.<\\\/p>\\n\n\n<p>I tot i que aix\\u00f2 pot semblar una mica <em>clix\\u00e9<\\\/em>, si aix\\u00f2 \\u00e9s el que vull per a mi, tamb\\u00e9 \\u00e9s el que vull per als meus pacients. A partir d'aquell moment, <strong>vaig deixar<\\\/strong> de fer el que feia la majoria dels meus col\\u00b7legues (rinopl\\u00e0sties, cirurgies ortogn\\u00e0tiques, etc.) i em vaig <strong>concentrar<\\\/strong> en la cirurgia de lifting.<\\\/p>\\n\n\n<p>Vaig visitar els millors cirurgians de lifting, vaig assistir a tots els cursos i em vaig formar per oferir-te avui el que voldria per a mi mateix: <strong>un especialista experimentat<\\\/strong>.<\\\/p>\\n\n\n<p>Si vols que descobrim junts el que podem aconseguir junts, <strong>demana cita i en parlem.<\\\/strong><\\\/p>\",\"margin\":\"default\"}},{\"type\":\"divider\",\"props\":{\"divider_element\":\"hr\"}},{\"type\":\"image\",\"props\":{\"image\":\"wp-content\\\/uploads\\\/2021\\\/03\\\/Firma-Dr-Mazarro.png\",\"image_alt\":\"Firma Dr Alejandro Mazarro especialista lifting facial Barcelona\",\"image_height\":\"80\",\"image_svg_color\":\"emphasis\",\"margin\":\"default\",\"position\":\"relative\",\"position_top\":\"20\",\"text_align\":\"center\"}}]}]}],\"name\":\"mi historia\"},{\"type\":\"section\",\"props\":{\"image_position\":\"center-center\",\"style\":\"muted\",\"title_breakpoint\":\"xl\",\"title_position\":\"top-left\",\"title_rotation\":\"left\",\"vertical_align\":\"\",\"width\":\"default\"},\"children\":[{\"type\":\"row\",\"props\":{\"layout\":\"1-3,2-3\"},\"children\":[{\"type\":\"column\",\"props\":{\"image_position\":\"center-center\",\"position_sticky_breakpoint\":\"m\",\"vertical_align\":\"middle\",\"width_medium\":\"1-3\"},\"children\":[{\"type\":\"divider\",\"props\":{\"divider_element\":\"hr\"}},{\"type\":\"text\",\"props\":{\"column_breakpoint\":\"m\",\"content\":\"\n\n<p style=\\\"text-align: center;\\\">TopDoctors reconeix al Dr. Mazarro entre els millors especialistes de Cirurgia Maxil\\u00b7lofacial de Catalunya<\\\/p>\\n\n\n<p style=\\\"text-align: center;\\\">Moltes gr\\u00e0cies!<\\\/p>\\n\n\n<p style=\\\"text-align: center;\\\"><a href=\\\"https:\\\/\\\/www.lavanguardia.com\\\/monograficos\\\/top-doctors\\\/topdoctorsr-28-anos-identificando-los-mejores-doctores-del-mundo\\\">Llegir l'article<\\\/a><\\\/p>\",\"margin\":\"default\"}},{\"type\":\"divider\",\"props\":{\"divider_element\":\"hr\"}},{\"type\":\"button\",\"props\":{\"grid_column_gap\":\"small\",\"grid_row_gap\":\"small\",\"margin\":\"default\",\"text_align\":\"center\"},\"children\":[{\"type\":\"button_item\",\"props\":{\"button_style\":\"primary\",\"content\":\"Veure altres aparicions en premsa\",\"dialog_layout\":\"modal\",\"dialog_offcanvas_flip\":true,\"icon_align\":\"left\",\"link\":\"prensa\\\/\"}}]},{\"type\":\"image\",\"props\":{\"image\":\"wp-content\\\/uploads\\\/2023\\\/11\\\/faja-medios.jpg\",\"image_alt\":\"faja medios Dr Mazarro\",\"image_svg_color\":\"emphasis\",\"link\":\"prensa\\\/\",\"margin\":\"default\"}}]},{\"type\":\"column\",\"props\":{\"image_position\":\"center-center\",\"position_sticky_breakpoint\":\"m\",\"width_medium\":\"2-3\"},\"children\":[{\"type\":\"image\",\"props\":{\"image\":\"wp-content\\\/uploads\\\/2019\\\/02\\\/Topdoctors-1000-5.jpg\",\"image_svg_color\":\"emphasis\",\"margin\":\"default\"}}]}]}],\"name\":\"TOP DOCTORS\"},{\"type\":\"section\",\"props\":{\"image_position\":\"center-center\",\"style\":\"default\",\"title_breakpoint\":\"xl\",\"title_position\":\"top-left\",\"title_rotation\":\"left\",\"vertical_align\":\"middle\",\"width\":\"default\"},\"children\":[{\"type\":\"row\",\"children\":[{\"type\":\"column\",\"props\":{\"image_position\":\"center-center\",\"position_sticky_breakpoint\":\"m\"},\"children\":[{\"type\":\"headline\",\"props\":{\"animation\":\"scale-up\",\"content\":\"La opini\\u00f3 dels meus pacients\",\"text_align\":\"center\",\"title_color\":\"primary\",\"title_element\":\"div\",\"title_style\":\"h1\"}},{\"type\":\"divider\",\"props\":{\"divider_element\":\"hr\"}},{\"type\":\"text\",\"props\":{\"column_breakpoint\":\"m\",\"content\":\"\n\n<p style=\\\"text-align: center;\\\">Aqu\\u00ed tens <a href=\\\"https:\\\/\\\/drmazarro.com\\\/ca\\\/deep-plane\\\/opinions\\\/\\\">el testimoni dels meus pacients<\\\/a>.<\\\/p>\",\"margin\":\"default\"}}]}]},{\"type\":\"row\",\"children\":[{\"type\":\"column\",\"props\":{\"image_position\":\"center-center\",\"position_sticky_breakpoint\":\"m\"}}]},{\"type\":\"row\",\"children\":[{\"type\":\"column\",\"props\":{\"image_position\":\"center-center\",\"position_sticky_breakpoint\":\"m\"},\"children\":[{\"type\":\"image\",\"props\":{\"image\":\"wp-content\\\/uploads\\\/2025\\\/09\\\/Opiniones-Dr-Mazarro.jpg\",\"image_alt\":\"Opinions Dr. Mazarro\",\"image_svg_color\":\"emphasis\",\"link\":\"https:\\\/\\\/drmazarro.com\\\/ca\\\/deep-plane\\\/opinions-lifting-facial\\\/\",\"margin\":\"default\",\"text_align\":\"center\"}}]}]}],\"name\":\"2025 OPINIONES - IMG\"},{\"type\":\"section\",\"props\":{\"image_position\":\"center-center\",\"style\":\"secondary\",\"title_breakpoint\":\"xl\",\"title_position\":\"top-left\",\"title_rotation\":\"left\",\"vertical_align\":\"\",\"width\":\"default\"},\"children\":[{\"type\":\"row\",\"children\":[{\"type\":\"column\",\"props\":{\"image_position\":\"center-center\",\"position_sticky_breakpoint\":\"m\",\"width_medium\":\"1-2\"},\"children\":[{\"type\":\"switcher\",\"props\":{\"content_column_breakpoint\":\"m\",\"image_align\":\"top\",\"image_grid_breakpoint\":\"m\",\"image_grid_width\":\"1-2\",\"image_svg_color\":\"emphasis\",\"link_style\":\"default\",\"link_text\":\"Read more\",\"margin\":\"default\",\"meta_align\":\"below-title\",\"meta_element\":\"div\",\"meta_style\":\"text-meta\",\"nav\":\"tab\",\"nav_align\":\"left\",\"nav_grid_breakpoint\":\"m\",\"nav_grid_width\":\"auto\",\"nav_position\":\"top\",\"show_content\":true,\"show_image\":true,\"show_label\":true,\"show_link\":true,\"show_meta\":true,\"show_thumbnail\":true,\"show_title\":true,\"switcher_animation\":\"fade\",\"switcher_height\":true,\"thumbnav_height\":\"75\",\"thumbnav_svg_color\":\"emphasis\",\"thumbnav_width\":\"100\",\"title_align\":\"top\",\"title_element\":\"h3\",\"title_grid_breakpoint\":\"m\",\"title_grid_width\":\"1-2\",\"title_style\":\"text-large\"},\"children\":[{\"type\":\"switcher_item\",\"props\":{\"content\":\"\n\n<p>La meva formaci\\u00f3 com a cirurgi\\u00e0 est\\u00e0 lligada a alguns dels hospitals de refer\\u00e8ncia de Barcelona. Em vaig llicenciar en Medicina a la Universitat de Barcelona -<a href=\\\"https:\\\/\\\/www.clinicbarcelona.org\\\/\\\">Hospital Cl\\u00ednic<\\\/a>- i em vaig especialitzar en Cirurgia Maxil\\u00b7lofacial a l'<a href=\\\"https:\\\/\\\/www.vallhebron.com\\\/\\\">Hospital Vall d'Hebron<\\\/a>. Va ser durant les meves rotacions externes a Fran\\u00e7a on vaig consolidar el meu inter\\u00e8s per la cirurgia est\\u00e8tica facial de precisi\\u00f3.<\\\/p>\\n\n\n<p>\\u2022 Llicenciat en Medicina (Universitat de Barcelona)<\\\/p>\\n\n\n<p>\\u2022 Especialista en Cirurgia Maxil\\u00b7lofacial (Hospital Universitari Vall d'Hebron)<\\\/p>\\n\n\n<p>\\u2022 M\\u00e0ster en Medicina Est\\u00e8tica i Antienvelliment (Universitat Complutense de Madrid)<\\\/p>\\n\n\n<p>\\u2022 Doctorat en Cirurgia (Universitat Aut\\u00f2noma de Barcelona)<\\\/p>\",\"title\":\"Informaci\\u00f3 acad\\u00e8mica\"}},{\"type\":\"switcher_item\",\"props\":{\"content\":\"\n\n<p>\\u2022 European Academy of Facial Plastic Surgery (EAFPS)<\\\/p>\\n\n\n<p>\\u2022 Sociedad Espa\\u00f1ola de Cirug\\u00eda Pl\\u00e1stica Facial (SECPF)<\\\/p>\\n\n\n<p>\\u2022 Sociedad Espa\\u00f1ola de Cirug\\u00eda Oral y Maxilofacial (SECOM)<\\\/p>\\n\n\n<p>\\u2022 Societat Catalanobalear de Cirurgia Maxil\\u00b7lofacial i Oral (SCBCOMF)<\\\/p>\\n\n\n<p>\\u2022 Secci\\u00f3n de Medicina Est\\u00e9tica del Colegio Oficial de M\\u00e9dicos de Barcelona (COMB)<\\\/p>\",\"title\":\"Societats Cient\\u00edfiques\"}},{\"type\":\"switcher_item\",\"props\":{\"content\":\"\n\n<div class=\\\"fusion-li-item-content\\\">\\n\n\n<p class=\\\"font_8\\\"><span class=\\\"color_30\\\">\\u2022 Indications, reconstructive techniques, and results for total glossectomy.<span>\\u00a0<\\\/span><\\\/span><span class=\\\"color_30\\\">Mazarro A, de Pablo A, Puiggr\\u00f2s C, Velasco MM, Saez M, Pamias J, Besc\\u00f3s C.<span>\\u00a0<\\\/span><\\\/span><span class=\\\"color_30\\\">Head and Neck Surgery. 2016 Feb 2. doi: 10.1002\\\/hed.24369.<br \\\/><\\\/span><span class=\\\"color_30\\\"><br \\\/>\\u2022 Abordaje preauricular transcigom\\u00e1tico.<span>\\u00a0<\\\/span><\\\/span><span class=\\\"color_30\\\">Mogedas-Vegara A, Mazarro-Campos A, Masi\\u00e0-Gridilla J, Guti\\u00e9rrez-Santamaria J, Malet-Hern\\u00e1ndez D.<span>\\u00a0<\\\/span><\\\/span><span class=\\\"color_30\\\">Revista Espa\\u00f1ola de Cirug\\u00eda Oral y Maxilofacial, 2015; 37(3): 169-173<\\\/span><\\\/p>\\n<\\\/div>\\n\n\n<p><span class=\\\"color_30\\\">\\u2022 Laparoscopic repair of a prostadrenalectomy left-sided diaphragmatic hernia complicated by chronic colon obstruction<span>\\u00a0<\\\/span><\\\/span><span class=\\\"color_30\\\">Vilallonga R, Caubet E, Gonzalez O, Neff KJ, Fort JM, Mazarro A, Armengol M.<span>\\u00a0<\\\/span><\\\/span><span class=\\\"color_30\\\">Surgical Endoscopy, May 2013, Volume 27, Issue 5, pp 1826-1828<\\\/span><\\\/p>\\n\n\n<p><span class=\\\"color_30\\\">\\u2022 Postthyroidectomy Horner\\u2019s Syndrome.<span>\\u00a0<\\\/span><\\\/span><span class=\\\"color_30\\\">Vilallonga R, Fort JM, Mazarro A, Gonzalez O, Caubet E, Romero G, Armengol M.<span>\\u00a0<\\\/span><\\\/span><span class=\\\"color_30\\\">Case reports in medicine, 2012<\\\/span><\\\/p>\\n\n\n<p><span class=\\\"color_30\\\">\\u2022 Implementaci\\u00f3n de un laboratorio de habilidades cl\\u00ednicas centralizado en la Facultad de Medicina de la Universitat de Barcelona. Cuatro a\\u00f1os de experiencia.<span>\\u00a0<\\\/span><\\\/span><span class=\\\"color_30\\\">A. Mazarro, C. Gomar-Sancho, J. Pal\\u00e9s-Argull\\u00f3s.<span>\\u00a0<\\\/span><\\\/span><span class=\\\"color_30\\\">Educaci\\u00f3n M\\u00e9dica [online], Diciembre 2009, vol 12 n.4, pp. 247-256<\\\/span><\\\/p>\\n\n\n<p><span class=\\\"color_30\\\">\\u2022 Liposarcoma mediast\\u00ednico gigante. A prop\\u00f3sito de un caso.<span>\\u00a0<\\\/span><\\\/span><span class=\\\"color_30\\\">Mier JM, Molins L, Mazarro A, Sebastian E, Fibla JJ, Vidal G.<span>\\u00a0<\\\/span><\\\/span><span class=\\\"color_30\\\">Neumolog\\u00eda y Cirug\\u00eda de T\\u00f3rax, 2008, vol 67(3), pp148-150<\\\/span><\\\/p>\",\"title\":\"Articles cient\\u00edfics\"}},{\"type\":\"switcher_item\",\"props\":{\"content\":\"\n\n<p>\\u2022 Coordinador de la obra\\u00a0Cirug\\u00eda Maxilofacial. 2\\u00aa Edici\\u00f3n Barcelona. Ediciones Ergon. 2017<\\\/p>\\n\n\n<p>\\u2022 Co-Autor<span>\\u00a0<\\\/span><span class=\\\"color_30\\\">del cap\\u00edtulo\\u00a0Conceptos generales en Cirug\\u00eda Oral y Maxilofacial.<span>\\u00a0<\\\/span><\\\/span><span class=\\\"color_30\\\">Raspall, G. Cirug\\u00eda Maxilofacial. 2\\u00aa Edici\\u00f3n Barcelona. Ediciones Ergon. 2017<br \\\/><\\\/span><br \\\/>\\u2022 Co-Autor<span>\\u00a0<\\\/span><span class=\\\"color_30\\\">del cap\\u00edtulo Conceptos generales en Cirug\\u00eda Oral y Maxilofacial.<span>\\u00a0<\\\/span><\\\/span><span class=\\\"color_30\\\">Raspall, G. Cirug\\u00eda Maxilofacial. 2\\u00aa Edici\\u00f3n Barcelona. Ediciones Ergon. 2017<br \\\/><\\\/span><br \\\/>\\u2022 Co-Autor<span>\\u00a0<\\\/span><span class=\\\"color_30\\\">del cap\\u00edtulo Deformidades cong\\u00e9nitas del territorio Maxilofacial..<span>\\u00a0<\\\/span><\\\/span><span class=\\\"color_30\\\">Raspall, G. Cirug\\u00eda Maxilofacial. 2\\u00aa Edici\\u00f3n Barcelona. Ediciones Ergon. 2017<br \\\/><\\\/span><br \\\/>\\u2022 Co-Autor<span>\\u00a0<\\\/span><span class=\\\"color_30\\\">del cap\\u00edtulo Deformidades dentofaciales.<span>\\u00a0<\\\/span><\\\/span><span class=\\\"color_30\\\">Raspall, G. Cirug\\u00eda Maxilofacial. 2\\u00aa Edici\\u00f3n Barcelona. Ediciones Ergon. 2017<br \\\/><\\\/span><br \\\/>\\u2022 Co-Autor<span>\\u00a0<\\\/span><span class=\\\"color_30\\\">del cap\\u00edtulo Enfermedades de la articulaci\\u00f3n temporomandibular.<span>\\u00a0<\\\/span><\\\/span><span class=\\\"color_30\\\">Raspall, G. Cirug\\u00eda Maxilofacial. 2\\u00aa Edici\\u00f3n Barcelona. Ediciones Ergon. 2017<br \\\/><\\\/span><br \\\/>\\u2022 Co-Autor<span>\\u00a0<\\\/span><span class=\\\"color_30\\\">del cap\\u00edtulo Tumores del territorio maxilofacial.<span>\\u00a0<\\\/span><\\\/span><span class=\\\"color_30\\\">Raspall, G. Cirug\\u00eda Maxilofacial. 2\\u00aa Edici\\u00f3n Barcelona. Ediciones Ergon. 2017<br \\\/><\\\/span><br \\\/>\\u2022 Co-Autor<span>\\u00a0<\\\/span><span class=\\\"color_30\\\">del cap\\u00edtulo Patolog\\u00eda de las gl\\u00e1ndulas salivales.<span>\\u00a0<\\\/span><\\\/span><span class=\\\"color_30\\\">Raspall, G. Cirug\\u00eda Maxilofacial. 2\\u00aa Edici\\u00f3n Barcelona. Ediciones Ergon. 2017<\\\/span><\\\/p>\",\"title\":\"Cap\\u00edtols de llibres\"}},{\"type\":\"switcher_item\",\"props\":{\"content\":\"\n\n<p>\\u2022 Castell\\u00e0<\\\/p>\\n\n\n<p>\\u2022 Catal\\u00e0<\\\/p>\\n\n\n<p>\\u2022 Angl\\u00e8s<\\\/p>\\n\n\n<p>\\u2022 Franc\\u00e8s<\\\/p>\",\"title\":\"Idiomes\"}},{\"type\":\"switcher_item\",\"props\":{\"content\":\"\n\n<div class=\\\"el-item uk-open\\\">\\n\n\n<div class=\\\"uk-accordion-content\\\">\\n\n\n<div class=\\\"el-content uk-panel\\\">\\n\n\n<p>En aquesta p\\u00e0gina web el Dr. Mazarro exposa la seva experi\\u00e8ncia i t\\u00e8cnica personal en diversos tractaments. Per a m\\u00e9s informaci\\u00f3 pots sol\\u00b7licitar una visita en una de les cl\\u00edniques on el doctor treballa com a col\\u00b7laborador o contactar directament a trav\\u00e9s de info@drmazarro.com.<\\\/p>\\n<\\\/div>\\n<\\\/div>\\n<\\\/div>\\n\n\n<p>\\u2022 <a href=\\\"https:\\\/\\\/drmazarro.com\\\/aviso_legal\\\/\\\">Avis Legal<\\\/a><\\\/p>\\n\n\n<p>\\u2022 <a href=\\\"https:\\\/\\\/drmazarro.com\\\/politicadeprivacidad\\\/\\\">Pol\\u00edtica de privacitat<\\\/a><\\\/p>\",\"title\":\"Sobre la p\\u00e0gina web\"}}]}]},{\"type\":\"column\",\"props\":{\"image_position\":\"center-center\",\"position_sticky_breakpoint\":\"m\",\"width_medium\":\"1-2\"},\"children\":[{\"type\":\"headline\",\"props\":{\"content\":\"Demana cita\",\"title_decoration\":\"line\",\"title_element\":\"h2\",\"title_style\":\"text-meta\"}},{\"type\":\"text\",\"props\":{\"column_breakpoint\":\"m\",\"content\":\"\n\n<p style=\\\"text-align: center;\\\">Omple el formulari o contacta'ns <a href=\\\"https:\\\/\\\/api.whatsapp.com\\\/send\\\/?phone=+34644534515&amp;text=Hola,%20vull%20demanar%20visita%20amb%20el%20Dr.%20Mazarro\\\" data-wplink-edit=\\\"true\\\">WhatsApp<\\\/a> (<a href=\\\"https:\\\/\\\/api.whatsapp.com\\\/send\\\/?phone=+34644534515&amp;text=Hola,%20vull%20demanar%20visita%20amb%20el%20Dr.%20Mazarro\\\">644 534 515<\\\/a>) o <a href=\\\"mailto:info@drmazarro.com\\\">correu electr\\u00f2nic<\\\/a>\\u00a0(<a href=\\\"mailto:info@drmazarro.com\\\">info@drmazarro.com<\\\/a>).<\\\/p>\\n\n\n<p style=\\\"text-align: center;\\\">Tamb\\u00e9 pots reservar hora a trav\\u00e9s de l'<a href=\\\"https:\\\/\\\/drmazarro.com\\\/pide-cita\\\/#Doctoralia\\\">App de Doctoralia<\\\/a>.<\\\/p>\\n\n\n<p style=\\\"text-align: center;\\\">Vius lluny o prefereixes una <strong>visita en l\\u00ednia<\\\/strong>? Contacta amb nosaltres i t'indicarem els passos a seguir.<\\\/p>\",\"margin\":\"large\"}},{\"type\":\"html\",\"props\":{\"content\":\"[contact-form-7 id=\\\"ceaace4\\\" title=\\\"Contact-CAT\\\"]\"}},{\"type\":\"text\",\"props\":{\"column_breakpoint\":\"m\",\"content\":\"\n\n<p style=\\\"font-size: 8px;\\\">T'informem que les dades de car\\u00e0cter personal que ens proporcionis omplint aquest formulari seran tractades per ALEJANDRO MAZARRO CAMPOS. La finalitat de la recollida i tractament de les dades personals sol\\u00b7licitades \\u00e9s l'enviament d'informaci\\u00f3 relacionada amb el motiu de consulta, ja sigui via e-mail, SMS, WhatsApp\\u00ae o trucada telef\\u00f2nica. Les dades personals i de contacte podran ser cedides als respectius equips de m\\u00e0rqueting \\\/ atenci\\u00f3 al client de la\\\/les cl\\u00ednica\\\/ques on col\\u00b7labora el Dr. Mazarro per contactar amb el sol\\u00b7licitant. L'usuari consent a m\\u00e9s que les seves dades de contacte siguin tractades per ALEJANDRO MAZARRO CAMPOS amb la finalitat d'informar-lo per mitjans electr\\u00f2nics o altres sobre nous productes i serveis relacionats amb la seva activitat amb finalitats publicit\\u00e0ries i promocionals. En marcar la casella d'acceptaci\\u00f3 est\\u00e0s donant el teu expr\\u00e9s i leg\\u00edtim consentiment perqu\\u00e8 les teves dades siguin tractades conforme a les finalitats d'aquest formulari descrites en la pol\\u00edtica de privacitat. Podr\\u00e0s exercir els teus drets d'acc\\u00e9s, rectificaci\\u00f3, limitaci\\u00f3 i supressi\\u00f3 a trav\\u00e9s del correu electr\\u00f2nic info@drmazarro.com.<\\\/p>\",\"margin\":\"default\",\"margin_remove_bottom\":true,\"margin_remove_top\":false,\"text_align\":\"justify\",\"text_style\":\"meta\"},\"name\":\"texto legal formulario\"},{\"type\":\"accordion\",\"props\":{\"collapsible\":true,\"content_column_breakpoint\":\"m\",\"content_margin\":\"small\",\"content_style\":\"meta\",\"image_align\":\"top\",\"image_grid_breakpoint\":\"m\",\"image_grid_width\":\"1-2\",\"image_svg_color\":\"emphasis\",\"link_style\":\"default\",\"link_text\":\"+\",\"show_image\":false,\"show_link\":false},\"children\":[{\"type\":\"accordion_item\",\"props\":{\"content\":\"\n\n<p><strong>Responsable:<\\\/strong> Alejandro Mazarro Campos.<br \\\/><strong>Finalitat:<\\\/strong> respondre a la teva consulta.<br \\\/><strong>Legitimaci\\u00f3:<\\\/strong> consentiment de l'usuari.<br \\\/><strong>Destinataris:<\\\/strong> les dades que em facilites estaran emmagatzemades als servidors de Google Workspace (el meu prove\\u00efdor de correu electr\\u00f2nic).<br \\\/><strong>Drets:<\\\/strong> sempre podr\\u00e0s accedir, rectificar, limitar i suprimir les teves dades personals.<\\\/p>\",\"title\":\"+\"}}]}]}],\"props\":{\"layout\":\"1-2,1-2\"}}],\"name\":\"SWITCHER\"},{\"type\":\"section\",\"props\":{\"image_position\":\"center-center\",\"style\":\"secondary\",\"title_breakpoint\":\"xl\",\"title_position\":\"top-left\",\"title_rotation\":\"left\",\"vertical_align\":\"\",\"width\":\"default\"},\"children\":[{\"type\":\"row\",\"children\":[{\"type\":\"column\",\"props\":{\"image_position\":\"center-center\",\"position_sticky_breakpoint\":\"m\"},\"children\":[{\"type\":\"headline\",\"props\":{\"content\":\"Articles d'inter\\u00e8s\",\"text_align\":\"center\",\"title_element\":\"div\",\"title_style\":\"heading-small\"}},{\"type\":\"overlay-slider\",\"props\":{\"link_style\":\"default\",\"link_text\":\"Read more\",\"margin\":\"default\",\"meta_align\":\"below-content\",\"meta_element\":\"div\",\"meta_style\":\"text-meta\",\"nav\":\"dotnav\",\"nav_align\":\"center\",\"nav_below\":true,\"nav_breakpoint\":\"\",\"nav_position\":\"bottom-center\",\"nav_position_margin\":\"medium\",\"overlay_mode\":\"cover\",\"overlay_position\":\"center\",\"overlay_style\":\"overlay-default\",\"overlay_transition\":\"fade\",\"show_content\":true,\"show_hover_image\":true,\"show_hover_video\":true,\"show_link\":true,\"show_meta\":true,\"show_title\":true,\"slidenav\":\"default\",\"slidenav_breakpoint\":\"\",\"slidenav_margin\":\"medium\",\"slidenav_outside_breakpoint\":\"xl\",\"slider_autoplay\":true,\"slider_autoplay_pause\":true,\"slider_center\":false,\"slider_divider\":false,\"slider_gap\":\"default\",\"slider_sets\":true,\"slider_width\":\"fixed\",\"slider_width_default\":\"1-1\",\"slider_width_medium\":\"1-3\",\"text_align\":\"center\",\"title_decoration\":\"divider\",\"title_element\":\"div\",\"title_hover_style\":\"reset\",\"title_style\":\"h2\"},\"children\":[{\"type\":\"overlay-slider_item\",\"props\":{\"content\":\"Vols saber m\\u00e9s sobre els diferents tipus de lifting facial?\",\"image\":\"wp-content\\\/uploads\\\/2023\\\/01\\\/lifting.jpg\",\"image_alt\":\"Facelift\",\"link\":\"ca\\\/tipus-de-lifting-facial\\\/\",\"link_text\":\"Llegir\",\"meta\":\"\",\"title\":\"Tipus de lifting facial\"}},{\"type\":\"overlay-slider_item\",\"props\":{\"content\":\"Sobre mi\",\"image\":\"wp-content\\\/uploads\\\/2025\\\/08\\\/dr-mazarro.jpg\",\"image_alt\":\"Doctor Mazarro\",\"link\":\"ca\\\/sobre-mi\\\/\",\"link_text\":\"Llegir\",\"meta\":\"\",\"title\":\"Dr. Alejandro Mazarro\"}},{\"type\":\"overlay-slider_item\",\"props\":{\"content\":\"Vols saber com \\u00e9s la recuperaci\\u00f3 d\\u2019un lifting a mans del Dr. Mazarro?\",\"image\":\"wp-content\\\/uploads\\\/2025\\\/06\\\/recovery-facelift.jpg\",\"image_alt\":\"Recuperaci\\u00f3 del Lifting Facial Deep Plane\",\"link\":\"https:\\\/\\\/drmazarro.com\\\/ca\\\/cirurgia-estetica-facial\\\/lifting-facial-i-cervical-a-barcelona\\\/postoperatori-lifting-facial\\\/\",\"link_text\":\"Llegir\",\"meta\":\"\",\"title\":\"Recuperaci\\u00f3 del Lifting Facial Deep Plane\"}},{\"type\":\"overlay-slider_item\",\"props\":{\"content\":\"T'ho explico tot\",\"image\":\"wp-content\\\/uploads\\\/2025\\\/06\\\/foto-otros-articulos-400.jpg\",\"image_alt\":\"Cicatrius dun liting Deep Plane\",\"link\":\"como-son-las-cicatrices-de-un-lifting-facial\\\/\",\"link_text\":\"Llegir\",\"meta\":\"\",\"title\":\"Et preocupen les cicatrius d'un lifting?\"}},{\"type\":\"overlay-slider_item\",\"props\":{\"content\":\"Saps en qu\\u00e8 consisteix aquesta revolucion\\u00e0ria t\\u00e8cnica?\",\"image\":\"wp-content\\\/uploads\\\/2025\\\/08\\\/face2.jpg\",\"image_alt\":\"Deep Plane Facelift\",\"link\":\"https:\\\/\\\/drmazarro.com\\\/ca\\\/especialista-en-lifting-facial-i-cervical-a-barcelona\\\/\",\"link_text\":\"Llegir\",\"meta\":\"\",\"title\":\"Lifting Facial Deep Plane\"}},{\"type\":\"overlay-slider_item\",\"props\":{\"content\":\"\n\n<p>Els millors resultats amb una r\\u00e0pida recuperaci\\u00f3<\\\/p>\",\"image\":\"wp-content\\\/uploads\\\/2025\\\/08\\\/pastpresent.jpg\",\"image_alt\":\"Lifting de Preservaci\\u00f3\",\"link\":\"ca\\\/especialista-en-lifting-facial-i-cervical-a-barcelona\\\/lifting-preservacio\\\/\",\"link_text\":\"Llegir\",\"meta\":\"\",\"title\":\"Lifting de Preservaci\\u00f3\"}},{\"type\":\"overlay-slider_item\",\"props\":{\"content\":\"Tot el que vols saber\",\"image\":\"wp-content\\\/uploads\\\/2024\\\/09\\\/face-square-200.jpg\",\"image_alt\":\"Facelift - Dr. Mazarro\",\"link\":\"https:\\\/\\\/drmazarro.com\\\/ca\\\/preguntes-frequents-sobre-el-lifting-facial\\\/\",\"link_text\":\"Llegir\",\"meta\":\"\",\"title\":\"Preguntes freq\\u00fcents\"}},{\"type\":\"overlay-slider_item\",\"props\":{\"content\":\"T'informem del preu\",\"image\":\"wp-content\\\/uploads\\\/2025\\\/08\\\/monthly-budget3.jpg\",\"image_alt\":\"Preu d'un Lifting Facial Deep Plane\",\"link\":\"ca\\\/precio-lifting-facial-en-barcelona\\\/\",\"link_text\":\"Llegir\",\"meta\":\"\",\"title\":\"Precio del Lifting Facial Deep Plane\"}},{\"type\":\"overlay-slider_item\",\"props\":{\"content\":\"Posa la teva cara en les millors mans\",\"image\":\"wp-content\\\/uploads\\\/2025\\\/07\\\/choose-copia-2.jpg\",\"image_alt\":\"c\\u00f3mo escoger\",\"link\":\"ca\\\/por-que-y-como-escoger-un-especialista-para-tu-cirugia-de-lifting-facial\\\/\",\"link_text\":\"Llegir\",\"meta\":\"\",\"title\":\"Per qu\\u00e8 (i com) escollir un especialista en cirurgia facial?\"}}]}]}]}],\"name\":\"-2025 OTROS ARTICULOS DE INTERES --- AGOv4 CAT\"}],\"version\":\"4.5.5\"} --><\/p>\n","protected":false},"excerpt":{"rendered":"<p>Dr. Alejandro Mazarro Especialista en Lifting Facial Deep Plane amb m\u00e9s de 9 anys d&#8217;experi\u00e8ncia Si vols resultats espectaculars necessites un especialista Creus que \u00e9s possible aconseguir el m\u00e0xim nivell en lifting facial i alhora fer rinopl\u00e0sties, liposuccions, abdominopl\u00e0stia i augment de pit? Exactament. Nom\u00e9s amb alg\u00fa que tingui prou experi\u00e8ncia pots esperar aconseguir els [&hellip;]<\/p>\n","protected":false},"author":1,"featured_media":31143,"parent":0,"menu_order":0,"comment_status":"closed","ping_status":"closed","template":"","meta":{"_acf_changed":false,"_monsterinsights_skip_tracking":false,"_monsterinsights_sitenote_active":false,"_monsterinsights_sitenote_note":"","_monsterinsights_sitenote_category":0,"footnotes":""},"class_list":["post-23393","page","type-page","status-publish","has-post-thumbnail","hentry"],"acf":[],"yoast_head":"<!-- This site is optimized with the Yoast SEO plugin v27.3 - https:\/\/yoast.com\/product\/yoast-seo-wordpress\/ -->\n<title>Sobre el Dr. Mazarro | Especialista en Lifting Facial Deep Plane<\/title>\n<meta name=\"description\" content=\"Dr. Mazarro - Especialista en lifting facial i cervical - Demana cita per WhatsApp (644 534 515) o email (info@drmazarro.com)\" \/>\n<meta name=\"robots\" content=\"index, follow, max-snippet:-1, max-image-preview:large, max-video-preview:-1\" \/>\n<link rel=\"canonical\" href=\"https:\/\/drmazarro.com\/ca\/sobre-mi\/\" \/>\n<meta property=\"og:locale\" content=\"ca_ES\" \/>\n<meta property=\"og:type\" content=\"article\" \/>\n<meta property=\"og:title\" content=\"Sobre el Dr. Mazarro | Especialista en Lifting Facial Deep Plane\" \/>\n<meta property=\"og:description\" content=\"Dr. Mazarro - Especialista en lifting facial i cervical - Demana cita per WhatsApp (644 534 515) o email (info@drmazarro.com)\" \/>\n<meta property=\"og:url\" content=\"https:\/\/drmazarro.com\/ca\/sobre-mi\/\" \/>\n<meta property=\"og:site_name\" content=\"Dr. Mazarro\" \/>\n<meta property=\"article:publisher\" content=\"https:\/\/www.facebook.com\/Dr-Mazarro-Cirug%c3%ada-Est%c3%a9tica-Facial-en-Barcelona-101872084913358\/\" \/>\n<meta property=\"article:modified_time\" content=\"2025-09-12T13:55:14+00:00\" \/>\n<meta property=\"og:image\" content=\"https:\/\/drmazarro.com\/wp-content\/uploads\/2025\/09\/alejandro-mazarro-especialista-lifting-facial-barcelona-ca.jpg\" \/>\n\t<meta property=\"og:image:width\" content=\"536\" \/>\n\t<meta property=\"og:image:height\" content=\"536\" \/>\n\t<meta property=\"og:image:type\" content=\"image\/jpeg\" \/>\n<meta name=\"twitter:card\" content=\"summary_large_image\" \/>\n<meta name=\"twitter:label1\" content=\"Temps estimat de lectura\" \/>\n\t<meta name=\"twitter:data1\" content=\"10 minuts\" \/>\n<!-- \/ Yoast SEO plugin. -->","yoast_head_json":{"title":"Sobre el Dr. Mazarro | Especialista en Lifting Facial Deep Plane","description":"Dr. Mazarro - Especialista en lifting facial i cervical - Demana cita per WhatsApp (644 534 515) o email (info@drmazarro.com)","robots":{"index":"index","follow":"follow","max-snippet":"max-snippet:-1","max-image-preview":"max-image-preview:large","max-video-preview":"max-video-preview:-1"},"canonical":"https:\/\/drmazarro.com\/ca\/sobre-mi\/","og_locale":"ca_ES","og_type":"article","og_title":"Sobre el Dr. Mazarro | Especialista en Lifting Facial Deep Plane","og_description":"Dr. Mazarro - Especialista en lifting facial i cervical - Demana cita per WhatsApp (644 534 515) o email (info@drmazarro.com)","og_url":"https:\/\/drmazarro.com\/ca\/sobre-mi\/","og_site_name":"Dr. Mazarro","article_publisher":"https:\/\/www.facebook.com\/Dr-Mazarro-Cirug%c3%ada-Est%c3%a9tica-Facial-en-Barcelona-101872084913358\/","article_modified_time":"2025-09-12T13:55:14+00:00","og_image":[{"width":536,"height":536,"url":"https:\/\/drmazarro.com\/wp-content\/uploads\/2025\/09\/alejandro-mazarro-especialista-lifting-facial-barcelona-ca.jpg","type":"image\/jpeg"}],"twitter_card":"summary_large_image","twitter_misc":{"Temps estimat de lectura":"10 minuts"},"schema":{"@context":"https:\/\/schema.org","@graph":[{"@type":"WebPage","@id":"https:\/\/drmazarro.com\/ca\/sobre-mi\/","url":"https:\/\/drmazarro.com\/ca\/sobre-mi\/","name":"Sobre el Dr. Mazarro | Especialista en Lifting Facial Deep Plane","isPartOf":{"@id":"https:\/\/drmazarro.com\/ca\/#website"},"primaryImageOfPage":{"@id":"https:\/\/drmazarro.com\/ca\/sobre-mi\/#primaryimage"},"image":{"@id":"https:\/\/drmazarro.com\/ca\/sobre-mi\/#primaryimage"},"thumbnailUrl":"https:\/\/drmazarro.com\/wp-content\/uploads\/2025\/09\/alejandro-mazarro-especialista-lifting-facial-barcelona-ca.jpg","datePublished":"2024-12-22T21:20:23+00:00","dateModified":"2025-09-12T13:55:14+00:00","description":"Dr. Mazarro - Especialista en lifting facial i cervical - Demana cita per WhatsApp (644 534 515) o email (info@drmazarro.com)","breadcrumb":{"@id":"https:\/\/drmazarro.com\/ca\/sobre-mi\/#breadcrumb"},"inLanguage":"ca","potentialAction":[{"@type":"ReadAction","target":["https:\/\/drmazarro.com\/ca\/sobre-mi\/"]}]},{"@type":"ImageObject","inLanguage":"ca","@id":"https:\/\/drmazarro.com\/ca\/sobre-mi\/#primaryimage","url":"https:\/\/drmazarro.com\/wp-content\/uploads\/2025\/09\/alejandro-mazarro-especialista-lifting-facial-barcelona-ca.jpg","contentUrl":"https:\/\/drmazarro.com\/wp-content\/uploads\/2025\/09\/alejandro-mazarro-especialista-lifting-facial-barcelona-ca.jpg","width":536,"height":536,"caption":"Dr. Alejandro Mazarro, especialista en lifting facial Deep Plane a Barcelona"},{"@type":"BreadcrumbList","@id":"https:\/\/drmazarro.com\/ca\/sobre-mi\/#breadcrumb","itemListElement":[{"@type":"ListItem","position":1,"name":"Portada","item":"https:\/\/drmazarro.com\/ca\/"},{"@type":"ListItem","position":2,"name":"Sobre mi"}]},{"@type":"WebSite","@id":"https:\/\/drmazarro.com\/ca\/#website","url":"https:\/\/drmazarro.com\/ca\/","name":"Dr. Mazarro","description":"Cirug\u00eda y Medicina Est\u00e9tica Facial en Barcelona","publisher":{"@id":"https:\/\/drmazarro.com\/ca\/#organization"},"potentialAction":[{"@type":"SearchAction","target":{"@type":"EntryPoint","urlTemplate":"https:\/\/drmazarro.com\/ca\/?s={search_term_string}"},"query-input":{"@type":"PropertyValueSpecification","valueRequired":true,"valueName":"search_term_string"}}],"inLanguage":"ca"},{"@type":"Organization","@id":"https:\/\/drmazarro.com\/ca\/#organization","name":"Dr. Mazarro","url":"https:\/\/drmazarro.com\/ca\/","logo":{"@type":"ImageObject","inLanguage":"ca","@id":"https:\/\/drmazarro.com\/ca\/#\/schema\/logo\/image\/","url":"https:\/\/drmazarro.com\/wp-content\/uploads\/2024\/03\/AM-576.png","contentUrl":"https:\/\/drmazarro.com\/wp-content\/uploads\/2024\/03\/AM-576.png","width":576,"height":576,"caption":"Dr. Mazarro"},"image":{"@id":"https:\/\/drmazarro.com\/ca\/#\/schema\/logo\/image\/"},"sameAs":["https:\/\/www.facebook.com\/Dr-Mazarro-Cirug\u00eda-Est\u00e9tica-Facial-en-Barcelona-101872084913358\/","https:\/\/www.instagram.com\/drmazarro_alejandro\/"]}]}},"_links":{"self":[{"href":"https:\/\/drmazarro.com\/ca\/wp-json\/wp\/v2\/pages\/23393","targetHints":{"allow":["GET"]}}],"collection":[{"href":"https:\/\/drmazarro.com\/ca\/wp-json\/wp\/v2\/pages"}],"about":[{"href":"https:\/\/drmazarro.com\/ca\/wp-json\/wp\/v2\/types\/page"}],"author":[{"embeddable":true,"href":"https:\/\/drmazarro.com\/ca\/wp-json\/wp\/v2\/users\/1"}],"replies":[{"embeddable":true,"href":"https:\/\/drmazarro.com\/ca\/wp-json\/wp\/v2\/comments?post=23393"}],"version-history":[{"count":30,"href":"https:\/\/drmazarro.com\/ca\/wp-json\/wp\/v2\/pages\/23393\/revisions"}],"predecessor-version":[{"id":31120,"href":"https:\/\/drmazarro.com\/ca\/wp-json\/wp\/v2\/pages\/23393\/revisions\/31120"}],"wp:featuredmedia":[{"embeddable":true,"href":"https:\/\/drmazarro.com\/ca\/wp-json\/wp\/v2\/media\/31143"}],"wp:attachment":[{"href":"https:\/\/drmazarro.com\/ca\/wp-json\/wp\/v2\/media?parent=23393"}],"curies":[{"name":"wp","href":"https:\/\/api.w.org\/{rel}","templated":true}]}}